{"id":8740,"date":"2019-04-15T13:32:33","date_gmt":"2019-04-15T11:32:33","guid":{"rendered":"https:\/\/dev.costabravaparcaventura.com\/?page_id=8740"},"modified":"2026-04-27T18:10:42","modified_gmt":"2026-04-27T16:10:42","slug":"horaires-platja-daro-et-pals","status":"publish","type":"page","link":"https:\/\/costabravaparcaventura.com\/fr\/horaires-platja-daro-et-pals\/","title":{"rendered":"HORAIRES PLATJA D&rsquo;ARO ET PALS"},"content":{"rendered":"<div id=\"pl-8740\"  class=\"panel-layout\" ><div id=\"pg-8740-0\"  class=\"panel-grid panel-has-style\" ><div class=\"siteorigin-panels-stretch panel-row-style panel-row-style-for-8740-0\" data-stretch-type=\"full-width-stretch\" ><div id=\"pgc-8740-0-0\"  class=\"panel-grid-cell\" ><div id=\"panel-8740-0-0-0\" class=\"so-panel widget widget_sow-editor panel-first-child panel-last-child\" data-index=\"0\" ><div class=\"panel-widget-style panel-widget-style-for-8740-0-0-0\" ><div\n\t\t\t\n\t\t\tclass=\"so-widget-sow-editor so-widget-sow-editor-base\"\n\t\t\t\n\t\t>\n<div class=\"siteorigin-widget-tinymce textwidget\">\n\t<h2 style=\"font-weight: 300; color: #ffffff !important; text-align: center;\"><strong>VIVEZ VOTRE AVENTURE \u00c0 PARTIR DE 15 EUROS SEULEMENT. VOUS DECIDEZ LA LIMITE!<\/strong><\/h2>\n<\/div>\n<\/div><\/div><\/div><\/div><\/div><\/div><div id=\"pg-8740-1\"  class=\"panel-grid panel-no-style\" ><div id=\"pgc-8740-1-0\"  class=\"panel-grid-cell\" ><div id=\"panel-8740-1-0-0\" class=\"so-panel widget widget_sow-headline panel-first-child panel-last-child\" data-index=\"1\" ><div\n\t\t\t\n\t\t\tclass=\"so-widget-sow-headline so-widget-sow-headline-default-9bbfa23c9b5b-8740 so-widget-fittext-wrapper\"\n\t\t\t data-fit-text-compressor=\"0.85\"\n\t\t><div class=\"sow-headline-container \">\n\t\t\t\t\t\t\t<h1 class=\"sow-headline\">\n\t\t\t\t\t\tPLATJA D'ARO\t\t\t\t\t\t<\/h1>\n\t\t\t\t\t\t\t\t\t\t\t<div class=\"decoration\">\n\t\t\t\t\t\t<div class=\"decoration-inside\"><\/div>\n\t\t\t\t\t<\/div>\n\t\t\t\t\t<\/div>\n<\/div><\/div><\/div><\/div><div id=\"pg-8740-2\"  class=\"panel-grid panel-has-style\" ><div class=\"panel-row-style panel-row-style-for-8740-2\" ><div id=\"pgc-8740-2-0\"  class=\"panel-grid-cell\" ><div id=\"panel-8740-2-0-0\" class=\"so-panel widget widget_sow-image panel-first-child panel-last-child\" data-index=\"2\" ><div\n\t\t\t\n\t\t\tclass=\"so-widget-sow-image so-widget-sow-image-default-c67d20f9f743-8740\"\n\t\t\t\n\t\t>\n<div class=\"sow-image-container\">\n\t\t<img \n\tsrc=\"https:\/\/costabravaparcaventura.com\/wp-content\/uploads\/2026\/04\/pda26-1.png\" width=\"1176\" height=\"1492\" srcset=\"https:\/\/costabravaparcaventura.com\/wp-content\/uploads\/2026\/04\/pda26-1.png 1176w, https:\/\/costabravaparcaventura.com\/wp-content\/uploads\/2026\/04\/pda26-1-236x300.png 236w, https:\/\/costabravaparcaventura.com\/wp-content\/uploads\/2026\/04\/pda26-1-807x1024.png 807w, https:\/\/costabravaparcaventura.com\/wp-content\/uploads\/2026\/04\/pda26-1-768x974.png 768w, https:\/\/costabravaparcaventura.com\/wp-content\/uploads\/2026\/04\/pda26-1-600x761.png 600w\" sizes=\"(max-width: 1176px) 100vw, 1176px\" title=\"pda26\" alt=\"\" \t\tclass=\"so-widget-image\"\/>\n\t<\/div>\n\n<\/div><\/div><\/div><\/div><\/div><div id=\"pg-8740-3\"  class=\"panel-grid panel-has-style\" ><div class=\"panel-row-style panel-row-style-for-8740-3\" ><div id=\"pgc-8740-3-0\"  class=\"panel-grid-cell\" ><div id=\"panel-8740-3-0-0\" class=\"so-panel widget widget_sow-image panel-first-child panel-last-child\" data-index=\"3\" ><div\n\t\t\t\n\t\t\tclass=\"so-widget-sow-image so-widget-sow-image-default-8b5b6f678277-8740\"\n\t\t\t\n\t\t>\n<div class=\"sow-image-container\">\n\t\t<img \n\tsrc=\"https:\/\/costabravaparcaventura.com\/wp-content\/uploads\/2025\/08\/llg-25-fr.png\" width=\"1562\" height=\"124\" srcset=\"https:\/\/costabravaparcaventura.com\/wp-content\/uploads\/2025\/08\/llg-25-fr.png 1562w, https:\/\/costabravaparcaventura.com\/wp-content\/uploads\/2025\/08\/llg-25-fr-300x24.png 300w, https:\/\/costabravaparcaventura.com\/wp-content\/uploads\/2025\/08\/llg-25-fr-1024x81.png 1024w, https:\/\/costabravaparcaventura.com\/wp-content\/uploads\/2025\/08\/llg-25-fr-768x61.png 768w, https:\/\/costabravaparcaventura.com\/wp-content\/uploads\/2025\/08\/llg-25-fr-1536x122.png 1536w, https:\/\/costabravaparcaventura.com\/wp-content\/uploads\/2025\/08\/llg-25-fr-600x48.png 600w\" sizes=\"(max-width: 1562px) 100vw, 1562px\" alt=\"\" \t\tclass=\"so-widget-image\"\/>\n\t<\/div>\n\n<\/div><\/div><\/div><\/div><\/div><div id=\"pg-8740-4\"  class=\"panel-grid panel-no-style\" ><div id=\"pgc-8740-4-0\"  class=\"panel-grid-cell\" ><div id=\"panel-8740-4-0-0\" class=\"so-panel widget widget_sow-headline panel-first-child panel-last-child\" data-index=\"4\" ><div\n\t\t\t\n\t\t\tclass=\"so-widget-sow-headline so-widget-sow-headline-default-9bbfa23c9b5b-8740 so-widget-fittext-wrapper\"\n\t\t\t data-fit-text-compressor=\"0.85\"\n\t\t><div class=\"sow-headline-container \">\n\t\t\t\t\t\t\t<h1 class=\"sow-headline\">\n\t\t\t\t\t\tPALS\t\t\t\t\t\t<\/h1>\n\t\t\t\t\t\t\t\t\t\t\t<div class=\"decoration\">\n\t\t\t\t\t\t<div class=\"decoration-inside\"><\/div>\n\t\t\t\t\t<\/div>\n\t\t\t\t\t<\/div>\n<\/div><\/div><\/div><\/div><div id=\"pg-8740-5\"  class=\"panel-grid panel-has-style\" ><div class=\"panel-row-style panel-row-style-for-8740-5\" ><div id=\"pgc-8740-5-0\"  class=\"panel-grid-cell\" ><div id=\"panel-8740-5-0-0\" class=\"so-panel widget widget_sow-image panel-first-child panel-last-child\" data-index=\"5\" ><div\n\t\t\t\n\t\t\tclass=\"so-widget-sow-image so-widget-sow-image-default-c67d20f9f743-8740\"\n\t\t\t\n\t\t>\n<div class=\"sow-image-container\">\n\t\t<img \n\tsrc=\"https:\/\/costabravaparcaventura.com\/wp-content\/uploads\/2026\/04\/pals26-1.png\" width=\"1176\" height=\"1492\" srcset=\"https:\/\/costabravaparcaventura.com\/wp-content\/uploads\/2026\/04\/pals26-1.png 1176w, https:\/\/costabravaparcaventura.com\/wp-content\/uploads\/2026\/04\/pals26-1-236x300.png 236w, https:\/\/costabravaparcaventura.com\/wp-content\/uploads\/2026\/04\/pals26-1-807x1024.png 807w, https:\/\/costabravaparcaventura.com\/wp-content\/uploads\/2026\/04\/pals26-1-768x974.png 768w, https:\/\/costabravaparcaventura.com\/wp-content\/uploads\/2026\/04\/pals26-1-600x761.png 600w\" sizes=\"(max-width: 1176px) 100vw, 1176px\" title=\"pals26\" alt=\"\" \t\tclass=\"so-widget-image\"\/>\n\t<\/div>\n\n<\/div><\/div><\/div><\/div><\/div><div id=\"pg-8740-6\"  class=\"panel-grid panel-has-style\" ><div class=\"panel-row-style panel-row-style-for-8740-6\" ><div id=\"pgc-8740-6-0\"  class=\"panel-grid-cell\" ><div id=\"panel-8740-6-0-0\" class=\"so-panel widget widget_sow-image panel-first-child panel-last-child\" data-index=\"6\" ><div\n\t\t\t\n\t\t\tclass=\"so-widget-sow-image so-widget-sow-image-default-8b5b6f678277-8740\"\n\t\t\t\n\t\t>\n<div class=\"sow-image-container\">\n\t\t<img \n\tsrc=\"https:\/\/costabravaparcaventura.com\/wp-content\/uploads\/2025\/08\/llg-25-fr.png\" width=\"1562\" height=\"124\" srcset=\"https:\/\/costabravaparcaventura.com\/wp-content\/uploads\/2025\/08\/llg-25-fr.png 1562w, https:\/\/costabravaparcaventura.com\/wp-content\/uploads\/2025\/08\/llg-25-fr-300x24.png 300w, https:\/\/costabravaparcaventura.com\/wp-content\/uploads\/2025\/08\/llg-25-fr-1024x81.png 1024w, https:\/\/costabravaparcaventura.com\/wp-content\/uploads\/2025\/08\/llg-25-fr-768x61.png 768w, https:\/\/costabravaparcaventura.com\/wp-content\/uploads\/2025\/08\/llg-25-fr-1536x122.png 1536w, https:\/\/costabravaparcaventura.com\/wp-content\/uploads\/2025\/08\/llg-25-fr-600x48.png 600w\" sizes=\"(max-width: 1562px) 100vw, 1562px\" alt=\"\" \t\tclass=\"so-widget-image\"\/>\n\t<\/div>\n\n<\/div><\/div><\/div><\/div><\/div><\/div>","protected":false},"excerpt":{"rendered":"<p>VIVEZ VOTRE AVENTURE \u00c0 PARTIR DE 15 EUROS SEULEMENT. VOUS DECIDEZ LA LIMITE!<\/p>\n","protected":false},"author":1,"featured_media":19083,"parent":0,"menu_order":0,"comment_status":"closed","ping_status":"closed","template":"","meta":{"_acf_changed":false,"footnotes":""},"class_list":{"0":"post-8740","1":"page","2":"type-page","3":"status-publish","4":"has-post-thumbnail","6":"clearfix","7":"article"},"acf":[],"yoast_head":"<!-- This site is optimized with the Yoast SEO plugin v27.5 - https:\/\/yoast.com\/product\/yoast-seo-wordpress\/ -->\n<title>Tarifs et horaires | Pals | Costa Brava Parc Aventura<\/title>\n<meta name=\"description\" content=\"Planifiez vos activit\u00e9s en plein air avec les calendriers des parcs. D\u00e9couvrez les \u00e9v\u00e9nements et les horaires d&#039;ouverture des parcs locaux.\" \/>\n<meta name=\"robots\" content=\"index, follow, max-snippet:-1, max-image-preview:large, max-video-preview:-1\" \/>\n<link rel=\"canonical\" href=\"https:\/\/costabravaparcaventura.com\/fr\/horaires-platja-daro-et-pals\/\" \/>\n<meta property=\"og:locale\" content=\"fr_FR\" \/>\n<meta property=\"og:type\" content=\"article\" \/>\n<meta property=\"og:title\" content=\"Tarifs et horaires | Pals | Costa Brava Parc Aventura\" \/>\n<meta property=\"og:description\" content=\"Planifiez vos activit\u00e9s en plein air avec les calendriers des parcs. D\u00e9couvrez les \u00e9v\u00e9nements et les horaires d&#039;ouverture des parcs locaux.\" \/>\n<meta property=\"og:url\" content=\"https:\/\/costabravaparcaventura.com\/fr\/horaires-platja-daro-et-pals\/\" \/>\n<meta property=\"og:site_name\" content=\"Costa Brava Parc Aventura\" \/>\n<meta property=\"article:publisher\" content=\"https:\/\/www.facebook.com\/costabravaparcaventura\" \/>\n<meta property=\"article:modified_time\" content=\"2026-04-27T16:10:42+00:00\" \/>\n<meta property=\"og:image\" content=\"https:\/\/costabravaparcaventura.com\/wp-content\/uploads\/2023\/09\/logo_parc_aventura_1024.jpg\" \/>\n\t<meta property=\"og:image:width\" content=\"1024\" \/>\n\t<meta property=\"og:image:height\" content=\"1024\" \/>\n\t<meta property=\"og:image:type\" content=\"image\/jpeg\" \/>\n<meta name=\"twitter:card\" content=\"summary_large_image\" \/>\n<meta name=\"twitter:site\" content=\"@BravaParc\" \/>\n<meta name=\"twitter:label1\" content=\"Dur\u00e9e de lecture estim\u00e9e\" \/>\n\t<meta name=\"twitter:data1\" content=\"2 minutes\" \/>\n<script type=\"application\/ld+json\" class=\"yoast-schema-graph\">{\"@context\":\"https:\\\/\\\/schema.org\",\"@graph\":[{\"@type\":\"WebPage\",\"@id\":\"https:\\\/\\\/costabravaparcaventura.com\\\/fr\\\/horaires-platja-daro-et-pals\\\/\",\"url\":\"https:\\\/\\\/costabravaparcaventura.com\\\/fr\\\/horaires-platja-daro-et-pals\\\/\",\"name\":\"Tarifs et horaires | Pals | Costa Brava Parc Aventura\",\"isPartOf\":{\"@id\":\"https:\\\/\\\/costabravaparcaventura.com\\\/fr\\\/#website\"},\"primaryImageOfPage\":{\"@id\":\"https:\\\/\\\/costabravaparcaventura.com\\\/fr\\\/horaires-platja-daro-et-pals\\\/#primaryimage\"},\"image\":{\"@id\":\"https:\\\/\\\/costabravaparcaventura.com\\\/fr\\\/horaires-platja-daro-et-pals\\\/#primaryimage\"},\"thumbnailUrl\":\"https:\\\/\\\/costabravaparcaventura.com\\\/wp-content\\\/uploads\\\/2023\\\/09\\\/logo_parc_aventura_1024.jpg\",\"datePublished\":\"2019-04-15T11:32:33+00:00\",\"dateModified\":\"2026-04-27T16:10:42+00:00\",\"description\":\"Planifiez vos activit\u00e9s en plein air avec les calendriers des parcs. D\u00e9couvrez les \u00e9v\u00e9nements et les horaires d'ouverture des parcs locaux.\",\"breadcrumb\":{\"@id\":\"https:\\\/\\\/costabravaparcaventura.com\\\/fr\\\/horaires-platja-daro-et-pals\\\/#breadcrumb\"},\"inLanguage\":\"fr-FR\",\"potentialAction\":[{\"@type\":\"ReadAction\",\"target\":[\"https:\\\/\\\/costabravaparcaventura.com\\\/fr\\\/horaires-platja-daro-et-pals\\\/\"]}]},{\"@type\":\"ImageObject\",\"inLanguage\":\"fr-FR\",\"@id\":\"https:\\\/\\\/costabravaparcaventura.com\\\/fr\\\/horaires-platja-daro-et-pals\\\/#primaryimage\",\"url\":\"https:\\\/\\\/costabravaparcaventura.com\\\/wp-content\\\/uploads\\\/2023\\\/09\\\/logo_parc_aventura_1024.jpg\",\"contentUrl\":\"https:\\\/\\\/costabravaparcaventura.com\\\/wp-content\\\/uploads\\\/2023\\\/09\\\/logo_parc_aventura_1024.jpg\",\"width\":1024,\"height\":1024,\"caption\":\"Logotip Costa Brava Parc Aventura\"},{\"@type\":\"BreadcrumbList\",\"@id\":\"https:\\\/\\\/costabravaparcaventura.com\\\/fr\\\/horaires-platja-daro-et-pals\\\/#breadcrumb\",\"itemListElement\":[{\"@type\":\"ListItem\",\"position\":1,\"name\":\"Portada\",\"item\":\"https:\\\/\\\/costabravaparcaventura.com\\\/fr\\\/\"},{\"@type\":\"ListItem\",\"position\":2,\"name\":\"HORAIRES PLATJA D&rsquo;ARO ET PALS\"}]},{\"@type\":\"WebSite\",\"@id\":\"https:\\\/\\\/costabravaparcaventura.com\\\/fr\\\/#website\",\"url\":\"https:\\\/\\\/costabravaparcaventura.com\\\/fr\\\/\",\"name\":\"Costa Brava Parc Aventura\",\"description\":\"tirolinas costa brava\",\"publisher\":{\"@id\":\"https:\\\/\\\/costabravaparcaventura.com\\\/fr\\\/#organization\"},\"potentialAction\":[{\"@type\":\"SearchAction\",\"target\":{\"@type\":\"EntryPoint\",\"urlTemplate\":\"https:\\\/\\\/costabravaparcaventura.com\\\/fr\\\/?s={search_term_string}\"},\"query-input\":{\"@type\":\"PropertyValueSpecification\",\"valueRequired\":true,\"valueName\":\"search_term_string\"}}],\"inLanguage\":\"fr-FR\"},{\"@type\":\"Organization\",\"@id\":\"https:\\\/\\\/costabravaparcaventura.com\\\/fr\\\/#organization\",\"name\":\"Costa Brava Parc Aventura\",\"url\":\"https:\\\/\\\/costabravaparcaventura.com\\\/fr\\\/\",\"logo\":{\"@type\":\"ImageObject\",\"inLanguage\":\"fr-FR\",\"@id\":\"https:\\\/\\\/costabravaparcaventura.com\\\/fr\\\/#\\\/schema\\\/logo\\\/image\\\/\",\"url\":\"https:\\\/\\\/costabravaparcaventura.com\\\/wp-content\\\/uploads\\\/2023\\\/07\\\/logo_parc_aventura_600.jpg\",\"contentUrl\":\"https:\\\/\\\/costabravaparcaventura.com\\\/wp-content\\\/uploads\\\/2023\\\/07\\\/logo_parc_aventura_600.jpg\",\"width\":600,\"height\":600,\"caption\":\"Costa Brava Parc Aventura\"},\"image\":{\"@id\":\"https:\\\/\\\/costabravaparcaventura.com\\\/fr\\\/#\\\/schema\\\/logo\\\/image\\\/\"},\"sameAs\":[\"https:\\\/\\\/www.facebook.com\\\/costabravaparcaventura\",\"https:\\\/\\\/x.com\\\/BravaParc\",\"https:\\\/\\\/www.instagram.com\\\/costabravaparcaventura\\\/\",\"https:\\\/\\\/www.youtube.com\\\/user\\\/costabravaparc\"]}]}<\/script>\n<!-- \/ Yoast SEO plugin. -->","yoast_head_json":{"title":"Tarifs et horaires | Pals | Costa Brava Parc Aventura","description":"Planifiez vos activit\u00e9s en plein air avec les calendriers des parcs. D\u00e9couvrez les \u00e9v\u00e9nements et les horaires d'ouverture des parcs locaux.","robots":{"index":"index","follow":"follow","max-snippet":"max-snippet:-1","max-image-preview":"max-image-preview:large","max-video-preview":"max-video-preview:-1"},"canonical":"https:\/\/costabravaparcaventura.com\/fr\/horaires-platja-daro-et-pals\/","og_locale":"fr_FR","og_type":"article","og_title":"Tarifs et horaires | Pals | Costa Brava Parc Aventura","og_description":"Planifiez vos activit\u00e9s en plein air avec les calendriers des parcs. D\u00e9couvrez les \u00e9v\u00e9nements et les horaires d'ouverture des parcs locaux.","og_url":"https:\/\/costabravaparcaventura.com\/fr\/horaires-platja-daro-et-pals\/","og_site_name":"Costa Brava Parc Aventura","article_publisher":"https:\/\/www.facebook.com\/costabravaparcaventura","article_modified_time":"2026-04-27T16:10:42+00:00","og_image":[{"width":1024,"height":1024,"url":"https:\/\/costabravaparcaventura.com\/wp-content\/uploads\/2023\/09\/logo_parc_aventura_1024.jpg","type":"image\/jpeg"}],"twitter_card":"summary_large_image","twitter_site":"@BravaParc","twitter_misc":{"Dur\u00e9e de lecture estim\u00e9e":"2 minutes"},"schema":{"@context":"https:\/\/schema.org","@graph":[{"@type":"WebPage","@id":"https:\/\/costabravaparcaventura.com\/fr\/horaires-platja-daro-et-pals\/","url":"https:\/\/costabravaparcaventura.com\/fr\/horaires-platja-daro-et-pals\/","name":"Tarifs et horaires | Pals | Costa Brava Parc Aventura","isPartOf":{"@id":"https:\/\/costabravaparcaventura.com\/fr\/#website"},"primaryImageOfPage":{"@id":"https:\/\/costabravaparcaventura.com\/fr\/horaires-platja-daro-et-pals\/#primaryimage"},"image":{"@id":"https:\/\/costabravaparcaventura.com\/fr\/horaires-platja-daro-et-pals\/#primaryimage"},"thumbnailUrl":"https:\/\/costabravaparcaventura.com\/wp-content\/uploads\/2023\/09\/logo_parc_aventura_1024.jpg","datePublished":"2019-04-15T11:32:33+00:00","dateModified":"2026-04-27T16:10:42+00:00","description":"Planifiez vos activit\u00e9s en plein air avec les calendriers des parcs. D\u00e9couvrez les \u00e9v\u00e9nements et les horaires d'ouverture des parcs locaux.","breadcrumb":{"@id":"https:\/\/costabravaparcaventura.com\/fr\/horaires-platja-daro-et-pals\/#breadcrumb"},"inLanguage":"fr-FR","potentialAction":[{"@type":"ReadAction","target":["https:\/\/costabravaparcaventura.com\/fr\/horaires-platja-daro-et-pals\/"]}]},{"@type":"ImageObject","inLanguage":"fr-FR","@id":"https:\/\/costabravaparcaventura.com\/fr\/horaires-platja-daro-et-pals\/#primaryimage","url":"https:\/\/costabravaparcaventura.com\/wp-content\/uploads\/2023\/09\/logo_parc_aventura_1024.jpg","contentUrl":"https:\/\/costabravaparcaventura.com\/wp-content\/uploads\/2023\/09\/logo_parc_aventura_1024.jpg","width":1024,"height":1024,"caption":"Logotip Costa Brava Parc Aventura"},{"@type":"BreadcrumbList","@id":"https:\/\/costabravaparcaventura.com\/fr\/horaires-platja-daro-et-pals\/#breadcrumb","itemListElement":[{"@type":"ListItem","position":1,"name":"Portada","item":"https:\/\/costabravaparcaventura.com\/fr\/"},{"@type":"ListItem","position":2,"name":"HORAIRES PLATJA D&rsquo;ARO ET PALS"}]},{"@type":"WebSite","@id":"https:\/\/costabravaparcaventura.com\/fr\/#website","url":"https:\/\/costabravaparcaventura.com\/fr\/","name":"Costa Brava Parc Aventura","description":"tirolinas costa brava","publisher":{"@id":"https:\/\/costabravaparcaventura.com\/fr\/#organization"},"potentialAction":[{"@type":"SearchAction","target":{"@type":"EntryPoint","urlTemplate":"https:\/\/costabravaparcaventura.com\/fr\/?s={search_term_string}"},"query-input":{"@type":"PropertyValueSpecification","valueRequired":true,"valueName":"search_term_string"}}],"inLanguage":"fr-FR"},{"@type":"Organization","@id":"https:\/\/costabravaparcaventura.com\/fr\/#organization","name":"Costa Brava Parc Aventura","url":"https:\/\/costabravaparcaventura.com\/fr\/","logo":{"@type":"ImageObject","inLanguage":"fr-FR","@id":"https:\/\/costabravaparcaventura.com\/fr\/#\/schema\/logo\/image\/","url":"https:\/\/costabravaparcaventura.com\/wp-content\/uploads\/2023\/07\/logo_parc_aventura_600.jpg","contentUrl":"https:\/\/costabravaparcaventura.com\/wp-content\/uploads\/2023\/07\/logo_parc_aventura_600.jpg","width":600,"height":600,"caption":"Costa Brava Parc Aventura"},"image":{"@id":"https:\/\/costabravaparcaventura.com\/fr\/#\/schema\/logo\/image\/"},"sameAs":["https:\/\/www.facebook.com\/costabravaparcaventura","https:\/\/x.com\/BravaParc","https:\/\/www.instagram.com\/costabravaparcaventura\/","https:\/\/www.youtube.com\/user\/costabravaparc"]}]}},"_links":{"self":[{"href":"https:\/\/costabravaparcaventura.com\/fr\/wp-json\/wp\/v2\/pages\/8740","targetHints":{"allow":["GET"]}}],"collection":[{"href":"https:\/\/costabravaparcaventura.com\/fr\/wp-json\/wp\/v2\/pages"}],"about":[{"href":"https:\/\/costabravaparcaventura.com\/fr\/wp-json\/wp\/v2\/types\/page"}],"author":[{"embeddable":true,"href":"https:\/\/costabravaparcaventura.com\/fr\/wp-json\/wp\/v2\/users\/1"}],"replies":[{"embeddable":true,"href":"https:\/\/costabravaparcaventura.com\/fr\/wp-json\/wp\/v2\/comments?post=8740"}],"version-history":[{"count":133,"href":"https:\/\/costabravaparcaventura.com\/fr\/wp-json\/wp\/v2\/pages\/8740\/revisions"}],"predecessor-version":[{"id":24214,"href":"https:\/\/costabravaparcaventura.com\/fr\/wp-json\/wp\/v2\/pages\/8740\/revisions\/24214"}],"wp:featuredmedia":[{"embeddable":true,"href":"https:\/\/costabravaparcaventura.com\/fr\/wp-json\/wp\/v2\/media\/19083"}],"wp:attachment":[{"href":"https:\/\/costabravaparcaventura.com\/fr\/wp-json\/wp\/v2\/media?parent=8740"}],"curies":[{"name":"wp","href":"https:\/\/api.w.org\/{rel}","templated":true}]}}