{"id":7073,"date":"2019-04-03T10:33:47","date_gmt":"2019-04-03T08:33:47","guid":{"rendered":"https:\/\/parcaventura.com\/?page_id=7073"},"modified":"2025-08-23T08:20:19","modified_gmt":"2025-08-23T06:20:19","slug":"tarifs-platja-daro-et-pals","status":"publish","type":"page","link":"https:\/\/costabravaparcaventura.com\/fr\/tarifs-platja-daro-et-pals\/","title":{"rendered":"TARIFS PLATJA D&rsquo;ARO ET PALS"},"content":{"rendered":"<div id=\"pl-7073\"  class=\"panel-layout\" ><div id=\"pg-7073-0\"  class=\"panel-grid panel-has-style\" ><div class=\"siteorigin-panels-stretch panel-row-style panel-row-style-for-7073-0\" data-stretch-type=\"full-width-stretch\" ><div id=\"pgc-7073-0-0\"  class=\"panel-grid-cell\" ><div id=\"panel-7073-0-0-0\" class=\"so-panel widget widget_sow-editor panel-first-child panel-last-child\" data-index=\"0\" ><div class=\"panel-widget-style panel-widget-style-for-7073-0-0-0\" ><div\n\t\t\t\n\t\t\tclass=\"so-widget-sow-editor so-widget-sow-editor-base\"\n\t\t\t\n\t\t>\n<div class=\"siteorigin-widget-tinymce textwidget\">\n\t<h2 style=\"font-weight: 300; color: #ffffff !important; text-align: center;\"><strong>VIVEZ VOTRE AVENTURE \u00c0 PARTIR DE 15 EUROS SEULEMENT. VOUS DECIDEZ LA LIMITE!<\/strong><\/h2>\n<\/div>\n<\/div><\/div><\/div><\/div><\/div><\/div><div id=\"pg-7073-1\"  class=\"panel-grid panel-no-style\" ><div id=\"pgc-7073-1-0\"  class=\"panel-grid-cell\" ><div id=\"panel-7073-1-0-0\" class=\"so-panel widget widget_sow-headline panel-first-child panel-last-child\" data-index=\"1\" ><div\n\t\t\t\n\t\t\tclass=\"so-widget-sow-headline so-widget-sow-headline-default-9bbfa23c9b5b-7073 so-widget-fittext-wrapper\"\n\t\t\t data-fit-text-compressor=\"0.85\"\n\t\t><div class=\"sow-headline-container \">\n\t\t\t\t\t\t\t<h1 class=\"sow-headline\">\n\t\t\t\t\t\tPLATJA D'ARO\t\t\t\t\t\t<\/h1>\n\t\t\t\t\t\t\t\t\t\t\t<div class=\"decoration\">\n\t\t\t\t\t\t<div class=\"decoration-inside\"><\/div>\n\t\t\t\t\t<\/div>\n\t\t\t\t\t<\/div>\n<\/div><\/div><\/div><\/div><div id=\"pg-7073-2\"  class=\"panel-grid panel-no-style\" ><div id=\"pgc-7073-2-0\"  class=\"panel-grid-cell\" ><div id=\"panel-7073-2-0-0\" class=\"so-panel widget widget_sow-image panel-first-child\" data-index=\"2\" ><div\n\t\t\t\n\t\t\tclass=\"so-widget-sow-image so-widget-sow-image-default-8b5b6f678277-7073\"\n\t\t\t\n\t\t>\n<div class=\"sow-image-container\">\n\t\t<img \n\tsrc=\"https:\/\/costabravaparcaventura.com\/wp-content\/uploads\/2023\/09\/tarifa-pda-fr.jpg\" width=\"2232\" height=\"1064\" srcset=\"https:\/\/costabravaparcaventura.com\/wp-content\/uploads\/2023\/09\/tarifa-pda-fr.jpg 2232w, https:\/\/costabravaparcaventura.com\/wp-content\/uploads\/2023\/09\/tarifa-pda-fr-600x286.jpg 600w, https:\/\/costabravaparcaventura.com\/wp-content\/uploads\/2023\/09\/tarifa-pda-fr-300x143.jpg 300w, https:\/\/costabravaparcaventura.com\/wp-content\/uploads\/2023\/09\/tarifa-pda-fr-1024x488.jpg 1024w, https:\/\/costabravaparcaventura.com\/wp-content\/uploads\/2023\/09\/tarifa-pda-fr-768x366.jpg 768w, https:\/\/costabravaparcaventura.com\/wp-content\/uploads\/2023\/09\/tarifa-pda-fr-1536x732.jpg 1536w, https:\/\/costabravaparcaventura.com\/wp-content\/uploads\/2023\/09\/tarifa-pda-fr-2048x976.jpg 2048w\" sizes=\"(max-width: 2232px) 100vw, 2232px\" title=\"Tarifs Platja d&#039;Aro\" alt=\"Tarifs Platja d&#039;Aro\" \t\tclass=\"so-widget-image\"\/>\n\t<\/div>\n\n<\/div><\/div><div id=\"panel-7073-2-0-1\" class=\"so-panel widget widget_sow-editor panel-last-child\" data-index=\"3\" ><div\n\t\t\t\n\t\t\tclass=\"so-widget-sow-editor so-widget-sow-editor-base\"\n\t\t\t\n\t\t>\n<div class=\"siteorigin-widget-tinymce textwidget\">\n\t<p><span style=\"color: #ff0000;\"><strong>Aux prix des tarifs il faut ajouter le prix du mat\u00e9riel<\/strong><\/span><\/p>\n<\/div>\n<\/div><\/div><\/div><\/div><div id=\"pg-7073-3\"  class=\"panel-grid panel-no-style\" ><div id=\"pgc-7073-3-0\"  class=\"panel-grid-cell\" ><div id=\"panel-7073-3-0-0\" class=\"so-panel widget widget_sow-image panel-first-child\" data-index=\"4\" ><div\n\t\t\t\n\t\t\tclass=\"so-widget-sow-image so-widget-sow-image-default-8b5b6f678277-7073\"\n\t\t\t\n\t\t>\n<div class=\"sow-image-container\">\n\t\t<img \n\tsrc=\"https:\/\/costabravaparcaventura.com\/wp-content\/uploads\/2022\/03\/basic-pda-fr.jpg\" width=\"1019\" height=\"495\" srcset=\"https:\/\/costabravaparcaventura.com\/wp-content\/uploads\/2022\/03\/basic-pda-fr.jpg 1019w, https:\/\/costabravaparcaventura.com\/wp-content\/uploads\/2022\/03\/basic-pda-fr-600x291.jpg 600w, https:\/\/costabravaparcaventura.com\/wp-content\/uploads\/2022\/03\/basic-pda-fr-300x146.jpg 300w, https:\/\/costabravaparcaventura.com\/wp-content\/uploads\/2022\/03\/basic-pda-fr-768x373.jpg 768w\" sizes=\"(max-width: 1019px) 100vw, 1019px\" title=\"Pack Basic\" alt=\"Pack Basic\" \t\tclass=\"so-widget-image\"\/>\n\t<\/div>\n\n<\/div><\/div><div id=\"panel-7073-3-0-1\" class=\"so-panel widget widget_sow-image panel-last-child\" data-index=\"5\" ><div\n\t\t\t\n\t\t\tclass=\"so-widget-sow-image so-widget-sow-image-default-8b5b6f678277-7073\"\n\t\t\t\n\t\t>\n<div class=\"sow-image-container\">\n\t\t<img \n\tsrc=\"https:\/\/costabravaparcaventura.com\/wp-content\/uploads\/2022\/03\/expert-pda-fr.jpg\" width=\"1018\" height=\"495\" srcset=\"https:\/\/costabravaparcaventura.com\/wp-content\/uploads\/2022\/03\/expert-pda-fr.jpg 1018w, https:\/\/costabravaparcaventura.com\/wp-content\/uploads\/2022\/03\/expert-pda-fr-600x292.jpg 600w, https:\/\/costabravaparcaventura.com\/wp-content\/uploads\/2022\/03\/expert-pda-fr-300x146.jpg 300w, https:\/\/costabravaparcaventura.com\/wp-content\/uploads\/2022\/03\/expert-pda-fr-768x373.jpg 768w\" sizes=\"(max-width: 1018px) 100vw, 1018px\" title=\"Pack Expert\" alt=\"Pack Expert\" \t\tclass=\"so-widget-image\"\/>\n\t<\/div>\n\n<\/div><\/div><\/div><div id=\"pgc-7073-3-1\"  class=\"panel-grid-cell\" ><div class=\"panel-cell-style panel-cell-style-for-7073-3-1\" ><div id=\"panel-7073-3-1-0\" class=\"so-panel widget widget_sow-image panel-first-child\" data-index=\"6\" ><div\n\t\t\t\n\t\t\tclass=\"so-widget-sow-image so-widget-sow-image-default-8b5b6f678277-7073\"\n\t\t\t\n\t\t>\n<div class=\"sow-image-container\">\n\t\t<img \n\tsrc=\"https:\/\/costabravaparcaventura.com\/wp-content\/uploads\/2022\/03\/medium-pda-fr.jpg\" width=\"1011\" height=\"638\" srcset=\"https:\/\/costabravaparcaventura.com\/wp-content\/uploads\/2022\/03\/medium-pda-fr.jpg 1011w, https:\/\/costabravaparcaventura.com\/wp-content\/uploads\/2022\/03\/medium-pda-fr-600x379.jpg 600w, https:\/\/costabravaparcaventura.com\/wp-content\/uploads\/2022\/03\/medium-pda-fr-300x189.jpg 300w, https:\/\/costabravaparcaventura.com\/wp-content\/uploads\/2022\/03\/medium-pda-fr-768x485.jpg 768w\" sizes=\"(max-width: 1011px) 100vw, 1011px\" title=\"Pack Medium\" alt=\"Pack Medium\" \t\tclass=\"so-widget-image\"\/>\n\t<\/div>\n\n<\/div><\/div><div id=\"panel-7073-3-1-1\" class=\"so-panel widget widget_sow-image panel-last-child\" data-index=\"7\" ><div\n\t\t\t\n\t\t\tclass=\"so-widget-sow-image so-widget-sow-image-default-8b5b6f678277-7073\"\n\t\t\t\n\t\t>\n<div class=\"sow-image-container\">\n\t\t<img \n\tsrc=\"https:\/\/costabravaparcaventura.com\/wp-content\/uploads\/2022\/03\/extrem-pda-fr.jpg\" width=\"1017\" height=\"577\" srcset=\"https:\/\/costabravaparcaventura.com\/wp-content\/uploads\/2022\/03\/extrem-pda-fr.jpg 1017w, https:\/\/costabravaparcaventura.com\/wp-content\/uploads\/2022\/03\/extrem-pda-fr-600x340.jpg 600w, https:\/\/costabravaparcaventura.com\/wp-content\/uploads\/2022\/03\/extrem-pda-fr-300x170.jpg 300w, https:\/\/costabravaparcaventura.com\/wp-content\/uploads\/2022\/03\/extrem-pda-fr-768x436.jpg 768w, https:\/\/costabravaparcaventura.com\/wp-content\/uploads\/2022\/03\/extrem-pda-fr-428x242.jpg 428w\" sizes=\"(max-width: 1017px) 100vw, 1017px\" title=\"Pack Extrem\" alt=\"Pack Extrem\" \t\tclass=\"so-widget-image\"\/>\n\t<\/div>\n\n<\/div><\/div><\/div><\/div><\/div><div id=\"pg-7073-4\"  class=\"panel-grid panel-no-style\" ><div id=\"pgc-7073-4-0\"  class=\"panel-grid-cell\" ><div id=\"panel-7073-4-0-0\" class=\"so-panel widget widget_sow-image panel-first-child\" data-index=\"8\" ><div\n\t\t\t\n\t\t\tclass=\"so-widget-sow-image so-widget-sow-image-default-c67d20f9f743-7073\"\n\t\t\t\n\t\t>\n<div class=\"sow-image-container\">\n\t\t<img \n\tsrc=\"https:\/\/costabravaparcaventura.com\/wp-content\/uploads\/2024\/04\/tarifa-inf-ca.webp\" width=\"770\" height=\"296\" srcset=\"https:\/\/costabravaparcaventura.com\/wp-content\/uploads\/2024\/04\/tarifa-inf-ca.webp 770w, https:\/\/costabravaparcaventura.com\/wp-content\/uploads\/2024\/04\/tarifa-inf-ca-600x231.webp 600w, https:\/\/costabravaparcaventura.com\/wp-content\/uploads\/2024\/04\/tarifa-inf-ca-300x115.webp 300w, https:\/\/costabravaparcaventura.com\/wp-content\/uploads\/2024\/04\/tarifa-inf-ca-768x295.webp 768w\" sizes=\"(max-width: 770px) 100vw, 770px\" title=\"Tarifs Enfants\" alt=\"Tarifs Enfants\" \t\tclass=\"so-widget-image\"\/>\n\t<\/div>\n\n<\/div><\/div><div id=\"panel-7073-4-0-1\" class=\"so-panel widget widget_sow-editor\" data-index=\"9\" ><div class=\"panel-widget-style panel-widget-style-for-7073-4-0-1\" ><div\n\t\t\t\n\t\t\tclass=\"so-widget-sow-editor so-widget-sow-editor-base\"\n\t\t\t\n\t\t>\n<div class=\"siteorigin-widget-tinymce textwidget\">\n\t<h3 style=\"font-weight: 300; color: #ffffff !important; text-align: center;\"><strong>RISTOURNES PAR GROUPES <\/strong><\/h3>\n<\/div>\n<\/div><\/div><\/div><div id=\"panel-7073-4-0-2\" class=\"so-panel widget widget_sow-editor\" data-index=\"10\" ><div\n\t\t\t\n\t\t\tclass=\"so-widget-sow-editor so-widget-sow-editor-base\"\n\t\t\t\n\t\t>\n<div class=\"siteorigin-widget-tinymce textwidget\">\n\t<h3 style=\"text-align: left;\">BASSE SAISON (Reste de l'ann\u00e9e)<\/h3>\n<p><span style=\"color: #2e3b4e;\"><span class=\"icon-container\"><span class=\"fa fa-long-arrow-right\" style=\"color:#ff7240;\"><\/span><\/span> \u00a0\u00a0Groupes \u00e0 partir de 10 personnes et \u00e0 partir de 2 parcours par personne 10% <\/span><\/p>\n<p><span style=\"color: #2e3b4e;\"><span class=\"icon-container\"><span class=\"fa fa-long-arrow-right\" style=\"color:#ff7240;\"><\/span><\/span> \u00a0\u00a0Groupes \u00e0 partir de 20 personnes et \u00e0 partir de 2 parcours par personne 15%<\/span><\/p>\n<h3 style=\"text-align: left;\">HAUTE SAISON (Du 24 juin au 31 ao\u00f9t)<\/h3>\n<p><span style=\"color: #2e3b4e;\"><span class=\"icon-container\"><span class=\"fa fa-long-arrow-right\" style=\"color:#ff7240;\"><\/span><\/span> \u00a0\u00a0Groupes \u00e0 partir de 10 personnes et \u00e0 partir de 3 parcours par personne 10% <\/span><\/p>\n<p><span style=\"color: #2e3b4e;\"><span class=\"icon-container\"><span class=\"fa fa-long-arrow-right\" style=\"color:#ff7240;\"><\/span><\/span> \u00a0\u00a0Groupes \u00e0 partir de 20 personnes et \u00e0 partir de 3 parcours par personne 15%<\/span><\/p>\n<\/div>\n<\/div><\/div><div id=\"panel-7073-4-0-3\" class=\"so-panel widget widget_pw_brochure_box widget-brochure-box\" data-index=\"11\" >\n\t<a class=\"brochure-box\" href=\"\/wp-content\/uploads\/2019\/04\/explication_tarifs_fr_page-0001.jpg\" target=\"_blank\">\n\t\t<span class=\"brochure-box__icon\"><i class=\"fa  fa-question-circle\"><\/i><\/span>\n\t\t<span class=\"brochure-box__text\">COMMENT LES TARIFS FONCTIONNENT<\/span>\n\t<\/a>\n\n<\/div><div id=\"panel-7073-4-0-4\" class=\"so-panel widget widget_sow-headline panel-last-child\" data-index=\"12\" ><div\n\t\t\t\n\t\t\tclass=\"so-widget-sow-headline so-widget-sow-headline-default-9bbfa23c9b5b-7073 so-widget-fittext-wrapper\"\n\t\t\t data-fit-text-compressor=\"0.85\"\n\t\t><div class=\"sow-headline-container \">\n\t\t\t\t\t\t\t<h1 class=\"sow-headline\">\n\t\t\t\t\t\tPALS\t\t\t\t\t\t<\/h1>\n\t\t\t\t\t\t\t\t\t\t\t<div class=\"decoration\">\n\t\t\t\t\t\t<div class=\"decoration-inside\"><\/div>\n\t\t\t\t\t<\/div>\n\t\t\t\t\t<\/div>\n<\/div><\/div><\/div><\/div><div id=\"pg-7073-5\"  class=\"panel-grid panel-no-style\" ><div id=\"pgc-7073-5-0\"  class=\"panel-grid-cell\" ><div id=\"panel-7073-5-0-0\" class=\"so-panel widget widget_sow-image panel-first-child\" data-index=\"13\" ><div\n\t\t\t\n\t\t\tclass=\"so-widget-sow-image so-widget-sow-image-default-8b5b6f678277-7073\"\n\t\t\t\n\t\t>\n<div class=\"sow-image-container\">\n\t\t<img \n\tsrc=\"https:\/\/costabravaparcaventura.com\/wp-content\/uploads\/2025\/08\/tarifa-pals-fr.jpg\" width=\"2239\" height=\"1064\" srcset=\"https:\/\/costabravaparcaventura.com\/wp-content\/uploads\/2025\/08\/tarifa-pals-fr.jpg 2239w, https:\/\/costabravaparcaventura.com\/wp-content\/uploads\/2025\/08\/tarifa-pals-fr-300x143.jpg 300w, https:\/\/costabravaparcaventura.com\/wp-content\/uploads\/2025\/08\/tarifa-pals-fr-1024x487.jpg 1024w, https:\/\/costabravaparcaventura.com\/wp-content\/uploads\/2025\/08\/tarifa-pals-fr-768x365.jpg 768w, https:\/\/costabravaparcaventura.com\/wp-content\/uploads\/2025\/08\/tarifa-pals-fr-1536x730.jpg 1536w, https:\/\/costabravaparcaventura.com\/wp-content\/uploads\/2025\/08\/tarifa-pals-fr-2048x973.jpg 2048w, https:\/\/costabravaparcaventura.com\/wp-content\/uploads\/2025\/08\/tarifa-pals-fr-600x285.jpg 600w\" sizes=\"(max-width: 2239px) 100vw, 2239px\" title=\"Tarifs Pals\" alt=\"Tarifs Pals\" \t\tclass=\"so-widget-image\"\/>\n\t<\/div>\n\n<\/div><\/div><div id=\"panel-7073-5-0-1\" class=\"so-panel widget widget_sow-editor panel-last-child\" data-index=\"14\" ><div\n\t\t\t\n\t\t\tclass=\"so-widget-sow-editor so-widget-sow-editor-base\"\n\t\t\t\n\t\t>\n<div class=\"siteorigin-widget-tinymce textwidget\">\n\t<p><span style=\"color: #ff0000;\"><strong>Aux prix des tarifs il faut ajouter le prix du mat\u00e9riel<\/strong><\/span><\/p>\n<\/div>\n<\/div><\/div><\/div><\/div><div id=\"pg-7073-6\"  class=\"panel-grid panel-no-style\" ><div id=\"pgc-7073-6-0\"  class=\"panel-grid-cell\" ><div id=\"panel-7073-6-0-0\" class=\"so-panel widget widget_sow-image panel-first-child\" data-index=\"15\" ><div\n\t\t\t\n\t\t\tclass=\"so-widget-sow-image so-widget-sow-image-default-8b5b6f678277-7073\"\n\t\t\t\n\t\t>\n<div class=\"sow-image-container\">\n\t\t<img \n\tsrc=\"https:\/\/costabravaparcaventura.com\/wp-content\/uploads\/2022\/03\/basic-pals-fr.jpg\" width=\"1018\" height=\"497\" srcset=\"https:\/\/costabravaparcaventura.com\/wp-content\/uploads\/2022\/03\/basic-pals-fr.jpg 1018w, https:\/\/costabravaparcaventura.com\/wp-content\/uploads\/2022\/03\/basic-pals-fr-600x293.jpg 600w, https:\/\/costabravaparcaventura.com\/wp-content\/uploads\/2022\/03\/basic-pals-fr-300x146.jpg 300w, https:\/\/costabravaparcaventura.com\/wp-content\/uploads\/2022\/03\/basic-pals-fr-768x375.jpg 768w\" sizes=\"(max-width: 1018px) 100vw, 1018px\" title=\"Pack Basic\" alt=\"Pack Basic\" \t\tclass=\"so-widget-image\"\/>\n\t<\/div>\n\n<\/div><\/div><div id=\"panel-7073-6-0-1\" class=\"so-panel widget widget_sow-image panel-last-child\" data-index=\"16\" ><div\n\t\t\t\n\t\t\tclass=\"so-widget-sow-image so-widget-sow-image-default-8b5b6f678277-7073\"\n\t\t\t\n\t\t>\n<div class=\"sow-image-container\">\n\t\t<img \n\tsrc=\"https:\/\/costabravaparcaventura.com\/wp-content\/uploads\/2022\/03\/expert-pals-fr.jpg\" width=\"1014\" height=\"496\" srcset=\"https:\/\/costabravaparcaventura.com\/wp-content\/uploads\/2022\/03\/expert-pals-fr.jpg 1014w, https:\/\/costabravaparcaventura.com\/wp-content\/uploads\/2022\/03\/expert-pals-fr-600x293.jpg 600w, https:\/\/costabravaparcaventura.com\/wp-content\/uploads\/2022\/03\/expert-pals-fr-300x147.jpg 300w, https:\/\/costabravaparcaventura.com\/wp-content\/uploads\/2022\/03\/expert-pals-fr-768x376.jpg 768w\" sizes=\"(max-width: 1014px) 100vw, 1014px\" title=\"Pack Expert\" alt=\"Pack Expert\" \t\tclass=\"so-widget-image\"\/>\n\t<\/div>\n\n<\/div><\/div><\/div><div id=\"pgc-7073-6-1\"  class=\"panel-grid-cell\" ><div id=\"panel-7073-6-1-0\" class=\"so-panel widget widget_sow-image panel-first-child\" data-index=\"17\" ><div\n\t\t\t\n\t\t\tclass=\"so-widget-sow-image so-widget-sow-image-default-8b5b6f678277-7073\"\n\t\t\t\n\t\t>\n<div class=\"sow-image-container\">\n\t\t<img \n\tsrc=\"https:\/\/costabravaparcaventura.com\/wp-content\/uploads\/2022\/03\/medium-pals-fr.jpg\" width=\"1015\" height=\"706\" srcset=\"https:\/\/costabravaparcaventura.com\/wp-content\/uploads\/2022\/03\/medium-pals-fr.jpg 1015w, https:\/\/costabravaparcaventura.com\/wp-content\/uploads\/2022\/03\/medium-pals-fr-600x417.jpg 600w, https:\/\/costabravaparcaventura.com\/wp-content\/uploads\/2022\/03\/medium-pals-fr-300x209.jpg 300w, https:\/\/costabravaparcaventura.com\/wp-content\/uploads\/2022\/03\/medium-pals-fr-768x534.jpg 768w, https:\/\/costabravaparcaventura.com\/wp-content\/uploads\/2022\/03\/medium-pals-fr-100x70.jpg 100w\" sizes=\"(max-width: 1015px) 100vw, 1015px\" title=\"Pack Medium\" alt=\"Pack Medium\" \t\tclass=\"so-widget-image\"\/>\n\t<\/div>\n\n<\/div><\/div><div id=\"panel-7073-6-1-1\" class=\"so-panel widget widget_sow-image panel-last-child\" data-index=\"18\" ><div\n\t\t\t\n\t\t\tclass=\"so-widget-sow-image so-widget-sow-image-default-8b5b6f678277-7073\"\n\t\t\t\n\t\t>\n<div class=\"sow-image-container\">\n\t\t<img \n\tsrc=\"https:\/\/costabravaparcaventura.com\/wp-content\/uploads\/2022\/03\/extrem-pals-fr-1.jpg\" width=\"1012\" height=\"570\" srcset=\"https:\/\/costabravaparcaventura.com\/wp-content\/uploads\/2022\/03\/extrem-pals-fr-1.jpg 1012w, https:\/\/costabravaparcaventura.com\/wp-content\/uploads\/2022\/03\/extrem-pals-fr-1-600x338.jpg 600w, https:\/\/costabravaparcaventura.com\/wp-content\/uploads\/2022\/03\/extrem-pals-fr-1-300x169.jpg 300w, https:\/\/costabravaparcaventura.com\/wp-content\/uploads\/2022\/03\/extrem-pals-fr-1-768x433.jpg 768w, https:\/\/costabravaparcaventura.com\/wp-content\/uploads\/2022\/03\/extrem-pals-fr-1-428x242.jpg 428w\" sizes=\"(max-width: 1012px) 100vw, 1012px\" title=\"Pack Extrem\" alt=\"Pack Extrem\" \t\tclass=\"so-widget-image\"\/>\n\t<\/div>\n\n<\/div><\/div><\/div><\/div><div id=\"pg-7073-7\"  class=\"panel-grid panel-no-style\" ><div id=\"pgc-7073-7-0\"  class=\"panel-grid-cell\" ><div id=\"panel-7073-7-0-0\" class=\"so-panel widget widget_sow-image panel-first-child\" data-index=\"19\" ><div\n\t\t\t\n\t\t\tclass=\"so-widget-sow-image so-widget-sow-image-default-c67d20f9f743-7073\"\n\t\t\t\n\t\t>\n<div class=\"sow-image-container\">\n\t\t<img \n\tsrc=\"https:\/\/costabravaparcaventura.com\/wp-content\/uploads\/2025\/08\/tarifa-inf-pals-ca.jpg\" width=\"770\" height=\"296\" srcset=\"https:\/\/costabravaparcaventura.com\/wp-content\/uploads\/2025\/08\/tarifa-inf-pals-ca.jpg 770w, https:\/\/costabravaparcaventura.com\/wp-content\/uploads\/2025\/08\/tarifa-inf-pals-ca-300x115.jpg 300w, https:\/\/costabravaparcaventura.com\/wp-content\/uploads\/2025\/08\/tarifa-inf-pals-ca-768x295.jpg 768w, https:\/\/costabravaparcaventura.com\/wp-content\/uploads\/2025\/08\/tarifa-inf-pals-ca-600x231.jpg 600w\" sizes=\"(max-width: 770px) 100vw, 770px\" title=\"Tarifs Enfants\" alt=\"Tarifs Enfants\" \t\tclass=\"so-widget-image\"\/>\n\t<\/div>\n\n<\/div><\/div><div id=\"panel-7073-7-0-1\" class=\"so-panel widget widget_sow-editor\" data-index=\"20\" ><div class=\"panel-widget-style panel-widget-style-for-7073-7-0-1\" ><div\n\t\t\t\n\t\t\tclass=\"so-widget-sow-editor so-widget-sow-editor-base\"\n\t\t\t\n\t\t>\n<div class=\"siteorigin-widget-tinymce textwidget\">\n\t<h3 style=\"font-weight: 300; color: #ffffff !important; text-align: center;\"><strong>RISTOURNES PAR GROUPES <\/strong><\/h3>\n<\/div>\n<\/div><\/div><\/div><div id=\"panel-7073-7-0-2\" class=\"so-panel widget widget_sow-editor\" data-index=\"21\" ><div\n\t\t\t\n\t\t\tclass=\"so-widget-sow-editor so-widget-sow-editor-base\"\n\t\t\t\n\t\t>\n<div class=\"siteorigin-widget-tinymce textwidget\">\n\t<h3 style=\"text-align: left;\">BASSE SAISON (Reste de l'ann\u00e9e)<\/h3>\n<p><span style=\"color: #2e3b4e;\"><span class=\"icon-container\"><span class=\"fa fa-long-arrow-right\" style=\"color:#ff7240;\"><\/span><\/span> \u00a0\u00a0Groupes \u00e0 partir de 10 personnes et \u00e0 partir de 2 parcours par personne 10% <\/span><\/p>\n<p><span style=\"color: #2e3b4e;\"><span class=\"icon-container\"><span class=\"fa fa-long-arrow-right\" style=\"color:#ff7240;\"><\/span><\/span> \u00a0\u00a0Groupes \u00e0 partir de 20 personnes et \u00e0 partir de 2 parcours par personne 15%<\/span><\/p>\n<h3 style=\"text-align: left;\">HAUTE SAISON (Du 24 juin au 31 ao\u00f9t)<\/h3>\n<p><span style=\"color: #2e3b4e;\"><span class=\"icon-container\"><span class=\"fa fa-long-arrow-right\" style=\"color:#ff7240;\"><\/span><\/span> \u00a0\u00a0Groupes \u00e0 partir de 10 personnes et \u00e0 partir de 3 parcours par personne 10% <\/span><\/p>\n<p><span style=\"color: #2e3b4e;\"><span class=\"icon-container\"><span class=\"fa fa-long-arrow-right\" style=\"color:#ff7240;\"><\/span><\/span> \u00a0\u00a0Groupes \u00e0 partir de 20 personnes et \u00e0 partir de 3 parcours par personne 15%<\/span><\/p>\n<\/div>\n<\/div><\/div><div id=\"panel-7073-7-0-3\" class=\"so-panel widget widget_pw_brochure_box widget-brochure-box\" data-index=\"22\" >\n\t<a class=\"brochure-box\" href=\"\/wp-content\/uploads\/2019\/04\/explication_tarifs_fr_page-0001.jpg\" target=\"_blank\">\n\t\t<span class=\"brochure-box__icon\"><i class=\"fa  fa-question-circle\"><\/i><\/span>\n\t\t<span class=\"brochure-box__text\">COMMENT LES TARIFS FONCTIONNENT<\/span>\n\t<\/a>\n\n<\/div><div id=\"panel-7073-7-0-4\" class=\"so-panel widget widget_sow-editor\" data-index=\"23\" ><div class=\"panel-widget-style panel-widget-style-for-7073-7-0-4\" ><div\n\t\t\t\n\t\t\tclass=\"so-widget-sow-editor so-widget-sow-editor-base\"\n\t\t\t\n\t\t>\n<div class=\"siteorigin-widget-tinymce textwidget\">\n\t<h3 style=\"font-weight: 300; color: #ffffff !important; text-align: center;\"><strong>CONDITIONS APPLICABLES \u00c0 TOUS LES PRIX ET PACKS<br \/>\n<\/strong><\/h3>\n<\/div>\n<\/div><\/div><\/div><div id=\"panel-7073-7-0-5\" class=\"so-panel widget widget_sow-editor\" data-index=\"24\" ><div class=\"panel-widget-style panel-widget-style-for-7073-7-0-5\" ><div\n\t\t\t\n\t\t\tclass=\"so-widget-sow-editor so-widget-sow-editor-base\"\n\t\t\t\n\t\t>\n<div class=\"siteorigin-widget-tinymce textwidget\">\n\t<p>Ce sont les tarifs et les horaires de nos deux parcs multi-aventures. Nous d\u00e9taillons ci-dessous les conditions applicables \u00e0 tous les prix et \u00e0 toutes les exp\u00e9riences.<\/p>\n<\/div>\n<\/div><\/div><\/div><div id=\"panel-7073-7-0-6\" class=\"so-panel widget widget_sow-editor\" data-index=\"25\" ><div\n\t\t\t\n\t\t\tclass=\"so-widget-sow-editor so-widget-sow-editor-base\"\n\t\t\t\n\t\t>\n<div class=\"siteorigin-widget-tinymce textwidget\">\n\t<p><span style=\"color: #2e3b4e\"><span class=\"icon-container\"><span class=\"fa fa-long-arrow-right\" style=\"color:#ff7240;\"><\/span><\/span> \u00a0\u00a0<strong>Dans l'embauche des packs disponibles (Basic, Medium, Expert, Extrem) les co\u00fbts d'\u00e9quipement et formation d\u00e9j\u00e0 sont compris dans le prix.<\/strong><\/span><\/p>\n<p><span style=\"color: #2e3b4e\"><span class=\"icon-container\"><span class=\"fa fa-long-arrow-right\" style=\"color:#ff7240;\"><\/span><\/span> \u00a0\u00a0Prix \u200b\u200bavec IVA incluse<\/span><\/p>\n<p><span style=\"color: #2e3b4e\"><span class=\"icon-container\"><span class=\"fa fa-long-arrow-right\" style=\"color:#ff7240;\"><\/span><\/span> \u00a0Une fois que l'utilisateur est \u00e9quip\u00e9, le montant pay\u00e9 ne sera pas rembours\u00e9 <\/span><\/p>\n<p><span style=\"color: #2e3b4e\"><span class=\"icon-container\"><span class=\"fa fa-long-arrow-right\" style=\"color:#ff7240;\"><\/span><\/span> \u00a0<strong>Il faut faire une queue pour acc\u00e9der aux parcours. Si l'utilisateur doit se r\u00e9\u00e9quiper, il devra payer \u00e0 nouveau pour l'\u00e9quipement <\/strong><\/span><\/p>\n<p>Pour toute question concernant les anniversaires, les enterrements de vie de gar\u00e7on, le team building ou les activit\u00e9s scolaires, veuillez nous contacter.<\/p>\n<\/div>\n<\/div><\/div><div id=\"panel-7073-7-0-7\" class=\"so-panel widget widget_sow-editor\" data-index=\"26\" ><div class=\"panel-widget-style panel-widget-style-for-7073-7-0-7\" ><div\n\t\t\t\n\t\t\tclass=\"so-widget-sow-editor so-widget-sow-editor-base\"\n\t\t\t\n\t\t>\n<div class=\"siteorigin-widget-tinymce textwidget\">\n\t<h3 style=\"font-weight: 300; color: #ffffff !important; text-align: center;\"><strong>NOTE:<br \/>\n<\/strong><\/h3>\n<\/div>\n<\/div><\/div><\/div><div id=\"panel-7073-7-0-8\" class=\"so-panel widget widget_sow-editor panel-last-child\" data-index=\"27\" ><div class=\"panel-widget-style panel-widget-style-for-7073-7-0-8\" ><div\n\t\t\t\n\t\t\tclass=\"so-widget-sow-editor so-widget-sow-editor-base\"\n\t\t\t\n\t\t>\n<div class=\"siteorigin-widget-tinymce textwidget\">\n\t<p>A CAUSE DE PROBL\u00c8MES DE R\u00c9SEAU EXT\u00c9RIEURS A L\u2019ENTREPRISE NOUS NE POUVONS PAS GARANTIR LE PAIEMENT PAR CARTE<\/p>\n<\/div>\n<\/div><\/div><\/div><\/div><\/div><\/div>","protected":false},"excerpt":{"rendered":"<p>VIVEZ VOTRE AVENTURE \u00c0 PARTIR DE 15 EUROS SEULEMENT. VOUS DECIDEZ LA LIMITE!<\/p>\n","protected":false},"author":1,"featured_media":0,"parent":0,"menu_order":0,"comment_status":"closed","ping_status":"closed","template":"","meta":{"_acf_changed":false,"footnotes":""},"class_list":{"0":"post-7073","1":"page","2":"type-page","3":"status-publish","5":"clearfix","6":"article"},"acf":[],"yoast_head":"<!-- This site is optimized with the Yoast SEO plugin v27.5 - https:\/\/yoast.com\/product\/yoast-seo-wordpress\/ -->\n<title>Tarifs et horaires | Platja d&#039;Aro | Costa Brava Parc Aventura<\/title>\n<meta name=\"robots\" content=\"index, follow, max-snippet:-1, max-image-preview:large, max-video-preview:-1\" \/>\n<link rel=\"canonical\" href=\"https:\/\/costabravaparcaventura.com\/fr\/tarifs-platja-daro-et-pals\/\" \/>\n<meta property=\"og:locale\" content=\"fr_FR\" \/>\n<meta property=\"og:type\" content=\"article\" \/>\n<meta property=\"og:title\" content=\"Tarifs et horaires | Platja d&#039;Aro | Costa Brava Parc Aventura\" \/>\n<meta property=\"og:description\" content=\"VIVEZ VOTRE AVENTURE \u00c0 PARTIR DE 15 EUROS SEULEMENT. VOUS DECIDEZ LA LIMITE!\" \/>\n<meta property=\"og:url\" content=\"https:\/\/costabravaparcaventura.com\/fr\/tarifs-platja-daro-et-pals\/\" \/>\n<meta property=\"og:site_name\" content=\"Costa Brava Parc Aventura\" \/>\n<meta property=\"article:publisher\" content=\"https:\/\/www.facebook.com\/costabravaparcaventura\" \/>\n<meta property=\"article:modified_time\" content=\"2025-08-23T06:20:19+00:00\" \/>\n<meta name=\"twitter:card\" content=\"summary_large_image\" \/>\n<meta name=\"twitter:site\" content=\"@BravaParc\" \/>\n<meta name=\"twitter:label1\" content=\"Dur\u00e9e de lecture estim\u00e9e\" \/>\n\t<meta name=\"twitter:data1\" content=\"5 minutes\" \/>\n<script type=\"application\/ld+json\" class=\"yoast-schema-graph\">{\"@context\":\"https:\\\/\\\/schema.org\",\"@graph\":[{\"@type\":\"WebPage\",\"@id\":\"https:\\\/\\\/costabravaparcaventura.com\\\/fr\\\/tarifs-platja-daro-et-pals\\\/\",\"url\":\"https:\\\/\\\/costabravaparcaventura.com\\\/fr\\\/tarifs-platja-daro-et-pals\\\/\",\"name\":\"Tarifs et horaires | Platja d'Aro | Costa Brava Parc Aventura\",\"isPartOf\":{\"@id\":\"https:\\\/\\\/costabravaparcaventura.com\\\/fr\\\/#website\"},\"datePublished\":\"2019-04-03T08:33:47+00:00\",\"dateModified\":\"2025-08-23T06:20:19+00:00\",\"breadcrumb\":{\"@id\":\"https:\\\/\\\/costabravaparcaventura.com\\\/fr\\\/tarifs-platja-daro-et-pals\\\/#breadcrumb\"},\"inLanguage\":\"fr-FR\",\"potentialAction\":[{\"@type\":\"ReadAction\",\"target\":[\"https:\\\/\\\/costabravaparcaventura.com\\\/fr\\\/tarifs-platja-daro-et-pals\\\/\"]}]},{\"@type\":\"BreadcrumbList\",\"@id\":\"https:\\\/\\\/costabravaparcaventura.com\\\/fr\\\/tarifs-platja-daro-et-pals\\\/#breadcrumb\",\"itemListElement\":[{\"@type\":\"ListItem\",\"position\":1,\"name\":\"Portada\",\"item\":\"https:\\\/\\\/costabravaparcaventura.com\\\/fr\\\/\"},{\"@type\":\"ListItem\",\"position\":2,\"name\":\"TARIFS PLATJA D&rsquo;ARO ET PALS\"}]},{\"@type\":\"WebSite\",\"@id\":\"https:\\\/\\\/costabravaparcaventura.com\\\/fr\\\/#website\",\"url\":\"https:\\\/\\\/costabravaparcaventura.com\\\/fr\\\/\",\"name\":\"Costa Brava Parc Aventura\",\"description\":\"tirolinas costa brava\",\"publisher\":{\"@id\":\"https:\\\/\\\/costabravaparcaventura.com\\\/fr\\\/#organization\"},\"potentialAction\":[{\"@type\":\"SearchAction\",\"target\":{\"@type\":\"EntryPoint\",\"urlTemplate\":\"https:\\\/\\\/costabravaparcaventura.com\\\/fr\\\/?s={search_term_string}\"},\"query-input\":{\"@type\":\"PropertyValueSpecification\",\"valueRequired\":true,\"valueName\":\"search_term_string\"}}],\"inLanguage\":\"fr-FR\"},{\"@type\":\"Organization\",\"@id\":\"https:\\\/\\\/costabravaparcaventura.com\\\/fr\\\/#organization\",\"name\":\"Costa Brava Parc Aventura\",\"url\":\"https:\\\/\\\/costabravaparcaventura.com\\\/fr\\\/\",\"logo\":{\"@type\":\"ImageObject\",\"inLanguage\":\"fr-FR\",\"@id\":\"https:\\\/\\\/costabravaparcaventura.com\\\/fr\\\/#\\\/schema\\\/logo\\\/image\\\/\",\"url\":\"https:\\\/\\\/costabravaparcaventura.com\\\/wp-content\\\/uploads\\\/2023\\\/07\\\/logo_parc_aventura_600.jpg\",\"contentUrl\":\"https:\\\/\\\/costabravaparcaventura.com\\\/wp-content\\\/uploads\\\/2023\\\/07\\\/logo_parc_aventura_600.jpg\",\"width\":600,\"height\":600,\"caption\":\"Costa Brava Parc Aventura\"},\"image\":{\"@id\":\"https:\\\/\\\/costabravaparcaventura.com\\\/fr\\\/#\\\/schema\\\/logo\\\/image\\\/\"},\"sameAs\":[\"https:\\\/\\\/www.facebook.com\\\/costabravaparcaventura\",\"https:\\\/\\\/x.com\\\/BravaParc\",\"https:\\\/\\\/www.instagram.com\\\/costabravaparcaventura\\\/\",\"https:\\\/\\\/www.youtube.com\\\/user\\\/costabravaparc\"]}]}<\/script>\n<!-- \/ Yoast SEO plugin. -->","yoast_head_json":{"title":"Tarifs et horaires | Platja d'Aro | Costa Brava Parc Aventura","robots":{"index":"index","follow":"follow","max-snippet":"max-snippet:-1","max-image-preview":"max-image-preview:large","max-video-preview":"max-video-preview:-1"},"canonical":"https:\/\/costabravaparcaventura.com\/fr\/tarifs-platja-daro-et-pals\/","og_locale":"fr_FR","og_type":"article","og_title":"Tarifs et horaires | Platja d'Aro | Costa Brava Parc Aventura","og_description":"VIVEZ VOTRE AVENTURE \u00c0 PARTIR DE 15 EUROS SEULEMENT. VOUS DECIDEZ LA LIMITE!","og_url":"https:\/\/costabravaparcaventura.com\/fr\/tarifs-platja-daro-et-pals\/","og_site_name":"Costa Brava Parc Aventura","article_publisher":"https:\/\/www.facebook.com\/costabravaparcaventura","article_modified_time":"2025-08-23T06:20:19+00:00","twitter_card":"summary_large_image","twitter_site":"@BravaParc","twitter_misc":{"Dur\u00e9e de lecture estim\u00e9e":"5 minutes"},"schema":{"@context":"https:\/\/schema.org","@graph":[{"@type":"WebPage","@id":"https:\/\/costabravaparcaventura.com\/fr\/tarifs-platja-daro-et-pals\/","url":"https:\/\/costabravaparcaventura.com\/fr\/tarifs-platja-daro-et-pals\/","name":"Tarifs et horaires | Platja d'Aro | Costa Brava Parc Aventura","isPartOf":{"@id":"https:\/\/costabravaparcaventura.com\/fr\/#website"},"datePublished":"2019-04-03T08:33:47+00:00","dateModified":"2025-08-23T06:20:19+00:00","breadcrumb":{"@id":"https:\/\/costabravaparcaventura.com\/fr\/tarifs-platja-daro-et-pals\/#breadcrumb"},"inLanguage":"fr-FR","potentialAction":[{"@type":"ReadAction","target":["https:\/\/costabravaparcaventura.com\/fr\/tarifs-platja-daro-et-pals\/"]}]},{"@type":"BreadcrumbList","@id":"https:\/\/costabravaparcaventura.com\/fr\/tarifs-platja-daro-et-pals\/#breadcrumb","itemListElement":[{"@type":"ListItem","position":1,"name":"Portada","item":"https:\/\/costabravaparcaventura.com\/fr\/"},{"@type":"ListItem","position":2,"name":"TARIFS PLATJA D&rsquo;ARO ET PALS"}]},{"@type":"WebSite","@id":"https:\/\/costabravaparcaventura.com\/fr\/#website","url":"https:\/\/costabravaparcaventura.com\/fr\/","name":"Costa Brava Parc Aventura","description":"tirolinas costa brava","publisher":{"@id":"https:\/\/costabravaparcaventura.com\/fr\/#organization"},"potentialAction":[{"@type":"SearchAction","target":{"@type":"EntryPoint","urlTemplate":"https:\/\/costabravaparcaventura.com\/fr\/?s={search_term_string}"},"query-input":{"@type":"PropertyValueSpecification","valueRequired":true,"valueName":"search_term_string"}}],"inLanguage":"fr-FR"},{"@type":"Organization","@id":"https:\/\/costabravaparcaventura.com\/fr\/#organization","name":"Costa Brava Parc Aventura","url":"https:\/\/costabravaparcaventura.com\/fr\/","logo":{"@type":"ImageObject","inLanguage":"fr-FR","@id":"https:\/\/costabravaparcaventura.com\/fr\/#\/schema\/logo\/image\/","url":"https:\/\/costabravaparcaventura.com\/wp-content\/uploads\/2023\/07\/logo_parc_aventura_600.jpg","contentUrl":"https:\/\/costabravaparcaventura.com\/wp-content\/uploads\/2023\/07\/logo_parc_aventura_600.jpg","width":600,"height":600,"caption":"Costa Brava Parc Aventura"},"image":{"@id":"https:\/\/costabravaparcaventura.com\/fr\/#\/schema\/logo\/image\/"},"sameAs":["https:\/\/www.facebook.com\/costabravaparcaventura","https:\/\/x.com\/BravaParc","https:\/\/www.instagram.com\/costabravaparcaventura\/","https:\/\/www.youtube.com\/user\/costabravaparc"]}]}},"_links":{"self":[{"href":"https:\/\/costabravaparcaventura.com\/fr\/wp-json\/wp\/v2\/pages\/7073","targetHints":{"allow":["GET"]}}],"collection":[{"href":"https:\/\/costabravaparcaventura.com\/fr\/wp-json\/wp\/v2\/pages"}],"about":[{"href":"https:\/\/costabravaparcaventura.com\/fr\/wp-json\/wp\/v2\/types\/page"}],"author":[{"embeddable":true,"href":"https:\/\/costabravaparcaventura.com\/fr\/wp-json\/wp\/v2\/users\/1"}],"replies":[{"embeddable":true,"href":"https:\/\/costabravaparcaventura.com\/fr\/wp-json\/wp\/v2\/comments?post=7073"}],"version-history":[{"count":143,"href":"https:\/\/costabravaparcaventura.com\/fr\/wp-json\/wp\/v2\/pages\/7073\/revisions"}],"predecessor-version":[{"id":23881,"href":"https:\/\/costabravaparcaventura.com\/fr\/wp-json\/wp\/v2\/pages\/7073\/revisions\/23881"}],"wp:attachment":[{"href":"https:\/\/costabravaparcaventura.com\/fr\/wp-json\/wp\/v2\/media?parent=7073"}],"curies":[{"name":"wp","href":"https:\/\/api.w.org\/{rel}","templated":true}]}}