{"id":7020,"date":"2019-04-03T09:27:20","date_gmt":"2019-04-03T07:27:20","guid":{"rendered":"https:\/\/parcaventura.com\/?page_id=7020"},"modified":"2021-02-22T16:57:50","modified_gmt":"2021-02-22T15:57:50","slug":"contact","status":"publish","type":"page","link":"https:\/\/costabravaparcaventura.com\/fr\/contact\/","title":{"rendered":"Comment s&rsquo;y rendre"},"content":{"rendered":"<div id=\"pl-7020\"  class=\"panel-layout\" ><div id=\"pg-7020-0\"  class=\"panel-grid panel-no-style\" ><div id=\"pgc-7020-0-0\"  class=\"panel-grid-cell panel-grid-cell-empty\" ><\/div><\/div><div id=\"pg-7020-1\"  class=\"panel-grid panel-no-style\" ><div id=\"pgc-7020-1-0\"  class=\"panel-grid-cell\" ><div id=\"panel-7020-1-0-0\" class=\"so-panel widget widget_sow-image panel-first-child panel-last-child\" data-index=\"0\" ><div\n\t\t\t\n\t\t\tclass=\"so-widget-sow-image so-widget-sow-image-default-c67d20f9f743-7020\"\n\t\t\t\n\t\t>\n<div class=\"sow-image-container\">\n\t\t<img \n\tsrc=\"https:\/\/costabravaparcaventura.com\/wp-content\/uploads\/2019\/12\/mapa-pda-pals.jpg\" width=\"562\" height=\"386\" srcset=\"https:\/\/costabravaparcaventura.com\/wp-content\/uploads\/2019\/12\/mapa-pda-pals.jpg 562w, https:\/\/costabravaparcaventura.com\/wp-content\/uploads\/2019\/12\/mapa-pda-pals-300x206.jpg 300w, https:\/\/costabravaparcaventura.com\/wp-content\/uploads\/2019\/12\/mapa-pda-pals-100x70.jpg 100w\" sizes=\"(max-width: 562px) 100vw, 562px\" alt=\"mapa parcs\" \t\tclass=\"so-widget-image\"\/>\n\t<\/div>\n\n<\/div><\/div><\/div><\/div><div id=\"pg-7020-2\"  class=\"panel-grid panel-has-style\" ><div class=\"panel-row-style panel-row-style-for-7020-2\" ><div id=\"pgc-7020-2-0\"  class=\"panel-grid-cell\" ><div id=\"panel-7020-2-0-0\" class=\"so-panel widget widget_sow-editor panel-first-child\" data-index=\"1\" ><div class=\"panel-widget-style panel-widget-style-for-7020-2-0-0\" ><div\n\t\t\t\n\t\t\tclass=\"so-widget-sow-editor so-widget-sow-editor-base\"\n\t\t\t\n\t\t>\n<div class=\"siteorigin-widget-tinymce textwidget\">\n\t<h3>PLATJA D'ARO<\/h3>\n<\/div>\n<\/div><\/div><\/div><div id=\"panel-7020-2-0-1\" class=\"so-panel widget widget_sow-editor\" data-index=\"2\" ><div class=\"panel-widget-style panel-widget-style-for-7020-2-0-1\" ><div\n\t\t\t\n\t\t\tclass=\"so-widget-sow-editor so-widget-sow-editor-base\"\n\t\t\t\n\t\t>\n<div class=\"siteorigin-widget-tinymce textwidget\">\n\t<p style=\"font-size: 16px;\"><span style=\"color: #666666;\"><span class=\"icon-container\"><span class=\"fa fa-envelope\" style=\"color:#2e3b4e;\"><\/span><\/span> \u00a0\u00a0<span class=\"oe_textdirection\">&#x6d;&#x6f;&#x63;&#x2e;&#x61;&#x72;&#x75;&#x74;&#x6e;&#x65;&#x76;&#x61;&#x63;&#x72;&#x61;&#x70;&#x61;&#x76;&#x61;&#x72;&#x62;&#x61;&#x74;&#x73;&#x6f;&#x63;<span class=\"oe_displaynone\">null<\/span>&#x40;&#x6f;&#x66;&#x6e;&#x69;<\/span><\/span><\/p>\n<p style=\"font-size: 16px;\"><span style=\"color: #666666;\"><span class=\"icon-container\"><span class=\"fa fa-phone\" style=\"color:#2e3b4e;\"><\/span><\/span> \u00a0\u00a0+34 972825769<\/span><\/p>\n<p style=\"font-size: 16px;\"><span style=\"color: #666666;\">\u00a0<span class=\"icon-container\"><span class=\"fa fa-map-marker\" style=\"color:#2e3b4e;\"><\/span><\/span> \u00a0\u00a0 Bosc del Mas Candell S\/N, 17249 Platja d'Aro<\/span><\/p>\n<\/div>\n<\/div><\/div><\/div><div id=\"panel-7020-2-0-2\" class=\"so-panel widget widget_sow-editor panel-last-child\" data-index=\"3\" ><div class=\"panel-widget-style panel-widget-style-for-7020-2-0-2\" ><div\n\t\t\t\n\t\t\tclass=\"so-widget-sow-editor so-widget-sow-editor-base\"\n\t\t\t\n\t\t>\n<div class=\"siteorigin-widget-tinymce textwidget\">\n\t<p>Le parc est situ\u00e9 dans l'une des for\u00eats m\u00e9diterran\u00e9ennes le mieux conserv\u00e9es sur la Costa Brava, <strong>\u00e0 la ville de Platja d\u2019Aro<\/strong> (Baix Empord\u00e0 \u2013 Girona).<\/p>\n<p>C\u2019est tr\u00e8s simple d\u2019y arriver et le parc est facilement accessible.<\/p>\n<p style=\"font-size: 16px;\"><span style=\"color: #2e3b4e;\"><span class=\"icon-container\"><span class=\"fa fa-long-arrow-right\" style=\"color:#ff7240;\"><\/span><\/span> \u00a0\u00a0<strong> Si vous venez de Palam\u00f3s<\/strong> par la C31 acc\u00e9dez \u00e0 Platja d\u2019Aro par la deuxi\u00e8me sortie (Platja d\u2019Aro Centre) une fois d\u00e9pass\u00e9 le Waterpark. Au premier rond-point continuez tout droit par la rue Tramuntana (G666) et passez sur le pont de le fleuve Ridaura. 200 m\u00e8tres plus loin tourner \u00e0 droite en direction au Camping Riembau. A ce moment l\u00e0 vous verrez les indications sur des panneaux.<\/span><\/p>\n<p style=\"font-size: 16px;\"><span style=\"color: #2e3b4e;\"><span class=\"icon-container\"><span class=\"fa fa-long-arrow-right\" style=\"color:#ff7240;\"><\/span><\/span> \u00a0\u00a0<strong> Si vous venez de Santa Cristina<\/strong> par la C65 acc\u00e9dez a Platja d\u2019Aro par la premi\u00e8re sortie (Platja d\u2019Aro Centre) jusqu\u2019au Mercadona. Une fois l\u00e0, au rond-point prennez \u00e0 droite rue Tramuntana. 200 metres apr\u00e8s le pont sur le fleuve Ridaura tourner a droite vers le Camping Riembau. A ce moment l\u00e0 vous verrez les indications du parc sur des panneaux.<\/span><\/p>\n<\/div>\n<\/div><\/div><\/div><\/div><div id=\"pgc-7020-2-1\"  class=\"panel-grid-cell\" ><div id=\"panel-7020-2-1-0\" class=\"so-panel widget widget_sow-editor panel-first-child\" data-index=\"4\" ><div class=\"panel-widget-style panel-widget-style-for-7020-2-1-0\" ><div\n\t\t\t\n\t\t\tclass=\"so-widget-sow-editor so-widget-sow-editor-base\"\n\t\t\t\n\t\t>\n<div class=\"siteorigin-widget-tinymce textwidget\">\n\t<h3>PALS<\/h3>\n<\/div>\n<\/div><\/div><\/div><div id=\"panel-7020-2-1-1\" class=\"so-panel widget widget_sow-editor\" data-index=\"5\" ><div class=\"panel-widget-style panel-widget-style-for-7020-2-1-1\" ><div\n\t\t\t\n\t\t\tclass=\"so-widget-sow-editor so-widget-sow-editor-base\"\n\t\t\t\n\t\t>\n<div class=\"siteorigin-widget-tinymce textwidget\">\n\t<p style=\"font-size: 16px;\"><span style=\"color: #666666;\"><span class=\"icon-container\"><span class=\"fa fa-envelope\" style=\"color:#2e3b4e;\"><\/span><\/span> \u00a0\u00a0<span class=\"oe_textdirection\">&#x6d;&#x6f;&#x63;&#x2e;&#x61;&#x72;&#x75;&#x74;&#x6e;&#x65;&#x76;&#x61;&#x63;&#x72;&#x61;&#x70;&#x61;&#x76;&#x61;&#x72;&#x62;&#x61;&#x74;&#x73;&#x6f;&#x63;<span class=\"oe_displaynone\">null<\/span>&#x40;&#x6f;&#x66;&#x6e;&#x69;<\/span><\/span><\/p>\n<p style=\"font-size: 16px;\"><span style=\"color: #666666;\"><span class=\"icon-container\"><span class=\"fa fa-phone\" style=\"color:#2e3b4e;\"><\/span><\/span> \u00a0\u00a0+34 972825769<\/span><\/p>\n<p style=\"font-size: 16px;\"><span style=\"color: #666666;\">\u00a0<span class=\"icon-container\"><span class=\"fa fa-map-marker\" style=\"color:#2e3b4e;\"><\/span><\/span> \u00a0\u00a0 Cam\u00ed del Bernegar S\/N, 17256 Masos de Pals<\/span><\/p>\n<\/div>\n<\/div><\/div><\/div><div id=\"panel-7020-2-1-2\" class=\"so-panel widget widget_sow-editor panel-last-child\" data-index=\"6\" ><div class=\"panel-widget-style panel-widget-style-for-7020-2-1-2\" ><div\n\t\t\t\n\t\t\tclass=\"so-widget-sow-editor so-widget-sow-editor-base\"\n\t\t\t\n\t\t>\n<div class=\"siteorigin-widget-tinymce textwidget\">\n\t<p><strong>Costa Brava Parc Aventura<\/strong> se situe sur l\u2019un des plus beaux et impressionnants endroits de la Costa Brava: Pals, un petit village m\u00e9di\u00e9val de la province de Gironne.<\/p>\n<p>C\u2019est tr\u00e8s simple d\u2019y arriver et le parc est facilement accessible.<\/p>\n<p style=\"font-size: 16px;\"><span style=\"color: #2e3b4e;\"><span class=\"icon-container\"><span class=\"fa fa-long-arrow-right\" style=\"color:#ff7240;\"><\/span><\/span> \u00a0\u00a0<strong> Si vous venez de Palafrugell<\/strong> ou de La Bisbal il faut se diriger a Pals et de l\u00e0 a Platja de Pals. Avan d\u2019arriver au camping Cypsela il faut tourner \u00e0 gauche et continuer durant 300m.<\/span><\/p>\n<p style=\"font-size: 16px;\"><span style=\"color: #2e3b4e;\"><span class=\"icon-container\"><span class=\"fa fa-long-arrow-right\" style=\"color:#ff7240;\"><\/span><\/span> \u00a0\u00a0<strong> Si vous venez de Torroella de Montrgr\u00ed,<\/strong> une fois pass\u00e9 le panneau de Palau Sator et avant d\u2019arriver au village de Pals il faut tourner \u00e0 gauche en suivant \u00ab Golf Serres de Pals \u00bb. 2 km apr\u00e8s vous trouverez un indicateur du parc. Tournez \u00e0 droite et nous sommes \u00e0 300m.<\/span><\/p>\n<\/div>\n<\/div><\/div><\/div><\/div><\/div><\/div><div id=\"pg-7020-3\"  class=\"panel-grid panel-no-style\" ><div id=\"pgc-7020-3-0\"  class=\"panel-grid-cell\" ><div id=\"panel-7020-3-0-0\" class=\"so-panel widget widget_sow-editor panel-first-child panel-last-child\" data-index=\"7\" ><div class=\"panel-widget-style panel-widget-style-for-7020-3-0-0\" ><div\n\t\t\t\n\t\t\tclass=\"so-widget-sow-editor so-widget-sow-editor-base\"\n\t\t\t\n\t\t>\n<div class=\"siteorigin-widget-tinymce textwidget\">\n\t<p style=\"font-size: 22px;\"><span style=\"color: #000000;\"><span class=\"icon-container\"><span class=\"fa fa-info-circle\" style=\"color:#0404B4;\"><\/span><\/span> \u00a0\u00a0 41\u00ba 48\u2032 37,5\u201dN 003\u00ba 02\u2032 56,5\u201dE<\/span><\/p>\n<\/div>\n<\/div><\/div><\/div><\/div><div id=\"pgc-7020-3-1\"  class=\"panel-grid-cell\" ><div id=\"panel-7020-3-1-0\" class=\"so-panel widget widget_sow-editor panel-first-child panel-last-child\" data-index=\"8\" ><div class=\"panel-widget-style panel-widget-style-for-7020-3-1-0\" ><div\n\t\t\t\n\t\t\tclass=\"so-widget-sow-editor so-widget-sow-editor-base\"\n\t\t\t\n\t\t>\n<div class=\"siteorigin-widget-tinymce textwidget\">\n\t<p style=\"font-size: 22px;\"><span style=\"color: #000000;\"><span class=\"icon-container\"><span class=\"fa fa-info-circle\" style=\"color:#0404B4;\"><\/span><\/span> \u00a0\u00a0 N 41\u00ba 59\u2019 24.2\u201d e003\u00ba 10\u2019 39.9\u201d<\/span><\/p>\n<\/div>\n<\/div><\/div><\/div><\/div><\/div><div id=\"pg-7020-4\"  class=\"panel-grid panel-no-style\" ><div id=\"pgc-7020-4-0\"  class=\"panel-grid-cell\" ><div class=\"panel-cell-style panel-cell-style-for-7020-4-0\" ><div id=\"panel-7020-4-0-0\" class=\"so-panel widget widget_sow-editor panel-first-child panel-last-child\" data-index=\"9\" ><div class=\"panel-widget-style panel-widget-style-for-7020-4-0-0\" ><div\n\t\t\t\n\t\t\tclass=\"so-widget-sow-editor so-widget-sow-editor-base\"\n\t\t\t\n\t\t>\n<div class=\"siteorigin-widget-tinymce textwidget\">\n\t<p><iframe loading=\"lazy\" src=\"https:\/\/costabravaparcaventura.com\/wp-content\/uploads\/2021\/02\/mapa1-2.html\" width=\"100%\" height=\"600\"><\/iframe><\/p>\n<\/div>\n<\/div><\/div><\/div><\/div><\/div><\/div><div id=\"pg-7020-5\"  class=\"panel-grid panel-no-style\" ><div id=\"pgc-7020-5-0\"  class=\"panel-grid-cell\" ><div id=\"panel-7020-5-0-0\" class=\"so-panel widget widget_sow-editor panel-first-child\" data-index=\"10\" ><div\n\t\t\t\n\t\t\tclass=\"so-widget-sow-editor so-widget-sow-editor-base\"\n\t\t\t\n\t\t>\n<div class=\"siteorigin-widget-tinymce textwidget\">\n\t<h3>Contactez nous!<\/h3>\n<\/div>\n<\/div><\/div><div id=\"panel-7020-5-0-1\" class=\"so-panel widget widget_text panel-last-child\" data-index=\"11\" >\t\t\t<div class=\"textwidget\">\n<div class=\"wpcf7 no-js\" id=\"wpcf7-f10014-o1\" lang=\"es-ES\" dir=\"ltr\" data-wpcf7-id=\"10014\">\n<div class=\"screen-reader-response\"><p role=\"status\" aria-live=\"polite\" aria-atomic=\"true\"><\/p> <ul><\/ul><\/div>\n<form action=\"\/fr\/wp-json\/wp\/v2\/pages\/7020#wpcf7-f10014-o1\" method=\"post\" class=\"wpcf7-form init\" aria-label=\"Formulario de contacto\" novalidate=\"novalidate\" data-status=\"init\">\n<fieldset class=\"hidden-fields-container\"><input type=\"hidden\" name=\"_wpcf7\" value=\"10014\" \/><input type=\"hidden\" name=\"_wpcf7_version\" value=\"6.1.5\" \/><input type=\"hidden\" name=\"_wpcf7_locale\" value=\"es_ES\" \/><input type=\"hidden\" name=\"_wpcf7_unit_tag\" value=\"wpcf7-f10014-o1\" \/><input type=\"hidden\" name=\"_wpcf7_container_post\" value=\"0\" \/><input type=\"hidden\" name=\"_wpcf7_posted_data_hash\" value=\"\" \/><input type=\"hidden\" name=\"_wpcf7cf_hidden_group_fields\" value=\"[]\" \/><input type=\"hidden\" name=\"_wpcf7cf_hidden_groups\" value=\"[]\" \/><input type=\"hidden\" name=\"_wpcf7cf_visible_groups\" value=\"[]\" \/><input type=\"hidden\" name=\"_wpcf7cf_repeaters\" value=\"[]\" \/><input type=\"hidden\" name=\"_wpcf7cf_steps\" value=\"{}\" \/><input type=\"hidden\" name=\"_wpcf7cf_options\" value=\"{&quot;form_id&quot;:10014,&quot;conditions&quot;:[],&quot;settings&quot;:{&quot;animation&quot;:&quot;yes&quot;,&quot;animation_intime&quot;:200,&quot;animation_outtime&quot;:200,&quot;conditions_ui&quot;:&quot;normal&quot;,&quot;notice_dismissed&quot;:false}}\" \/><input type=\"hidden\" name=\"_wpcf7_recaptcha_response\" value=\"\" \/>\n<\/fieldset>\n<div class=\"col-xs-12  col-lg-6\">\n\t<p><span class=\"wpcf7-form-control-wrap\" data-name=\"nombre\"><input size=\"40\" maxlength=\"400\" class=\"wpcf7-form-control wpcf7-text wpcf7-validates-as-required form-control\" aria-required=\"true\" aria-invalid=\"false\" placeholder=\"Nom*\" value=\"\" type=\"text\" name=\"nombre\" \/><\/span>\n\t<\/p>\n<\/div>\n<div class=\"col-xs-12  col-lg-6\">\n\t<p><span class=\"wpcf7-form-control-wrap\" data-name=\"email\"><input size=\"40\" maxlength=\"400\" class=\"wpcf7-form-control wpcf7-email wpcf7-validates-as-required wpcf7-text wpcf7-validates-as-email form-control\" aria-required=\"true\" aria-invalid=\"false\" placeholder=\"E-mail*\" value=\"\" type=\"email\" name=\"email\" \/><\/span>\n\t<\/p>\n<\/div>\n<div class=\"col-xs-12  col-lg-6\">\n\t<p><span class=\"wpcf7-form-control-wrap\" data-name=\"telefono\"><input size=\"40\" maxlength=\"400\" class=\"wpcf7-form-control wpcf7-text wpcf7-validates-as-required form-control\" aria-required=\"true\" aria-invalid=\"false\" placeholder=\"Tel\u00e9phone*\" value=\"\" type=\"text\" name=\"telefono\" \/><\/span>\n\t<\/p>\n<\/div>\n<div class=\"col-xs-12  col-lg-6\">\n\t<p><span class=\"wpcf7-form-control-wrap\" data-name=\"tema\"><input size=\"40\" maxlength=\"400\" class=\"wpcf7-form-control wpcf7-text wpcf7-validates-as-required form-control\" aria-required=\"true\" aria-invalid=\"false\" placeholder=\"Sujet*\" value=\"\" type=\"text\" name=\"tema\" \/><\/span>\n\t<\/p>\n<\/div>\n<div class=\"col-xs-12\">\n\t<p><span class=\"wpcf7-form-control-wrap\" data-name=\"message\"><textarea cols=\"40\" rows=\"10\" maxlength=\"2000\" class=\"wpcf7-form-control wpcf7-textarea wpcf7-validates-as-required form-control\" aria-required=\"true\" aria-invalid=\"false\" placeholder=\"Commentaires*\" name=\"message\"><\/textarea><\/span>\n\t<\/p>\n\t<div class=\"wpcf7-notice\" style=\"font-size: 16px;\">\n\t\t<p>* Champs obligatoires.\n\t\t<\/p>\n\t<\/div>\n\t<div>\n\t\t<p><input class=\"wpcf7-form-control wpcf7-submit has-spinner contactform btn btn-primary\" type=\"submit\" value=\"ENVOYER\" \/>\n\t\t<\/p>\n\t<\/div>\n<\/div><input\n                    class=\"apbct_special_field apbct_email_id__wp_contact_form_7\"\n                    name=\"apbct__email_id__wp_contact_form_7\"\n                    aria-label=\"apbct__label_id__wp_contact_form_7\"\n                    type=\"text\" size=\"30\" maxlength=\"200\" autocomplete=\"off\"\n                    value=\"\"\n                \/><p style=\"display: none !important;\" class=\"akismet-fields-container\" data-prefix=\"_wpcf7_ak_\"><label>&#916;<textarea name=\"_wpcf7_ak_hp_textarea\" cols=\"45\" rows=\"8\" maxlength=\"100\"><\/textarea><\/label><input type=\"hidden\" id=\"ak_js_1\" name=\"_wpcf7_ak_js\" value=\"137\"\/><script type=\"text\/javascript\">\n\/* <![CDATA[ *\/\ndocument.getElementById( \"ak_js_1\" ).setAttribute( \"value\", ( new Date() ).getTime() );\n\/* ]]> *\/\n<\/script>\n<\/p><input type='hidden' class='wpcf7-pum' value='{\"closepopup\":false,\"closedelay\":0,\"openpopup\":false,\"openpopup_id\":0}' \/><div class=\"wpcf7-response-output\" aria-hidden=\"true\"><\/div>\n<\/form>\n<\/div>\n\n<\/div>\n\t\t<\/div><\/div><\/div><\/div>","protected":false},"excerpt":{"rendered":"<p>PLATJA D&rsquo;ARO \u00a0\u00a0&#x6d;&#x6f;&#x63;&#x2e;&#x61;&#x72;&#x75;&#x74;&#x6e;&#x65;&#x76;&#x61;&#x63;&#x72;&#x61;&#x70;&#x61;&#x76;&#x61;&#x72;&#x62;&#x61;&#x74;&#x73;&#x6f;&#x63;null&#x40;&#x6f;&#x66;&#x6e;&#x69; \u00a0\u00a0+34 972825769 \u00a0 \u00a0\u00a0 Bosc del Mas Candell S\/N, 17249 Platja d&rsquo;Aro Le parc est situ\u00e9 dans l&rsquo;une des for\u00eats m\u00e9diterran\u00e9ennes le mieux conserv\u00e9es sur la Costa Brava, \u00e0 la ville de Platja d\u2019Aro (Baix Empord\u00e0 \u2013 Girona). C\u2019est tr\u00e8s simple d\u2019y arriver et le parc est facilement accessible. \u00a0\u00a0 Si vous &hellip;<\/p>\n","protected":false},"author":1,"featured_media":0,"parent":0,"menu_order":0,"comment_status":"closed","ping_status":"closed","template":"template-front-page-slider-alt.php","meta":{"_acf_changed":false,"footnotes":""},"class_list":{"0":"post-7020","1":"page","2":"type-page","3":"status-publish","5":"clearfix","6":"article"},"acf":[],"yoast_head":"<!-- This site is optimized with the Yoast SEO plugin v27.5 - https:\/\/yoast.com\/product\/yoast-seo-wordpress\/ -->\n<title>Contact | Costa Brava Parc Aventura<\/title>\n<meta name=\"robots\" content=\"index, follow, max-snippet:-1, max-image-preview:large, max-video-preview:-1\" \/>\n<link rel=\"canonical\" href=\"https:\/\/costabravaparcaventura.com\/fr\/contact\/\" \/>\n<meta property=\"og:locale\" content=\"fr_FR\" \/>\n<meta property=\"og:type\" content=\"article\" \/>\n<meta property=\"og:title\" content=\"Contact | Costa Brava Parc Aventura\" \/>\n<meta property=\"og:description\" content=\"PLATJA D&#039;ARO \u00a0\u00a0&#x6d;&#x6f;&#x63;&#x2e;&#x61;&#x72;&#x75;&#x74;&#x6e;&#x65;&#x76;&#x61;&#x63;&#x72;&#x61;&#x70;&#x61;&#x76;&#x61;&#x72;&#x62;&#x61;&#x74;&#x73;&#x6f;&#x63;null&#x40;&#x6f;&#x66;&#x6e;&#x69; \u00a0\u00a0+34 972825769 \u00a0 \u00a0\u00a0 Bosc del Mas Candell S\/N, 17249 Platja d&#039;Aro Le parc est situ\u00e9 dans l&#039;une des for\u00eats m\u00e9diterran\u00e9ennes le mieux conserv\u00e9es sur la Costa Brava, \u00e0 la ville de Platja d\u2019Aro (Baix Empord\u00e0 \u2013 Girona). C\u2019est tr\u00e8s simple d\u2019y arriver et le parc est facilement accessible. \u00a0\u00a0 Si vous &hellip;\" \/>\n<meta property=\"og:url\" content=\"https:\/\/costabravaparcaventura.com\/fr\/contact\/\" \/>\n<meta property=\"og:site_name\" content=\"Costa Brava Parc Aventura\" \/>\n<meta property=\"article:publisher\" content=\"https:\/\/www.facebook.com\/costabravaparcaventura\" \/>\n<meta property=\"article:modified_time\" content=\"2021-02-22T15:57:50+00:00\" \/>\n<meta name=\"twitter:card\" content=\"summary_large_image\" \/>\n<meta name=\"twitter:site\" content=\"@BravaParc\" \/>\n<meta name=\"twitter:label1\" content=\"Dur\u00e9e de lecture estim\u00e9e\" \/>\n\t<meta name=\"twitter:data1\" content=\"2 minutes\" \/>\n<script type=\"application\/ld+json\" class=\"yoast-schema-graph\">{\"@context\":\"https:\\\/\\\/schema.org\",\"@graph\":[{\"@type\":\"WebPage\",\"@id\":\"https:\\\/\\\/costabravaparcaventura.com\\\/fr\\\/contact\\\/\",\"url\":\"https:\\\/\\\/costabravaparcaventura.com\\\/fr\\\/contact\\\/\",\"name\":\"Contact | Costa Brava Parc Aventura\",\"isPartOf\":{\"@id\":\"https:\\\/\\\/costabravaparcaventura.com\\\/fr\\\/#website\"},\"datePublished\":\"2019-04-03T07:27:20+00:00\",\"dateModified\":\"2021-02-22T15:57:50+00:00\",\"breadcrumb\":{\"@id\":\"https:\\\/\\\/costabravaparcaventura.com\\\/fr\\\/contact\\\/#breadcrumb\"},\"inLanguage\":\"fr-FR\",\"potentialAction\":[{\"@type\":\"ReadAction\",\"target\":[\"https:\\\/\\\/costabravaparcaventura.com\\\/fr\\\/contact\\\/\"]}]},{\"@type\":\"BreadcrumbList\",\"@id\":\"https:\\\/\\\/costabravaparcaventura.com\\\/fr\\\/contact\\\/#breadcrumb\",\"itemListElement\":[{\"@type\":\"ListItem\",\"position\":1,\"name\":\"Portada\",\"item\":\"https:\\\/\\\/costabravaparcaventura.com\\\/fr\\\/\"},{\"@type\":\"ListItem\",\"position\":2,\"name\":\"Comment s&rsquo;y rendre\"}]},{\"@type\":\"WebSite\",\"@id\":\"https:\\\/\\\/costabravaparcaventura.com\\\/fr\\\/#website\",\"url\":\"https:\\\/\\\/costabravaparcaventura.com\\\/fr\\\/\",\"name\":\"Costa Brava Parc Aventura\",\"description\":\"tirolinas costa brava\",\"publisher\":{\"@id\":\"https:\\\/\\\/costabravaparcaventura.com\\\/fr\\\/#organization\"},\"potentialAction\":[{\"@type\":\"SearchAction\",\"target\":{\"@type\":\"EntryPoint\",\"urlTemplate\":\"https:\\\/\\\/costabravaparcaventura.com\\\/fr\\\/?s={search_term_string}\"},\"query-input\":{\"@type\":\"PropertyValueSpecification\",\"valueRequired\":true,\"valueName\":\"search_term_string\"}}],\"inLanguage\":\"fr-FR\"},{\"@type\":\"Organization\",\"@id\":\"https:\\\/\\\/costabravaparcaventura.com\\\/fr\\\/#organization\",\"name\":\"Costa Brava Parc Aventura\",\"url\":\"https:\\\/\\\/costabravaparcaventura.com\\\/fr\\\/\",\"logo\":{\"@type\":\"ImageObject\",\"inLanguage\":\"fr-FR\",\"@id\":\"https:\\\/\\\/costabravaparcaventura.com\\\/fr\\\/#\\\/schema\\\/logo\\\/image\\\/\",\"url\":\"https:\\\/\\\/costabravaparcaventura.com\\\/wp-content\\\/uploads\\\/2023\\\/07\\\/logo_parc_aventura_600.jpg\",\"contentUrl\":\"https:\\\/\\\/costabravaparcaventura.com\\\/wp-content\\\/uploads\\\/2023\\\/07\\\/logo_parc_aventura_600.jpg\",\"width\":600,\"height\":600,\"caption\":\"Costa Brava Parc Aventura\"},\"image\":{\"@id\":\"https:\\\/\\\/costabravaparcaventura.com\\\/fr\\\/#\\\/schema\\\/logo\\\/image\\\/\"},\"sameAs\":[\"https:\\\/\\\/www.facebook.com\\\/costabravaparcaventura\",\"https:\\\/\\\/x.com\\\/BravaParc\",\"https:\\\/\\\/www.instagram.com\\\/costabravaparcaventura\\\/\",\"https:\\\/\\\/www.youtube.com\\\/user\\\/costabravaparc\"]}]}<\/script>\n<!-- \/ Yoast SEO plugin. -->","yoast_head_json":{"title":"Contact | Costa Brava Parc Aventura","robots":{"index":"index","follow":"follow","max-snippet":"max-snippet:-1","max-image-preview":"max-image-preview:large","max-video-preview":"max-video-preview:-1"},"canonical":"https:\/\/costabravaparcaventura.com\/fr\/contact\/","og_locale":"fr_FR","og_type":"article","og_title":"Contact | Costa Brava Parc Aventura","og_description":"PLATJA D'ARO \u00a0\u00a0&#x6d;&#x6f;&#x63;&#x2e;&#x61;&#x72;&#x75;&#x74;&#x6e;&#x65;&#x76;&#x61;&#x63;&#x72;&#x61;&#x70;&#x61;&#x76;&#x61;&#x72;&#x62;&#x61;&#x74;&#x73;&#x6f;&#x63;null&#x40;&#x6f;&#x66;&#x6e;&#x69; \u00a0\u00a0+34 972825769 \u00a0 \u00a0\u00a0 Bosc del Mas Candell S\/N, 17249 Platja d'Aro Le parc est situ\u00e9 dans l'une des for\u00eats m\u00e9diterran\u00e9ennes le mieux conserv\u00e9es sur la Costa Brava, \u00e0 la ville de Platja d\u2019Aro (Baix Empord\u00e0 \u2013 Girona). C\u2019est tr\u00e8s simple d\u2019y arriver et le parc est facilement accessible. \u00a0\u00a0 Si vous &hellip;","og_url":"https:\/\/costabravaparcaventura.com\/fr\/contact\/","og_site_name":"Costa Brava Parc Aventura","article_publisher":"https:\/\/www.facebook.com\/costabravaparcaventura","article_modified_time":"2021-02-22T15:57:50+00:00","twitter_card":"summary_large_image","twitter_site":"@BravaParc","twitter_misc":{"Dur\u00e9e de lecture estim\u00e9e":"2 minutes"},"schema":{"@context":"https:\/\/schema.org","@graph":[{"@type":"WebPage","@id":"https:\/\/costabravaparcaventura.com\/fr\/contact\/","url":"https:\/\/costabravaparcaventura.com\/fr\/contact\/","name":"Contact | Costa Brava Parc Aventura","isPartOf":{"@id":"https:\/\/costabravaparcaventura.com\/fr\/#website"},"datePublished":"2019-04-03T07:27:20+00:00","dateModified":"2021-02-22T15:57:50+00:00","breadcrumb":{"@id":"https:\/\/costabravaparcaventura.com\/fr\/contact\/#breadcrumb"},"inLanguage":"fr-FR","potentialAction":[{"@type":"ReadAction","target":["https:\/\/costabravaparcaventura.com\/fr\/contact\/"]}]},{"@type":"BreadcrumbList","@id":"https:\/\/costabravaparcaventura.com\/fr\/contact\/#breadcrumb","itemListElement":[{"@type":"ListItem","position":1,"name":"Portada","item":"https:\/\/costabravaparcaventura.com\/fr\/"},{"@type":"ListItem","position":2,"name":"Comment s&rsquo;y rendre"}]},{"@type":"WebSite","@id":"https:\/\/costabravaparcaventura.com\/fr\/#website","url":"https:\/\/costabravaparcaventura.com\/fr\/","name":"Costa Brava Parc Aventura","description":"tirolinas costa brava","publisher":{"@id":"https:\/\/costabravaparcaventura.com\/fr\/#organization"},"potentialAction":[{"@type":"SearchAction","target":{"@type":"EntryPoint","urlTemplate":"https:\/\/costabravaparcaventura.com\/fr\/?s={search_term_string}"},"query-input":{"@type":"PropertyValueSpecification","valueRequired":true,"valueName":"search_term_string"}}],"inLanguage":"fr-FR"},{"@type":"Organization","@id":"https:\/\/costabravaparcaventura.com\/fr\/#organization","name":"Costa Brava Parc Aventura","url":"https:\/\/costabravaparcaventura.com\/fr\/","logo":{"@type":"ImageObject","inLanguage":"fr-FR","@id":"https:\/\/costabravaparcaventura.com\/fr\/#\/schema\/logo\/image\/","url":"https:\/\/costabravaparcaventura.com\/wp-content\/uploads\/2023\/07\/logo_parc_aventura_600.jpg","contentUrl":"https:\/\/costabravaparcaventura.com\/wp-content\/uploads\/2023\/07\/logo_parc_aventura_600.jpg","width":600,"height":600,"caption":"Costa Brava Parc Aventura"},"image":{"@id":"https:\/\/costabravaparcaventura.com\/fr\/#\/schema\/logo\/image\/"},"sameAs":["https:\/\/www.facebook.com\/costabravaparcaventura","https:\/\/x.com\/BravaParc","https:\/\/www.instagram.com\/costabravaparcaventura\/","https:\/\/www.youtube.com\/user\/costabravaparc"]}]}},"_links":{"self":[{"href":"https:\/\/costabravaparcaventura.com\/fr\/wp-json\/wp\/v2\/pages\/7020","targetHints":{"allow":["GET"]}}],"collection":[{"href":"https:\/\/costabravaparcaventura.com\/fr\/wp-json\/wp\/v2\/pages"}],"about":[{"href":"https:\/\/costabravaparcaventura.com\/fr\/wp-json\/wp\/v2\/types\/page"}],"author":[{"embeddable":true,"href":"https:\/\/costabravaparcaventura.com\/fr\/wp-json\/wp\/v2\/users\/1"}],"replies":[{"embeddable":true,"href":"https:\/\/costabravaparcaventura.com\/fr\/wp-json\/wp\/v2\/comments?post=7020"}],"version-history":[{"count":36,"href":"https:\/\/costabravaparcaventura.com\/fr\/wp-json\/wp\/v2\/pages\/7020\/revisions"}],"predecessor-version":[{"id":15671,"href":"https:\/\/costabravaparcaventura.com\/fr\/wp-json\/wp\/v2\/pages\/7020\/revisions\/15671"}],"wp:attachment":[{"href":"https:\/\/costabravaparcaventura.com\/fr\/wp-json\/wp\/v2\/media?parent=7020"}],"curies":[{"name":"wp","href":"https:\/\/api.w.org\/{rel}","templated":true}]}}