{"id":6984,"date":"2019-04-03T08:33:27","date_gmt":"2019-04-03T06:33:27","guid":{"rendered":"https:\/\/parcaventura.com\/?page_id=6984"},"modified":"2019-09-03T15:21:50","modified_gmt":"2019-09-03T13:21:50","slug":"parcours-illa-roja-platja-daro","status":"publish","type":"page","link":"https:\/\/costabravaparcaventura.com\/fr\/parcours-illa-roja-platja-daro\/","title":{"rendered":"Parcours Illa Roja"},"content":{"rendered":"<div id=\"pl-6984\"  class=\"panel-layout\" ><div id=\"pg-6984-0\"  class=\"panel-grid panel-no-style\" ><div id=\"pgc-6984-0-0\"  class=\"panel-grid-cell\" ><div id=\"panel-6984-0-0-0\" class=\"so-panel widget widget_sow-editor panel-first-child\" data-index=\"0\" ><div\n\t\t\t\n\t\t\tclass=\"so-widget-sow-editor so-widget-sow-editor-base\"\n\t\t\t\n\t\t>\n<div class=\"siteorigin-widget-tinymce textwidget\">\n\t<h2>Parcours aventure<\/h2>\n<p style=\"font-size: 16px;\">C\u2019est le parcours avec le plus de jeux acrobatiques du parc. Il est accessible \u00e0 partir de 145 cm ou 140cm s\u2019ils sont accompagn\u00e9s d\u2019un adulte. Il comprend 19 jeux acrobatiques et 18 plateformes.<\/p>\n<p style=\"font-size: 16px;\">Les plateformes sont situ\u00e9es \u00e0 entre 7 et 8 m\u00e8tres d'hauteur. <\/p>\n<\/div>\n<\/div><\/div><div id=\"panel-6984-0-0-1\" class=\"so-panel widget widget_sow-editor\" data-index=\"1\" ><div\n\t\t\t\n\t\t\tclass=\"so-widget-sow-editor so-widget-sow-editor-base\"\n\t\t\t\n\t\t>\n<div class=\"siteorigin-widget-tinymce textwidget\">\n\t<hr class=\"hr--dashed\" \/>\n<\/div>\n<\/div><\/div><div id=\"panel-6984-0-0-2\" class=\"so-panel widget widget_sow-editor\" data-index=\"2\" ><div\n\t\t\t\n\t\t\tclass=\"so-widget-sow-editor so-widget-sow-editor-base\"\n\t\t\t\n\t\t>\n<div class=\"siteorigin-widget-tinymce textwidget\">\n\t<h3>Caract\u00e9ristiques<\/h3>\n<\/div>\n<\/div><\/div><div id=\"panel-6984-0-0-3\" class=\"so-panel widget widget_sow-editor\" data-index=\"3\" ><div\n\t\t\t\n\t\t\tclass=\"so-widget-sow-editor so-widget-sow-editor-base\"\n\t\t\t\n\t\t>\n<div class=\"siteorigin-widget-tinymce textwidget\">\n\t<p style=\"font-size: 16px\"><span style=\"color: #2e3b4e\"><span class=\"icon-container\"><span class=\"fa fa-long-arrow-right\" style=\"color:#ff7240;\"><\/span><\/span> \u00a0\u00a0<strong>Difficult\u00e9: exigeant<\/strong><\/span><\/p>\n<p style=\"font-size: 16px\"><span style=\"color: #2e3b4e\"><span class=\"icon-container\"><span class=\"fa fa-long-arrow-right\" style=\"color:#ff7240;\"><\/span><\/span> \u00a0\u00a0<strong>Duration: 45 min<\/strong><\/span><\/p>\n<p style=\"font-size: 16px\"><span style=\"color: #2e3b4e\"><span class=\"icon-container\"><span class=\"fa fa-long-arrow-right\" style=\"color:#ff7240;\"><\/span><\/span> \u00a0\u00a0<strong>Num. de jeux: 19<\/strong><\/span><\/p>\n<p style=\"font-size: 16px\"><span style=\"color: #2e3b4e\"><span class=\"icon-container\"><span class=\"fa fa-long-arrow-right\" style=\"color:#ff7240;\"><\/span><\/span> \u00a0\u00a0<strong>Longueur: 113 m <\/strong><\/span><\/p>\n<p style=\"font-size: 16px\"><span style=\"color: #2e3b4e\"><span class=\"icon-container\"><span class=\"fa fa-long-arrow-right\" style=\"color:#ff7240;\"><\/span><\/span> \u00a0\u00a0<strong>Hauteur de plate-forme: 8 m<\/strong><\/span><\/p>\n<p style=\"font-size: 16px\"><span style=\"color: #2e3b4e\"><span class=\"icon-container\"><span class=\"fa fa-long-arrow-right\" style=\"color:#ff7240;\"><\/span><\/span> \u00a0\u00a0<strong>Hauter corde de s\u00e9curit\u00e9: 40 cm <\/strong><\/span><\/p>\n<p style=\"font-size: 16px\"><span style=\"color: #2e3b4e\"><span class=\"icon-container\"><span class=\"fa fa-long-arrow-right\" style=\"color:#ff7240;\"><\/span><\/span> \u00a0\u00a0<strong>Accessible: A partir de 140 cm<\/strong><\/span><\/p>\n<p style=\"font-size: 16px\"><span style=\"color: #2e3b4e\"><span class=\"icon-container\"><span class=\"fa fa-long-arrow-right\" style=\"color:#ff7240;\"><\/span><\/span> \u00a0\u00a0<strong>P. Urgence: Arbre num. 11<\/strong><\/span><\/p>\n<\/div>\n<\/div><\/div><div id=\"panel-6984-0-0-4\" class=\"so-panel widget widget_sow-editor\" data-index=\"4\" ><div\n\t\t\t\n\t\t\tclass=\"so-widget-sow-editor so-widget-sow-editor-base\"\n\t\t\t\n\t\t>\n<div class=\"siteorigin-widget-tinymce textwidget\">\n\t<hr class=\"hr--dashed\" \/>\n<\/div>\n<\/div><\/div><div id=\"panel-6984-0-0-5\" class=\"so-panel widget widget_pw_accordion widget-accordion panel-last-child\" data-index=\"5\" >\t<div class=\"accordion panel-group\" id=\"accordion-widget-0-0-5\" role=\"tablist\" aria-multiselectable=\"true\">\n\t\t\t<div class=\"accordion__panel  panel  panel-default  card\">\n\t\t\t<div class=\"accordion__heading  panel-heading\" role=\"tab\" id=\"heading-widget-0-0-5-1\">\n\t\t\t\t<div class=\"panel-title\">\n\t\t\t\t\t<a class=\"collapsed\" role=\"button\" data-toggle=\"collapse\" data-parent=\"#accordion-widget-0-0-5\" href=\"#collapse-widget-0-0-5-1\" aria-expanded=\"false\" aria-controls=\"collapse-widget-0-0-5-1\">\n\t\t\t\t\t\tCarte du circuit\t\t\t\t\t<\/a>\n\t\t\t\t<\/div>\n\t\t\t<\/div>\n\t\t\t<div id=\"collapse-widget-0-0-5-1\" class=\"accordion__content  panel-collapse  collapse\" role=\"tabpanel\" aria-labelledby=\"heading-widget-0-0-5-1\">\n\t\t\t\t<div class=\"panel-body\">\n\t\t\t\t\t<br> <img decoding=\"async\" src=\"\/wp-content\/uploads\/2019\/03\/Circuito-illa-roja.png\" \/>\t\t\t\t<\/div>\n\t\t\t<\/div>\n\t\t<\/div>\n\t\t\t<\/div>\n\n<\/div><\/div><div id=\"pgc-6984-0-1\"  class=\"panel-grid-cell\" ><div id=\"panel-6984-0-1-0\" class=\"so-panel widget widget_sow-editor panel-first-child\" data-index=\"6\" ><div\n\t\t\t\n\t\t\tclass=\"so-widget-sow-editor so-widget-sow-editor-base\"\n\t\t\t\n\t\t>\n<div class=\"siteorigin-widget-tinymce textwidget\">\n\t<h2> Activit\u00e9s d'aventure <span style=\"color: #2e3b4e;font-weight: 300\"> <\/span><\/h2>\n<\/div>\n<\/div><\/div><div id=\"panel-6984-0-1-1\" class=\"so-panel widget widget_media_gallery panel-last-child\" data-index=\"7\" ><div id='gallery-1' class='gallery galleryid-6984 gallery-columns-3 gallery-size-full'><figure class='gallery-item'>\n\t\t\t<div class='gallery-icon landscape'>\n\t\t\t\t<img loading=\"lazy\" decoding=\"async\" width=\"798\" height=\"462\" src=\"https:\/\/costabravaparcaventura.com\/wp-content\/uploads\/2019\/03\/1-EscalaDeLloro_groc.jpg\" class=\"attachment-full size-full\" alt=\"\" aria-describedby=\"gallery-1-4145\" srcset=\"https:\/\/costabravaparcaventura.com\/wp-content\/uploads\/2019\/03\/1-EscalaDeLloro_groc.jpg 798w, https:\/\/costabravaparcaventura.com\/wp-content\/uploads\/2019\/03\/1-EscalaDeLloro_groc-600x347.jpg 600w, https:\/\/costabravaparcaventura.com\/wp-content\/uploads\/2019\/03\/1-EscalaDeLloro_groc-300x174.jpg 300w, https:\/\/costabravaparcaventura.com\/wp-content\/uploads\/2019\/03\/1-EscalaDeLloro_groc-768x445.jpg 768w\" sizes=\"auto, (max-width: 798px) 100vw, 798px\" \/>\n\t\t\t<\/div>\n\t\t\t\t<figcaption class='wp-caption-text gallery-caption' id='gallery-1-4145'>\n\t\t\t\tEscala de lloro\n\t\t\t\t<\/figcaption><\/figure><figure class='gallery-item'>\n\t\t\t<div class='gallery-icon landscape'>\n\t\t\t\t<img loading=\"lazy\" decoding=\"async\" width=\"798\" height=\"462\" src=\"https:\/\/costabravaparcaventura.com\/wp-content\/uploads\/2019\/03\/1-Fantasmes.jpg\" class=\"attachment-full size-full\" alt=\"\" aria-describedby=\"gallery-1-3873\" srcset=\"https:\/\/costabravaparcaventura.com\/wp-content\/uploads\/2019\/03\/1-Fantasmes.jpg 798w, https:\/\/costabravaparcaventura.com\/wp-content\/uploads\/2019\/03\/1-Fantasmes-600x347.jpg 600w, https:\/\/costabravaparcaventura.com\/wp-content\/uploads\/2019\/03\/1-Fantasmes-300x174.jpg 300w, https:\/\/costabravaparcaventura.com\/wp-content\/uploads\/2019\/03\/1-Fantasmes-768x445.jpg 768w\" sizes=\"auto, (max-width: 798px) 100vw, 798px\" \/>\n\t\t\t<\/div>\n\t\t\t\t<figcaption class='wp-caption-text gallery-caption' id='gallery-1-3873'>\n\t\t\t\tFantasmes\n\t\t\t\t<\/figcaption><\/figure><figure class='gallery-item'>\n\t\t\t<div class='gallery-icon landscape'>\n\t\t\t\t<img loading=\"lazy\" decoding=\"async\" width=\"798\" height=\"462\" src=\"https:\/\/costabravaparcaventura.com\/wp-content\/uploads\/2019\/03\/2-creu-suspesa.jpg\" class=\"attachment-full size-full\" alt=\"\" aria-describedby=\"gallery-1-3889\" srcset=\"https:\/\/costabravaparcaventura.com\/wp-content\/uploads\/2019\/03\/2-creu-suspesa.jpg 798w, https:\/\/costabravaparcaventura.com\/wp-content\/uploads\/2019\/03\/2-creu-suspesa-600x347.jpg 600w, https:\/\/costabravaparcaventura.com\/wp-content\/uploads\/2019\/03\/2-creu-suspesa-300x174.jpg 300w, https:\/\/costabravaparcaventura.com\/wp-content\/uploads\/2019\/03\/2-creu-suspesa-768x445.jpg 768w\" sizes=\"auto, (max-width: 798px) 100vw, 798px\" \/>\n\t\t\t<\/div>\n\t\t\t\t<figcaption class='wp-caption-text gallery-caption' id='gallery-1-3889'>\n\t\t\t\tCreu suspesa\n\t\t\t\t<\/figcaption><\/figure><figure class='gallery-item'>\n\t\t\t<div class='gallery-icon landscape'>\n\t\t\t\t<img loading=\"lazy\" decoding=\"async\" width=\"798\" height=\"462\" src=\"https:\/\/costabravaparcaventura.com\/wp-content\/uploads\/2019\/03\/3-fitxes-domino.jpg\" class=\"attachment-full size-full\" alt=\"\" aria-describedby=\"gallery-1-3901\" srcset=\"https:\/\/costabravaparcaventura.com\/wp-content\/uploads\/2019\/03\/3-fitxes-domino.jpg 798w, https:\/\/costabravaparcaventura.com\/wp-content\/uploads\/2019\/03\/3-fitxes-domino-600x347.jpg 600w, https:\/\/costabravaparcaventura.com\/wp-content\/uploads\/2019\/03\/3-fitxes-domino-300x174.jpg 300w, https:\/\/costabravaparcaventura.com\/wp-content\/uploads\/2019\/03\/3-fitxes-domino-768x445.jpg 768w\" sizes=\"auto, (max-width: 798px) 100vw, 798px\" \/>\n\t\t\t<\/div>\n\t\t\t\t<figcaption class='wp-caption-text gallery-caption' id='gallery-1-3901'>\n\t\t\t\tFitxes domin\u00f3\n\t\t\t\t<\/figcaption><\/figure><figure class='gallery-item'>\n\t\t\t<div class='gallery-icon landscape'>\n\t\t\t\t<img loading=\"lazy\" decoding=\"async\" width=\"798\" height=\"462\" src=\"https:\/\/costabravaparcaventura.com\/wp-content\/uploads\/2019\/03\/4-pont-mobi\u00f1.jpg\" class=\"attachment-full size-full\" alt=\"\" aria-describedby=\"gallery-1-3917\" srcset=\"https:\/\/costabravaparcaventura.com\/wp-content\/uploads\/2019\/03\/4-pont-mobi\u00f1.jpg 798w, https:\/\/costabravaparcaventura.com\/wp-content\/uploads\/2019\/03\/4-pont-mobi\u00f1-600x347.jpg 600w, https:\/\/costabravaparcaventura.com\/wp-content\/uploads\/2019\/03\/4-pont-mobi\u00f1-300x174.jpg 300w, https:\/\/costabravaparcaventura.com\/wp-content\/uploads\/2019\/03\/4-pont-mobi\u00f1-768x445.jpg 768w\" sizes=\"auto, (max-width: 798px) 100vw, 798px\" \/>\n\t\t\t<\/div>\n\t\t\t\t<figcaption class='wp-caption-text gallery-caption' id='gallery-1-3917'>\n\t\t\t\tPont m\u00f2bil\n\t\t\t\t<\/figcaption><\/figure><figure class='gallery-item'>\n\t\t\t<div class='gallery-icon landscape'>\n\t\t\t\t<img loading=\"lazy\" decoding=\"async\" width=\"798\" height=\"462\" src=\"https:\/\/costabravaparcaventura.com\/wp-content\/uploads\/2019\/03\/5-la-bola.jpg\" class=\"attachment-full size-full\" alt=\"\" aria-describedby=\"gallery-1-3933\" srcset=\"https:\/\/costabravaparcaventura.com\/wp-content\/uploads\/2019\/03\/5-la-bola.jpg 798w, https:\/\/costabravaparcaventura.com\/wp-content\/uploads\/2019\/03\/5-la-bola-600x347.jpg 600w, https:\/\/costabravaparcaventura.com\/wp-content\/uploads\/2019\/03\/5-la-bola-300x174.jpg 300w, https:\/\/costabravaparcaventura.com\/wp-content\/uploads\/2019\/03\/5-la-bola-768x445.jpg 768w\" sizes=\"auto, (max-width: 798px) 100vw, 798px\" \/>\n\t\t\t<\/div>\n\t\t\t\t<figcaption class='wp-caption-text gallery-caption' id='gallery-1-3933'>\n\t\t\t\tLa bola\n\t\t\t\t<\/figcaption><\/figure><figure class='gallery-item'>\n\t\t\t<div class='gallery-icon landscape'>\n\t\t\t\t<img loading=\"lazy\" decoding=\"async\" width=\"798\" height=\"462\" src=\"https:\/\/costabravaparcaventura.com\/wp-content\/uploads\/2019\/03\/6-Xanca.jpg\" class=\"attachment-full size-full\" alt=\"\" aria-describedby=\"gallery-1-3953\" srcset=\"https:\/\/costabravaparcaventura.com\/wp-content\/uploads\/2019\/03\/6-Xanca.jpg 798w, https:\/\/costabravaparcaventura.com\/wp-content\/uploads\/2019\/03\/6-Xanca-600x347.jpg 600w, https:\/\/costabravaparcaventura.com\/wp-content\/uploads\/2019\/03\/6-Xanca-300x174.jpg 300w, https:\/\/costabravaparcaventura.com\/wp-content\/uploads\/2019\/03\/6-Xanca-768x445.jpg 768w\" sizes=\"auto, (max-width: 798px) 100vw, 798px\" \/>\n\t\t\t<\/div>\n\t\t\t\t<figcaption class='wp-caption-text gallery-caption' id='gallery-1-3953'>\n\t\t\t\tXanca\n\t\t\t\t<\/figcaption><\/figure><figure class='gallery-item'>\n\t\t\t<div class='gallery-icon landscape'>\n\t\t\t\t<img loading=\"lazy\" decoding=\"async\" width=\"798\" height=\"462\" src=\"https:\/\/costabravaparcaventura.com\/wp-content\/uploads\/2019\/03\/7-onada.jpg\" class=\"attachment-full size-full\" alt=\"\" aria-describedby=\"gallery-1-3969\" srcset=\"https:\/\/costabravaparcaventura.com\/wp-content\/uploads\/2019\/03\/7-onada.jpg 798w, https:\/\/costabravaparcaventura.com\/wp-content\/uploads\/2019\/03\/7-onada-600x347.jpg 600w, https:\/\/costabravaparcaventura.com\/wp-content\/uploads\/2019\/03\/7-onada-300x174.jpg 300w, https:\/\/costabravaparcaventura.com\/wp-content\/uploads\/2019\/03\/7-onada-768x445.jpg 768w\" sizes=\"auto, (max-width: 798px) 100vw, 798px\" \/>\n\t\t\t<\/div>\n\t\t\t\t<figcaption class='wp-caption-text gallery-caption' id='gallery-1-3969'>\n\t\t\t\tOnada\n\t\t\t\t<\/figcaption><\/figure><figure class='gallery-item'>\n\t\t\t<div class='gallery-icon landscape'>\n\t\t\t\t<img loading=\"lazy\" decoding=\"async\" width=\"798\" height=\"462\" src=\"https:\/\/costabravaparcaventura.com\/wp-content\/uploads\/2019\/03\/4-liana-funambulista-1.jpg\" class=\"attachment-full size-full\" alt=\"\" aria-describedby=\"gallery-1-3913\" srcset=\"https:\/\/costabravaparcaventura.com\/wp-content\/uploads\/2019\/03\/4-liana-funambulista-1.jpg 798w, https:\/\/costabravaparcaventura.com\/wp-content\/uploads\/2019\/03\/4-liana-funambulista-1-600x347.jpg 600w, https:\/\/costabravaparcaventura.com\/wp-content\/uploads\/2019\/03\/4-liana-funambulista-1-300x174.jpg 300w, https:\/\/costabravaparcaventura.com\/wp-content\/uploads\/2019\/03\/4-liana-funambulista-1-768x445.jpg 768w\" sizes=\"auto, (max-width: 798px) 100vw, 798px\" \/>\n\t\t\t<\/div>\n\t\t\t\t<figcaption class='wp-caption-text gallery-caption' id='gallery-1-3913'>\n\t\t\t\tLiana funambulista\n\t\t\t\t<\/figcaption><\/figure><figure class='gallery-item'>\n\t\t\t<div class='gallery-icon landscape'>\n\t\t\t\t<img loading=\"lazy\" decoding=\"async\" width=\"798\" height=\"462\" src=\"https:\/\/costabravaparcaventura.com\/wp-content\/uploads\/2019\/03\/9-piramides.jpg\" class=\"attachment-full size-full\" alt=\"\" aria-describedby=\"gallery-1-3997\" srcset=\"https:\/\/costabravaparcaventura.com\/wp-content\/uploads\/2019\/03\/9-piramides.jpg 798w, https:\/\/costabravaparcaventura.com\/wp-content\/uploads\/2019\/03\/9-piramides-600x347.jpg 600w, https:\/\/costabravaparcaventura.com\/wp-content\/uploads\/2019\/03\/9-piramides-300x174.jpg 300w, https:\/\/costabravaparcaventura.com\/wp-content\/uploads\/2019\/03\/9-piramides-768x445.jpg 768w\" sizes=\"auto, (max-width: 798px) 100vw, 798px\" \/>\n\t\t\t<\/div>\n\t\t\t\t<figcaption class='wp-caption-text gallery-caption' id='gallery-1-3997'>\n\t\t\t\tPiramides\n\t\t\t\t<\/figcaption><\/figure><figure class='gallery-item'>\n\t\t\t<div class='gallery-icon landscape'>\n\t\t\t\t<img loading=\"lazy\" decoding=\"async\" width=\"798\" height=\"462\" src=\"https:\/\/costabravaparcaventura.com\/wp-content\/uploads\/2019\/03\/10-el-potro.jpg\" class=\"attachment-full size-full\" alt=\"\" aria-describedby=\"gallery-1-4005\" srcset=\"https:\/\/costabravaparcaventura.com\/wp-content\/uploads\/2019\/03\/10-el-potro.jpg 798w, https:\/\/costabravaparcaventura.com\/wp-content\/uploads\/2019\/03\/10-el-potro-600x347.jpg 600w, https:\/\/costabravaparcaventura.com\/wp-content\/uploads\/2019\/03\/10-el-potro-300x174.jpg 300w, https:\/\/costabravaparcaventura.com\/wp-content\/uploads\/2019\/03\/10-el-potro-768x445.jpg 768w\" sizes=\"auto, (max-width: 798px) 100vw, 798px\" \/>\n\t\t\t<\/div>\n\t\t\t\t<figcaption class='wp-caption-text gallery-caption' id='gallery-1-4005'>\n\t\t\t\tPotro\n\t\t\t\t<\/figcaption><\/figure><figure class='gallery-item'>\n\t\t\t<div class='gallery-icon landscape'>\n\t\t\t\t<img loading=\"lazy\" decoding=\"async\" width=\"798\" height=\"462\" src=\"https:\/\/costabravaparcaventura.com\/wp-content\/uploads\/2019\/03\/11-troncs-vertical-1.jpg\" class=\"attachment-full size-full\" alt=\"\" aria-describedby=\"gallery-1-4215\" srcset=\"https:\/\/costabravaparcaventura.com\/wp-content\/uploads\/2019\/03\/11-troncs-vertical-1.jpg 798w, https:\/\/costabravaparcaventura.com\/wp-content\/uploads\/2019\/03\/11-troncs-vertical-1-600x347.jpg 600w, https:\/\/costabravaparcaventura.com\/wp-content\/uploads\/2019\/03\/11-troncs-vertical-1-300x174.jpg 300w, https:\/\/costabravaparcaventura.com\/wp-content\/uploads\/2019\/03\/11-troncs-vertical-1-768x445.jpg 768w\" sizes=\"auto, (max-width: 798px) 100vw, 798px\" \/>\n\t\t\t<\/div>\n\t\t\t\t<figcaption class='wp-caption-text gallery-caption' id='gallery-1-4215'>\n\t\t\t\tTroncs verticals\n\t\t\t\t<\/figcaption><\/figure><figure class='gallery-item'>\n\t\t\t<div class='gallery-icon landscape'>\n\t\t\t\t<img loading=\"lazy\" decoding=\"async\" width=\"798\" height=\"462\" src=\"https:\/\/costabravaparcaventura.com\/wp-content\/uploads\/2019\/03\/12-liana-amb-salt.jpg\" class=\"attachment-full size-full\" alt=\"\" aria-describedby=\"gallery-1-4219\" srcset=\"https:\/\/costabravaparcaventura.com\/wp-content\/uploads\/2019\/03\/12-liana-amb-salt.jpg 798w, https:\/\/costabravaparcaventura.com\/wp-content\/uploads\/2019\/03\/12-liana-amb-salt-600x347.jpg 600w, https:\/\/costabravaparcaventura.com\/wp-content\/uploads\/2019\/03\/12-liana-amb-salt-300x174.jpg 300w, https:\/\/costabravaparcaventura.com\/wp-content\/uploads\/2019\/03\/12-liana-amb-salt-768x445.jpg 768w\" sizes=\"auto, (max-width: 798px) 100vw, 798px\" \/>\n\t\t\t<\/div>\n\t\t\t\t<figcaption class='wp-caption-text gallery-caption' id='gallery-1-4219'>\n\t\t\t\tLiana amb estrep\n\t\t\t\t<\/figcaption><\/figure><figure class='gallery-item'>\n\t\t\t<div class='gallery-icon landscape'>\n\t\t\t\t<img loading=\"lazy\" decoding=\"async\" width=\"798\" height=\"462\" src=\"https:\/\/costabravaparcaventura.com\/wp-content\/uploads\/2019\/03\/13-xarxa-escalada-xarxa-1.jpg\" class=\"attachment-full size-full\" alt=\"\" aria-describedby=\"gallery-1-4223\" srcset=\"https:\/\/costabravaparcaventura.com\/wp-content\/uploads\/2019\/03\/13-xarxa-escalada-xarxa-1.jpg 798w, https:\/\/costabravaparcaventura.com\/wp-content\/uploads\/2019\/03\/13-xarxa-escalada-xarxa-1-600x347.jpg 600w, https:\/\/costabravaparcaventura.com\/wp-content\/uploads\/2019\/03\/13-xarxa-escalada-xarxa-1-300x174.jpg 300w, https:\/\/costabravaparcaventura.com\/wp-content\/uploads\/2019\/03\/13-xarxa-escalada-xarxa-1-768x445.jpg 768w\" sizes=\"auto, (max-width: 798px) 100vw, 798px\" \/>\n\t\t\t<\/div>\n\t\t\t\t<figcaption class='wp-caption-text gallery-caption' id='gallery-1-4223'>\n\t\t\t\tXarxa escalada\n\t\t\t\t<\/figcaption><\/figure><figure class='gallery-item'>\n\t\t\t<div class='gallery-icon landscape'>\n\t\t\t\t<img loading=\"lazy\" decoding=\"async\" width=\"798\" height=\"462\" src=\"https:\/\/costabravaparcaventura.com\/wp-content\/uploads\/2019\/03\/14-patinet.jpg\" class=\"attachment-full size-full\" alt=\"\" aria-describedby=\"gallery-1-4041\" srcset=\"https:\/\/costabravaparcaventura.com\/wp-content\/uploads\/2019\/03\/14-patinet.jpg 798w, https:\/\/costabravaparcaventura.com\/wp-content\/uploads\/2019\/03\/14-patinet-600x347.jpg 600w, https:\/\/costabravaparcaventura.com\/wp-content\/uploads\/2019\/03\/14-patinet-300x174.jpg 300w, https:\/\/costabravaparcaventura.com\/wp-content\/uploads\/2019\/03\/14-patinet-768x445.jpg 768w\" sizes=\"auto, (max-width: 798px) 100vw, 798px\" \/>\n\t\t\t<\/div>\n\t\t\t\t<figcaption class='wp-caption-text gallery-caption' id='gallery-1-4041'>\n\t\t\t\tPatinet\n\t\t\t\t<\/figcaption><\/figure><figure class='gallery-item'>\n\t\t\t<div class='gallery-icon landscape'>\n\t\t\t\t<img loading=\"lazy\" decoding=\"async\" width=\"798\" height=\"462\" src=\"https:\/\/costabravaparcaventura.com\/wp-content\/uploads\/2019\/03\/15-slackline-1.jpg\" class=\"attachment-full size-full\" alt=\"\" aria-describedby=\"gallery-1-4049\" srcset=\"https:\/\/costabravaparcaventura.com\/wp-content\/uploads\/2019\/03\/15-slackline-1.jpg 798w, https:\/\/costabravaparcaventura.com\/wp-content\/uploads\/2019\/03\/15-slackline-1-600x347.jpg 600w, https:\/\/costabravaparcaventura.com\/wp-content\/uploads\/2019\/03\/15-slackline-1-300x174.jpg 300w, https:\/\/costabravaparcaventura.com\/wp-content\/uploads\/2019\/03\/15-slackline-1-768x445.jpg 768w\" sizes=\"auto, (max-width: 798px) 100vw, 798px\" \/>\n\t\t\t<\/div>\n\t\t\t\t<figcaption class='wp-caption-text gallery-caption' id='gallery-1-4049'>\n\t\t\t\tSlackline\n\t\t\t\t<\/figcaption><\/figure><figure class='gallery-item'>\n\t\t\t<div class='gallery-icon landscape'>\n\t\t\t\t<img loading=\"lazy\" decoding=\"async\" width=\"798\" height=\"462\" src=\"https:\/\/costabravaparcaventura.com\/wp-content\/uploads\/2019\/03\/16-manillar.jpg\" class=\"attachment-full size-full\" alt=\"\" aria-describedby=\"gallery-1-4053\" srcset=\"https:\/\/costabravaparcaventura.com\/wp-content\/uploads\/2019\/03\/16-manillar.jpg 798w, https:\/\/costabravaparcaventura.com\/wp-content\/uploads\/2019\/03\/16-manillar-600x347.jpg 600w, https:\/\/costabravaparcaventura.com\/wp-content\/uploads\/2019\/03\/16-manillar-300x174.jpg 300w, https:\/\/costabravaparcaventura.com\/wp-content\/uploads\/2019\/03\/16-manillar-768x445.jpg 768w\" sizes=\"auto, (max-width: 798px) 100vw, 798px\" \/>\n\t\t\t<\/div>\n\t\t\t\t<figcaption class='wp-caption-text gallery-caption' id='gallery-1-4053'>\n\t\t\t\tManillar\n\t\t\t\t<\/figcaption><\/figure><figure class='gallery-item'>\n\t\t\t<div class='gallery-icon landscape'>\n\t\t\t\t<img loading=\"lazy\" decoding=\"async\" width=\"798\" height=\"462\" src=\"https:\/\/costabravaparcaventura.com\/wp-content\/uploads\/2019\/03\/4_pas_pescador-1.jpg\" class=\"attachment-full size-full\" alt=\"\" aria-describedby=\"gallery-1-3909\" srcset=\"https:\/\/costabravaparcaventura.com\/wp-content\/uploads\/2019\/03\/4_pas_pescador-1.jpg 798w, https:\/\/costabravaparcaventura.com\/wp-content\/uploads\/2019\/03\/4_pas_pescador-1-600x347.jpg 600w, https:\/\/costabravaparcaventura.com\/wp-content\/uploads\/2019\/03\/4_pas_pescador-1-300x174.jpg 300w, https:\/\/costabravaparcaventura.com\/wp-content\/uploads\/2019\/03\/4_pas_pescador-1-768x445.jpg 768w\" sizes=\"auto, (max-width: 798px) 100vw, 798px\" \/>\n\t\t\t<\/div>\n\t\t\t\t<figcaption class='wp-caption-text gallery-caption' id='gallery-1-3909'>\n\t\t\t\tPas de pescador\n\t\t\t\t<\/figcaption><\/figure><figure class='gallery-item'>\n\t\t\t<div class='gallery-icon landscape'>\n\t\t\t\t<img loading=\"lazy\" decoding=\"async\" width=\"798\" height=\"462\" src=\"https:\/\/costabravaparcaventura.com\/wp-content\/uploads\/2019\/03\/17_xemeneia_b2.jpg\" class=\"attachment-full size-full\" alt=\"\" aria-describedby=\"gallery-1-4057\" srcset=\"https:\/\/costabravaparcaventura.com\/wp-content\/uploads\/2019\/03\/17_xemeneia_b2.jpg 798w, https:\/\/costabravaparcaventura.com\/wp-content\/uploads\/2019\/03\/17_xemeneia_b2-600x347.jpg 600w, https:\/\/costabravaparcaventura.com\/wp-content\/uploads\/2019\/03\/17_xemeneia_b2-300x174.jpg 300w, https:\/\/costabravaparcaventura.com\/wp-content\/uploads\/2019\/03\/17_xemeneia_b2-768x445.jpg 768w\" sizes=\"auto, (max-width: 798px) 100vw, 798px\" \/>\n\t\t\t<\/div>\n\t\t\t\t<figcaption class='wp-caption-text gallery-caption' id='gallery-1-4057'>\n\t\t\t\tXemeneia\n\t\t\t\t<\/figcaption><\/figure>\n\t\t<\/div>\n<\/div><\/div><\/div><\/div>","protected":false},"excerpt":{"rendered":"<p>19 Activit\u00e9s | Difficult\u00e9 \u2b50\u2b50\u2b50\u2b50<\/p>\n","protected":false},"author":1,"featured_media":4302,"parent":0,"menu_order":0,"comment_status":"closed","ping_status":"closed","template":"","meta":{"_acf_changed":false,"footnotes":""},"class_list":{"0":"post-6984","1":"page","2":"type-page","3":"status-publish","4":"has-post-thumbnail","6":"clearfix","7":"article"},"acf":[],"yoast_head":"<!-- This site is optimized with the Yoast SEO plugin v27.5 - https:\/\/yoast.com\/product\/yoast-seo-wordpress\/ -->\n<title>Parcours Illa Roja | Platja d&#039;Aro | Costa Brava Parc Aventura<\/title>\n<meta name=\"robots\" content=\"index, follow, max-snippet:-1, max-image-preview:large, max-video-preview:-1\" \/>\n<link rel=\"canonical\" href=\"https:\/\/costabravaparcaventura.com\/fr\/parcours-illa-roja-platja-daro\/\" \/>\n<meta property=\"og:locale\" content=\"fr_FR\" \/>\n<meta property=\"og:type\" content=\"article\" \/>\n<meta property=\"og:title\" content=\"Parcours Illa Roja | Platja d&#039;Aro | Costa Brava Parc Aventura\" \/>\n<meta property=\"og:description\" content=\"19 Activit\u00e9s | Difficult\u00e9 \u2b50\u2b50\u2b50\u2b50\" \/>\n<meta property=\"og:url\" content=\"https:\/\/costabravaparcaventura.com\/fr\/parcours-illa-roja-platja-daro\/\" \/>\n<meta property=\"og:site_name\" content=\"Costa Brava Parc Aventura\" \/>\n<meta property=\"article:publisher\" content=\"https:\/\/www.facebook.com\/costabravaparcaventura\" \/>\n<meta property=\"article:modified_time\" content=\"2019-09-03T13:21:50+00:00\" \/>\n<meta property=\"og:image\" content=\"https:\/\/costabravaparcaventura.com\/wp-content\/uploads\/2019\/03\/vermell_circuits-1.png\" \/>\n\t<meta property=\"og:image:width\" content=\"290\" \/>\n\t<meta property=\"og:image:height\" content=\"225\" \/>\n\t<meta property=\"og:image:type\" content=\"image\/png\" \/>\n<meta name=\"twitter:card\" content=\"summary_large_image\" \/>\n<meta name=\"twitter:site\" content=\"@BravaParc\" \/>\n<meta name=\"twitter:label1\" content=\"Dur\u00e9e de lecture estim\u00e9e\" \/>\n\t<meta name=\"twitter:data1\" content=\"1 minute\" \/>\n<script type=\"application\/ld+json\" class=\"yoast-schema-graph\">{\"@context\":\"https:\\\/\\\/schema.org\",\"@graph\":[{\"@type\":\"WebPage\",\"@id\":\"https:\\\/\\\/costabravaparcaventura.com\\\/fr\\\/parcours-illa-roja-platja-daro\\\/\",\"url\":\"https:\\\/\\\/costabravaparcaventura.com\\\/fr\\\/parcours-illa-roja-platja-daro\\\/\",\"name\":\"Parcours Illa Roja | Platja d'Aro | Costa Brava Parc Aventura\",\"isPartOf\":{\"@id\":\"https:\\\/\\\/costabravaparcaventura.com\\\/fr\\\/#website\"},\"primaryImageOfPage\":{\"@id\":\"https:\\\/\\\/costabravaparcaventura.com\\\/fr\\\/parcours-illa-roja-platja-daro\\\/#primaryimage\"},\"image\":{\"@id\":\"https:\\\/\\\/costabravaparcaventura.com\\\/fr\\\/parcours-illa-roja-platja-daro\\\/#primaryimage\"},\"thumbnailUrl\":\"https:\\\/\\\/costabravaparcaventura.com\\\/wp-content\\\/uploads\\\/2019\\\/03\\\/vermell_circuits-1.png\",\"datePublished\":\"2019-04-03T06:33:27+00:00\",\"dateModified\":\"2019-09-03T13:21:50+00:00\",\"breadcrumb\":{\"@id\":\"https:\\\/\\\/costabravaparcaventura.com\\\/fr\\\/parcours-illa-roja-platja-daro\\\/#breadcrumb\"},\"inLanguage\":\"fr-FR\",\"potentialAction\":[{\"@type\":\"ReadAction\",\"target\":[\"https:\\\/\\\/costabravaparcaventura.com\\\/fr\\\/parcours-illa-roja-platja-daro\\\/\"]}]},{\"@type\":\"ImageObject\",\"inLanguage\":\"fr-FR\",\"@id\":\"https:\\\/\\\/costabravaparcaventura.com\\\/fr\\\/parcours-illa-roja-platja-daro\\\/#primaryimage\",\"url\":\"https:\\\/\\\/costabravaparcaventura.com\\\/wp-content\\\/uploads\\\/2019\\\/03\\\/vermell_circuits-1.png\",\"contentUrl\":\"https:\\\/\\\/costabravaparcaventura.com\\\/wp-content\\\/uploads\\\/2019\\\/03\\\/vermell_circuits-1.png\",\"width\":290,\"height\":225},{\"@type\":\"BreadcrumbList\",\"@id\":\"https:\\\/\\\/costabravaparcaventura.com\\\/fr\\\/parcours-illa-roja-platja-daro\\\/#breadcrumb\",\"itemListElement\":[{\"@type\":\"ListItem\",\"position\":1,\"name\":\"Portada\",\"item\":\"https:\\\/\\\/costabravaparcaventura.com\\\/fr\\\/\"},{\"@type\":\"ListItem\",\"position\":2,\"name\":\"Parcours Illa Roja\"}]},{\"@type\":\"WebSite\",\"@id\":\"https:\\\/\\\/costabravaparcaventura.com\\\/fr\\\/#website\",\"url\":\"https:\\\/\\\/costabravaparcaventura.com\\\/fr\\\/\",\"name\":\"Costa Brava Parc Aventura\",\"description\":\"tirolinas costa brava\",\"publisher\":{\"@id\":\"https:\\\/\\\/costabravaparcaventura.com\\\/fr\\\/#organization\"},\"potentialAction\":[{\"@type\":\"SearchAction\",\"target\":{\"@type\":\"EntryPoint\",\"urlTemplate\":\"https:\\\/\\\/costabravaparcaventura.com\\\/fr\\\/?s={search_term_string}\"},\"query-input\":{\"@type\":\"PropertyValueSpecification\",\"valueRequired\":true,\"valueName\":\"search_term_string\"}}],\"inLanguage\":\"fr-FR\"},{\"@type\":\"Organization\",\"@id\":\"https:\\\/\\\/costabravaparcaventura.com\\\/fr\\\/#organization\",\"name\":\"Costa Brava Parc Aventura\",\"url\":\"https:\\\/\\\/costabravaparcaventura.com\\\/fr\\\/\",\"logo\":{\"@type\":\"ImageObject\",\"inLanguage\":\"fr-FR\",\"@id\":\"https:\\\/\\\/costabravaparcaventura.com\\\/fr\\\/#\\\/schema\\\/logo\\\/image\\\/\",\"url\":\"https:\\\/\\\/costabravaparcaventura.com\\\/wp-content\\\/uploads\\\/2023\\\/07\\\/logo_parc_aventura_600.jpg\",\"contentUrl\":\"https:\\\/\\\/costabravaparcaventura.com\\\/wp-content\\\/uploads\\\/2023\\\/07\\\/logo_parc_aventura_600.jpg\",\"width\":600,\"height\":600,\"caption\":\"Costa Brava Parc Aventura\"},\"image\":{\"@id\":\"https:\\\/\\\/costabravaparcaventura.com\\\/fr\\\/#\\\/schema\\\/logo\\\/image\\\/\"},\"sameAs\":[\"https:\\\/\\\/www.facebook.com\\\/costabravaparcaventura\",\"https:\\\/\\\/x.com\\\/BravaParc\",\"https:\\\/\\\/www.instagram.com\\\/costabravaparcaventura\\\/\",\"https:\\\/\\\/www.youtube.com\\\/user\\\/costabravaparc\"]}]}<\/script>\n<!-- \/ Yoast SEO plugin. -->","yoast_head_json":{"title":"Parcours Illa Roja | Platja d'Aro | Costa Brava Parc Aventura","robots":{"index":"index","follow":"follow","max-snippet":"max-snippet:-1","max-image-preview":"max-image-preview:large","max-video-preview":"max-video-preview:-1"},"canonical":"https:\/\/costabravaparcaventura.com\/fr\/parcours-illa-roja-platja-daro\/","og_locale":"fr_FR","og_type":"article","og_title":"Parcours Illa Roja | Platja d'Aro | Costa Brava Parc Aventura","og_description":"19 Activit\u00e9s | Difficult\u00e9 \u2b50\u2b50\u2b50\u2b50","og_url":"https:\/\/costabravaparcaventura.com\/fr\/parcours-illa-roja-platja-daro\/","og_site_name":"Costa Brava Parc Aventura","article_publisher":"https:\/\/www.facebook.com\/costabravaparcaventura","article_modified_time":"2019-09-03T13:21:50+00:00","og_image":[{"width":290,"height":225,"url":"https:\/\/costabravaparcaventura.com\/wp-content\/uploads\/2019\/03\/vermell_circuits-1.png","type":"image\/png"}],"twitter_card":"summary_large_image","twitter_site":"@BravaParc","twitter_misc":{"Dur\u00e9e de lecture estim\u00e9e":"1 minute"},"schema":{"@context":"https:\/\/schema.org","@graph":[{"@type":"WebPage","@id":"https:\/\/costabravaparcaventura.com\/fr\/parcours-illa-roja-platja-daro\/","url":"https:\/\/costabravaparcaventura.com\/fr\/parcours-illa-roja-platja-daro\/","name":"Parcours Illa Roja | Platja d'Aro | Costa Brava Parc Aventura","isPartOf":{"@id":"https:\/\/costabravaparcaventura.com\/fr\/#website"},"primaryImageOfPage":{"@id":"https:\/\/costabravaparcaventura.com\/fr\/parcours-illa-roja-platja-daro\/#primaryimage"},"image":{"@id":"https:\/\/costabravaparcaventura.com\/fr\/parcours-illa-roja-platja-daro\/#primaryimage"},"thumbnailUrl":"https:\/\/costabravaparcaventura.com\/wp-content\/uploads\/2019\/03\/vermell_circuits-1.png","datePublished":"2019-04-03T06:33:27+00:00","dateModified":"2019-09-03T13:21:50+00:00","breadcrumb":{"@id":"https:\/\/costabravaparcaventura.com\/fr\/parcours-illa-roja-platja-daro\/#breadcrumb"},"inLanguage":"fr-FR","potentialAction":[{"@type":"ReadAction","target":["https:\/\/costabravaparcaventura.com\/fr\/parcours-illa-roja-platja-daro\/"]}]},{"@type":"ImageObject","inLanguage":"fr-FR","@id":"https:\/\/costabravaparcaventura.com\/fr\/parcours-illa-roja-platja-daro\/#primaryimage","url":"https:\/\/costabravaparcaventura.com\/wp-content\/uploads\/2019\/03\/vermell_circuits-1.png","contentUrl":"https:\/\/costabravaparcaventura.com\/wp-content\/uploads\/2019\/03\/vermell_circuits-1.png","width":290,"height":225},{"@type":"BreadcrumbList","@id":"https:\/\/costabravaparcaventura.com\/fr\/parcours-illa-roja-platja-daro\/#breadcrumb","itemListElement":[{"@type":"ListItem","position":1,"name":"Portada","item":"https:\/\/costabravaparcaventura.com\/fr\/"},{"@type":"ListItem","position":2,"name":"Parcours Illa Roja"}]},{"@type":"WebSite","@id":"https:\/\/costabravaparcaventura.com\/fr\/#website","url":"https:\/\/costabravaparcaventura.com\/fr\/","name":"Costa Brava Parc Aventura","description":"tirolinas costa brava","publisher":{"@id":"https:\/\/costabravaparcaventura.com\/fr\/#organization"},"potentialAction":[{"@type":"SearchAction","target":{"@type":"EntryPoint","urlTemplate":"https:\/\/costabravaparcaventura.com\/fr\/?s={search_term_string}"},"query-input":{"@type":"PropertyValueSpecification","valueRequired":true,"valueName":"search_term_string"}}],"inLanguage":"fr-FR"},{"@type":"Organization","@id":"https:\/\/costabravaparcaventura.com\/fr\/#organization","name":"Costa Brava Parc Aventura","url":"https:\/\/costabravaparcaventura.com\/fr\/","logo":{"@type":"ImageObject","inLanguage":"fr-FR","@id":"https:\/\/costabravaparcaventura.com\/fr\/#\/schema\/logo\/image\/","url":"https:\/\/costabravaparcaventura.com\/wp-content\/uploads\/2023\/07\/logo_parc_aventura_600.jpg","contentUrl":"https:\/\/costabravaparcaventura.com\/wp-content\/uploads\/2023\/07\/logo_parc_aventura_600.jpg","width":600,"height":600,"caption":"Costa Brava Parc Aventura"},"image":{"@id":"https:\/\/costabravaparcaventura.com\/fr\/#\/schema\/logo\/image\/"},"sameAs":["https:\/\/www.facebook.com\/costabravaparcaventura","https:\/\/x.com\/BravaParc","https:\/\/www.instagram.com\/costabravaparcaventura\/","https:\/\/www.youtube.com\/user\/costabravaparc"]}]}},"_links":{"self":[{"href":"https:\/\/costabravaparcaventura.com\/fr\/wp-json\/wp\/v2\/pages\/6984","targetHints":{"allow":["GET"]}}],"collection":[{"href":"https:\/\/costabravaparcaventura.com\/fr\/wp-json\/wp\/v2\/pages"}],"about":[{"href":"https:\/\/costabravaparcaventura.com\/fr\/wp-json\/wp\/v2\/types\/page"}],"author":[{"embeddable":true,"href":"https:\/\/costabravaparcaventura.com\/fr\/wp-json\/wp\/v2\/users\/1"}],"replies":[{"embeddable":true,"href":"https:\/\/costabravaparcaventura.com\/fr\/wp-json\/wp\/v2\/comments?post=6984"}],"version-history":[{"count":11,"href":"https:\/\/costabravaparcaventura.com\/fr\/wp-json\/wp\/v2\/pages\/6984\/revisions"}],"predecessor-version":[{"id":12815,"href":"https:\/\/costabravaparcaventura.com\/fr\/wp-json\/wp\/v2\/pages\/6984\/revisions\/12815"}],"wp:featuredmedia":[{"embeddable":true,"href":"https:\/\/costabravaparcaventura.com\/fr\/wp-json\/wp\/v2\/media\/4302"}],"wp:attachment":[{"href":"https:\/\/costabravaparcaventura.com\/fr\/wp-json\/wp\/v2\/media?parent=6984"}],"curies":[{"name":"wp","href":"https:\/\/api.w.org\/{rel}","templated":true}]}}