{"id":6919,"date":"2019-04-03T12:06:14","date_gmt":"2019-04-03T10:06:14","guid":{"rendered":"https:\/\/parcaventura.com\/?page_id=6919"},"modified":"2019-09-03T17:17:38","modified_gmt":"2019-09-03T15:17:38","slug":"parcours-aigua-blava-platja-daro","status":"publish","type":"page","link":"https:\/\/costabravaparcaventura.com\/fr\/parcours-aigua-blava-platja-daro\/","title":{"rendered":"Parcours Aigua Blava"},"content":{"rendered":"<div id=\"pl-6919\"  class=\"panel-layout\" ><div id=\"pg-6919-0\"  class=\"panel-grid panel-no-style\" ><div id=\"pgc-6919-0-0\"  class=\"panel-grid-cell\" ><div id=\"panel-6919-0-0-0\" class=\"so-panel widget widget_sow-editor panel-first-child\" data-index=\"0\" ><div\n\t\t\t\n\t\t\tclass=\"so-widget-sow-editor so-widget-sow-editor-base\"\n\t\t\t\n\t\t>\n<div class=\"siteorigin-widget-tinymce textwidget\">\n\t<h2>Parcours aventure<\/h2>\n<p style=\"font-size: 16px;\">Ce parcours a un peu plus de hauteur que le Parcours Illes Medes et les jeux ont un peu plus de difficult\u00e9. Il est situ\u00e9 entre 4,5m du sol et est accessible \u00e0 partir de 125cm. <\/p>\n<\/div>\n<\/div><\/div><div id=\"panel-6919-0-0-1\" class=\"so-panel widget widget_sow-editor\" data-index=\"1\" ><div\n\t\t\t\n\t\t\tclass=\"so-widget-sow-editor so-widget-sow-editor-base\"\n\t\t\t\n\t\t>\n<div class=\"siteorigin-widget-tinymce textwidget\">\n\t<hr class=\"hr--dashed\" \/>\n<\/div>\n<\/div><\/div><div id=\"panel-6919-0-0-2\" class=\"so-panel widget widget_sow-editor\" data-index=\"2\" ><div\n\t\t\t\n\t\t\tclass=\"so-widget-sow-editor so-widget-sow-editor-base\"\n\t\t\t\n\t\t>\n<div class=\"siteorigin-widget-tinymce textwidget\">\n\t<h3>Caract\u00e9ristiques<\/h3>\n<\/div>\n<\/div><\/div><div id=\"panel-6919-0-0-3\" class=\"so-panel widget widget_sow-editor\" data-index=\"3\" ><div\n\t\t\t\n\t\t\tclass=\"so-widget-sow-editor so-widget-sow-editor-base\"\n\t\t\t\n\t\t>\n<div class=\"siteorigin-widget-tinymce textwidget\">\n\t<p style=\"font-size: 16px\"><span style=\"color: #2e3b4e\"><span class=\"icon-container\"><span class=\"fa fa-long-arrow-right\" style=\"color:#ff7240;\"><\/span><\/span> \u00a0\u00a0<strong>Difficult\u00e9: mod\u00e9r\u00e9e<\/strong><\/span><\/p>\n<p style=\"font-size: 16px\"><span style=\"color: #2e3b4e\"><span class=\"icon-container\"><span class=\"fa fa-long-arrow-right\" style=\"color:#ff7240;\"><\/span><\/span> \u00a0\u00a0<strong>Duration: 35 min<\/strong><\/span><\/p>\n<p style=\"font-size: 16px\"><span style=\"color: #2e3b4e\"><span class=\"icon-container\"><span class=\"fa fa-long-arrow-right\" style=\"color:#ff7240;\"><\/span><\/span> \u00a0\u00a0<strong>Num. de jeux: 17<\/strong><\/span><\/p>\n<p style=\"font-size: 16px\"><span style=\"color: #2e3b4e\"><span class=\"icon-container\"><span class=\"fa fa-long-arrow-right\" style=\"color:#ff7240;\"><\/span><\/span> \u00a0\u00a0<strong>Longueur: 111 m <\/strong><\/span><\/p>\n<p style=\"font-size: 16px\"><span style=\"color: #2e3b4e\"><span class=\"icon-container\"><span class=\"fa fa-long-arrow-right\" style=\"color:#ff7240;\"><\/span><\/span> \u00a0\u00a0<strong>Hauteur de plate-forme: 4,5 m <\/strong><\/span><\/p>\n<p style=\"font-size: 16px\"><span style=\"color: #2e3b4e\"><span class=\"icon-container\"><span class=\"fa fa-long-arrow-right\" style=\"color:#ff7240;\"><\/span><\/span> \u00a0\u00a0<strong>Hauter corde de s\u00e9curit\u00e9: 135 cm.<\/strong><\/span><\/p>\n<p style=\"font-size: 16px\"><span style=\"color: #2e3b4e\"><span class=\"icon-container\"><span class=\"fa fa-long-arrow-right\" style=\"color:#ff7240;\"><\/span><\/span> \u00a0\u00a0<strong>Accessible: \u00c0 partir de 125 cm. <\/strong><\/span><\/p>\n<p style=\"font-size: 16px\"><span style=\"color: #2e3b4e\"><span class=\"icon-container\"><span class=\"fa fa-long-arrow-right\" style=\"color:#ff7240;\"><\/span><\/span> \u00a0\u00a0<strong>P. Urgence: Arbre num. 7 <\/strong><\/span><\/p>\n<\/div>\n<\/div><\/div><div id=\"panel-6919-0-0-4\" class=\"so-panel widget widget_sow-editor\" data-index=\"4\" ><div\n\t\t\t\n\t\t\tclass=\"so-widget-sow-editor so-widget-sow-editor-base\"\n\t\t\t\n\t\t>\n<div class=\"siteorigin-widget-tinymce textwidget\">\n\t<hr class=\"hr--dashed\" \/>\n<\/div>\n<\/div><\/div><div id=\"panel-6919-0-0-5\" class=\"so-panel widget widget_pw_accordion widget-accordion panel-last-child\" data-index=\"5\" >\t<div class=\"accordion panel-group\" id=\"accordion-widget-0-0-5\" role=\"tablist\" aria-multiselectable=\"true\">\n\t\t\t<div class=\"accordion__panel  panel  panel-default  card\">\n\t\t\t<div class=\"accordion__heading  panel-heading\" role=\"tab\" id=\"heading-widget-0-0-5-1\">\n\t\t\t\t<div class=\"panel-title\">\n\t\t\t\t\t<a class=\"collapsed\" role=\"button\" data-toggle=\"collapse\" data-parent=\"#accordion-widget-0-0-5\" href=\"#collapse-widget-0-0-5-1\" aria-expanded=\"false\" aria-controls=\"collapse-widget-0-0-5-1\">\n\t\t\t\t\t\tCarte du circuit\t\t\t\t\t<\/a>\n\t\t\t\t<\/div>\n\t\t\t<\/div>\n\t\t\t<div id=\"collapse-widget-0-0-5-1\" class=\"accordion__content  panel-collapse  collapse\" role=\"tabpanel\" aria-labelledby=\"heading-widget-0-0-5-1\">\n\t\t\t\t<div class=\"panel-body\">\n\t\t\t\t\t<br> <img decoding=\"async\" src=\"\/wp-content\/uploads\/2019\/03\/circuito-aigua-blava.png\" \/>\t\t\t\t<\/div>\n\t\t\t<\/div>\n\t\t<\/div>\n\t\t\t<\/div>\n\n<\/div><\/div><div id=\"pgc-6919-0-1\"  class=\"panel-grid-cell\" ><div id=\"panel-6919-0-1-0\" class=\"so-panel widget widget_sow-editor panel-first-child\" data-index=\"6\" ><div\n\t\t\t\n\t\t\tclass=\"so-widget-sow-editor so-widget-sow-editor-base\"\n\t\t\t\n\t\t>\n<div class=\"siteorigin-widget-tinymce textwidget\">\n\t<h2> Activit\u00e9s d'aventure <span style=\"color: #2e3b4e;font-weight: 300\"> <\/span><\/h2>\n<\/div>\n<\/div><\/div><div id=\"panel-6919-0-1-1\" class=\"so-panel widget widget_media_gallery panel-last-child\" data-index=\"7\" ><div id='gallery-1' class='gallery galleryid-6919 gallery-columns-3 gallery-size-full'><figure class='gallery-item'>\n\t\t\t<div class='gallery-icon landscape'>\n\t\t\t\t<img loading=\"lazy\" decoding=\"async\" width=\"798\" height=\"462\" src=\"https:\/\/costabravaparcaventura.com\/wp-content\/uploads\/2019\/03\/EscalaDeTarzan.jpg\" class=\"attachment-full size-full\" alt=\"\" aria-describedby=\"gallery-1-4065\" srcset=\"https:\/\/costabravaparcaventura.com\/wp-content\/uploads\/2019\/03\/EscalaDeTarzan.jpg 798w, https:\/\/costabravaparcaventura.com\/wp-content\/uploads\/2019\/03\/EscalaDeTarzan-600x347.jpg 600w, https:\/\/costabravaparcaventura.com\/wp-content\/uploads\/2019\/03\/EscalaDeTarzan-300x174.jpg 300w, https:\/\/costabravaparcaventura.com\/wp-content\/uploads\/2019\/03\/EscalaDeTarzan-768x445.jpg 768w\" sizes=\"auto, (max-width: 798px) 100vw, 798px\" \/>\n\t\t\t<\/div>\n\t\t\t\t<figcaption class='wp-caption-text gallery-caption' id='gallery-1-4065'>\n\t\t\t\tEscala de Tarzan\n\t\t\t\t<\/figcaption><\/figure><figure class='gallery-item'>\n\t\t\t<div class='gallery-icon landscape'>\n\t\t\t\t<img loading=\"lazy\" decoding=\"async\" width=\"798\" height=\"462\" src=\"https:\/\/costabravaparcaventura.com\/wp-content\/uploads\/2019\/03\/1-obstacle-de-peu-2.jpg\" class=\"attachment-full size-full\" alt=\"\" aria-describedby=\"gallery-1-3877\" srcset=\"https:\/\/costabravaparcaventura.com\/wp-content\/uploads\/2019\/03\/1-obstacle-de-peu-2.jpg 798w, https:\/\/costabravaparcaventura.com\/wp-content\/uploads\/2019\/03\/1-obstacle-de-peu-2-600x347.jpg 600w, https:\/\/costabravaparcaventura.com\/wp-content\/uploads\/2019\/03\/1-obstacle-de-peu-2-300x174.jpg 300w, https:\/\/costabravaparcaventura.com\/wp-content\/uploads\/2019\/03\/1-obstacle-de-peu-2-768x445.jpg 768w\" sizes=\"auto, (max-width: 798px) 100vw, 798px\" \/>\n\t\t\t<\/div>\n\t\t\t\t<figcaption class='wp-caption-text gallery-caption' id='gallery-1-3877'>\n\t\t\t\tObstacle de peu\n\t\t\t\t<\/figcaption><\/figure><figure class='gallery-item'>\n\t\t\t<div class='gallery-icon landscape'>\n\t\t\t\t<img loading=\"lazy\" decoding=\"async\" width=\"798\" height=\"462\" src=\"https:\/\/costabravaparcaventura.com\/wp-content\/uploads\/2019\/03\/2-pont-en-I-1.jpg\" class=\"attachment-full size-full\" alt=\"\" aria-describedby=\"gallery-1-3893\" srcset=\"https:\/\/costabravaparcaventura.com\/wp-content\/uploads\/2019\/03\/2-pont-en-I-1.jpg 798w, https:\/\/costabravaparcaventura.com\/wp-content\/uploads\/2019\/03\/2-pont-en-I-1-600x347.jpg 600w, https:\/\/costabravaparcaventura.com\/wp-content\/uploads\/2019\/03\/2-pont-en-I-1-300x174.jpg 300w, https:\/\/costabravaparcaventura.com\/wp-content\/uploads\/2019\/03\/2-pont-en-I-1-768x445.jpg 768w\" sizes=\"auto, (max-width: 798px) 100vw, 798px\" \/>\n\t\t\t<\/div>\n\t\t\t\t<figcaption class='wp-caption-text gallery-caption' id='gallery-1-3893'>\n\t\t\t\tPont en I\n\t\t\t\t<\/figcaption><\/figure><figure class='gallery-item'>\n\t\t\t<div class='gallery-icon landscape'>\n\t\t\t\t<img loading=\"lazy\" decoding=\"async\" width=\"798\" height=\"462\" src=\"https:\/\/costabravaparcaventura.com\/wp-content\/uploads\/2019\/03\/3-pont-estret_blau2-1.jpg\" class=\"attachment-full size-full\" alt=\"\" aria-describedby=\"gallery-1-3905\" srcset=\"https:\/\/costabravaparcaventura.com\/wp-content\/uploads\/2019\/03\/3-pont-estret_blau2-1.jpg 798w, https:\/\/costabravaparcaventura.com\/wp-content\/uploads\/2019\/03\/3-pont-estret_blau2-1-600x347.jpg 600w, https:\/\/costabravaparcaventura.com\/wp-content\/uploads\/2019\/03\/3-pont-estret_blau2-1-300x174.jpg 300w, https:\/\/costabravaparcaventura.com\/wp-content\/uploads\/2019\/03\/3-pont-estret_blau2-1-768x445.jpg 768w\" sizes=\"auto, (max-width: 798px) 100vw, 798px\" \/>\n\t\t\t<\/div>\n\t\t\t\t<figcaption class='wp-caption-text gallery-caption' id='gallery-1-3905'>\n\t\t\t\tPont estret\n\t\t\t\t<\/figcaption><\/figure><figure class='gallery-item'>\n\t\t\t<div class='gallery-icon landscape'>\n\t\t\t\t<img loading=\"lazy\" decoding=\"async\" width=\"798\" height=\"462\" src=\"https:\/\/costabravaparcaventura.com\/wp-content\/uploads\/2019\/03\/4-liana-funambulista-1.jpg\" class=\"attachment-full size-full\" alt=\"\" aria-describedby=\"gallery-1-3913\" srcset=\"https:\/\/costabravaparcaventura.com\/wp-content\/uploads\/2019\/03\/4-liana-funambulista-1.jpg 798w, https:\/\/costabravaparcaventura.com\/wp-content\/uploads\/2019\/03\/4-liana-funambulista-1-600x347.jpg 600w, https:\/\/costabravaparcaventura.com\/wp-content\/uploads\/2019\/03\/4-liana-funambulista-1-300x174.jpg 300w, https:\/\/costabravaparcaventura.com\/wp-content\/uploads\/2019\/03\/4-liana-funambulista-1-768x445.jpg 768w\" sizes=\"auto, (max-width: 798px) 100vw, 798px\" \/>\n\t\t\t<\/div>\n\t\t\t\t<figcaption class='wp-caption-text gallery-caption' id='gallery-1-3913'>\n\t\t\t\tLiana funambulista\n\t\t\t\t<\/figcaption><\/figure><figure class='gallery-item'>\n\t\t\t<div class='gallery-icon landscape'>\n\t\t\t\t<img loading=\"lazy\" decoding=\"async\" width=\"798\" height=\"462\" src=\"https:\/\/costabravaparcaventura.com\/wp-content\/uploads\/2019\/03\/5-Tronc-giratori-1.jpg\" class=\"attachment-full size-full\" alt=\"\" aria-describedby=\"gallery-1-3937\" srcset=\"https:\/\/costabravaparcaventura.com\/wp-content\/uploads\/2019\/03\/5-Tronc-giratori-1.jpg 798w, https:\/\/costabravaparcaventura.com\/wp-content\/uploads\/2019\/03\/5-Tronc-giratori-1-600x347.jpg 600w, https:\/\/costabravaparcaventura.com\/wp-content\/uploads\/2019\/03\/5-Tronc-giratori-1-300x174.jpg 300w, https:\/\/costabravaparcaventura.com\/wp-content\/uploads\/2019\/03\/5-Tronc-giratori-1-768x445.jpg 768w\" sizes=\"auto, (max-width: 798px) 100vw, 798px\" \/>\n\t\t\t<\/div>\n\t\t\t\t<figcaption class='wp-caption-text gallery-caption' id='gallery-1-3937'>\n\t\t\t\tTronc giratori\n\t\t\t\t<\/figcaption><\/figure><figure class='gallery-item'>\n\t\t\t<div class='gallery-icon landscape'>\n\t\t\t\t<img loading=\"lazy\" decoding=\"async\" width=\"798\" height=\"462\" src=\"https:\/\/costabravaparcaventura.com\/wp-content\/uploads\/2019\/03\/6-Pont-de-mono.jpg\" class=\"attachment-full size-full\" alt=\"\" aria-describedby=\"gallery-1-3949\" srcset=\"https:\/\/costabravaparcaventura.com\/wp-content\/uploads\/2019\/03\/6-Pont-de-mono.jpg 798w, https:\/\/costabravaparcaventura.com\/wp-content\/uploads\/2019\/03\/6-Pont-de-mono-600x347.jpg 600w, https:\/\/costabravaparcaventura.com\/wp-content\/uploads\/2019\/03\/6-Pont-de-mono-300x174.jpg 300w, https:\/\/costabravaparcaventura.com\/wp-content\/uploads\/2019\/03\/6-Pont-de-mono-768x445.jpg 768w\" sizes=\"auto, (max-width: 798px) 100vw, 798px\" \/>\n\t\t\t<\/div>\n\t\t\t\t<figcaption class='wp-caption-text gallery-caption' id='gallery-1-3949'>\n\t\t\t\tPont de Sumatra\n\t\t\t\t<\/figcaption><\/figure><figure class='gallery-item'>\n\t\t\t<div class='gallery-icon landscape'>\n\t\t\t\t<img loading=\"lazy\" decoding=\"async\" width=\"798\" height=\"462\" src=\"https:\/\/costabravaparcaventura.com\/wp-content\/uploads\/2019\/03\/7-Serp.jpg\" class=\"attachment-full size-full\" alt=\"\" aria-describedby=\"gallery-1-3973\" srcset=\"https:\/\/costabravaparcaventura.com\/wp-content\/uploads\/2019\/03\/7-Serp.jpg 798w, https:\/\/costabravaparcaventura.com\/wp-content\/uploads\/2019\/03\/7-Serp-600x347.jpg 600w, https:\/\/costabravaparcaventura.com\/wp-content\/uploads\/2019\/03\/7-Serp-300x174.jpg 300w, https:\/\/costabravaparcaventura.com\/wp-content\/uploads\/2019\/03\/7-Serp-768x445.jpg 768w\" sizes=\"auto, (max-width: 798px) 100vw, 798px\" \/>\n\t\t\t<\/div>\n\t\t\t\t<figcaption class='wp-caption-text gallery-caption' id='gallery-1-3973'>\n\t\t\t\tSerp\n\t\t\t\t<\/figcaption><\/figure><figure class='gallery-item'>\n\t\t\t<div class='gallery-icon landscape'>\n\t\t\t\t<img loading=\"lazy\" decoding=\"async\" width=\"798\" height=\"462\" src=\"https:\/\/costabravaparcaventura.com\/wp-content\/uploads\/2019\/03\/8Obstacle-de-corsari.jpg\" class=\"attachment-full size-full\" alt=\"\" aria-describedby=\"gallery-1-3981\" srcset=\"https:\/\/costabravaparcaventura.com\/wp-content\/uploads\/2019\/03\/8Obstacle-de-corsari.jpg 798w, https:\/\/costabravaparcaventura.com\/wp-content\/uploads\/2019\/03\/8Obstacle-de-corsari-600x347.jpg 600w, https:\/\/costabravaparcaventura.com\/wp-content\/uploads\/2019\/03\/8Obstacle-de-corsari-300x174.jpg 300w, https:\/\/costabravaparcaventura.com\/wp-content\/uploads\/2019\/03\/8Obstacle-de-corsari-768x445.jpg 768w\" sizes=\"auto, (max-width: 798px) 100vw, 798px\" \/>\n\t\t\t<\/div>\n\t\t\t\t<figcaption class='wp-caption-text gallery-caption' id='gallery-1-3981'>\n\t\t\t\tObstacle de corsari\n\t\t\t\t<\/figcaption><\/figure><figure class='gallery-item'>\n\t\t\t<div class='gallery-icon landscape'>\n\t\t\t\t<img loading=\"lazy\" decoding=\"async\" width=\"798\" height=\"462\" src=\"https:\/\/costabravaparcaventura.com\/wp-content\/uploads\/2019\/03\/9-Tapis-Volant.jpg\" class=\"attachment-full size-full\" alt=\"\" aria-describedby=\"gallery-1-4001\" srcset=\"https:\/\/costabravaparcaventura.com\/wp-content\/uploads\/2019\/03\/9-Tapis-Volant.jpg 798w, https:\/\/costabravaparcaventura.com\/wp-content\/uploads\/2019\/03\/9-Tapis-Volant-600x347.jpg 600w, https:\/\/costabravaparcaventura.com\/wp-content\/uploads\/2019\/03\/9-Tapis-Volant-300x174.jpg 300w, https:\/\/costabravaparcaventura.com\/wp-content\/uploads\/2019\/03\/9-Tapis-Volant-768x445.jpg 768w\" sizes=\"auto, (max-width: 798px) 100vw, 798px\" \/>\n\t\t\t<\/div>\n\t\t\t\t<figcaption class='wp-caption-text gallery-caption' id='gallery-1-4001'>\n\t\t\t\tTapis volant\n\t\t\t\t<\/figcaption><\/figure><figure class='gallery-item'>\n\t\t\t<div class='gallery-icon landscape'>\n\t\t\t\t<img loading=\"lazy\" decoding=\"async\" width=\"798\" height=\"462\" src=\"https:\/\/costabravaparcaventura.com\/wp-content\/uploads\/2019\/03\/10-Gronxador-volador.jpg\" class=\"attachment-full size-full\" alt=\"\" aria-describedby=\"gallery-1-4009\" srcset=\"https:\/\/costabravaparcaventura.com\/wp-content\/uploads\/2019\/03\/10-Gronxador-volador.jpg 798w, https:\/\/costabravaparcaventura.com\/wp-content\/uploads\/2019\/03\/10-Gronxador-volador-600x347.jpg 600w, https:\/\/costabravaparcaventura.com\/wp-content\/uploads\/2019\/03\/10-Gronxador-volador-300x174.jpg 300w, https:\/\/costabravaparcaventura.com\/wp-content\/uploads\/2019\/03\/10-Gronxador-volador-768x445.jpg 768w\" sizes=\"auto, (max-width: 798px) 100vw, 798px\" \/>\n\t\t\t<\/div>\n\t\t\t\t<figcaption class='wp-caption-text gallery-caption' id='gallery-1-4009'>\n\t\t\t\tGronxador volador\n\t\t\t\t<\/figcaption><\/figure><figure class='gallery-item'>\n\t\t\t<div class='gallery-icon landscape'>\n\t\t\t\t<img loading=\"lazy\" decoding=\"async\" width=\"798\" height=\"462\" src=\"https:\/\/costabravaparcaventura.com\/wp-content\/uploads\/2019\/03\/11-Peo.jpg\" class=\"attachment-full size-full\" alt=\"\" aria-describedby=\"gallery-1-4017\" srcset=\"https:\/\/costabravaparcaventura.com\/wp-content\/uploads\/2019\/03\/11-Peo.jpg 798w, https:\/\/costabravaparcaventura.com\/wp-content\/uploads\/2019\/03\/11-Peo-600x347.jpg 600w, https:\/\/costabravaparcaventura.com\/wp-content\/uploads\/2019\/03\/11-Peo-300x174.jpg 300w, https:\/\/costabravaparcaventura.com\/wp-content\/uploads\/2019\/03\/11-Peo-768x445.jpg 768w\" sizes=\"auto, (max-width: 798px) 100vw, 798px\" \/>\n\t\t\t<\/div>\n\t\t\t\t<figcaption class='wp-caption-text gallery-caption' id='gallery-1-4017'>\n\t\t\t\tPe\u00f3\n\t\t\t\t<\/figcaption><\/figure><figure class='gallery-item'>\n\t\t\t<div class='gallery-icon landscape'>\n\t\t\t\t<img loading=\"lazy\" decoding=\"async\" width=\"798\" height=\"462\" src=\"https:\/\/costabravaparcaventura.com\/wp-content\/uploads\/2019\/03\/1.1-Tirolina-2-1.jpg\" class=\"attachment-full size-full\" alt=\"\" aria-describedby=\"gallery-1-3845\" srcset=\"https:\/\/costabravaparcaventura.com\/wp-content\/uploads\/2019\/03\/1.1-Tirolina-2-1.jpg 798w, https:\/\/costabravaparcaventura.com\/wp-content\/uploads\/2019\/03\/1.1-Tirolina-2-1-600x347.jpg 600w, https:\/\/costabravaparcaventura.com\/wp-content\/uploads\/2019\/03\/1.1-Tirolina-2-1-300x174.jpg 300w, https:\/\/costabravaparcaventura.com\/wp-content\/uploads\/2019\/03\/1.1-Tirolina-2-1-768x445.jpg 768w\" sizes=\"auto, (max-width: 798px) 100vw, 798px\" \/>\n\t\t\t<\/div>\n\t\t\t\t<figcaption class='wp-caption-text gallery-caption' id='gallery-1-3845'>\n\t\t\t\tTirolina\n\t\t\t\t<\/figcaption><\/figure><figure class='gallery-item'>\n\t\t\t<div class='gallery-icon landscape'>\n\t\t\t\t<img loading=\"lazy\" decoding=\"async\" width=\"798\" height=\"462\" src=\"https:\/\/costabravaparcaventura.com\/wp-content\/uploads\/2019\/03\/1.1-Roc\u00f3dromo-1.jpg\" class=\"attachment-full size-full\" alt=\"\" aria-describedby=\"gallery-1-3841\" srcset=\"https:\/\/costabravaparcaventura.com\/wp-content\/uploads\/2019\/03\/1.1-Roc\u00f3dromo-1.jpg 798w, https:\/\/costabravaparcaventura.com\/wp-content\/uploads\/2019\/03\/1.1-Roc\u00f3dromo-1-600x347.jpg 600w, https:\/\/costabravaparcaventura.com\/wp-content\/uploads\/2019\/03\/1.1-Roc\u00f3dromo-1-300x174.jpg 300w, https:\/\/costabravaparcaventura.com\/wp-content\/uploads\/2019\/03\/1.1-Roc\u00f3dromo-1-768x445.jpg 768w\" sizes=\"auto, (max-width: 798px) 100vw, 798px\" \/>\n\t\t\t<\/div>\n\t\t\t\t<figcaption class='wp-caption-text gallery-caption' id='gallery-1-3841'>\n\t\t\t\tRoc\u00f2drom\n\t\t\t\t<\/figcaption><\/figure><figure class='gallery-item'>\n\t\t\t<div class='gallery-icon landscape'>\n\t\t\t\t<img loading=\"lazy\" decoding=\"async\" width=\"798\" height=\"462\" src=\"https:\/\/costabravaparcaventura.com\/wp-content\/uploads\/2019\/03\/1.1-Liana-1.jpg\" class=\"attachment-full size-full\" alt=\"\" aria-describedby=\"gallery-1-3825\" srcset=\"https:\/\/costabravaparcaventura.com\/wp-content\/uploads\/2019\/03\/1.1-Liana-1.jpg 798w, https:\/\/costabravaparcaventura.com\/wp-content\/uploads\/2019\/03\/1.1-Liana-1-600x347.jpg 600w, https:\/\/costabravaparcaventura.com\/wp-content\/uploads\/2019\/03\/1.1-Liana-1-300x174.jpg 300w, https:\/\/costabravaparcaventura.com\/wp-content\/uploads\/2019\/03\/1.1-Liana-1-768x445.jpg 768w\" sizes=\"auto, (max-width: 798px) 100vw, 798px\" \/>\n\t\t\t<\/div>\n\t\t\t\t<figcaption class='wp-caption-text gallery-caption' id='gallery-1-3825'>\n\t\t\t\tLiana amb estrep\n\t\t\t\t<\/figcaption><\/figure><figure class='gallery-item'>\n\t\t\t<div class='gallery-icon landscape'>\n\t\t\t\t<img loading=\"lazy\" decoding=\"async\" width=\"798\" height=\"462\" src=\"https:\/\/costabravaparcaventura.com\/wp-content\/uploads\/2019\/03\/15-liana-amb-estrep.jpg\" class=\"attachment-full size-full\" alt=\"\" aria-describedby=\"gallery-1-4139\" srcset=\"https:\/\/costabravaparcaventura.com\/wp-content\/uploads\/2019\/03\/15-liana-amb-estrep.jpg 798w, https:\/\/costabravaparcaventura.com\/wp-content\/uploads\/2019\/03\/15-liana-amb-estrep-600x347.jpg 600w, https:\/\/costabravaparcaventura.com\/wp-content\/uploads\/2019\/03\/15-liana-amb-estrep-300x174.jpg 300w, https:\/\/costabravaparcaventura.com\/wp-content\/uploads\/2019\/03\/15-liana-amb-estrep-768x445.jpg 768w\" sizes=\"auto, (max-width: 798px) 100vw, 798px\" \/>\n\t\t\t<\/div>\n\t\t\t\t<figcaption class='wp-caption-text gallery-caption' id='gallery-1-4139'>\n\t\t\t\tSalt de Tarzan\n\t\t\t\t<\/figcaption><\/figure><figure class='gallery-item'>\n\t\t\t<div class='gallery-icon landscape'>\n\t\t\t\t<img loading=\"lazy\" decoding=\"async\" width=\"798\" height=\"462\" src=\"https:\/\/costabravaparcaventura.com\/wp-content\/uploads\/2019\/03\/17_xemeneia_b2.jpg\" class=\"attachment-full size-full\" alt=\"\" aria-describedby=\"gallery-1-4057\" srcset=\"https:\/\/costabravaparcaventura.com\/wp-content\/uploads\/2019\/03\/17_xemeneia_b2.jpg 798w, https:\/\/costabravaparcaventura.com\/wp-content\/uploads\/2019\/03\/17_xemeneia_b2-600x347.jpg 600w, https:\/\/costabravaparcaventura.com\/wp-content\/uploads\/2019\/03\/17_xemeneia_b2-300x174.jpg 300w, https:\/\/costabravaparcaventura.com\/wp-content\/uploads\/2019\/03\/17_xemeneia_b2-768x445.jpg 768w\" sizes=\"auto, (max-width: 798px) 100vw, 798px\" \/>\n\t\t\t<\/div>\n\t\t\t\t<figcaption class='wp-caption-text gallery-caption' id='gallery-1-4057'>\n\t\t\t\tXemeneia\n\t\t\t\t<\/figcaption><\/figure>\n\t\t<\/div>\n<\/div><\/div><\/div><\/div>","protected":false},"excerpt":{"rendered":"<p>17 Activit\u00e9 | Difificult\u00e9 \u2b50\u2b50\u2b50<\/p>\n","protected":false},"author":1,"featured_media":4290,"parent":0,"menu_order":0,"comment_status":"closed","ping_status":"closed","template":"","meta":{"_acf_changed":false,"footnotes":""},"class_list":{"0":"post-6919","1":"page","2":"type-page","3":"status-publish","4":"has-post-thumbnail","6":"clearfix","7":"article"},"acf":[],"yoast_head":"<!-- This site is optimized with the Yoast SEO plugin v27.5 - https:\/\/yoast.com\/product\/yoast-seo-wordpress\/ -->\n<title>Parcours Aigua Blava | Platja d&#039;Aro | Costa Brava Parc Aventura<\/title>\n<meta name=\"robots\" content=\"index, follow, max-snippet:-1, max-image-preview:large, max-video-preview:-1\" \/>\n<link rel=\"canonical\" href=\"https:\/\/costabravaparcaventura.com\/fr\/parcours-aigua-blava-platja-daro\/\" \/>\n<meta property=\"og:locale\" content=\"fr_FR\" \/>\n<meta property=\"og:type\" content=\"article\" \/>\n<meta property=\"og:title\" content=\"Parcours Aigua Blava | Platja d&#039;Aro | Costa Brava Parc Aventura\" \/>\n<meta property=\"og:description\" content=\"17 Activit\u00e9 | Difificult\u00e9 \u2b50\u2b50\u2b50\" \/>\n<meta property=\"og:url\" content=\"https:\/\/costabravaparcaventura.com\/fr\/parcours-aigua-blava-platja-daro\/\" \/>\n<meta property=\"og:site_name\" content=\"Costa Brava Parc Aventura\" \/>\n<meta property=\"article:publisher\" content=\"https:\/\/www.facebook.com\/costabravaparcaventura\" \/>\n<meta property=\"article:modified_time\" content=\"2019-09-03T15:17:38+00:00\" \/>\n<meta property=\"og:image\" content=\"https:\/\/costabravaparcaventura.com\/wp-content\/uploads\/2019\/03\/blau_2_circuits-1.png\" \/>\n\t<meta property=\"og:image:width\" content=\"290\" \/>\n\t<meta property=\"og:image:height\" content=\"225\" \/>\n\t<meta property=\"og:image:type\" content=\"image\/png\" \/>\n<meta name=\"twitter:card\" content=\"summary_large_image\" \/>\n<meta name=\"twitter:site\" content=\"@BravaParc\" \/>\n<meta name=\"twitter:label1\" content=\"Dur\u00e9e de lecture estim\u00e9e\" \/>\n\t<meta name=\"twitter:data1\" content=\"1 minute\" \/>\n<script type=\"application\/ld+json\" class=\"yoast-schema-graph\">{\"@context\":\"https:\\\/\\\/schema.org\",\"@graph\":[{\"@type\":\"WebPage\",\"@id\":\"https:\\\/\\\/costabravaparcaventura.com\\\/fr\\\/parcours-aigua-blava-platja-daro\\\/\",\"url\":\"https:\\\/\\\/costabravaparcaventura.com\\\/fr\\\/parcours-aigua-blava-platja-daro\\\/\",\"name\":\"Parcours Aigua Blava | Platja d'Aro | Costa Brava Parc Aventura\",\"isPartOf\":{\"@id\":\"https:\\\/\\\/costabravaparcaventura.com\\\/fr\\\/#website\"},\"primaryImageOfPage\":{\"@id\":\"https:\\\/\\\/costabravaparcaventura.com\\\/fr\\\/parcours-aigua-blava-platja-daro\\\/#primaryimage\"},\"image\":{\"@id\":\"https:\\\/\\\/costabravaparcaventura.com\\\/fr\\\/parcours-aigua-blava-platja-daro\\\/#primaryimage\"},\"thumbnailUrl\":\"https:\\\/\\\/costabravaparcaventura.com\\\/wp-content\\\/uploads\\\/2019\\\/03\\\/blau_2_circuits-1.png\",\"datePublished\":\"2019-04-03T10:06:14+00:00\",\"dateModified\":\"2019-09-03T15:17:38+00:00\",\"breadcrumb\":{\"@id\":\"https:\\\/\\\/costabravaparcaventura.com\\\/fr\\\/parcours-aigua-blava-platja-daro\\\/#breadcrumb\"},\"inLanguage\":\"fr-FR\",\"potentialAction\":[{\"@type\":\"ReadAction\",\"target\":[\"https:\\\/\\\/costabravaparcaventura.com\\\/fr\\\/parcours-aigua-blava-platja-daro\\\/\"]}]},{\"@type\":\"ImageObject\",\"inLanguage\":\"fr-FR\",\"@id\":\"https:\\\/\\\/costabravaparcaventura.com\\\/fr\\\/parcours-aigua-blava-platja-daro\\\/#primaryimage\",\"url\":\"https:\\\/\\\/costabravaparcaventura.com\\\/wp-content\\\/uploads\\\/2019\\\/03\\\/blau_2_circuits-1.png\",\"contentUrl\":\"https:\\\/\\\/costabravaparcaventura.com\\\/wp-content\\\/uploads\\\/2019\\\/03\\\/blau_2_circuits-1.png\",\"width\":290,\"height\":225},{\"@type\":\"BreadcrumbList\",\"@id\":\"https:\\\/\\\/costabravaparcaventura.com\\\/fr\\\/parcours-aigua-blava-platja-daro\\\/#breadcrumb\",\"itemListElement\":[{\"@type\":\"ListItem\",\"position\":1,\"name\":\"Portada\",\"item\":\"https:\\\/\\\/costabravaparcaventura.com\\\/fr\\\/\"},{\"@type\":\"ListItem\",\"position\":2,\"name\":\"Parcours Aigua Blava\"}]},{\"@type\":\"WebSite\",\"@id\":\"https:\\\/\\\/costabravaparcaventura.com\\\/fr\\\/#website\",\"url\":\"https:\\\/\\\/costabravaparcaventura.com\\\/fr\\\/\",\"name\":\"Costa Brava Parc Aventura\",\"description\":\"tirolinas costa brava\",\"publisher\":{\"@id\":\"https:\\\/\\\/costabravaparcaventura.com\\\/fr\\\/#organization\"},\"potentialAction\":[{\"@type\":\"SearchAction\",\"target\":{\"@type\":\"EntryPoint\",\"urlTemplate\":\"https:\\\/\\\/costabravaparcaventura.com\\\/fr\\\/?s={search_term_string}\"},\"query-input\":{\"@type\":\"PropertyValueSpecification\",\"valueRequired\":true,\"valueName\":\"search_term_string\"}}],\"inLanguage\":\"fr-FR\"},{\"@type\":\"Organization\",\"@id\":\"https:\\\/\\\/costabravaparcaventura.com\\\/fr\\\/#organization\",\"name\":\"Costa Brava Parc Aventura\",\"url\":\"https:\\\/\\\/costabravaparcaventura.com\\\/fr\\\/\",\"logo\":{\"@type\":\"ImageObject\",\"inLanguage\":\"fr-FR\",\"@id\":\"https:\\\/\\\/costabravaparcaventura.com\\\/fr\\\/#\\\/schema\\\/logo\\\/image\\\/\",\"url\":\"https:\\\/\\\/costabravaparcaventura.com\\\/wp-content\\\/uploads\\\/2023\\\/07\\\/logo_parc_aventura_600.jpg\",\"contentUrl\":\"https:\\\/\\\/costabravaparcaventura.com\\\/wp-content\\\/uploads\\\/2023\\\/07\\\/logo_parc_aventura_600.jpg\",\"width\":600,\"height\":600,\"caption\":\"Costa Brava Parc Aventura\"},\"image\":{\"@id\":\"https:\\\/\\\/costabravaparcaventura.com\\\/fr\\\/#\\\/schema\\\/logo\\\/image\\\/\"},\"sameAs\":[\"https:\\\/\\\/www.facebook.com\\\/costabravaparcaventura\",\"https:\\\/\\\/x.com\\\/BravaParc\",\"https:\\\/\\\/www.instagram.com\\\/costabravaparcaventura\\\/\",\"https:\\\/\\\/www.youtube.com\\\/user\\\/costabravaparc\"]}]}<\/script>\n<!-- \/ Yoast SEO plugin. -->","yoast_head_json":{"title":"Parcours Aigua Blava | Platja d'Aro | Costa Brava Parc Aventura","robots":{"index":"index","follow":"follow","max-snippet":"max-snippet:-1","max-image-preview":"max-image-preview:large","max-video-preview":"max-video-preview:-1"},"canonical":"https:\/\/costabravaparcaventura.com\/fr\/parcours-aigua-blava-platja-daro\/","og_locale":"fr_FR","og_type":"article","og_title":"Parcours Aigua Blava | Platja d'Aro | Costa Brava Parc Aventura","og_description":"17 Activit\u00e9 | Difificult\u00e9 \u2b50\u2b50\u2b50","og_url":"https:\/\/costabravaparcaventura.com\/fr\/parcours-aigua-blava-platja-daro\/","og_site_name":"Costa Brava Parc Aventura","article_publisher":"https:\/\/www.facebook.com\/costabravaparcaventura","article_modified_time":"2019-09-03T15:17:38+00:00","og_image":[{"width":290,"height":225,"url":"https:\/\/costabravaparcaventura.com\/wp-content\/uploads\/2019\/03\/blau_2_circuits-1.png","type":"image\/png"}],"twitter_card":"summary_large_image","twitter_site":"@BravaParc","twitter_misc":{"Dur\u00e9e de lecture estim\u00e9e":"1 minute"},"schema":{"@context":"https:\/\/schema.org","@graph":[{"@type":"WebPage","@id":"https:\/\/costabravaparcaventura.com\/fr\/parcours-aigua-blava-platja-daro\/","url":"https:\/\/costabravaparcaventura.com\/fr\/parcours-aigua-blava-platja-daro\/","name":"Parcours Aigua Blava | Platja d'Aro | Costa Brava Parc Aventura","isPartOf":{"@id":"https:\/\/costabravaparcaventura.com\/fr\/#website"},"primaryImageOfPage":{"@id":"https:\/\/costabravaparcaventura.com\/fr\/parcours-aigua-blava-platja-daro\/#primaryimage"},"image":{"@id":"https:\/\/costabravaparcaventura.com\/fr\/parcours-aigua-blava-platja-daro\/#primaryimage"},"thumbnailUrl":"https:\/\/costabravaparcaventura.com\/wp-content\/uploads\/2019\/03\/blau_2_circuits-1.png","datePublished":"2019-04-03T10:06:14+00:00","dateModified":"2019-09-03T15:17:38+00:00","breadcrumb":{"@id":"https:\/\/costabravaparcaventura.com\/fr\/parcours-aigua-blava-platja-daro\/#breadcrumb"},"inLanguage":"fr-FR","potentialAction":[{"@type":"ReadAction","target":["https:\/\/costabravaparcaventura.com\/fr\/parcours-aigua-blava-platja-daro\/"]}]},{"@type":"ImageObject","inLanguage":"fr-FR","@id":"https:\/\/costabravaparcaventura.com\/fr\/parcours-aigua-blava-platja-daro\/#primaryimage","url":"https:\/\/costabravaparcaventura.com\/wp-content\/uploads\/2019\/03\/blau_2_circuits-1.png","contentUrl":"https:\/\/costabravaparcaventura.com\/wp-content\/uploads\/2019\/03\/blau_2_circuits-1.png","width":290,"height":225},{"@type":"BreadcrumbList","@id":"https:\/\/costabravaparcaventura.com\/fr\/parcours-aigua-blava-platja-daro\/#breadcrumb","itemListElement":[{"@type":"ListItem","position":1,"name":"Portada","item":"https:\/\/costabravaparcaventura.com\/fr\/"},{"@type":"ListItem","position":2,"name":"Parcours Aigua Blava"}]},{"@type":"WebSite","@id":"https:\/\/costabravaparcaventura.com\/fr\/#website","url":"https:\/\/costabravaparcaventura.com\/fr\/","name":"Costa Brava Parc Aventura","description":"tirolinas costa brava","publisher":{"@id":"https:\/\/costabravaparcaventura.com\/fr\/#organization"},"potentialAction":[{"@type":"SearchAction","target":{"@type":"EntryPoint","urlTemplate":"https:\/\/costabravaparcaventura.com\/fr\/?s={search_term_string}"},"query-input":{"@type":"PropertyValueSpecification","valueRequired":true,"valueName":"search_term_string"}}],"inLanguage":"fr-FR"},{"@type":"Organization","@id":"https:\/\/costabravaparcaventura.com\/fr\/#organization","name":"Costa Brava Parc Aventura","url":"https:\/\/costabravaparcaventura.com\/fr\/","logo":{"@type":"ImageObject","inLanguage":"fr-FR","@id":"https:\/\/costabravaparcaventura.com\/fr\/#\/schema\/logo\/image\/","url":"https:\/\/costabravaparcaventura.com\/wp-content\/uploads\/2023\/07\/logo_parc_aventura_600.jpg","contentUrl":"https:\/\/costabravaparcaventura.com\/wp-content\/uploads\/2023\/07\/logo_parc_aventura_600.jpg","width":600,"height":600,"caption":"Costa Brava Parc Aventura"},"image":{"@id":"https:\/\/costabravaparcaventura.com\/fr\/#\/schema\/logo\/image\/"},"sameAs":["https:\/\/www.facebook.com\/costabravaparcaventura","https:\/\/x.com\/BravaParc","https:\/\/www.instagram.com\/costabravaparcaventura\/","https:\/\/www.youtube.com\/user\/costabravaparc"]}]}},"_links":{"self":[{"href":"https:\/\/costabravaparcaventura.com\/fr\/wp-json\/wp\/v2\/pages\/6919","targetHints":{"allow":["GET"]}}],"collection":[{"href":"https:\/\/costabravaparcaventura.com\/fr\/wp-json\/wp\/v2\/pages"}],"about":[{"href":"https:\/\/costabravaparcaventura.com\/fr\/wp-json\/wp\/v2\/types\/page"}],"author":[{"embeddable":true,"href":"https:\/\/costabravaparcaventura.com\/fr\/wp-json\/wp\/v2\/users\/1"}],"replies":[{"embeddable":true,"href":"https:\/\/costabravaparcaventura.com\/fr\/wp-json\/wp\/v2\/comments?post=6919"}],"version-history":[{"count":13,"href":"https:\/\/costabravaparcaventura.com\/fr\/wp-json\/wp\/v2\/pages\/6919\/revisions"}],"predecessor-version":[{"id":12668,"href":"https:\/\/costabravaparcaventura.com\/fr\/wp-json\/wp\/v2\/pages\/6919\/revisions\/12668"}],"wp:featuredmedia":[{"embeddable":true,"href":"https:\/\/costabravaparcaventura.com\/fr\/wp-json\/wp\/v2\/media\/4290"}],"wp:attachment":[{"href":"https:\/\/costabravaparcaventura.com\/fr\/wp-json\/wp\/v2\/media?parent=6919"}],"curies":[{"name":"wp","href":"https:\/\/api.w.org\/{rel}","templated":true}]}}