{"id":23457,"date":"2025-05-09T10:27:10","date_gmt":"2025-05-09T08:27:10","guid":{"rendered":"https:\/\/costabravaparcaventura.com\/eclosion-daction-extreme\/"},"modified":"2025-05-09T10:46:59","modified_gmt":"2025-05-09T08:46:59","slug":"eclosion-daction-extreme","status":"publish","type":"page","link":"https:\/\/costabravaparcaventura.com\/fr\/eclosion-daction-extreme\/","title":{"rendered":"Extreme action hatch"},"content":{"rendered":"<div id=\"pl-23457\"  class=\"panel-layout\" ><div id=\"pg-23457-0\"  class=\"panel-grid panel-has-style\" ><div class=\"panel-row-style panel-row-style-for-23457-0\" ><div id=\"pgc-23457-0-0\"  class=\"panel-grid-cell\" ><div id=\"panel-23457-0-0-0\" class=\"so-panel widget widget_sow-editor panel-first-child panel-last-child\" data-index=\"0\" ><div\n\t\t\t\n\t\t\tclass=\"so-widget-sow-editor so-widget-sow-editor-base\"\n\t\t\t\n\t\t>\n<div class=\"siteorigin-widget-tinymce textwidget\">\n\t<h1 style=\"text-align: center;\"><span style=\"color: #ffffff;font-size:75px;background:-webkit-linear-gradient(#fe5000, #ff7350);-webkit-background-clip: text;-webkit-text-fill-color: transparent;display: inline-block;\">EXTREME ACTION HATCH<\/span><\/h1>\n<\/div>\n<\/div><\/div><\/div><\/div><\/div><div id=\"pg-23457-1\"  class=\"panel-grid panel-has-style\" ><div class=\"panel-row-style panel-row-style-for-23457-1\" ><div id=\"pgc-23457-1-0\"  class=\"panel-grid-cell\" ><div id=\"panel-23457-1-0-0\" class=\"so-panel widget widget_sow-editor panel-first-child panel-last-child\" data-index=\"1\" ><div\n\t\t\t\n\t\t\tclass=\"so-widget-sow-editor so-widget-sow-editor-base\"\n\t\t\t\n\t\t>\n<div class=\"siteorigin-widget-tinymce textwidget\">\n\t<div style=\"font-family: 'Georgia', serif; color: white; text-align: center; font-size: 1.5em; line-height: 1.5; max-width: 80%; margin: 20px auto;\">\n<p>\u00ab N\u2019ayez pas peur de vous d\u00e9velopper, de sortir de votre zone de confort.<br \/>\n C'est ici que r\u00e9sident la joie et l'aventure.\"<\/p>\n<div style=\"margin-top: 20px; font-size: 1.2em; font-style: italic;\">-Herbie Hancock-<\/div>\n<\/div>\n<\/div>\n<\/div><\/div><\/div><\/div><\/div><div id=\"pg-23457-2\"  class=\"panel-grid panel-has-style\" ><div class=\"panel-row-style panel-row-style-for-23457-2\" ><div id=\"pgc-23457-2-0\"  class=\"panel-grid-cell\" ><div id=\"panel-23457-2-0-0\" class=\"so-panel widget widget_sow-image panel-first-child panel-last-child\" data-index=\"2\" ><div\n\t\t\t\n\t\t\tclass=\"so-widget-sow-image so-widget-sow-image-default-c67d20f9f743-23457\"\n\t\t\t\n\t\t>\n<div class=\"sow-image-container\">\n\t\t<img \n\tsrc=\"https:\/\/costabravaparcaventura.com\/wp-content\/uploads\/2025\/01\/DALL\u00b7E-2025-01-16-08.03.48-A-motivational-scene-illustrating-the-concept-of-stepping-out-of-ones-comfort-zone_-A-person-standing-at-the-edge-of-a-cliff-during-sunrise-overlook-e1737011316944.webp\" width=\"1024\" height=\"577\" srcset=\"https:\/\/costabravaparcaventura.com\/wp-content\/uploads\/2025\/01\/DALL\u00b7E-2025-01-16-08.03.48-A-motivational-scene-illustrating-the-concept-of-stepping-out-of-ones-comfort-zone_-A-person-standing-at-the-edge-of-a-cliff-during-sunrise-overlook-e1737011316944.webp 1024w, https:\/\/costabravaparcaventura.com\/wp-content\/uploads\/2025\/01\/DALL\u00b7E-2025-01-16-08.03.48-A-motivational-scene-illustrating-the-concept-of-stepping-out-of-ones-comfort-zone_-A-person-standing-at-the-edge-of-a-cliff-during-sunrise-overlook-e1737011316944-300x169.webp 300w, https:\/\/costabravaparcaventura.com\/wp-content\/uploads\/2025\/01\/DALL\u00b7E-2025-01-16-08.03.48-A-motivational-scene-illustrating-the-concept-of-stepping-out-of-ones-comfort-zone_-A-person-standing-at-the-edge-of-a-cliff-during-sunrise-overlook-e1737011316944-768x433.webp 768w, https:\/\/costabravaparcaventura.com\/wp-content\/uploads\/2025\/01\/DALL\u00b7E-2025-01-16-08.03.48-A-motivational-scene-illustrating-the-concept-of-stepping-out-of-ones-comfort-zone_-A-person-standing-at-the-edge-of-a-cliff-during-sunrise-overlook-e1737011316944-428x242.webp 428w, https:\/\/costabravaparcaventura.com\/wp-content\/uploads\/2025\/01\/DALL\u00b7E-2025-01-16-08.03.48-A-motivational-scene-illustrating-the-concept-of-stepping-out-of-ones-comfort-zone_-A-person-standing-at-the-edge-of-a-cliff-during-sunrise-overlook-e1737011316944-600x338.webp 600w\" sizes=\"(max-width: 1024px) 100vw, 1024px\" title=\"1\" alt=\"\" \t\tclass=\"so-widget-image\"\/>\n\t<\/div>\n\n<\/div><\/div><\/div><\/div><\/div><div id=\"pg-23457-3\"  class=\"panel-grid panel-has-style\" ><div class=\"panel-row-style panel-row-style-for-23457-3\" ><div id=\"pgc-23457-3-0\"  class=\"panel-grid-cell\" ><div id=\"panel-23457-3-0-0\" class=\"so-panel widget widget_sow-editor panel-first-child panel-last-child\" data-index=\"3\" ><div\n\t\t\t\n\t\t\tclass=\"so-widget-sow-editor so-widget-sow-editor-base\"\n\t\t\t\n\t\t>\n<div class=\"siteorigin-widget-tinymce textwidget\">\n\t<div style=\"font-size: 1.2em; font-weight: bold; margin: auto; text-align: center; color: #ffdd57;\">Au Costa Brava Parc Aventura, vous profiterez d'installations exceptionnelles con\u00e7ues pour les activit\u00e9s de plein air pour les entreprises. Situ\u00e9es dans un environnement naturel privil\u00e9gi\u00e9 de plus de 5 hectares, nos structures, int\u00e9gr\u00e9es dans les arbres, sont id\u00e9ales pour organiser des \u00e9v\u00e9nements d'entreprise et des s\u00e9ances de Team Building favorisant la coh\u00e9sion et le travail en \u00e9quipe. <\/div>\n<\/div>\n<\/div><\/div><\/div><\/div><\/div><div id=\"pg-23457-4\"  class=\"panel-grid panel-no-style\" ><div id=\"pgc-23457-4-0\"  class=\"panel-grid-cell\" ><div id=\"panel-23457-4-0-0\" class=\"so-panel widget widget_sow-editor panel-first-child panel-last-child\" data-index=\"4\" ><div\n\t\t\t\n\t\t\tclass=\"so-widget-sow-editor so-widget-sow-editor-base\"\n\t\t\t\n\t\t>\n<div class=\"siteorigin-widget-tinymce textwidget\">\n\t<p><span style=\"color: #fe5000;\"><strong>Si vous cherchez \u00e0 v\u00e9ritablement responsabiliser votre \u00e9quipe, vous \u00eates au bon endroit.<\/strong><\/span><\/p>\n<p><span style=\"color: #f5f5f5;\">Si vous recherchez une activit\u00e9 de plein air visant \u00e0 d\u00e9velopper des comp\u00e9tences, qui g\u00e9n\u00e8re un impact r\u00e9el et positif sur les comportements et les attitudes au sein de l'entreprise, notre m\u00e9thode est soutenue par des r\u00e9sultats prouv\u00e9s. Parlez-nous et d\u00e9couvrez les exp\u00e9riences que nous pouvons vous offrir, ainsi que les r\u00e9sultats que votre \u00e9quipe peut atteindre. <\/span><\/p>\n<p><span style=\"color: #f5f5f5;\"><strong>Extreme Action Hatch<\/strong> est con\u00e7u \u00e0 travers une dynamique exigeante mais s\u00fbre, con\u00e7ue pour renforcer principalement la confiance et l'estime de soi des participants, favorisant la croissance personnelle et collective.<\/span><\/p>\n<\/div>\n<\/div><\/div><\/div><\/div><div id=\"pg-23457-5\"  class=\"panel-grid panel-no-style\" ><div id=\"pgc-23457-5-0\"  class=\"panel-grid-cell\" ><div id=\"panel-23457-5-0-0\" class=\"so-panel widget widget_sow-editor panel-first-child panel-last-child\" data-index=\"5\" ><div\n\t\t\t\n\t\t\tclass=\"so-widget-sow-editor so-widget-sow-editor-base\"\n\t\t\t\n\t\t>\n<div class=\"siteorigin-widget-tinymce textwidget\">\n\t<div style=\"font-family: 'Georgia', serif; color: red; text-align: center; font-size: 1.5em; line-height: 1.5; max-width: 80%; margin: 20px auto;\">\n<p>\u00ab L'\u00e9closion est un ph\u00e9nom\u00e8ne fascinant et complexe, qui peut \u00eatre d\u00e9crit comme le moment o\u00f9 quelque chose \u00e9merge avec force, \u00e9mergeant de l'int\u00e9rieur d'un autre \u00e9l\u00e9ment ou espace, se r\u00e9v\u00e9lant d'une mani\u00e8re choquante et transformatrice. \u00bb<\/p><\/div>\n<\/div>\n<\/div><\/div><\/div><\/div><div id=\"pg-23457-6\"  class=\"panel-grid panel-no-style\" ><div id=\"pgc-23457-6-0\"  class=\"panel-grid-cell\" ><div id=\"panel-23457-6-0-0\" class=\"so-panel widget widget_sow-editor panel-first-child\" data-index=\"6\" ><div\n\t\t\t\n\t\t\tclass=\"so-widget-sow-editor so-widget-sow-editor-base\"\n\t\t\t\n\t\t>\n<div class=\"siteorigin-widget-tinymce textwidget\">\n\t<p><span style=\"color: #fe5000;\"><strong>D\u00e9passer les limites : une dynamique de d\u00e9couverte de soi et de croissance personnelle<\/strong><\/span><\/p>\n<div class=\"flex-1 overflow-hidden\">\n<div class=\"react-scroll-to-bottom--css-ycgjm-79elbk h-full\">\n<div class=\"react-scroll-to-bottom--css-ycgjm-1n7m0yu\">\n<div class=\"flex flex-col pb-9 text-sm\">\n<div class=\"w-full text-token-text-primary\" data-testid=\"conversation-turn-7\">\n<div class=\"px-4 py-2 justify-center text-base md:gap-6 m-auto\">\n<div class=\"flex flex-1 text-base mx-auto gap-3 md:px-5 lg:px-1 xl:px-5 md:max-w-3xl lg:max-w-[40rem] xl:max-w-[48rem] group final-completion\">\n<div class=\"relative flex w-full flex-col lg:w-[calc(100%-115px)] agent-turn\">\n<div class=\"flex-col gap-1 md:gap-3\">\n<div class=\"flex flex-grow flex-col max-w-full\">\n<div class=\"min-h-[20px] text-message flex flex-col items-start gap-3 whitespace-pre-wrap break-words [.text-message+&amp;]:mt-5 overflow-x-auto\" data-message-author-role=\"assistant\" data-message-id=\"06be9af6-15ca-4005-ad0b-09f24ae3ce0b\">\n<div class=\"markdown prose w-full break-words dark:prose-invert dark\">\n<p><span style=\"color: #f5f5f5;\">Par une action dirig\u00e9e, nous cherchons \u00e0 tester les limites psychologiques et physiques des participants, en identifiant les auto-limitations qui bloquent leur capacit\u00e9 \u00e0 avancer. Souvent, ces barri\u00e8res sont le r\u00e9sultat d\u2019une autoprotection excessive, d\u2019un manque de confiance en soi ou de peurs et d\u2019ins\u00e9curit\u00e9s profond\u00e9ment enracin\u00e9es. <\/span><\/p>\n<p><span style=\"color: #f5f5f5;\">Chaque personne poss\u00e8de une r\u00e9serve de potentiel insoup\u00e7onn\u00e9e pour surmonter ses propres limites, ins\u00e9curit\u00e9s et peurs. Lorsque les participants sont confront\u00e9s \u00e0 des situations qui les am\u00e8nent \u00e0 d\u00e9passer les limites de ce qu\u2019ils consid\u00e8rent comme s\u00fbr ou confortable, ils d\u00e9couvrent souvent une force int\u00e9rieure surprenante et sans \u00e9quivoque lib\u00e9ratrice. <\/span><\/p>\n<p><span style=\"color: #f5f5f5;\">Se soumettre \u00e0 un stress mesur\u00e9 et contr\u00f4l\u00e9, tout en s\u2019aventurant dans l\u2019inconnu, permet \u00e0 cette force d\u2019\u00e9merger spontan\u00e9ment. Aider les gens \u00e0 franchir cette fronti\u00e8re et \u00e0 sortir de leur zone de confort, ainsi qu\u2019\u00e0 faire des efforts personnels pour faire face aux d\u00e9fis, est l\u2019objectif principal de cette dynamique de travail et d\u2019activit\u00e9. <\/span><\/p>\n<p><span style=\"color: #f5f5f5;\">Notre objectif est de renforcer la confiance et l\u2019estime de soi. Il ne s\u2019agit pas tant d\u2019atteindre toujours l\u2019objectif final, mais d\u2019essayer de surmonter ce que nous croyons \u00eatre nos limites. Croire en notre potentiel et en nos capacit\u00e9s est fondamental dans tous les domaines de la vie.  <\/span><\/p>\n<p><span style=\"color: #f5f5f5;\">Dans ces espaces de d\u00e9veloppement personnel, on ne parle plus de \u00ab formation \u00bb mais de \u00ab facilitation \u00bb des apprentissages. C\u2019est pour cette raison que nos programmes int\u00e8grent des \u00e9l\u00e9ments d\u2019incertitude, de r\u00e9alit\u00e9, de perception du risque, d\u2019excitation, d\u2019interaction et d\u2019effort. Ces composants sont capables de stimuler les participants \u00e0 sortir de leur zone de confort, \u00e0 relever de nouveaux d\u00e9fis et, finalement, \u00e0 surmonter les limites, \u00e0 transformer les peurs en opportunit\u00e9s et \u00e0 g\u00e9n\u00e9rer de nouvelles attitudes.  <\/span><\/p>\n<\/div>\n<\/div>\n<\/div>\n<\/div>\n<\/div>\n<\/div>\n<\/div>\n<\/div>\n<\/div>\n<\/div>\n<\/div>\n<\/div><\/div>\n<\/div><\/div><div id=\"panel-23457-6-0-1\" class=\"so-panel widget widget_pw_brochure_box widget-brochure-box panel-last-child\" data-index=\"7\" >\n\t<a class=\"brochure-box\" href=\"\" target=\"_self\">\n\t\t<span class=\"brochure-box__icon\"><i class=\"fa  \"><\/i><\/span>\n\t\t<span class=\"brochure-box__text\">VOIR LE PACK EXTREME ACTION HATCH<\/span>\n\t<\/a>\n\n<\/div><\/div><\/div><div id=\"pg-23457-7\"  class=\"panel-grid panel-no-style\" ><div id=\"pgc-23457-7-0\"  class=\"panel-grid-cell\" ><div id=\"panel-23457-7-0-0\" class=\"so-panel widget widget_sow-editor panel-first-child panel-last-child\" data-index=\"8\" ><div\n\t\t\t\n\t\t\tclass=\"so-widget-sow-editor so-widget-sow-editor-base\"\n\t\t\t\n\t\t>\n<div class=\"siteorigin-widget-tinymce textwidget\">\n\t<h3 style=\"text-align: center;\"><span style=\"color: #ff6600;\">La Fable de la Vache : Une histoire de changement et de croissance<\/span><\/h3>\n<p><span style=\"color: #f5f5f5;\">Il y a des histoires qui nous montrent comment les moments de crise peuvent devenir des opportunit\u00e9s de nous transformer. C'est l'histoire d'une famille humble et d'un moine en herbe qui ont appris ensemble le pouvoir du changement. <\/span><\/p>\n<p><img loading=\"lazy\" decoding=\"async\" class=\"aligncenter wp-image-23171 size-large\" src=\"https:\/\/costabravaparcaventura.com\/wp-content\/uploads\/2025\/01\/meditacion-del-valle-Btsj76zIhdo-y9ZGBObq6Sg.1400x1400-e1737024300481-1024x578.jpg\" alt=\"\" width=\"1024\" height=\"578\" srcset=\"https:\/\/costabravaparcaventura.com\/wp-content\/uploads\/2025\/01\/meditacion-del-valle-Btsj76zIhdo-y9ZGBObq6Sg.1400x1400-e1737024300481-1024x578.jpg 1024w, https:\/\/costabravaparcaventura.com\/wp-content\/uploads\/2025\/01\/meditacion-del-valle-Btsj76zIhdo-y9ZGBObq6Sg.1400x1400-e1737024300481-300x169.jpg 300w, https:\/\/costabravaparcaventura.com\/wp-content\/uploads\/2025\/01\/meditacion-del-valle-Btsj76zIhdo-y9ZGBObq6Sg.1400x1400-e1737024300481-768x433.jpg 768w, https:\/\/costabravaparcaventura.com\/wp-content\/uploads\/2025\/01\/meditacion-del-valle-Btsj76zIhdo-y9ZGBObq6Sg.1400x1400-e1737024300481-428x242.jpg 428w, https:\/\/costabravaparcaventura.com\/wp-content\/uploads\/2025\/01\/meditacion-del-valle-Btsj76zIhdo-y9ZGBObq6Sg.1400x1400-e1737024300481-600x339.jpg 600w, https:\/\/costabravaparcaventura.com\/wp-content\/uploads\/2025\/01\/meditacion-del-valle-Btsj76zIhdo-y9ZGBObq6Sg.1400x1400-e1737024300481.jpg 1400w\" sizes=\"auto, (max-width: 1024px) 100vw, 1024px\" \/><\/p>\n<p><span style=\"color: #f5f5f5;\">Il y a de nombreuses ann\u00e9es, dans un monast\u00e8re chinois, vivait un moine aspirant, anim\u00e9 d\u2019un grand d\u00e9sir d\u2019apprendre. Un jour, son professeur lui a sugg\u00e9r\u00e9 de partir en voyage pour d\u00e9couvrir le pays. Le jeune homme, enthousiasm\u00e9 par l'opportunit\u00e9, se pr\u00e9para et ils partirent ensemble.  <\/span><\/p>\n<p><span style=\"color: #f5f5f5;\">Apr\u00e8s avoir march\u00e9 pendant plusieurs jours, ils arriv\u00e8rent dans un petit village o\u00f9 vivait une famille tr\u00e8s humble. Lorsque les deux voyageurs ont demand\u00e9 un logement et de la nourriture, la famille les a accueillis g\u00e9n\u00e9reusement et a partag\u00e9 avec eux tout ce qu'ils avaient. Intrigu\u00e9, l\u2019aspirant moine leur a demand\u00e9 comment ils parvenaient \u00e0 survivre avec si peu de ressources.  <\/span><\/p>\n<p><span style=\"color: #f5f5f5;\">\u00ab Eh bien, nous avons une vache \u00bb, r\u00e9pondit le chef de famille.<\/span><br \/><span style=\"color: #f5f5f5;\">Le jeune homme le regarda avec curiosit\u00e9, et l'homme ajouta :<\/span><br \/><span style=\"color: #f5f5f5;\">\u2014 La vache nous donne tout ce dont nous avons besoin. Il nous donne du lait, avec lequel nous fabriquons du fromage. Ensuite, on \u00e9change le fromage contre d'autres aliments, et c'est comme \u00e7a qu'on s'en sort.  <\/span><\/p>\n<p><span style=\"color: #f5f5f5;\">Cette nuit-l\u00e0, le ma\u00eetre parla \u00e0 son disciple et lui donna un ordre surprenant :<\/span><br \/><span style=\"color: #f5f5f5;\">\u2014 Maintenant, quand tout le monde dort, va effrayer la vache pour qu'elle tombe dans le ravin.<\/span><br \/><span style=\"color: #f5f5f5;\">- Mais...! s'exclama l'aspirant, surpris. Comment puis-je faire cela ? La vache est leur seule source de subsistance !   <\/span><\/p>\n<p><span style=\"color: #f5f5f5;\">Le professeur, sans rien dire d'autre, se retourna et partit. D\u00e9concert\u00e9, le jeune homme passa de longues heures \u00e0 d\u00e9battre avec lui-m\u00eame. Finalement, faisant confiance \u00e0 son ma\u00eetre, il fit ce qu'on lui avait ordonn\u00e9 : il effraya la vache et la fit dispara\u00eetre.  <\/span><\/p>\n<p><span style=\"color: #f5f5f5;\">Le poids de la culpabilit\u00e9 \u00e9tait cependant trop lourd. L'aspirant quitta le monast\u00e8re et d\u00e9cida de voyager. Pendant des mois, il n'a pas pu s'emp\u00eacher de penser \u00e0 sa famille et \u00e0 la fa\u00e7on dont il leur avait fait du mal. Au fil du temps, il a d\u00e9cid\u00e9 de travailler dur pour gagner suffisamment d\u2019argent pour leur acheter une autre vache et les d\u00e9dommager.   <\/span><\/p>\n<p><img loading=\"lazy\" decoding=\"async\" class=\"aligncenter wp-image-23175 size-large\" src=\"https:\/\/costabravaparcaventura.com\/wp-content\/uploads\/2025\/01\/predica-cristiana-la-mujer-del-flujo-de-sangre-e1737024054539-1024x577.jpg\" alt=\"\" width=\"1024\" height=\"577\" srcset=\"https:\/\/costabravaparcaventura.com\/wp-content\/uploads\/2025\/01\/predica-cristiana-la-mujer-del-flujo-de-sangre-e1737024054539-1024x577.jpg 1024w, https:\/\/costabravaparcaventura.com\/wp-content\/uploads\/2025\/01\/predica-cristiana-la-mujer-del-flujo-de-sangre-e1737024054539-300x169.jpg 300w, https:\/\/costabravaparcaventura.com\/wp-content\/uploads\/2025\/01\/predica-cristiana-la-mujer-del-flujo-de-sangre-e1737024054539-768x433.jpg 768w, https:\/\/costabravaparcaventura.com\/wp-content\/uploads\/2025\/01\/predica-cristiana-la-mujer-del-flujo-de-sangre-e1737024054539-1536x866.jpg 1536w, https:\/\/costabravaparcaventura.com\/wp-content\/uploads\/2025\/01\/predica-cristiana-la-mujer-del-flujo-de-sangre-e1737024054539-428x242.jpg 428w, https:\/\/costabravaparcaventura.com\/wp-content\/uploads\/2025\/01\/predica-cristiana-la-mujer-del-flujo-de-sangre-e1737024054539-600x338.jpg 600w, https:\/\/costabravaparcaventura.com\/wp-content\/uploads\/2025\/01\/predica-cristiana-la-mujer-del-flujo-de-sangre-e1737024054539.jpg 1920w\" sizes=\"auto, (max-width: 1024px) 100vw, 1024px\" \/><\/p>\n<p><span style=\"color: #f5f5f5;\">Apr\u00e8s des ann\u00e9es d\u2019efforts, il a finalement r\u00e9ussi \u00e0 r\u00e9unir l\u2019argent n\u00e9cessaire et est retourn\u00e9 au village. Quand il est arriv\u00e9, il a \u00e9t\u00e9 surpris. L\u00e0 o\u00f9 se trouvait autrefois une humble cabane, se dresse aujourd'hui un h\u00f4tel confortable entour\u00e9 d'un grand verger, avec un lac rempli de canards et une activit\u00e9 florissante. D\u00e9concert\u00e9, il s'approcha de l'homme qui se reposait devant l'h\u00f4tel.   <\/span><\/p>\n<p><span style=\"color: #f5f5f5;\">\u2014 Excusez-moi, il y avait ici une famille tr\u00e8s humble qui avait une vache, n'est-ce pas ? \u2014 demanda-t-il. <\/span><br \/><span style=\"color: #f5f5f5;\">\u2014 Oui, oui, c'est nous ! \u2014 r\u00e9pondit l'homme avec un sourire. <\/span><br \/><span style=\"color: #f5f5f5;\">\u2014 Mais... comment ont-ils pu prosp\u00e9rer \u00e0 ce point ? \u2014 s'exclama l'ancien moine aspirant. <\/span><\/p>\n<p><span style=\"color: #f5f5f5;\">L'homme rit complicement et expliqua :<\/span><br \/><span style=\"color: #f5f5f5;\">\u2014 Un jour, la vache a disparu. Au d\u00e9but, nous \u00e9tions d\u00e9sesp\u00e9r\u00e9s, car nous ne savions pas de quoi nous vivrions. Mais nous avons d\u00fb r\u00e9fl\u00e9chir et chercher des alternatives. Nous avons r\u00e9alis\u00e9 que notre terre \u00e9tait fertile et avons commenc\u00e9 \u00e0 planter des l\u00e9gumes. Les vergers ont donn\u00e9 des fruits tr\u00e8s t\u00f4t. Nous avons \u00e9chang\u00e9 des l\u00e9gumes contre d\u2019autres aliments et vendu ce qui restait. Cela nous a permis d\u2019acheter plus d\u2019animaux et de nous d\u00e9velopper. Au fil du temps, nous avons am\u00e9lior\u00e9 la maison, commenc\u00e9 \u00e0 louer des chambres... et maintenant nous sommes le seul h\u00f4tel du quartier.       <\/span><\/p>\n<p><span style=\"color: #f5f5f5;\">L'ancien aspirant a finalement compris la le\u00e7on de son professeur. Parfois, il est n\u00e9cessaire de perdre ce qui nous donne de la s\u00e9curit\u00e9 pour d\u00e9couvrir notre v\u00e9ritable potentiel. La disparition de la vache a \u00e9t\u00e9 le tournant qui a pouss\u00e9 la famille \u00e0 quitter sa zone de confort et \u00e0 trouver de nouvelles opportunit\u00e9s de croissance et de prosp\u00e9rit\u00e9.  <\/span><\/p>\n<p><span style=\"color: #f5f5f5;\"><strong>Morale :<\/strong> Souvent, nous nous accrochons \u00e0 ce qui nous donne de la s\u00e9curit\u00e9, sans nous rendre compte que cela peut aussi \u00eatre une limitation. Ce n\u2019est que lorsque nous osons sortir de notre zone de confort et affronter l\u2019inconnu que nous pouvons d\u00e9couvrir notre v\u00e9ritable potentiel. <\/span><\/p>\n<\/div>\n<\/div><\/div><\/div><\/div><div id=\"pg-23457-8\"  class=\"panel-grid panel-has-style\" ><div class=\"so-rounded panel-row-style panel-row-style-for-23457-8\" ><div id=\"pgc-23457-8-0\"  class=\"panel-grid-cell\" ><div id=\"panel-23457-8-0-0\" class=\"so-panel widget widget_sow-editor panel-first-child panel-last-child\" data-index=\"9\" ><div class=\"so-rounded panel-widget-style panel-widget-style-for-23457-8-0-0\" ><div\n\t\t\t\n\t\t\tclass=\"so-widget-sow-editor so-widget-sow-editor-base\"\n\t\t\t\n\t\t>\n<div class=\"siteorigin-widget-tinymce textwidget\">\n\t<h1 style=\"text-align: center;\"><span style=\"color: #ffffff; font-size: 32px; background: -webkit-linear-gradient(#fe5000, #ff7350); -webkit-background-clip: text; -webkit-text-fill-color: transparent; display: inline-block;\">PACK HATCH ACTION EXTR\u00caME<\/span><\/h1>\n<p style=\"text-align: center;\"><span style=\"color: #f2f2f2;\"><strong>Multi-activit\u00e9s extr\u00eames<\/strong><\/span><\/p>\n<p style=\"margin: 0in; font-family: Calibri; font-size: 14pt; color: black; text-align: center;\"><span style=\"font-weight: bold; color: #f2f2f2;\">Pour ce pack, aucune condition physique particuli\u00e8re n'est n\u00e9cessaire, mais une d\u00e9termination et une volont\u00e9 de fer pour r\u00e9ussir les \u00e9preuves et d\u00e9fis sont requises.<\/span><\/p>\n<p style=\"padding-left: 40px; text-align: center;\"><span style=\"color: #f2f2f2;\"> <span style=\"line-height: 32px;\"><span class=\"icon-container\"><span class=\"fa fa-long-arrow-right\" style=\"color:#fe5000;\"><\/span><\/span>Capacit\u00e9 jusqu'\u00e0 60 personnes<\/span> . minimum 30 personnes. <\/span><\/p>\n<p style=\"text-align: center;\"><span style=\"color: #f2f2f2;\"><span style=\"line-height: 32px;\"><span class=\"icon-container\"><span class=\"fa fa-long-arrow-right\" style=\"color:#fe5000;\"><\/span><\/span> <\/span>Prix \u200b\u200b: 46 \u20ac par personne. TVA non incluse. <\/span><\/p>\n<p style=\"padding-left: 40px; text-align: center;\"><span style=\"color: #f2f2f2;\"><strong>Comprend :<\/strong><\/span><\/p>\n<p style=\"text-align: center;\"><span style=\"color: #f2f2f2;\"><span style=\"line-height: 32px;\"><span class=\"icon-container\"><span class=\"fa fa-long-arrow-right\" style=\"color:#fe5000;\"><\/span><\/span>  Sp\u00e9cialiste des activit\u00e9s de plein air.<\/span><\/span><\/p>\n<p style=\"text-align: center;\"><span style=\"color: #f2f2f2;\"><span style=\"line-height: 32px;\"><span class=\"icon-container\"><span class=\"fa fa-long-arrow-right\" style=\"color:#fe5000;\"><\/span><\/span>  1 moniteur pour 10 personnes, qui vous accompagnera tout au long de l'exp\u00e9rience.<\/span><\/span><\/p>\n<p style=\"text-align: center;\"><span style=\"color: #f2f2f2;\"><strong>Activit\u00e9s programm\u00e9es :<\/strong><\/span><\/p>\n<p style=\"padding-left: 40px; text-align: center;\"><span style=\"color: #f2f2f2; line-height: 32px;\"><span class=\"icon-container\"><span class=\"fa fa-long-arrow-right\" style=\"color:#fe5000;\"><\/span><\/span> <strong>Parachutisme (13 m\u00e8tres avec surprise)<\/strong><br \/> Un saut excitant dans le vide qui fera monter votre adr\u00e9naline. Un moment unique pour relever votre d\u00e9fi personnel. <\/span><\/p>\n<p style=\"padding-left: 40px; text-align: center;\"><span style=\"color: #f2f2f2; line-height: 32px;\"><span class=\"icon-container\"><span class=\"fa fa-long-arrow-right\" style=\"color:#fe5000;\"><\/span><\/span> <strong>Accrobranche (jusqu'\u00e0 11 m\u00e8tres)<\/strong><br \/> Avec 4 niveaux de difficult\u00e9, l'objectif est d'atteindre le sommet, en surmontant vos limites physiques et mentales.<\/span><\/p>\n<p style=\"padding-left: 40px; text-align: center;\"><span style=\"color: #f2f2f2; line-height: 32px;\"><span class=\"icon-container\"><span class=\"fa fa-long-arrow-right\" style=\"color:#fe5000;\"><\/span><\/span> <strong>Escalade sur le r\u00e9seau mobile (6 m\u00e8tres)<\/strong><br \/> Un r\u00e9seau qui n'est pas fixe, ce qui rend le d\u00e9fi de l'escalade plus difficile et passionnant.<\/span><\/p>\n<p style=\"padding-left: 40px; text-align: center;\"><span style=\"color: #f2f2f2; line-height: 32px;\"><span class=\"icon-container\"><span class=\"fa fa-long-arrow-right\" style=\"color:#fe5000;\"><\/span><\/span> <strong>Circuit Noir (exigeant et technique)<\/strong><br \/> A 10 m\u00e8tres de haut, ce circuit mettra au d\u00e9fi vos capacit\u00e9s physiques et techniques. Nos moniteurs vous aideront \u00e0 le surmonter. <\/span><\/p>\n<p style=\"padding-left: 40px; text-align: center;\"><span style=\"color: #f2f2f2; line-height: 32px;\"><span class=\"icon-container\"><span class=\"fa fa-long-arrow-right\" style=\"color:#fe5000;\"><\/span><\/span> <strong>Rappel (descente de 10 m\u00e8tres)<\/strong><br \/> Une descente contr\u00f4l\u00e9e avec corde sous la surveillance de nos techniciens.<\/span><\/p>\n<p style=\"padding-left: 40px; text-align: center;\"><span style=\"color: #f2f2f2; line-height: 32px;\"><span class=\"icon-container\"><span class=\"fa fa-long-arrow-right\" style=\"color:#fe5000;\"><\/span><\/span> <strong>Paintball (combat minoritaire)<\/strong><br \/> Chaque \u00e9quipe choisit 4 leaders pour affronter une \u00e9quipe ennemie plus grande. Les strat\u00e9gies sont con\u00e7ues pour rem\u00e9dier aux d\u00e9savantages num\u00e9riques. <\/span><\/p>\n<p style=\"padding-left: 40px; text-align: center;\"><span style=\"color: #f2f2f2; line-height: 32px;\"><span class=\"icon-container\"><span class=\"fa fa-long-arrow-right\" style=\"color:#fe5000;\"><\/span><\/span> <strong>Parcours de tir (2 cach\u00e9s et 2 tirs)<\/strong><br \/> Un d\u00e9fi pour esquiver et survivre pendant que le combat se d\u00e9roule dans une zone strat\u00e9gique.<\/span><\/p>\n<p style=\"padding-left: 40px; text-align: center;\"><span style=\"color: #f2f2f2; line-height: 32px;\"><span class=\"icon-container\"><span class=\"fa fa-long-arrow-right\" style=\"color:#fe5000;\"><\/span><\/span> <strong>Parc d'\u00e9quilibre<\/strong><br \/> Une activit\u00e9 pour tester votre \u00e9quilibre et votre contr\u00f4le corporel dans diff\u00e9rents obstacles.<\/span><\/p>\n<p style=\"padding-left: 40px; text-align: center;\"><span style=\"color: #f2f2f2;\"><strong>Fin de l'activit\u00e9 :<\/strong><\/span><\/p>\n<p style=\"padding-left: 40px; text-align: center;\"><span style=\"color: #f2f2f2;\">Une fois les tests termin\u00e9s, chaque participant partagera ses impressions et son ressenti. Nous conclurons par une courte discussion pour \u00e9valuer l\u2019exp\u00e9rience. <\/span><\/p>\n<p style=\"text-align: center;\"><span style=\"color: #f2f2f2;\"><strong>Dur\u00e9e:<\/strong><\/span><\/p>\n<p style=\"text-align: center;\"><span style=\"color: #f2f2f2;\">Environ 5 heures de plaisir et d'adr\u00e9naline.<\/span><\/p>\n<\/div>\n<\/div><\/div><\/div><\/div><\/div><\/div><div id=\"pg-23457-9\"  class=\"panel-grid panel-no-style\" ><div id=\"pgc-23457-9-0\"  class=\"panel-grid-cell\" ><div id=\"panel-23457-9-0-0\" class=\"so-panel widget widget_pw_special_title widget-special-title panel-first-child panel-last-child\" data-index=\"10\" >\t\t\t<h2 class=\"special-title\">\n\t\t\t\tFORMULAIRE\t\t\t<\/h2>\n\t\t<\/div><\/div><\/div><div id=\"pg-23457-10\"  class=\"panel-grid panel-no-style\" ><div id=\"pgc-23457-10-0\"  class=\"panel-grid-cell\" ><div id=\"panel-23457-10-0-0\" class=\"so-panel widget widget_sow-editor panel-first-child panel-last-child\" data-index=\"11\" ><div\n\t\t\t\n\t\t\tclass=\"so-widget-sow-editor so-widget-sow-editor-base\"\n\t\t\t\n\t\t>\n<div class=\"siteorigin-widget-tinymce textwidget\">\n\t\n<div class=\"wpcf7 no-js\" id=\"wpcf7-f22351-o1\" lang=\"en-US\" dir=\"ltr\" data-wpcf7-id=\"22351\">\n<div class=\"screen-reader-response\"><p role=\"status\" aria-live=\"polite\" aria-atomic=\"true\"><\/p> <ul><\/ul><\/div>\n<form action=\"\/fr\/wp-json\/wp\/v2\/pages\/23457#wpcf7-f22351-o1\" method=\"post\" class=\"wpcf7-form init\" aria-label=\"Contact form\" novalidate=\"novalidate\" data-status=\"init\">\n<fieldset class=\"hidden-fields-container\"><input type=\"hidden\" name=\"_wpcf7\" value=\"22351\" \/><input type=\"hidden\" name=\"_wpcf7_version\" value=\"6.1.5\" \/><input type=\"hidden\" name=\"_wpcf7_locale\" value=\"en_US\" \/><input type=\"hidden\" name=\"_wpcf7_unit_tag\" value=\"wpcf7-f22351-o1\" \/><input type=\"hidden\" name=\"_wpcf7_container_post\" value=\"0\" \/><input type=\"hidden\" name=\"_wpcf7_posted_data_hash\" value=\"\" \/><input type=\"hidden\" name=\"_wpcf7cf_hidden_group_fields\" value=\"[]\" \/><input type=\"hidden\" name=\"_wpcf7cf_hidden_groups\" value=\"[]\" \/><input type=\"hidden\" name=\"_wpcf7cf_visible_groups\" value=\"[]\" \/><input type=\"hidden\" name=\"_wpcf7cf_repeaters\" value=\"[]\" \/><input type=\"hidden\" name=\"_wpcf7cf_steps\" value=\"{}\" \/><input type=\"hidden\" name=\"_wpcf7cf_options\" value=\"{&quot;form_id&quot;:22351,&quot;conditions&quot;:[{&quot;then_field&quot;:&quot;group-escolar-junior&quot;,&quot;and_rules&quot;:[{&quot;if_field&quot;:&quot;experiencia&quot;,&quot;operator&quot;:&quot;equals&quot;,&quot;if_value&quot;:&quot;Activit\\u00e9s \\u00e9cole primaire (+ 8 ans)&quot;}]}],&quot;settings&quot;:{&quot;animation&quot;:&quot;yes&quot;,&quot;animation_intime&quot;:200,&quot;animation_outtime&quot;:200,&quot;conditions_ui&quot;:&quot;normal&quot;,&quot;notice_dismissed&quot;:false}}\" \/><input type=\"hidden\" name=\"_wpcf7_recaptcha_response\" value=\"\" \/>\n<\/fieldset>\n<div class=\"row\">\n\t<div class=\"col-xs-12  col-lg-6\">\n\t\t<p><span class=\"wpcf7-form-control-wrap\" data-name=\"nombre\"><input size=\"40\" maxlength=\"400\" class=\"wpcf7-form-control wpcf7-text wpcf7-validates-as-required form-control\" aria-required=\"true\" aria-invalid=\"false\" placeholder=\"Nom*\" value=\"\" type=\"text\" name=\"nombre\" \/><\/span>\n\t\t<\/p>\n\t<\/div>\n\t<div class=\"col-xs-12  col-lg-6\">\n\t\t<p><span class=\"wpcf7-form-control-wrap\" data-name=\"email\"><input size=\"40\" maxlength=\"400\" class=\"wpcf7-form-control wpcf7-email wpcf7-validates-as-required wpcf7-text wpcf7-validates-as-email form-control\" aria-required=\"true\" aria-invalid=\"false\" placeholder=\"E-mail*\" value=\"\" type=\"email\" name=\"email\" \/><\/span>\n\t\t<\/p>\n\t<\/div>\n\t<div class=\"col-xs-12  col-lg-6\">\n\t\t<p><span class=\"wpcf7-form-control-wrap\" data-name=\"telefono\"><input size=\"40\" maxlength=\"400\" class=\"wpcf7-form-control wpcf7-text wpcf7-validates-as-required form-control\" aria-required=\"true\" aria-invalid=\"false\" placeholder=\"T\u00e9l\u00e9phone*\" value=\"\" type=\"text\" name=\"telefono\" \/><\/span>\n\t\t<\/p>\n\t<\/div>\n\t<div class=\"col-xs-12  col-lg-6\">\n\t\t<p><span class=\"wpcf7-form-control-wrap\" data-name=\"experiencia\"><select class=\"wpcf7-form-control wpcf7-select wpcf7-validates-as-required\" aria-required=\"true\" aria-invalid=\"false\" name=\"experiencia\"><option value=\"\">S\u00e9lectionnez votre exp\u00e9rience*<\/option><option value=\"Anniversaire des enfants\">Anniversaire des enfants<\/option><option value=\"Anniversaire junior\">Anniversaire junior<\/option><option value=\"Anniversaire adulte\">Anniversaire adulte<\/option><option value=\"Enterrement de vie\">Enterrement de vie<\/option><option value=\"Team building\">Team building<\/option><option value=\"Activit\u00e9 scolaire enfants (de 4 \u00e0 7 ans)\">Activit\u00e9 scolaire enfants (de 4 \u00e0 7 ans)<\/option><option value=\"Activit\u00e9s \u00e9cole primaire (+ 8 ans)\">Activit\u00e9s \u00e9cole primaire (+ 8 ans)<\/option><option value=\"Aventure nocturne\">Aventure nocturne<\/option><option value=\"\u00c9v\u00e9nements d&#039;entreprise\">\u00c9v\u00e9nements d&#039;entreprise<\/option><option value=\"Lancer de hache\">Lancer de hache<\/option><option value=\"Archery Combat\">Archery Combat<\/option><option value=\"Extreme Action Hatch\">Extreme Action Hatch<\/option><\/select><\/span>\n\t\t<\/p>\n\t<\/div>\n\t<div class=\"col-xs-12  col-lg-6\">\n\t\t<p><span class=\"wpcf7-form-control-wrap\" data-name=\"parque\"><select class=\"wpcf7-form-control wpcf7-select wpcf7-validates-as-required\" aria-required=\"true\" aria-invalid=\"false\" name=\"parque\"><option value=\"\">S\u00e9lectionnez le parc*<\/option><option value=\"Pals\">Pals<\/option><option value=\"Platja d&#039;Aro\">Platja d&#039;Aro<\/option><\/select><\/span>\n\t\t<\/p>\n\t<\/div>\n\t<div class=\"col-xs-12 col-lg-6\">\n\t\t<div data-id=\"group-escolar-junior\" data-orig_data_id=\"group-escolar-junior\"  class=\"\" data-class=\"wpcf7cf_group\">\n\t\t\t<p><span class=\"wpcf7-form-control-wrap\" data-name=\"escolar-junior\"><select class=\"wpcf7-form-control wpcf7-select wpcf7-validates-as-required\" aria-required=\"true\" aria-invalid=\"false\" name=\"escolar-junior\"><option value=\"S\u00e9lectionnez le forfait de votre choix\">S\u00e9lectionnez le forfait de votre choix<\/option><option value=\"Mapuche\">Mapuche<\/option><option value=\"Tuareg\">Tuareg<\/option><option value=\"Mamut\">Mamut<\/option><option value=\"Zingars\">Zingars<\/option><option value=\"Yanomani\">Yanomani<\/option><\/select><\/span>\n\t\t\t<\/p>\n\t\t<\/div>\n\t<\/div>\n\t<div class=\"col-xs-12\">\n\t\t<p><span class=\"wpcf7-form-control-wrap\" data-name=\"message\"><textarea cols=\"40\" rows=\"10\" maxlength=\"2000\" class=\"wpcf7-form-control wpcf7-textarea wpcf7-validates-as-required form-control\" aria-required=\"true\" aria-invalid=\"false\" placeholder=\"Commentaires*\" name=\"message\"><\/textarea><\/span><br \/>\n<span class=\"wpcf7-form-control-wrap\" data-name=\"acceptance-838\"><span class=\"wpcf7-form-control wpcf7-acceptance\"><span class=\"wpcf7-list-item\"><label><input type=\"checkbox\" name=\"acceptance-838\" value=\"1\" aria-invalid=\"false\" \/><span class=\"wpcf7-list-item-label\">J'ai lu et j'accepte votre <a href=\"https:\/\/costabravaparcaventura.com\/es\/politica-de-privacidad-y-cookies\/\">politique de confidentialit\u00e9<\/a><\/span><\/label><\/span><\/span><\/span>\n\t\t<\/p>\n\t\t<div class=\"wpcf7-notice\" style=\"font-size: 16px;\">\n\t\t\t<p>* Champs obligatoires.\n\t\t\t<\/p>\n\t\t<\/div>\n\t\t<div class=\"wpcf7-notice\" style=\"font-size: 16px;\">\n\t\t\t<p>* Costa Brava Parc Aventura utilisera mes donn\u00e9es pour r\u00e9soudre ma requ\u00eate et les enregistrera pour maintenir un contact commercial avec moi, en les supprimant \u00e0 ma demande expresse conform\u00e9ment \u00e0 la loi en vigueur. J'accepte que ces donn\u00e9es soient utilis\u00e9es pour m'inclure dans une liste de diffusion contenant des informations sur votre projet et les promotions associ\u00e9es.\n\t\t\t<\/p>\n\t\t<\/div>\n\t\t<div>\n\t\t\t<p><input class=\"wpcf7-form-control wpcf7-submit has-spinner experienciasform btn btn-primary\" type=\"submit\" value=\"ENVOYER\" \/>\n\t\t\t<\/p>\n\t\t<\/div>\n\t<\/div>\n<\/div><input\n                    class=\"apbct_special_field apbct_email_id__wp_contact_form_7\"\n                    name=\"apbct__email_id__wp_contact_form_7\"\n                    aria-label=\"apbct__label_id__wp_contact_form_7\"\n                    type=\"text\" size=\"30\" maxlength=\"200\" autocomplete=\"off\"\n                    value=\"\"\n                \/><p style=\"display: none !important;\" class=\"akismet-fields-container\" data-prefix=\"_wpcf7_ak_\"><label>&#916;<textarea name=\"_wpcf7_ak_hp_textarea\" cols=\"45\" rows=\"8\" maxlength=\"100\"><\/textarea><\/label><input type=\"hidden\" id=\"ak_js_1\" name=\"_wpcf7_ak_js\" value=\"214\"\/><script type=\"text\/javascript\">\n\/* <![CDATA[ *\/\ndocument.getElementById( \"ak_js_1\" ).setAttribute( \"value\", ( new Date() ).getTime() );\n\/* ]]> *\/\n<\/script>\n<\/p><input type='hidden' class='wpcf7-pum' value='{\"closepopup\":false,\"closedelay\":0,\"openpopup\":false,\"openpopup_id\":0}' \/><div class=\"wpcf7-response-output\" aria-hidden=\"true\"><\/div>\n<\/form>\n<\/div>\n\n<\/div>\n<\/div><\/div><\/div><\/div><\/div>","protected":false},"excerpt":{"rendered":"<p>EXTREME ACTION HATCH \u00ab N\u2019ayez pas peur de vous d\u00e9velopper, de sortir de votre zone de confort. C&rsquo;est ici que r\u00e9sident la joie et l&rsquo;aventure.\u00a0\u00bb -Herbie Hancock-<\/p>\n","protected":false},"author":1,"featured_media":0,"parent":0,"menu_order":0,"comment_status":"closed","ping_status":"closed","template":"template-front-page-slider-alt.php","meta":{"_acf_changed":false,"footnotes":""},"class_list":{"0":"post-23457","1":"page","2":"type-page","3":"status-publish","5":"clearfix","6":"article"},"acf":[],"yoast_head":"<!-- This site is optimized with the Yoast SEO plugin v27.5 - https:\/\/yoast.com\/product\/yoast-seo-wordpress\/ -->\n<title>Extreme action hatch - Costa Brava Parc Aventura<\/title>\n<meta name=\"robots\" content=\"index, follow, max-snippet:-1, max-image-preview:large, max-video-preview:-1\" \/>\n<link rel=\"canonical\" href=\"https:\/\/costabravaparcaventura.com\/fr\/eclosion-daction-extreme\/\" \/>\n<meta property=\"og:locale\" content=\"fr_FR\" \/>\n<meta property=\"og:type\" content=\"article\" \/>\n<meta property=\"og:title\" content=\"Extreme action hatch - Costa Brava Parc Aventura\" \/>\n<meta property=\"og:description\" content=\"EXTREME ACTION HATCH \u00ab N\u2019ayez pas peur de vous d\u00e9velopper, de sortir de votre zone de confort. C&#039;est ici que r\u00e9sident la joie et l&#039;aventure.&quot; -Herbie Hancock-\" \/>\n<meta property=\"og:url\" content=\"https:\/\/costabravaparcaventura.com\/fr\/eclosion-daction-extreme\/\" \/>\n<meta property=\"og:site_name\" content=\"Costa Brava Parc Aventura\" \/>\n<meta property=\"article:publisher\" content=\"https:\/\/www.facebook.com\/costabravaparcaventura\" \/>\n<meta property=\"article:modified_time\" content=\"2025-05-09T08:46:59+00:00\" \/>\n<meta property=\"og:image\" content=\"https:\/\/costabravaparcaventura.com\/wp-content\/uploads\/2025\/01\/meditacion-del-valle-Btsj76zIhdo-y9ZGBObq6Sg.1400x1400-e1737024300481-1024x578.jpg\" \/>\n<meta name=\"twitter:card\" content=\"summary_large_image\" \/>\n<meta name=\"twitter:site\" content=\"@BravaParc\" \/>\n<script type=\"application\/ld+json\" class=\"yoast-schema-graph\">{\"@context\":\"https:\\\/\\\/schema.org\",\"@graph\":[{\"@type\":\"WebPage\",\"@id\":\"https:\\\/\\\/costabravaparcaventura.com\\\/fr\\\/eclosion-daction-extreme\\\/\",\"url\":\"https:\\\/\\\/costabravaparcaventura.com\\\/fr\\\/eclosion-daction-extreme\\\/\",\"name\":\"Extreme action hatch - Costa Brava Parc Aventura\",\"isPartOf\":{\"@id\":\"https:\\\/\\\/costabravaparcaventura.com\\\/fr\\\/#website\"},\"primaryImageOfPage\":{\"@id\":\"https:\\\/\\\/costabravaparcaventura.com\\\/fr\\\/eclosion-daction-extreme\\\/#primaryimage\"},\"image\":{\"@id\":\"https:\\\/\\\/costabravaparcaventura.com\\\/fr\\\/eclosion-daction-extreme\\\/#primaryimage\"},\"thumbnailUrl\":\"https:\\\/\\\/costabravaparcaventura.com\\\/wp-content\\\/uploads\\\/2025\\\/01\\\/meditacion-del-valle-Btsj76zIhdo-y9ZGBObq6Sg.1400x1400-e1737024300481-1024x578.jpg\",\"datePublished\":\"2025-05-09T08:27:10+00:00\",\"dateModified\":\"2025-05-09T08:46:59+00:00\",\"breadcrumb\":{\"@id\":\"https:\\\/\\\/costabravaparcaventura.com\\\/fr\\\/eclosion-daction-extreme\\\/#breadcrumb\"},\"inLanguage\":\"fr-FR\",\"potentialAction\":[{\"@type\":\"ReadAction\",\"target\":[\"https:\\\/\\\/costabravaparcaventura.com\\\/fr\\\/eclosion-daction-extreme\\\/\"]}]},{\"@type\":\"ImageObject\",\"inLanguage\":\"fr-FR\",\"@id\":\"https:\\\/\\\/costabravaparcaventura.com\\\/fr\\\/eclosion-daction-extreme\\\/#primaryimage\",\"url\":\"https:\\\/\\\/costabravaparcaventura.com\\\/wp-content\\\/uploads\\\/2025\\\/01\\\/meditacion-del-valle-Btsj76zIhdo-y9ZGBObq6Sg.1400x1400-e1737024300481-1024x578.jpg\",\"contentUrl\":\"https:\\\/\\\/costabravaparcaventura.com\\\/wp-content\\\/uploads\\\/2025\\\/01\\\/meditacion-del-valle-Btsj76zIhdo-y9ZGBObq6Sg.1400x1400-e1737024300481-1024x578.jpg\"},{\"@type\":\"BreadcrumbList\",\"@id\":\"https:\\\/\\\/costabravaparcaventura.com\\\/fr\\\/eclosion-daction-extreme\\\/#breadcrumb\",\"itemListElement\":[{\"@type\":\"ListItem\",\"position\":1,\"name\":\"Portada\",\"item\":\"https:\\\/\\\/costabravaparcaventura.com\\\/fr\\\/\"},{\"@type\":\"ListItem\",\"position\":2,\"name\":\"Extreme action hatch\"}]},{\"@type\":\"WebSite\",\"@id\":\"https:\\\/\\\/costabravaparcaventura.com\\\/fr\\\/#website\",\"url\":\"https:\\\/\\\/costabravaparcaventura.com\\\/fr\\\/\",\"name\":\"Costa Brava Parc Aventura\",\"description\":\"tirolinas costa brava\",\"publisher\":{\"@id\":\"https:\\\/\\\/costabravaparcaventura.com\\\/fr\\\/#organization\"},\"potentialAction\":[{\"@type\":\"SearchAction\",\"target\":{\"@type\":\"EntryPoint\",\"urlTemplate\":\"https:\\\/\\\/costabravaparcaventura.com\\\/fr\\\/?s={search_term_string}\"},\"query-input\":{\"@type\":\"PropertyValueSpecification\",\"valueRequired\":true,\"valueName\":\"search_term_string\"}}],\"inLanguage\":\"fr-FR\"},{\"@type\":\"Organization\",\"@id\":\"https:\\\/\\\/costabravaparcaventura.com\\\/fr\\\/#organization\",\"name\":\"Costa Brava Parc Aventura\",\"url\":\"https:\\\/\\\/costabravaparcaventura.com\\\/fr\\\/\",\"logo\":{\"@type\":\"ImageObject\",\"inLanguage\":\"fr-FR\",\"@id\":\"https:\\\/\\\/costabravaparcaventura.com\\\/fr\\\/#\\\/schema\\\/logo\\\/image\\\/\",\"url\":\"https:\\\/\\\/costabravaparcaventura.com\\\/wp-content\\\/uploads\\\/2023\\\/07\\\/logo_parc_aventura_600.jpg\",\"contentUrl\":\"https:\\\/\\\/costabravaparcaventura.com\\\/wp-content\\\/uploads\\\/2023\\\/07\\\/logo_parc_aventura_600.jpg\",\"width\":600,\"height\":600,\"caption\":\"Costa Brava Parc Aventura\"},\"image\":{\"@id\":\"https:\\\/\\\/costabravaparcaventura.com\\\/fr\\\/#\\\/schema\\\/logo\\\/image\\\/\"},\"sameAs\":[\"https:\\\/\\\/www.facebook.com\\\/costabravaparcaventura\",\"https:\\\/\\\/x.com\\\/BravaParc\",\"https:\\\/\\\/www.instagram.com\\\/costabravaparcaventura\\\/\",\"https:\\\/\\\/www.youtube.com\\\/user\\\/costabravaparc\"]}]}<\/script>\n<!-- \/ Yoast SEO plugin. -->","yoast_head_json":{"title":"Extreme action hatch - Costa Brava Parc Aventura","robots":{"index":"index","follow":"follow","max-snippet":"max-snippet:-1","max-image-preview":"max-image-preview:large","max-video-preview":"max-video-preview:-1"},"canonical":"https:\/\/costabravaparcaventura.com\/fr\/eclosion-daction-extreme\/","og_locale":"fr_FR","og_type":"article","og_title":"Extreme action hatch - Costa Brava Parc Aventura","og_description":"EXTREME ACTION HATCH \u00ab N\u2019ayez pas peur de vous d\u00e9velopper, de sortir de votre zone de confort. C'est ici que r\u00e9sident la joie et l'aventure.\" -Herbie Hancock-","og_url":"https:\/\/costabravaparcaventura.com\/fr\/eclosion-daction-extreme\/","og_site_name":"Costa Brava Parc Aventura","article_publisher":"https:\/\/www.facebook.com\/costabravaparcaventura","article_modified_time":"2025-05-09T08:46:59+00:00","og_image":[{"url":"https:\/\/costabravaparcaventura.com\/wp-content\/uploads\/2025\/01\/meditacion-del-valle-Btsj76zIhdo-y9ZGBObq6Sg.1400x1400-e1737024300481-1024x578.jpg","type":"","width":"","height":""}],"twitter_card":"summary_large_image","twitter_site":"@BravaParc","schema":{"@context":"https:\/\/schema.org","@graph":[{"@type":"WebPage","@id":"https:\/\/costabravaparcaventura.com\/fr\/eclosion-daction-extreme\/","url":"https:\/\/costabravaparcaventura.com\/fr\/eclosion-daction-extreme\/","name":"Extreme action hatch - Costa Brava Parc Aventura","isPartOf":{"@id":"https:\/\/costabravaparcaventura.com\/fr\/#website"},"primaryImageOfPage":{"@id":"https:\/\/costabravaparcaventura.com\/fr\/eclosion-daction-extreme\/#primaryimage"},"image":{"@id":"https:\/\/costabravaparcaventura.com\/fr\/eclosion-daction-extreme\/#primaryimage"},"thumbnailUrl":"https:\/\/costabravaparcaventura.com\/wp-content\/uploads\/2025\/01\/meditacion-del-valle-Btsj76zIhdo-y9ZGBObq6Sg.1400x1400-e1737024300481-1024x578.jpg","datePublished":"2025-05-09T08:27:10+00:00","dateModified":"2025-05-09T08:46:59+00:00","breadcrumb":{"@id":"https:\/\/costabravaparcaventura.com\/fr\/eclosion-daction-extreme\/#breadcrumb"},"inLanguage":"fr-FR","potentialAction":[{"@type":"ReadAction","target":["https:\/\/costabravaparcaventura.com\/fr\/eclosion-daction-extreme\/"]}]},{"@type":"ImageObject","inLanguage":"fr-FR","@id":"https:\/\/costabravaparcaventura.com\/fr\/eclosion-daction-extreme\/#primaryimage","url":"https:\/\/costabravaparcaventura.com\/wp-content\/uploads\/2025\/01\/meditacion-del-valle-Btsj76zIhdo-y9ZGBObq6Sg.1400x1400-e1737024300481-1024x578.jpg","contentUrl":"https:\/\/costabravaparcaventura.com\/wp-content\/uploads\/2025\/01\/meditacion-del-valle-Btsj76zIhdo-y9ZGBObq6Sg.1400x1400-e1737024300481-1024x578.jpg"},{"@type":"BreadcrumbList","@id":"https:\/\/costabravaparcaventura.com\/fr\/eclosion-daction-extreme\/#breadcrumb","itemListElement":[{"@type":"ListItem","position":1,"name":"Portada","item":"https:\/\/costabravaparcaventura.com\/fr\/"},{"@type":"ListItem","position":2,"name":"Extreme action hatch"}]},{"@type":"WebSite","@id":"https:\/\/costabravaparcaventura.com\/fr\/#website","url":"https:\/\/costabravaparcaventura.com\/fr\/","name":"Costa Brava Parc Aventura","description":"tirolinas costa brava","publisher":{"@id":"https:\/\/costabravaparcaventura.com\/fr\/#organization"},"potentialAction":[{"@type":"SearchAction","target":{"@type":"EntryPoint","urlTemplate":"https:\/\/costabravaparcaventura.com\/fr\/?s={search_term_string}"},"query-input":{"@type":"PropertyValueSpecification","valueRequired":true,"valueName":"search_term_string"}}],"inLanguage":"fr-FR"},{"@type":"Organization","@id":"https:\/\/costabravaparcaventura.com\/fr\/#organization","name":"Costa Brava Parc Aventura","url":"https:\/\/costabravaparcaventura.com\/fr\/","logo":{"@type":"ImageObject","inLanguage":"fr-FR","@id":"https:\/\/costabravaparcaventura.com\/fr\/#\/schema\/logo\/image\/","url":"https:\/\/costabravaparcaventura.com\/wp-content\/uploads\/2023\/07\/logo_parc_aventura_600.jpg","contentUrl":"https:\/\/costabravaparcaventura.com\/wp-content\/uploads\/2023\/07\/logo_parc_aventura_600.jpg","width":600,"height":600,"caption":"Costa Brava Parc Aventura"},"image":{"@id":"https:\/\/costabravaparcaventura.com\/fr\/#\/schema\/logo\/image\/"},"sameAs":["https:\/\/www.facebook.com\/costabravaparcaventura","https:\/\/x.com\/BravaParc","https:\/\/www.instagram.com\/costabravaparcaventura\/","https:\/\/www.youtube.com\/user\/costabravaparc"]}]}},"_links":{"self":[{"href":"https:\/\/costabravaparcaventura.com\/fr\/wp-json\/wp\/v2\/pages\/23457","targetHints":{"allow":["GET"]}}],"collection":[{"href":"https:\/\/costabravaparcaventura.com\/fr\/wp-json\/wp\/v2\/pages"}],"about":[{"href":"https:\/\/costabravaparcaventura.com\/fr\/wp-json\/wp\/v2\/types\/page"}],"author":[{"embeddable":true,"href":"https:\/\/costabravaparcaventura.com\/fr\/wp-json\/wp\/v2\/users\/1"}],"replies":[{"embeddable":true,"href":"https:\/\/costabravaparcaventura.com\/fr\/wp-json\/wp\/v2\/comments?post=23457"}],"version-history":[{"count":2,"href":"https:\/\/costabravaparcaventura.com\/fr\/wp-json\/wp\/v2\/pages\/23457\/revisions"}],"predecessor-version":[{"id":23469,"href":"https:\/\/costabravaparcaventura.com\/fr\/wp-json\/wp\/v2\/pages\/23457\/revisions\/23469"}],"wp:attachment":[{"href":"https:\/\/costabravaparcaventura.com\/fr\/wp-json\/wp\/v2\/media?parent=23457"}],"curies":[{"name":"wp","href":"https:\/\/api.w.org\/{rel}","templated":true}]}}