{"id":23377,"date":"2025-05-09T03:53:05","date_gmt":"2025-05-09T01:53:05","guid":{"rendered":"https:\/\/costabravaparcaventura.com\/escalade-dans-les-arbres\/"},"modified":"2025-05-09T11:00:30","modified_gmt":"2025-05-09T09:00:30","slug":"escalade-dans-les-arbres","status":"publish","type":"page","link":"https:\/\/costabravaparcaventura.com\/fr\/escalade-dans-les-arbres\/","title":{"rendered":"Escalade d&rsquo;arbre"},"content":{"rendered":"<div id=\"pl-23377\"  class=\"panel-layout\" ><div id=\"pg-23377-0\"  class=\"panel-grid panel-no-style\" ><div id=\"pgc-23377-0-0\"  class=\"panel-grid-cell\" ><div id=\"panel-23377-0-0-0\" class=\"so-panel widget widget_sow-editor panel-first-child panel-last-child\" data-index=\"0\" ><div\n\t\t\t\n\t\t\tclass=\"so-widget-sow-editor so-widget-sow-editor-base\"\n\t\t\t\n\t\t>\n<div class=\"siteorigin-widget-tinymce textwidget\">\n\t<h2 style=\"text-align: center;\"><span style=\"color: #fe5000;\"><strong>Au sommet de l'aventure : escalade d'arbres au parc Mamut Equilibri<\/strong><\/span><\/h2>\n<\/div>\n<\/div><\/div><\/div><\/div><div id=\"pg-23377-1\"  class=\"panel-grid panel-no-style\" ><div id=\"pgc-23377-1-0\"  class=\"panel-grid-cell\" ><div id=\"panel-23377-1-0-0\" class=\"so-panel widget widget_sow-editor panel-first-child panel-last-child\" data-index=\"1\" ><div\n\t\t\t\n\t\t\tclass=\"so-widget-sow-editor so-widget-sow-editor-base\"\n\t\t\t\n\t\t>\n<div class=\"siteorigin-widget-tinymce textwidget\">\n\t<p style=\"text-align: center;\"><span style=\"color: #f2f2f2;\">Ici, nous vous invitons \u00e0 repousser les limites de l'adr\u00e9naline et de l'aventure en relevant un d\u00e9fi unique. Equip\u00e9 d'un harnais de s\u00e9curit\u00e9, vous vous lancerez dans l'aventure de l'escalade d'un arbre majestueux de plus de 10 m\u00e8tres de haut. Les prises d'escalade seront vos meilleures alli\u00e9es lors de votre ascension vers le sommet. Et lorsque vous atteindrez le sommet, la satisfaction sera sans \u00e9gal lorsque vous sonnerez la cloche, marquant ainsi le succ\u00e8s personnel et la conqu\u00eate des hauteurs. Nous vous attendons pour une exp\u00e9rience d'escalade unique qui vous fera sentir comme de v\u00e9ritables conqu\u00e9rants de la nature. C'est parti pour l'aventure !     <\/span><\/p>\n<\/div>\n<\/div><\/div><\/div><\/div><div id=\"pg-23377-2\"  class=\"panel-grid panel-no-style\" ><div id=\"pgc-23377-2-0\"  class=\"panel-grid-cell\" ><div id=\"panel-23377-2-0-0\" class=\"so-panel widget widget_sow-image panel-first-child panel-last-child\" data-index=\"2\" ><div\n\t\t\t\n\t\t\tclass=\"so-widget-sow-image so-widget-sow-image-default-c67d20f9f743-23377\"\n\t\t\t\n\t\t>\n<div class=\"sow-image-container\">\n\t\t<img \n\tsrc=\"https:\/\/costabravaparcaventura.com\/wp-content\/uploads\/2024\/03\/5-1.webp\" width=\"683\" height=\"683\" srcset=\"https:\/\/costabravaparcaventura.com\/wp-content\/uploads\/2024\/03\/5-1.webp 683w, https:\/\/costabravaparcaventura.com\/wp-content\/uploads\/2024\/03\/5-1-300x300.webp 300w, https:\/\/costabravaparcaventura.com\/wp-content\/uploads\/2024\/03\/5-1-100x100.webp 100w, https:\/\/costabravaparcaventura.com\/wp-content\/uploads\/2024\/03\/5-1-600x600.webp 600w, https:\/\/costabravaparcaventura.com\/wp-content\/uploads\/2024\/03\/5-1-150x150.webp 150w\" sizes=\"(max-width: 683px) 100vw, 683px\" title=\"Noi al parc Mamut pujant l&#039;escalada a l&#039;arbre\" alt=\"Noi al parc Mamut pujant l&#039;escalada a l&#039;arbre\" \t\tclass=\"so-widget-image\"\/>\n\t<\/div>\n\n<\/div><\/div><\/div><div id=\"pgc-23377-2-1\"  class=\"panel-grid-cell\" ><div id=\"panel-23377-2-1-0\" class=\"so-panel widget widget_sow-image panel-first-child panel-last-child\" data-index=\"3\" ><div\n\t\t\t\n\t\t\tclass=\"so-widget-sow-image so-widget-sow-image-default-113ccd71f3e6-23377\"\n\t\t\t\n\t\t>\n<div class=\"sow-image-container\">\n\t\t<img \n\tsrc=\"https:\/\/costabravaparcaventura.com\/wp-content\/uploads\/2024\/03\/3.webp\" width=\"683\" height=\"683\" srcset=\"https:\/\/costabravaparcaventura.com\/wp-content\/uploads\/2024\/03\/3.webp 683w, https:\/\/costabravaparcaventura.com\/wp-content\/uploads\/2024\/03\/3-300x300.webp 300w, https:\/\/costabravaparcaventura.com\/wp-content\/uploads\/2024\/03\/3-100x100.webp 100w, https:\/\/costabravaparcaventura.com\/wp-content\/uploads\/2024\/03\/3-600x600.webp 600w, https:\/\/costabravaparcaventura.com\/wp-content\/uploads\/2024\/03\/3-150x150.webp 150w\" sizes=\"(max-width: 683px) 100vw, 683px\" title=\"Noi fent escalada a l&#039;arbre al parc Mamut\" alt=\"Noi fent escalada a l&#039;arbre al parc Mamut\" \t\tclass=\"so-widget-image\"\/>\n\t<\/div>\n\n<\/div><\/div><\/div><div id=\"pgc-23377-2-2\"  class=\"panel-grid-cell\" ><div id=\"panel-23377-2-2-0\" class=\"so-panel widget widget_sow-image panel-first-child panel-last-child\" data-index=\"4\" ><div\n\t\t\t\n\t\t\tclass=\"so-widget-sow-image so-widget-sow-image-default-113ccd71f3e6-23377\"\n\t\t\t\n\t\t>\n<div class=\"sow-image-container\">\n\t\t<img \n\tsrc=\"https:\/\/costabravaparcaventura.com\/wp-content\/uploads\/2024\/03\/4.webp\" width=\"683\" height=\"683\" srcset=\"https:\/\/costabravaparcaventura.com\/wp-content\/uploads\/2024\/03\/4.webp 683w, https:\/\/costabravaparcaventura.com\/wp-content\/uploads\/2024\/03\/4-300x300.webp 300w, https:\/\/costabravaparcaventura.com\/wp-content\/uploads\/2024\/03\/4-100x100.webp 100w, https:\/\/costabravaparcaventura.com\/wp-content\/uploads\/2024\/03\/4-600x600.webp 600w, https:\/\/costabravaparcaventura.com\/wp-content\/uploads\/2024\/03\/4-150x150.webp 150w\" sizes=\"(max-width: 683px) 100vw, 683px\" title=\"Noi escalant l&#039;arbre del parc Mamut\" alt=\"Noi escalant l&#039;arbre del parc Mamut\" \t\tclass=\"so-widget-image\"\/>\n\t<\/div>\n\n<\/div><\/div><\/div><\/div><div id=\"pg-23377-3\"  class=\"panel-grid panel-no-style\" ><div id=\"pgc-23377-3-0\"  class=\"panel-grid-cell\" ><div id=\"panel-23377-3-0-0\" class=\"so-panel widget widget_sow-editor panel-first-child panel-last-child\" data-index=\"5\" ><div\n\t\t\t\n\t\t\tclass=\"so-widget-sow-editor so-widget-sow-editor-base\"\n\t\t\t\n\t\t>\n<div class=\"siteorigin-widget-tinymce textwidget\">\n\t<p style=\"text-align: center;\"><span style=\"color: #f2f2f2;\">La s\u00e9curit\u00e9 est notre priorit\u00e9 num\u00e9ro un et notre personnel hautement qualifi\u00e9 veillera \u00e0 ce que vous viviez une exp\u00e9rience s\u00fbre et amusante.<\/span><\/p>\n<\/div>\n<\/div><\/div><\/div><\/div><div id=\"pg-23377-4\"  class=\"panel-grid panel-no-style\" ><div id=\"pgc-23377-4-0\"  class=\"panel-grid-cell\" ><div id=\"panel-23377-4-0-0\" class=\"so-panel widget widget_pw_special_title widget-special-title panel-first-child panel-last-child\" data-index=\"6\" >\t\t\t<h2 class=\"special-title\">\n\t\t\t\tFormulaire\t\t\t<\/h2>\n\t\t<\/div><\/div><\/div><div id=\"pg-23377-5\"  class=\"panel-grid panel-no-style\" ><div id=\"pgc-23377-5-0\"  class=\"panel-grid-cell\" ><div id=\"panel-23377-5-0-0\" class=\"so-panel widget widget_sow-editor panel-first-child panel-last-child\" data-index=\"7\" ><div\n\t\t\t\n\t\t\tclass=\"so-widget-sow-editor so-widget-sow-editor-base\"\n\t\t\t\n\t\t>\n<div class=\"siteorigin-widget-tinymce textwidget\">\n\t\n<div class=\"wpcf7 no-js\" id=\"wpcf7-f22351-o1\" lang=\"en-US\" dir=\"ltr\" data-wpcf7-id=\"22351\">\n<div class=\"screen-reader-response\"><p role=\"status\" aria-live=\"polite\" aria-atomic=\"true\"><\/p> <ul><\/ul><\/div>\n<form action=\"\/fr\/wp-json\/wp\/v2\/pages\/23377#wpcf7-f22351-o1\" method=\"post\" class=\"wpcf7-form init\" aria-label=\"Contact form\" novalidate=\"novalidate\" data-status=\"init\">\n<fieldset class=\"hidden-fields-container\"><input type=\"hidden\" name=\"_wpcf7\" value=\"22351\" \/><input type=\"hidden\" name=\"_wpcf7_version\" value=\"6.1.5\" \/><input type=\"hidden\" name=\"_wpcf7_locale\" value=\"en_US\" \/><input type=\"hidden\" name=\"_wpcf7_unit_tag\" value=\"wpcf7-f22351-o1\" \/><input type=\"hidden\" name=\"_wpcf7_container_post\" value=\"0\" \/><input type=\"hidden\" name=\"_wpcf7_posted_data_hash\" value=\"\" \/><input type=\"hidden\" name=\"_wpcf7cf_hidden_group_fields\" value=\"[]\" \/><input type=\"hidden\" name=\"_wpcf7cf_hidden_groups\" value=\"[]\" \/><input type=\"hidden\" name=\"_wpcf7cf_visible_groups\" value=\"[]\" \/><input type=\"hidden\" name=\"_wpcf7cf_repeaters\" value=\"[]\" \/><input type=\"hidden\" name=\"_wpcf7cf_steps\" value=\"{}\" \/><input type=\"hidden\" name=\"_wpcf7cf_options\" value=\"{&quot;form_id&quot;:22351,&quot;conditions&quot;:[{&quot;then_field&quot;:&quot;group-escolar-junior&quot;,&quot;and_rules&quot;:[{&quot;if_field&quot;:&quot;experiencia&quot;,&quot;operator&quot;:&quot;equals&quot;,&quot;if_value&quot;:&quot;Activit\\u00e9s \\u00e9cole primaire (+ 8 ans)&quot;}]}],&quot;settings&quot;:{&quot;animation&quot;:&quot;yes&quot;,&quot;animation_intime&quot;:200,&quot;animation_outtime&quot;:200,&quot;conditions_ui&quot;:&quot;normal&quot;,&quot;notice_dismissed&quot;:false}}\" \/><input type=\"hidden\" name=\"_wpcf7_recaptcha_response\" value=\"\" \/>\n<\/fieldset>\n<div class=\"row\">\n\t<div class=\"col-xs-12  col-lg-6\">\n\t\t<p><span class=\"wpcf7-form-control-wrap\" data-name=\"nombre\"><input size=\"40\" maxlength=\"400\" class=\"wpcf7-form-control wpcf7-text wpcf7-validates-as-required form-control\" aria-required=\"true\" aria-invalid=\"false\" placeholder=\"Nom*\" value=\"\" type=\"text\" name=\"nombre\" \/><\/span>\n\t\t<\/p>\n\t<\/div>\n\t<div class=\"col-xs-12  col-lg-6\">\n\t\t<p><span class=\"wpcf7-form-control-wrap\" data-name=\"email\"><input size=\"40\" maxlength=\"400\" class=\"wpcf7-form-control wpcf7-email wpcf7-validates-as-required wpcf7-text wpcf7-validates-as-email form-control\" aria-required=\"true\" aria-invalid=\"false\" placeholder=\"E-mail*\" value=\"\" type=\"email\" name=\"email\" \/><\/span>\n\t\t<\/p>\n\t<\/div>\n\t<div class=\"col-xs-12  col-lg-6\">\n\t\t<p><span class=\"wpcf7-form-control-wrap\" data-name=\"telefono\"><input size=\"40\" maxlength=\"400\" class=\"wpcf7-form-control wpcf7-text wpcf7-validates-as-required form-control\" aria-required=\"true\" aria-invalid=\"false\" placeholder=\"T\u00e9l\u00e9phone*\" value=\"\" type=\"text\" name=\"telefono\" \/><\/span>\n\t\t<\/p>\n\t<\/div>\n\t<div class=\"col-xs-12  col-lg-6\">\n\t\t<p><span class=\"wpcf7-form-control-wrap\" data-name=\"experiencia\"><select class=\"wpcf7-form-control wpcf7-select wpcf7-validates-as-required\" aria-required=\"true\" aria-invalid=\"false\" name=\"experiencia\"><option value=\"\">S\u00e9lectionnez votre exp\u00e9rience*<\/option><option value=\"Anniversaire des enfants\">Anniversaire des enfants<\/option><option value=\"Anniversaire junior\">Anniversaire junior<\/option><option value=\"Anniversaire adulte\">Anniversaire adulte<\/option><option value=\"Enterrement de vie\">Enterrement de vie<\/option><option value=\"Team building\">Team building<\/option><option value=\"Activit\u00e9 scolaire enfants (de 4 \u00e0 7 ans)\">Activit\u00e9 scolaire enfants (de 4 \u00e0 7 ans)<\/option><option value=\"Activit\u00e9s \u00e9cole primaire (+ 8 ans)\">Activit\u00e9s \u00e9cole primaire (+ 8 ans)<\/option><option value=\"Aventure nocturne\">Aventure nocturne<\/option><option value=\"\u00c9v\u00e9nements d&#039;entreprise\">\u00c9v\u00e9nements d&#039;entreprise<\/option><option value=\"Lancer de hache\">Lancer de hache<\/option><option value=\"Archery Combat\">Archery Combat<\/option><option value=\"Extreme Action Hatch\">Extreme Action Hatch<\/option><\/select><\/span>\n\t\t<\/p>\n\t<\/div>\n\t<div class=\"col-xs-12  col-lg-6\">\n\t\t<p><span class=\"wpcf7-form-control-wrap\" data-name=\"parque\"><select class=\"wpcf7-form-control wpcf7-select wpcf7-validates-as-required\" aria-required=\"true\" aria-invalid=\"false\" name=\"parque\"><option value=\"\">S\u00e9lectionnez le parc*<\/option><option value=\"Pals\">Pals<\/option><option value=\"Platja d&#039;Aro\">Platja d&#039;Aro<\/option><\/select><\/span>\n\t\t<\/p>\n\t<\/div>\n\t<div class=\"col-xs-12 col-lg-6\">\n\t\t<div data-id=\"group-escolar-junior\" data-orig_data_id=\"group-escolar-junior\"  class=\"\" data-class=\"wpcf7cf_group\">\n\t\t\t<p><span class=\"wpcf7-form-control-wrap\" data-name=\"escolar-junior\"><select class=\"wpcf7-form-control wpcf7-select wpcf7-validates-as-required\" aria-required=\"true\" aria-invalid=\"false\" name=\"escolar-junior\"><option value=\"S\u00e9lectionnez le forfait de votre choix\">S\u00e9lectionnez le forfait de votre choix<\/option><option value=\"Mapuche\">Mapuche<\/option><option value=\"Tuareg\">Tuareg<\/option><option value=\"Mamut\">Mamut<\/option><option value=\"Zingars\">Zingars<\/option><option value=\"Yanomani\">Yanomani<\/option><\/select><\/span>\n\t\t\t<\/p>\n\t\t<\/div>\n\t<\/div>\n\t<div class=\"col-xs-12\">\n\t\t<p><span class=\"wpcf7-form-control-wrap\" data-name=\"message\"><textarea cols=\"40\" rows=\"10\" maxlength=\"2000\" class=\"wpcf7-form-control wpcf7-textarea wpcf7-validates-as-required form-control\" aria-required=\"true\" aria-invalid=\"false\" placeholder=\"Commentaires*\" name=\"message\"><\/textarea><\/span><br \/>\n<span class=\"wpcf7-form-control-wrap\" data-name=\"acceptance-838\"><span class=\"wpcf7-form-control wpcf7-acceptance\"><span class=\"wpcf7-list-item\"><label><input type=\"checkbox\" name=\"acceptance-838\" value=\"1\" aria-invalid=\"false\" \/><span class=\"wpcf7-list-item-label\">J'ai lu et j'accepte votre <a href=\"https:\/\/costabravaparcaventura.com\/es\/politica-de-privacidad-y-cookies\/\">politique de confidentialit\u00e9<\/a><\/span><\/label><\/span><\/span><\/span>\n\t\t<\/p>\n\t\t<div class=\"wpcf7-notice\" style=\"font-size: 16px;\">\n\t\t\t<p>* Champs obligatoires.\n\t\t\t<\/p>\n\t\t<\/div>\n\t\t<div class=\"wpcf7-notice\" style=\"font-size: 16px;\">\n\t\t\t<p>* Costa Brava Parc Aventura utilisera mes donn\u00e9es pour r\u00e9soudre ma requ\u00eate et les enregistrera pour maintenir un contact commercial avec moi, en les supprimant \u00e0 ma demande expresse conform\u00e9ment \u00e0 la loi en vigueur. J'accepte que ces donn\u00e9es soient utilis\u00e9es pour m'inclure dans une liste de diffusion contenant des informations sur votre projet et les promotions associ\u00e9es.\n\t\t\t<\/p>\n\t\t<\/div>\n\t\t<div>\n\t\t\t<p><input class=\"wpcf7-form-control wpcf7-submit has-spinner experienciasform btn btn-primary\" type=\"submit\" value=\"ENVOYER\" \/>\n\t\t\t<\/p>\n\t\t<\/div>\n\t<\/div>\n<\/div><input\n                    class=\"apbct_special_field apbct_email_id__wp_contact_form_7\"\n                    name=\"apbct__email_id__wp_contact_form_7\"\n                    aria-label=\"apbct__label_id__wp_contact_form_7\"\n                    type=\"text\" size=\"30\" maxlength=\"200\" autocomplete=\"off\"\n                    value=\"\"\n                \/><p style=\"display: none !important;\" class=\"akismet-fields-container\" data-prefix=\"_wpcf7_ak_\"><label>&#916;<textarea name=\"_wpcf7_ak_hp_textarea\" cols=\"45\" rows=\"8\" maxlength=\"100\"><\/textarea><\/label><input type=\"hidden\" id=\"ak_js_1\" name=\"_wpcf7_ak_js\" value=\"178\"\/><script type=\"text\/javascript\">\n\/* <![CDATA[ *\/\ndocument.getElementById( \"ak_js_1\" ).setAttribute( \"value\", ( new Date() ).getTime() );\n\/* ]]> *\/\n<\/script>\n<\/p><input type='hidden' class='wpcf7-pum' value='{\"closepopup\":false,\"closedelay\":0,\"openpopup\":false,\"openpopup_id\":0}' \/><div class=\"wpcf7-response-output\" aria-hidden=\"true\"><\/div>\n<\/form>\n<\/div>\n\n<\/div>\n<\/div><\/div><\/div><\/div><\/div>","protected":false},"excerpt":{"rendered":"<p>Au sommet de l&rsquo;aventure : escalade d&rsquo;arbres au parc Mamut Equilibri Ici, nous vous invitons \u00e0 repousser les limites de l&rsquo;adr\u00e9naline et de l&rsquo;aventure en relevant un d\u00e9fi unique. Equip\u00e9 d&rsquo;un harnais de s\u00e9curit\u00e9, vous vous lancerez dans l&rsquo;aventure de l&rsquo;escalade d&rsquo;un arbre majestueux de plus de 10 m\u00e8tres de haut. Les prises d&rsquo;escalade seront &hellip;<\/p>\n","protected":false},"author":1,"featured_media":0,"parent":0,"menu_order":0,"comment_status":"closed","ping_status":"closed","template":"","meta":{"_acf_changed":false,"footnotes":""},"class_list":{"0":"post-23377","1":"page","2":"type-page","3":"status-publish","5":"clearfix","6":"article"},"acf":[],"yoast_head":"<!-- This site is optimized with the Yoast SEO plugin v27.5 - https:\/\/yoast.com\/product\/yoast-seo-wordpress\/ -->\n<title>Escalade d&#039;arbre - Costa Brava Parc Aventura<\/title>\n<meta name=\"description\" content=\"Il grimpe \u00e0 un arbre de pr\u00e8s de 15 m\u00e8tres de haut \u00e9quip\u00e9 d&#039;un harnais et parvient \u00e0 sonner la cloche au sommet.\" \/>\n<meta name=\"robots\" content=\"index, follow, max-snippet:-1, max-image-preview:large, max-video-preview:-1\" \/>\n<link rel=\"canonical\" href=\"https:\/\/costabravaparcaventura.com\/fr\/escalade-dans-les-arbres\/\" \/>\n<meta property=\"og:locale\" content=\"fr_FR\" \/>\n<meta property=\"og:type\" content=\"article\" \/>\n<meta property=\"og:title\" content=\"Escalade d&#039;arbre - Costa Brava Parc Aventura\" \/>\n<meta property=\"og:description\" content=\"Il grimpe \u00e0 un arbre de pr\u00e8s de 15 m\u00e8tres de haut \u00e9quip\u00e9 d&#039;un harnais et parvient \u00e0 sonner la cloche au sommet.\" \/>\n<meta property=\"og:url\" content=\"https:\/\/costabravaparcaventura.com\/fr\/escalade-dans-les-arbres\/\" \/>\n<meta property=\"og:site_name\" content=\"Costa Brava Parc Aventura\" \/>\n<meta property=\"article:publisher\" content=\"https:\/\/www.facebook.com\/costabravaparcaventura\" \/>\n<meta property=\"article:modified_time\" content=\"2025-05-09T09:00:30+00:00\" \/>\n<meta name=\"twitter:card\" content=\"summary_large_image\" \/>\n<meta name=\"twitter:site\" content=\"@BravaParc\" \/>\n<meta name=\"twitter:label1\" content=\"Dur\u00e9e de lecture estim\u00e9e\" \/>\n\t<meta name=\"twitter:data1\" content=\"2 minutes\" \/>\n<script type=\"application\/ld+json\" class=\"yoast-schema-graph\">{\"@context\":\"https:\\\/\\\/schema.org\",\"@graph\":[{\"@type\":\"WebPage\",\"@id\":\"https:\\\/\\\/costabravaparcaventura.com\\\/fr\\\/escalade-dans-les-arbres\\\/\",\"url\":\"https:\\\/\\\/costabravaparcaventura.com\\\/fr\\\/escalade-dans-les-arbres\\\/\",\"name\":\"Escalade d'arbre - Costa Brava Parc Aventura\",\"isPartOf\":{\"@id\":\"https:\\\/\\\/costabravaparcaventura.com\\\/fr\\\/#website\"},\"datePublished\":\"2025-05-09T01:53:05+00:00\",\"dateModified\":\"2025-05-09T09:00:30+00:00\",\"description\":\"Il grimpe \u00e0 un arbre de pr\u00e8s de 15 m\u00e8tres de haut \u00e9quip\u00e9 d'un harnais et parvient \u00e0 sonner la cloche au sommet.\",\"breadcrumb\":{\"@id\":\"https:\\\/\\\/costabravaparcaventura.com\\\/fr\\\/escalade-dans-les-arbres\\\/#breadcrumb\"},\"inLanguage\":\"fr-FR\",\"potentialAction\":[{\"@type\":\"ReadAction\",\"target\":[\"https:\\\/\\\/costabravaparcaventura.com\\\/fr\\\/escalade-dans-les-arbres\\\/\"]}]},{\"@type\":\"BreadcrumbList\",\"@id\":\"https:\\\/\\\/costabravaparcaventura.com\\\/fr\\\/escalade-dans-les-arbres\\\/#breadcrumb\",\"itemListElement\":[{\"@type\":\"ListItem\",\"position\":1,\"name\":\"Portada\",\"item\":\"https:\\\/\\\/costabravaparcaventura.com\\\/fr\\\/\"},{\"@type\":\"ListItem\",\"position\":2,\"name\":\"Escalade d&rsquo;arbre\"}]},{\"@type\":\"WebSite\",\"@id\":\"https:\\\/\\\/costabravaparcaventura.com\\\/fr\\\/#website\",\"url\":\"https:\\\/\\\/costabravaparcaventura.com\\\/fr\\\/\",\"name\":\"Costa Brava Parc Aventura\",\"description\":\"tirolinas costa brava\",\"publisher\":{\"@id\":\"https:\\\/\\\/costabravaparcaventura.com\\\/fr\\\/#organization\"},\"potentialAction\":[{\"@type\":\"SearchAction\",\"target\":{\"@type\":\"EntryPoint\",\"urlTemplate\":\"https:\\\/\\\/costabravaparcaventura.com\\\/fr\\\/?s={search_term_string}\"},\"query-input\":{\"@type\":\"PropertyValueSpecification\",\"valueRequired\":true,\"valueName\":\"search_term_string\"}}],\"inLanguage\":\"fr-FR\"},{\"@type\":\"Organization\",\"@id\":\"https:\\\/\\\/costabravaparcaventura.com\\\/fr\\\/#organization\",\"name\":\"Costa Brava Parc Aventura\",\"url\":\"https:\\\/\\\/costabravaparcaventura.com\\\/fr\\\/\",\"logo\":{\"@type\":\"ImageObject\",\"inLanguage\":\"fr-FR\",\"@id\":\"https:\\\/\\\/costabravaparcaventura.com\\\/fr\\\/#\\\/schema\\\/logo\\\/image\\\/\",\"url\":\"https:\\\/\\\/costabravaparcaventura.com\\\/wp-content\\\/uploads\\\/2023\\\/07\\\/logo_parc_aventura_600.jpg\",\"contentUrl\":\"https:\\\/\\\/costabravaparcaventura.com\\\/wp-content\\\/uploads\\\/2023\\\/07\\\/logo_parc_aventura_600.jpg\",\"width\":600,\"height\":600,\"caption\":\"Costa Brava Parc Aventura\"},\"image\":{\"@id\":\"https:\\\/\\\/costabravaparcaventura.com\\\/fr\\\/#\\\/schema\\\/logo\\\/image\\\/\"},\"sameAs\":[\"https:\\\/\\\/www.facebook.com\\\/costabravaparcaventura\",\"https:\\\/\\\/x.com\\\/BravaParc\",\"https:\\\/\\\/www.instagram.com\\\/costabravaparcaventura\\\/\",\"https:\\\/\\\/www.youtube.com\\\/user\\\/costabravaparc\"]}]}<\/script>\n<!-- \/ Yoast SEO plugin. -->","yoast_head_json":{"title":"Escalade d'arbre - Costa Brava Parc Aventura","description":"Il grimpe \u00e0 un arbre de pr\u00e8s de 15 m\u00e8tres de haut \u00e9quip\u00e9 d'un harnais et parvient \u00e0 sonner la cloche au sommet.","robots":{"index":"index","follow":"follow","max-snippet":"max-snippet:-1","max-image-preview":"max-image-preview:large","max-video-preview":"max-video-preview:-1"},"canonical":"https:\/\/costabravaparcaventura.com\/fr\/escalade-dans-les-arbres\/","og_locale":"fr_FR","og_type":"article","og_title":"Escalade d'arbre - Costa Brava Parc Aventura","og_description":"Il grimpe \u00e0 un arbre de pr\u00e8s de 15 m\u00e8tres de haut \u00e9quip\u00e9 d'un harnais et parvient \u00e0 sonner la cloche au sommet.","og_url":"https:\/\/costabravaparcaventura.com\/fr\/escalade-dans-les-arbres\/","og_site_name":"Costa Brava Parc Aventura","article_publisher":"https:\/\/www.facebook.com\/costabravaparcaventura","article_modified_time":"2025-05-09T09:00:30+00:00","twitter_card":"summary_large_image","twitter_site":"@BravaParc","twitter_misc":{"Dur\u00e9e de lecture estim\u00e9e":"2 minutes"},"schema":{"@context":"https:\/\/schema.org","@graph":[{"@type":"WebPage","@id":"https:\/\/costabravaparcaventura.com\/fr\/escalade-dans-les-arbres\/","url":"https:\/\/costabravaparcaventura.com\/fr\/escalade-dans-les-arbres\/","name":"Escalade d'arbre - Costa Brava Parc Aventura","isPartOf":{"@id":"https:\/\/costabravaparcaventura.com\/fr\/#website"},"datePublished":"2025-05-09T01:53:05+00:00","dateModified":"2025-05-09T09:00:30+00:00","description":"Il grimpe \u00e0 un arbre de pr\u00e8s de 15 m\u00e8tres de haut \u00e9quip\u00e9 d'un harnais et parvient \u00e0 sonner la cloche au sommet.","breadcrumb":{"@id":"https:\/\/costabravaparcaventura.com\/fr\/escalade-dans-les-arbres\/#breadcrumb"},"inLanguage":"fr-FR","potentialAction":[{"@type":"ReadAction","target":["https:\/\/costabravaparcaventura.com\/fr\/escalade-dans-les-arbres\/"]}]},{"@type":"BreadcrumbList","@id":"https:\/\/costabravaparcaventura.com\/fr\/escalade-dans-les-arbres\/#breadcrumb","itemListElement":[{"@type":"ListItem","position":1,"name":"Portada","item":"https:\/\/costabravaparcaventura.com\/fr\/"},{"@type":"ListItem","position":2,"name":"Escalade d&rsquo;arbre"}]},{"@type":"WebSite","@id":"https:\/\/costabravaparcaventura.com\/fr\/#website","url":"https:\/\/costabravaparcaventura.com\/fr\/","name":"Costa Brava Parc Aventura","description":"tirolinas costa brava","publisher":{"@id":"https:\/\/costabravaparcaventura.com\/fr\/#organization"},"potentialAction":[{"@type":"SearchAction","target":{"@type":"EntryPoint","urlTemplate":"https:\/\/costabravaparcaventura.com\/fr\/?s={search_term_string}"},"query-input":{"@type":"PropertyValueSpecification","valueRequired":true,"valueName":"search_term_string"}}],"inLanguage":"fr-FR"},{"@type":"Organization","@id":"https:\/\/costabravaparcaventura.com\/fr\/#organization","name":"Costa Brava Parc Aventura","url":"https:\/\/costabravaparcaventura.com\/fr\/","logo":{"@type":"ImageObject","inLanguage":"fr-FR","@id":"https:\/\/costabravaparcaventura.com\/fr\/#\/schema\/logo\/image\/","url":"https:\/\/costabravaparcaventura.com\/wp-content\/uploads\/2023\/07\/logo_parc_aventura_600.jpg","contentUrl":"https:\/\/costabravaparcaventura.com\/wp-content\/uploads\/2023\/07\/logo_parc_aventura_600.jpg","width":600,"height":600,"caption":"Costa Brava Parc Aventura"},"image":{"@id":"https:\/\/costabravaparcaventura.com\/fr\/#\/schema\/logo\/image\/"},"sameAs":["https:\/\/www.facebook.com\/costabravaparcaventura","https:\/\/x.com\/BravaParc","https:\/\/www.instagram.com\/costabravaparcaventura\/","https:\/\/www.youtube.com\/user\/costabravaparc"]}]}},"_links":{"self":[{"href":"https:\/\/costabravaparcaventura.com\/fr\/wp-json\/wp\/v2\/pages\/23377","targetHints":{"allow":["GET"]}}],"collection":[{"href":"https:\/\/costabravaparcaventura.com\/fr\/wp-json\/wp\/v2\/pages"}],"about":[{"href":"https:\/\/costabravaparcaventura.com\/fr\/wp-json\/wp\/v2\/types\/page"}],"author":[{"embeddable":true,"href":"https:\/\/costabravaparcaventura.com\/fr\/wp-json\/wp\/v2\/users\/1"}],"replies":[{"embeddable":true,"href":"https:\/\/costabravaparcaventura.com\/fr\/wp-json\/wp\/v2\/comments?post=23377"}],"version-history":[{"count":6,"href":"https:\/\/costabravaparcaventura.com\/fr\/wp-json\/wp\/v2\/pages\/23377\/revisions"}],"predecessor-version":[{"id":23471,"href":"https:\/\/costabravaparcaventura.com\/fr\/wp-json\/wp\/v2\/pages\/23377\/revisions\/23471"}],"wp:attachment":[{"href":"https:\/\/costabravaparcaventura.com\/fr\/wp-json\/wp\/v2\/media?parent=23377"}],"curies":[{"name":"wp","href":"https:\/\/api.w.org\/{rel}","templated":true}]}}