{"id":22491,"date":"2024-09-23T16:11:08","date_gmt":"2024-09-23T14:11:08","guid":{"rendered":"https:\/\/costabravaparcaventura.com\/anniversaires-denfants\/"},"modified":"2024-09-23T17:00:04","modified_gmt":"2024-09-23T15:00:04","slug":"anniversaires-denfants","status":"publish","type":"page","link":"https:\/\/costabravaparcaventura.com\/fr\/experiences\/anniversaires-denfants\/","title":{"rendered":"Anniversaires d&rsquo;enfants"},"content":{"rendered":"<div id=\"pl-22491\"  class=\"panel-layout\" ><div id=\"pg-22491-0\"  class=\"panel-grid panel-has-style\" ><div class=\"panel-row-style panel-row-style-for-22491-0\" ><div id=\"pgc-22491-0-0\"  class=\"panel-grid-cell\" ><div id=\"panel-22491-0-0-0\" class=\"so-panel widget widget_sow-editor panel-first-child panel-last-child\" data-index=\"0\" ><div\n\t\t\t\n\t\t\tclass=\"so-widget-sow-editor so-widget-sow-editor-base\"\n\t\t\t\n\t\t>\n<div class=\"siteorigin-widget-tinymce textwidget\">\n\t<h1 style=\"text-align: center;\"><span style=\"color: #e6e6e6;\">ANNIVERSAIRES DES ENFANTS<\/span><\/h1>\n<\/div>\n<\/div><\/div><\/div><\/div><\/div><div id=\"pg-22491-1\"  class=\"panel-grid panel-no-style\" ><div id=\"pgc-22491-1-0\"  class=\"panel-grid-cell\" ><div id=\"panel-22491-1-0-0\" class=\"so-panel widget widget_sow-editor panel-first-child\" data-index=\"1\" ><div class=\"panel-widget-style panel-widget-style-for-22491-1-0-0\" ><div\n\t\t\t\n\t\t\tclass=\"so-widget-sow-editor so-widget-sow-editor-base\"\n\t\t\t\n\t\t>\n<div class=\"siteorigin-widget-tinymce textwidget\">\n\t<p><span style=\"color: #fe5000;\"><strong>D\u00e9couvrez l'une des meilleures activit\u00e9s pour enfants que vous puissiez trouver \u00e0 G\u00e9rone !<\/strong><\/span><\/p>\n<p style=\"text-align: left; line-height: 32px;\"><span style=\"color: #f7f7f7;\">Vous recherchez un endroit tr\u00e8s sp\u00e9cial pour que votre enfant puisse c\u00e9l\u00e9brer sa f\u00eate d'anniversaire ? Nous vous proposons un nouveau concept de loisirs pour enfants qui permettra \u00e0 vos enfants de profiter comme jamais auparavant dans un environnement naturel et s\u00fbr. <\/span><\/p>\n<p><span style=\"color: #f0ebeb;\">Notre parc aventure est le lieu id\u00e9al pour organiser un anniversaire d'enfant original.<\/span><\/p>\n<p><span style=\"color: #f0ebeb;\">Si votre enfant a entre 3 et 7 ans et que vous souhaitez organiser une f\u00eate inoubliable, Parc Aventura est votre meilleur choix. Rassemblez famille et amis et vivez une journ\u00e9e d\u2019aventure exceptionnelle. <\/span><\/p>\n<p><span style=\"color: #f0f0f0;\"><strong>Ce sera certainement une journ\u00e9e pleine de plaisir et de souvenirs inoubliables !<\/strong><\/span><\/p>\n<p style=\"text-align: left; line-height: 32px;\">\n<\/div>\n<\/div><\/div><\/div><div id=\"panel-22491-1-0-1\" class=\"so-panel widget widget_pw_brochure_box widget-brochure-box panel-last-child\" data-index=\"2\" >\n\t<a class=\"brochure-box\" href=\"https:\/\/costabravaparcaventura.com\/?page_id=19826&#038;preview=true\" target=\"_self\">\n\t\t<span class=\"brochure-box__icon\"><i class=\"fa  \"><\/i><\/span>\n\t\t<span class=\"brochure-box__text\">Demandez des informations!<\/span>\n\t<\/a>\n\n<\/div><\/div><div id=\"pgc-22491-1-1\"  class=\"panel-grid-cell\" ><div id=\"panel-22491-1-1-0\" class=\"so-panel widget widget_sow-image panel-first-child panel-last-child\" data-index=\"3\" ><div\n\t\t\t\n\t\t\tclass=\"so-widget-sow-image so-widget-sow-image-default-8b5b6f678277-22491\"\n\t\t\t\n\t\t>\n<div class=\"sow-image-container\">\n\t\t<img \n\tsrc=\"https:\/\/costabravaparcaventura.com\/wp-content\/uploads\/2024\/05\/18-copia-1024x1024.webp\" width=\"1024\" height=\"1024\" srcset=\"https:\/\/costabravaparcaventura.com\/wp-content\/uploads\/2024\/05\/18-copia-1024x1024.webp 1024w, https:\/\/costabravaparcaventura.com\/wp-content\/uploads\/2024\/05\/18-copia-300x300.webp 300w, https:\/\/costabravaparcaventura.com\/wp-content\/uploads\/2024\/05\/18-copia-100x100.webp 100w, https:\/\/costabravaparcaventura.com\/wp-content\/uploads\/2024\/05\/18-copia-600x600.webp 600w, https:\/\/costabravaparcaventura.com\/wp-content\/uploads\/2024\/05\/18-copia-150x150.webp 150w, https:\/\/costabravaparcaventura.com\/wp-content\/uploads\/2024\/05\/18-copia-768x768.webp 768w, https:\/\/costabravaparcaventura.com\/wp-content\/uploads\/2024\/05\/18-copia.webp 1333w\" sizes=\"(max-width: 1024px) 100vw, 1024px\" title=\"Nena a les Illes Formigues\" alt=\"Nena a les Illes Formigues\" \t\tclass=\"so-widget-image\"\/>\n\t<\/div>\n\n<\/div><\/div><\/div><\/div><div id=\"pg-22491-2\"  class=\"panel-grid panel-no-style\" ><div id=\"pgc-22491-2-0\"  class=\"panel-grid-cell\" ><div id=\"panel-22491-2-0-0\" class=\"so-panel widget widget_sow-image panel-first-child panel-last-child\" data-index=\"4\" ><div class=\"panel-widget-style panel-widget-style-for-22491-2-0-0\" ><div\n\t\t\t\n\t\t\tclass=\"so-widget-sow-image so-widget-sow-image-default-8b5b6f678277-22491\"\n\t\t\t\n\t\t>\n<div class=\"sow-image-container\">\n\t\t<img \n\tsrc=\"https:\/\/costabravaparcaventura.com\/wp-content\/uploads\/2024\/05\/20-copia-2.webp\" width=\"703\" height=\"703\" srcset=\"https:\/\/costabravaparcaventura.com\/wp-content\/uploads\/2024\/05\/20-copia-2.webp 703w, https:\/\/costabravaparcaventura.com\/wp-content\/uploads\/2024\/05\/20-copia-2-300x300.webp 300w, https:\/\/costabravaparcaventura.com\/wp-content\/uploads\/2024\/05\/20-copia-2-100x100.webp 100w, https:\/\/costabravaparcaventura.com\/wp-content\/uploads\/2024\/05\/20-copia-2-600x600.webp 600w, https:\/\/costabravaparcaventura.com\/wp-content\/uploads\/2024\/05\/20-copia-2-150x150.webp 150w\" sizes=\"(max-width: 703px) 100vw, 703px\" title=\"Nens a les Illes formigues\" alt=\"Nens a les Illes formigues\" \t\tclass=\"so-widget-image\"\/>\n\t<\/div>\n\n<\/div><\/div><\/div><\/div><div id=\"pgc-22491-2-1\"  class=\"panel-grid-cell\" ><div id=\"panel-22491-2-1-0\" class=\"so-panel widget widget_sow-editor panel-first-child\" data-index=\"5\" ><div class=\"panel-widget-style panel-widget-style-for-22491-2-1-0\" ><div\n\t\t\t\n\t\t\tclass=\"so-widget-sow-editor so-widget-sow-editor-base\"\n\t\t\t\n\t\t>\n<div class=\"siteorigin-widget-tinymce textwidget\">\n\t<p><strong><span style=\"color: #fe5000;\">Parc Aventura est l'un des meilleurs endroits pour c\u00e9l\u00e9brer les anniversaires des enfants.  <\/span><\/strong><\/p>\n<p><span style=\"color: #f0f0f0;line-height:32px;\">Avec nos installations uniques et une grande vari\u00e9t\u00e9 d\u2019activit\u00e9s passionnantes, nous garantissons une exp\u00e9rience inoubliable aux plus petits.<\/span><\/p>\n<p><span style=\"color: #f0f0f0;line-height:32px;\">Dans nos parcs, vos enfants peuvent profiter d\u2019une grande vari\u00e9t\u00e9 d\u2019activit\u00e9s d\u2019aventure con\u00e7ues pour d\u00e9fier et divertir. Ils grimperont sur des filets qui mettront \u00e0 l\u2019\u00e9preuve leurs capacit\u00e9s physiques, surmonteront des jeux d\u2019\u00e9quilibre qui renforcent la coordination et la confiance, grimperont sur des \u00e9chelles qui les m\u00e8neront vers de nouveaux sommets et traverseront des ponts suspendus qui ajoutent une dose d\u2019adr\u00e9naline. Tout cela, en descendant des tyroliennes passionnantes qui leur donneront l'impression d'\u00eatre de vrais aventuriers.  <\/span><\/p>\n<\/div>\n<\/div><\/div><\/div><div id=\"panel-22491-2-1-1\" class=\"so-panel widget widget_pw_brochure_box widget-brochure-box panel-last-child\" data-index=\"6\" >\n\t<a class=\"brochure-box\" href=\"https:\/\/costabravaparcaventura.com\/circuit-illes-formigues-platja-daro\/\" target=\"_self\">\n\t\t<span class=\"brochure-box__icon\"><i class=\"fa  \"><\/i><\/span>\n\t\t<span class=\"brochure-box__text\">D\u00e9couvrez le circuit des Illes Formigues de Platja d'Aro !<\/span>\n\t<\/a>\n\n<\/div><\/div><\/div><div id=\"pg-22491-3\"  class=\"panel-grid panel-no-style\" ><div id=\"pgc-22491-3-0\"  class=\"panel-grid-cell\" ><div id=\"panel-22491-3-0-0\" class=\"so-panel widget widget_sow-editor panel-first-child\" data-index=\"7\" ><div class=\"panel-widget-style panel-widget-style-for-22491-3-0-0\" ><div\n\t\t\t\n\t\t\tclass=\"so-widget-sow-editor so-widget-sow-editor-base\"\n\t\t\t\n\t\t>\n<div class=\"siteorigin-widget-tinymce textwidget\">\n\t<p><span style=\"color: #f0f0f0;line-height:32px;\">\u00c0 chaque \u00e9tape, les enfants vivront des moments pleins de plaisir et d\u2019excitation, toujours dans un environnement s\u00e9curis\u00e9 contr\u00f4l\u00e9 par des professionnels exp\u00e9riment\u00e9s. Nos activit\u00e9s ne sont pas seulement con\u00e7ues pour divertir, mais aussi pour favoriser la collaboration, la confiance et les comp\u00e9tences sociales chez les enfants. <\/span><\/p>\n<p><span style=\"color: #f0f0f0;line-height:32px;\">Avec de vastes espaces verts bien entretenus, des aires de pique-nique et des zones ombrag\u00e9es, Parc Aventura offre \u00e9galement des commodit\u00e9s aux parents pour qu'ils puissent se d\u00e9tendre et s'amuser pendant que leurs enfants s'amusent. Quel que soit l'\u00e2ge ou les int\u00e9r\u00eats des enfants, Parc Aventura a quelque chose de sp\u00e9cial pour chacun, faisant de chaque anniversaire une exp\u00e9rience unique et m\u00e9morable. <\/span><\/p>\n<\/div>\n<\/div><\/div><\/div><div id=\"panel-22491-3-0-1\" class=\"so-panel widget widget_pw_brochure_box widget-brochure-box panel-last-child\" data-index=\"8\" >\n\t<a class=\"brochure-box\" href=\"https:\/\/costabravaparcaventura.com\/circuit-illes-formigues-pals\/\" target=\"_self\">\n\t\t<span class=\"brochure-box__icon\"><i class=\"fa  \"><\/i><\/span>\n\t\t<span class=\"brochure-box__text\">D\u00e9couvrez le circuit des Iles Formigues de Pals !<\/span>\n\t<\/a>\n\n<\/div><\/div><div id=\"pgc-22491-3-1\"  class=\"panel-grid-cell\" ><div id=\"panel-22491-3-1-0\" class=\"so-panel widget widget_sow-image panel-first-child panel-last-child\" data-index=\"9\" ><div class=\"panel-widget-style panel-widget-style-for-22491-3-1-0\" ><div\n\t\t\t\n\t\t\tclass=\"so-widget-sow-image so-widget-sow-image-default-8b5b6f678277-22491\"\n\t\t\t\n\t\t>\n<div class=\"sow-image-container\">\n\t\t<img \n\tsrc=\"https:\/\/costabravaparcaventura.com\/wp-content\/uploads\/2024\/05\/21-copia-1.webp\" width=\"735\" height=\"735\" srcset=\"https:\/\/costabravaparcaventura.com\/wp-content\/uploads\/2024\/05\/21-copia-1.webp 735w, https:\/\/costabravaparcaventura.com\/wp-content\/uploads\/2024\/05\/21-copia-1-300x300.webp 300w, https:\/\/costabravaparcaventura.com\/wp-content\/uploads\/2024\/05\/21-copia-1-100x100.webp 100w, https:\/\/costabravaparcaventura.com\/wp-content\/uploads\/2024\/05\/21-copia-1-600x600.webp 600w, https:\/\/costabravaparcaventura.com\/wp-content\/uploads\/2024\/05\/21-copia-1-150x150.webp 150w\" sizes=\"(max-width: 735px) 100vw, 735px\" title=\"Nena a les Illes Formigues\" alt=\"Nena a les Illes Formigues\" \t\tclass=\"so-widget-image\"\/>\n\t<\/div>\n\n<\/div><\/div><\/div><\/div><\/div><div id=\"pg-22491-4\"  class=\"panel-grid panel-no-style\" ><div id=\"pgc-22491-4-0\"  class=\"panel-grid-cell\" ><div id=\"panel-22491-4-0-0\" class=\"so-panel widget widget_sow-editor panel-first-child panel-last-child\" data-index=\"10\" ><div class=\"panel-widget-style panel-widget-style-for-22491-4-0-0\" ><div\n\t\t\t\n\t\t\tclass=\"so-widget-sow-editor so-widget-sow-editor-base\"\n\t\t\t\n\t\t>\n<div class=\"siteorigin-widget-tinymce textwidget\">\n\t<p style=\"margin: 0in; color: #1f497d; text-align: left; line-height: 32px;\"><span style=\"font-weight: bold; color: #fe5000;\">Activit\u00e9s d'aventure<\/span><\/p>\n<p><span style=\"color: #f0f0f0; line-height: 32px;\">Ils d\u00e9buteront par deux tours du circuit aventure des Illes Formigues. Ensuite, ils entreront dans le Dumbo Park, un itin\u00e9raire plein de diff\u00e9rents jeux d'\u00e9quilibre au sol qui se terminera par une s\u00e9ance passionnante sur le trampoline \u00e9lastique. <\/span><\/p>\n<p style=\"margin: 0in; color: #984807; line-height: 32px;\"><span style=\"font-weight: bold; color: #f0f0f0;\">2h30 de pure aventure pour seulement 16\u20ac<\/span><\/p>\n<p><span style=\"color: #f0f0f0; line-height: 32px;\"><strong>Ou tout simplement le circuit des \u00celes aux Fourmis pour 14,50\u20ac (dur\u00e9e 1h30)<\/strong><\/span><\/p>\n<p><span style=\"color: #f0f0f0; line-height: 32px;\">Le prix comprend le mat\u00e9riel n\u00e9cessaire, la formation, l'activit\u00e9 et l'utilisation gratuite de notre aire de pique-nique pendant 2h30. Vous pouvez venir plus t\u00f4t et d\u00e9corer l'espace. <\/span><\/p>\n<p><span style=\"color: #f0f0f0; line-height: 32px;\">De plus, si vous \u00eates 15 personnes minimum, l'h\u00f4te b\u00e9n\u00e9ficiera d'une entr\u00e9e gratuite et recevra un dipl\u00f4me d'aventurier. Si vous venez avec votre enfant de moins de 4 ans, vous pourrez profiter d'une \u00e9cole maternelle enti\u00e8rement gratuite. <\/span><\/p>\n<p>&nbsp;<\/p>\n<\/div>\n<\/div><\/div><\/div><\/div><\/div><div id=\"pg-22491-5\"  class=\"panel-grid panel-no-style\" ><div id=\"pgc-22491-5-0\"  class=\"panel-grid-cell\" ><div id=\"panel-22491-5-0-0\" class=\"so-panel widget widget_sow-image panel-first-child panel-last-child\" data-index=\"11\" ><div class=\"panel-widget-style panel-widget-style-for-22491-5-0-0\" ><div\n\t\t\t\n\t\t\tclass=\"so-widget-sow-image so-widget-sow-image-default-8b5b6f678277-22491\"\n\t\t\t\n\t\t>\n<div class=\"sow-image-container\">\n\t\t<img \n\tsrc=\"https:\/\/costabravaparcaventura.com\/wp-content\/uploads\/2024\/05\/23-copia-1.webp\" width=\"702\" height=\"702\" srcset=\"https:\/\/costabravaparcaventura.com\/wp-content\/uploads\/2024\/05\/23-copia-1.webp 702w, https:\/\/costabravaparcaventura.com\/wp-content\/uploads\/2024\/05\/23-copia-1-300x300.webp 300w, https:\/\/costabravaparcaventura.com\/wp-content\/uploads\/2024\/05\/23-copia-1-100x100.webp 100w, https:\/\/costabravaparcaventura.com\/wp-content\/uploads\/2024\/05\/23-copia-1-600x600.webp 600w, https:\/\/costabravaparcaventura.com\/wp-content\/uploads\/2024\/05\/23-copia-1-150x150.webp 150w\" sizes=\"(max-width: 702px) 100vw, 702px\" title=\"Nenes al parc Dumbo\" alt=\"Nenes al Parc Dumbo\" \t\tclass=\"so-widget-image\"\/>\n\t<\/div>\n\n<\/div><\/div><\/div><\/div><div id=\"pgc-22491-5-1\"  class=\"panel-grid-cell\" ><div id=\"panel-22491-5-1-0\" class=\"so-panel widget widget_sow-image panel-first-child panel-last-child\" data-index=\"12\" ><div class=\"panel-widget-style panel-widget-style-for-22491-5-1-0\" ><div\n\t\t\t\n\t\t\tclass=\"so-widget-sow-image so-widget-sow-image-default-8b5b6f678277-22491\"\n\t\t\t\n\t\t>\n<div class=\"sow-image-container\">\n\t\t<img \n\tsrc=\"https:\/\/costabravaparcaventura.com\/wp-content\/uploads\/2024\/05\/22-copia-1.webp\" width=\"717\" height=\"717\" srcset=\"https:\/\/costabravaparcaventura.com\/wp-content\/uploads\/2024\/05\/22-copia-1.webp 717w, https:\/\/costabravaparcaventura.com\/wp-content\/uploads\/2024\/05\/22-copia-1-300x300.webp 300w, https:\/\/costabravaparcaventura.com\/wp-content\/uploads\/2024\/05\/22-copia-1-100x100.webp 100w, https:\/\/costabravaparcaventura.com\/wp-content\/uploads\/2024\/05\/22-copia-1-600x600.webp 600w, https:\/\/costabravaparcaventura.com\/wp-content\/uploads\/2024\/05\/22-copia-1-150x150.webp 150w\" sizes=\"(max-width: 717px) 100vw, 717px\" title=\"Nenes al parc Dumbo\" alt=\"Nenes al parc Dumbo\" \t\tclass=\"so-widget-image\"\/>\n\t<\/div>\n\n<\/div><\/div><\/div><\/div><\/div><div id=\"pg-22491-6\"  class=\"panel-grid panel-no-style\" ><div id=\"pgc-22491-6-0\"  class=\"panel-grid-cell\" ><div id=\"panel-22491-6-0-0\" class=\"so-panel widget widget_pw_brochure_box widget-brochure-box panel-first-child panel-last-child\" data-index=\"13\" >\n\t<a class=\"brochure-box\" href=\"https:\/\/costabravaparcaventura.com\/activitats\/parc-dumbo\/\" target=\"_self\">\n\t\t<span class=\"brochure-box__icon\"><i class=\"fa  \"><\/i><\/span>\n\t\t<span class=\"brochure-box__text\">D\u00e9couvrez le parc Dumbo !<\/span>\n\t<\/a>\n\n<\/div><\/div><\/div><div id=\"pg-22491-7\"  class=\"panel-grid panel-no-style\" ><div id=\"pgc-22491-7-0\"  class=\"panel-grid-cell\" ><div id=\"panel-22491-7-0-0\" class=\"so-panel widget widget_sow-editor panel-first-child panel-last-child\" data-index=\"14\" ><div class=\"panel-widget-style panel-widget-style-for-22491-7-0-0\" ><div\n\t\t\t\n\t\t\tclass=\"so-widget-sow-editor so-widget-sow-editor-base\"\n\t\t\t\n\t\t>\n<div class=\"siteorigin-widget-tinymce textwidget\">\n\t<p><span style=\"font-weight: bold; color: #fe5000; line-height: 32px;\">Que pouvez-vous inclure ?<\/span><\/p>\n<p><span style=\"color: #f0f0f0;line-height:32px;\">Nous vous offrons la possibilit\u00e9 de compl\u00e9ter la f\u00eate d'anniversaire de votre enfant avec un spectacle de magie ou une s\u00e9ance d'animation qui rendra la journ\u00e9e encore plus sp\u00e9ciale. Vous pouvez choisir entre une magie captivante qui laissera les enfants sans voix ou une animation interactive pleine de jeux et d'amusement. V\u00e9rifiez nos disponibilit\u00e9s pour vous assurer que nous pouvons vous proposer le spectacle qui correspond le mieux \u00e0 vos besoins et pr\u00e9f\u00e9rences. Avec ces options, nous garantissons une exp\u00e9rience inoubliable \u00e0 tous les participants.   <\/span><\/p>\n<\/div>\n<\/div><\/div><\/div><\/div><div id=\"pgc-22491-7-1\"  class=\"panel-grid-cell\" ><div id=\"panel-22491-7-1-0\" class=\"widget_text so-panel widget widget_custom_html panel-first-child panel-last-child\" data-index=\"15\" ><div class=\"textwidget custom-html-widget\"><iframe loading=\"lazy\" width=\"560\" height=\"315\" src=\"https:\/\/www.youtube.com\/embed\/SYJK-7gPX_8?si=aXSd7Iej92S5y1OO\" title=\"Lecteur vid\u00e9o YouTube\" frameborder=\"0\" allow=\"accelerometer; autoplay; clipboard-write; encrypted-media; gyroscope; picture-in-picture; web-share\" referrerpolicy=\"strict-origin-when-cross-origin\" allowfullscreen=\"\"><\/iframe><\/div><\/div><\/div><\/div><div id=\"pg-22491-8\"  class=\"panel-grid panel-no-style\" ><div id=\"pgc-22491-8-0\"  class=\"panel-grid-cell\" ><div id=\"panel-22491-8-0-0\" class=\"so-panel widget widget_sow-image panel-first-child\" data-index=\"16\" ><div\n\t\t\t\n\t\t\tclass=\"so-widget-sow-image so-widget-sow-image-default-8b5b6f678277-22491\"\n\t\t\t\n\t\t>\n<div class=\"sow-image-container\">\n\t\t<img \n\tsrc=\"https:\/\/costabravaparcaventura.com\/wp-content\/uploads\/2024\/05\/17-copia.webp\" width=\"2000\" height=\"2001\" srcset=\"https:\/\/costabravaparcaventura.com\/wp-content\/uploads\/2024\/05\/17-copia.webp 2000w, https:\/\/costabravaparcaventura.com\/wp-content\/uploads\/2024\/05\/17-copia-300x300.webp 300w, https:\/\/costabravaparcaventura.com\/wp-content\/uploads\/2024\/05\/17-copia-100x100.webp 100w, https:\/\/costabravaparcaventura.com\/wp-content\/uploads\/2024\/05\/17-copia-600x600.webp 600w, https:\/\/costabravaparcaventura.com\/wp-content\/uploads\/2024\/05\/17-copia-1024x1024.webp 1024w, https:\/\/costabravaparcaventura.com\/wp-content\/uploads\/2024\/05\/17-copia-150x150.webp 150w, https:\/\/costabravaparcaventura.com\/wp-content\/uploads\/2024\/05\/17-copia-768x768.webp 768w, https:\/\/costabravaparcaventura.com\/wp-content\/uploads\/2024\/05\/17-copia-1536x1536.webp 1536w\" sizes=\"(max-width: 2000px) 100vw, 2000px\" title=\"nena amb arn\u00e9s i casc\" alt=\"nena amb arn\u00e9s i casc\" \t\tclass=\"so-widget-image\"\/>\n\t<\/div>\n\n<\/div><\/div><div id=\"panel-22491-8-0-1\" class=\"so-panel widget widget_sow-image panel-last-child\" data-index=\"17\" ><div\n\t\t\t\n\t\t\tclass=\"so-widget-sow-image so-widget-sow-image-default-8b5b6f678277-22491\"\n\t\t\t\n\t\t>\n<div class=\"sow-image-container\">\n\t\t<img \n\tsrc=\"https:\/\/costabravaparcaventura.com\/wp-content\/uploads\/2024\/05\/20-copia.webp\" width=\"624\" height=\"650\" srcset=\"https:\/\/costabravaparcaventura.com\/wp-content\/uploads\/2024\/05\/20-copia.webp 624w, https:\/\/costabravaparcaventura.com\/wp-content\/uploads\/2024\/05\/20-copia-600x625.webp 600w, https:\/\/costabravaparcaventura.com\/wp-content\/uploads\/2024\/05\/20-copia-288x300.webp 288w\" sizes=\"(max-width: 624px) 100vw, 624px\" title=\"nena saltant al llit el\u00e0stic\" alt=\"nena saltant al llit el\u00e0stic\" \t\tclass=\"so-widget-image\"\/>\n\t<\/div>\n\n<\/div><\/div><\/div><div id=\"pgc-22491-8-1\"  class=\"panel-grid-cell\" ><div id=\"panel-22491-8-1-0\" class=\"so-panel widget widget_sow-image panel-first-child\" data-index=\"18\" ><div\n\t\t\t\n\t\t\tclass=\"so-widget-sow-image so-widget-sow-image-default-8b5b6f678277-22491\"\n\t\t\t\n\t\t>\n<div class=\"sow-image-container\">\n\t\t<img \n\tsrc=\"https:\/\/costabravaparcaventura.com\/wp-content\/uploads\/2024\/05\/13-copia.webp\" width=\"1406\" height=\"1365\" srcset=\"https:\/\/costabravaparcaventura.com\/wp-content\/uploads\/2024\/05\/13-copia.webp 1406w, https:\/\/costabravaparcaventura.com\/wp-content\/uploads\/2024\/05\/13-copia-600x583.webp 600w, https:\/\/costabravaparcaventura.com\/wp-content\/uploads\/2024\/05\/13-copia-300x291.webp 300w, https:\/\/costabravaparcaventura.com\/wp-content\/uploads\/2024\/05\/13-copia-1024x994.webp 1024w, https:\/\/costabravaparcaventura.com\/wp-content\/uploads\/2024\/05\/13-copia-768x746.webp 768w\" sizes=\"(max-width: 1406px) 100vw, 1406px\" title=\"Jard\u00ed d&#039;infants\" alt=\"Jard\u00ed d&#039;infants\" \t\tclass=\"so-widget-image\"\/>\n\t<\/div>\n\n<\/div><\/div><div id=\"panel-22491-8-1-1\" class=\"so-panel widget widget_sow-image panel-last-child\" data-index=\"19\" ><div\n\t\t\t\n\t\t\tclass=\"so-widget-sow-image so-widget-sow-image-default-8b5b6f678277-22491\"\n\t\t\t\n\t\t>\n<div class=\"sow-image-container\">\n\t\t<img \n\tsrc=\"https:\/\/costabravaparcaventura.com\/wp-content\/uploads\/2024\/09\/24-copia-1.webp\" width=\"700\" height=\"700\" srcset=\"https:\/\/costabravaparcaventura.com\/wp-content\/uploads\/2024\/09\/24-copia-1.webp 700w, https:\/\/costabravaparcaventura.com\/wp-content\/uploads\/2024\/09\/24-copia-1-300x300.webp 300w, https:\/\/costabravaparcaventura.com\/wp-content\/uploads\/2024\/09\/24-copia-1-100x100.webp 100w, https:\/\/costabravaparcaventura.com\/wp-content\/uploads\/2024\/09\/24-copia-1-600x600.webp 600w, https:\/\/costabravaparcaventura.com\/wp-content\/uploads\/2024\/09\/24-copia-1-150x150.webp 150w\" sizes=\"(max-width: 700px) 100vw, 700px\" title=\"Festa d&#039;aniversari\" alt=\"Festa d&#039;aniversari\" \t\tclass=\"so-widget-image\"\/>\n\t<\/div>\n\n<\/div><\/div><\/div><\/div><div id=\"pg-22491-9\"  class=\"panel-grid panel-no-style\" ><div id=\"pgc-22491-9-0\"  class=\"panel-grid-cell\" ><div id=\"panel-22491-9-0-0\" class=\"so-panel widget widget_sow-image panel-first-child panel-last-child\" data-index=\"20\" ><div\n\t\t\t\n\t\t\tclass=\"so-widget-sow-image so-widget-sow-image-default-8b5b6f678277-22491\"\n\t\t\t\n\t\t>\n<div class=\"sow-image-container\">\n\t\t<img \n\tsrc=\"https:\/\/costabravaparcaventura.com\/wp-content\/uploads\/2024\/05\/16-copia.webp\" width=\"1100\" height=\"636\" srcset=\"https:\/\/costabravaparcaventura.com\/wp-content\/uploads\/2024\/05\/16-copia.webp 1100w, https:\/\/costabravaparcaventura.com\/wp-content\/uploads\/2024\/05\/16-copia-600x347.webp 600w, https:\/\/costabravaparcaventura.com\/wp-content\/uploads\/2024\/05\/16-copia-300x173.webp 300w, https:\/\/costabravaparcaventura.com\/wp-content\/uploads\/2024\/05\/16-copia-1024x592.webp 1024w, https:\/\/costabravaparcaventura.com\/wp-content\/uploads\/2024\/05\/16-copia-768x444.webp 768w\" sizes=\"(max-width: 1100px) 100vw, 1100px\" title=\"Parc de Pals\" alt=\"Parc de Pals\" \t\tclass=\"so-widget-image\"\/>\n\t<\/div>\n\n<\/div><\/div><\/div><\/div><div id=\"pg-22491-10\"  class=\"panel-grid panel-no-style\" ><div id=\"pgc-22491-10-0\"  class=\"panel-grid-cell\" ><div id=\"panel-22491-10-0-0\" class=\"so-panel widget widget_pw_special_title widget-special-title panel-first-child panel-last-child\" data-index=\"21\" >\t\t\t<h2 class=\"special-title\">\n\t\t\t\tFORMULAIRE\t\t\t<\/h2>\n\t\t<\/div><\/div><\/div><div id=\"pg-22491-11\"  class=\"panel-grid panel-no-style\" ><div id=\"pgc-22491-11-0\"  class=\"panel-grid-cell\" ><div id=\"panel-22491-11-0-0\" class=\"so-panel widget widget_sow-editor panel-first-child panel-last-child\" data-index=\"22\" ><div\n\t\t\t\n\t\t\tclass=\"so-widget-sow-editor so-widget-sow-editor-base\"\n\t\t\t\n\t\t>\n<div class=\"siteorigin-widget-tinymce textwidget\">\n\t\n<div class=\"wpcf7 no-js\" id=\"wpcf7-f22351-o1\" lang=\"en-US\" dir=\"ltr\" data-wpcf7-id=\"22351\">\n<div class=\"screen-reader-response\"><p role=\"status\" aria-live=\"polite\" aria-atomic=\"true\"><\/p> <ul><\/ul><\/div>\n<form action=\"\/fr\/wp-json\/wp\/v2\/pages\/22491#wpcf7-f22351-o1\" method=\"post\" class=\"wpcf7-form init\" aria-label=\"Contact form\" novalidate=\"novalidate\" data-status=\"init\">\n<fieldset class=\"hidden-fields-container\"><input type=\"hidden\" name=\"_wpcf7\" value=\"22351\" \/><input type=\"hidden\" name=\"_wpcf7_version\" value=\"6.1.5\" \/><input type=\"hidden\" name=\"_wpcf7_locale\" value=\"en_US\" \/><input type=\"hidden\" name=\"_wpcf7_unit_tag\" value=\"wpcf7-f22351-o1\" \/><input type=\"hidden\" name=\"_wpcf7_container_post\" value=\"0\" \/><input type=\"hidden\" name=\"_wpcf7_posted_data_hash\" value=\"\" \/><input type=\"hidden\" name=\"_wpcf7cf_hidden_group_fields\" value=\"[]\" \/><input type=\"hidden\" name=\"_wpcf7cf_hidden_groups\" value=\"[]\" \/><input type=\"hidden\" name=\"_wpcf7cf_visible_groups\" value=\"[]\" \/><input type=\"hidden\" name=\"_wpcf7cf_repeaters\" value=\"[]\" \/><input type=\"hidden\" name=\"_wpcf7cf_steps\" value=\"{}\" \/><input type=\"hidden\" name=\"_wpcf7cf_options\" value=\"{&quot;form_id&quot;:22351,&quot;conditions&quot;:[{&quot;then_field&quot;:&quot;group-escolar-junior&quot;,&quot;and_rules&quot;:[{&quot;if_field&quot;:&quot;experiencia&quot;,&quot;operator&quot;:&quot;equals&quot;,&quot;if_value&quot;:&quot;Activit\\u00e9s \\u00e9cole primaire (+ 8 ans)&quot;}]}],&quot;settings&quot;:{&quot;animation&quot;:&quot;yes&quot;,&quot;animation_intime&quot;:200,&quot;animation_outtime&quot;:200,&quot;conditions_ui&quot;:&quot;normal&quot;,&quot;notice_dismissed&quot;:false}}\" \/><input type=\"hidden\" name=\"_wpcf7_recaptcha_response\" value=\"\" \/>\n<\/fieldset>\n<div class=\"row\">\n\t<div class=\"col-xs-12  col-lg-6\">\n\t\t<p><span class=\"wpcf7-form-control-wrap\" data-name=\"nombre\"><input size=\"40\" maxlength=\"400\" class=\"wpcf7-form-control wpcf7-text wpcf7-validates-as-required form-control\" aria-required=\"true\" aria-invalid=\"false\" placeholder=\"Nom*\" value=\"\" type=\"text\" name=\"nombre\" \/><\/span>\n\t\t<\/p>\n\t<\/div>\n\t<div class=\"col-xs-12  col-lg-6\">\n\t\t<p><span class=\"wpcf7-form-control-wrap\" data-name=\"email\"><input size=\"40\" maxlength=\"400\" class=\"wpcf7-form-control wpcf7-email wpcf7-validates-as-required wpcf7-text wpcf7-validates-as-email form-control\" aria-required=\"true\" aria-invalid=\"false\" placeholder=\"E-mail*\" value=\"\" type=\"email\" name=\"email\" \/><\/span>\n\t\t<\/p>\n\t<\/div>\n\t<div class=\"col-xs-12  col-lg-6\">\n\t\t<p><span class=\"wpcf7-form-control-wrap\" data-name=\"telefono\"><input size=\"40\" maxlength=\"400\" class=\"wpcf7-form-control wpcf7-text wpcf7-validates-as-required form-control\" aria-required=\"true\" aria-invalid=\"false\" placeholder=\"T\u00e9l\u00e9phone*\" value=\"\" type=\"text\" name=\"telefono\" \/><\/span>\n\t\t<\/p>\n\t<\/div>\n\t<div class=\"col-xs-12  col-lg-6\">\n\t\t<p><span class=\"wpcf7-form-control-wrap\" data-name=\"experiencia\"><select class=\"wpcf7-form-control wpcf7-select wpcf7-validates-as-required\" aria-required=\"true\" aria-invalid=\"false\" name=\"experiencia\"><option value=\"\">S\u00e9lectionnez votre exp\u00e9rience*<\/option><option value=\"Anniversaire des enfants\">Anniversaire des enfants<\/option><option value=\"Anniversaire junior\">Anniversaire junior<\/option><option value=\"Anniversaire adulte\">Anniversaire adulte<\/option><option value=\"Enterrement de vie\">Enterrement de vie<\/option><option value=\"Team building\">Team building<\/option><option value=\"Activit\u00e9 scolaire enfants (de 4 \u00e0 7 ans)\">Activit\u00e9 scolaire enfants (de 4 \u00e0 7 ans)<\/option><option value=\"Activit\u00e9s \u00e9cole primaire (+ 8 ans)\">Activit\u00e9s \u00e9cole primaire (+ 8 ans)<\/option><option value=\"Aventure nocturne\">Aventure nocturne<\/option><option value=\"\u00c9v\u00e9nements d&#039;entreprise\">\u00c9v\u00e9nements d&#039;entreprise<\/option><option value=\"Lancer de hache\">Lancer de hache<\/option><option value=\"Archery Combat\">Archery Combat<\/option><option value=\"Extreme Action Hatch\">Extreme Action Hatch<\/option><\/select><\/span>\n\t\t<\/p>\n\t<\/div>\n\t<div class=\"col-xs-12  col-lg-6\">\n\t\t<p><span class=\"wpcf7-form-control-wrap\" data-name=\"parque\"><select class=\"wpcf7-form-control wpcf7-select wpcf7-validates-as-required\" aria-required=\"true\" aria-invalid=\"false\" name=\"parque\"><option value=\"\">S\u00e9lectionnez le parc*<\/option><option value=\"Pals\">Pals<\/option><option value=\"Platja d&#039;Aro\">Platja d&#039;Aro<\/option><\/select><\/span>\n\t\t<\/p>\n\t<\/div>\n\t<div class=\"col-xs-12 col-lg-6\">\n\t\t<div data-id=\"group-escolar-junior\" data-orig_data_id=\"group-escolar-junior\"  class=\"\" data-class=\"wpcf7cf_group\">\n\t\t\t<p><span class=\"wpcf7-form-control-wrap\" data-name=\"escolar-junior\"><select class=\"wpcf7-form-control wpcf7-select wpcf7-validates-as-required\" aria-required=\"true\" aria-invalid=\"false\" name=\"escolar-junior\"><option value=\"S\u00e9lectionnez le forfait de votre choix\">S\u00e9lectionnez le forfait de votre choix<\/option><option value=\"Mapuche\">Mapuche<\/option><option value=\"Tuareg\">Tuareg<\/option><option value=\"Mamut\">Mamut<\/option><option value=\"Zingars\">Zingars<\/option><option value=\"Yanomani\">Yanomani<\/option><\/select><\/span>\n\t\t\t<\/p>\n\t\t<\/div>\n\t<\/div>\n\t<div class=\"col-xs-12\">\n\t\t<p><span class=\"wpcf7-form-control-wrap\" data-name=\"message\"><textarea cols=\"40\" rows=\"10\" maxlength=\"2000\" class=\"wpcf7-form-control wpcf7-textarea wpcf7-validates-as-required form-control\" aria-required=\"true\" aria-invalid=\"false\" placeholder=\"Commentaires*\" name=\"message\"><\/textarea><\/span><br \/>\n<span class=\"wpcf7-form-control-wrap\" data-name=\"acceptance-838\"><span class=\"wpcf7-form-control wpcf7-acceptance\"><span class=\"wpcf7-list-item\"><label><input type=\"checkbox\" name=\"acceptance-838\" value=\"1\" aria-invalid=\"false\" \/><span class=\"wpcf7-list-item-label\">J'ai lu et j'accepte votre <a href=\"https:\/\/costabravaparcaventura.com\/es\/politica-de-privacidad-y-cookies\/\">politique de confidentialit\u00e9<\/a><\/span><\/label><\/span><\/span><\/span>\n\t\t<\/p>\n\t\t<div class=\"wpcf7-notice\" style=\"font-size: 16px;\">\n\t\t\t<p>* Champs obligatoires.\n\t\t\t<\/p>\n\t\t<\/div>\n\t\t<div class=\"wpcf7-notice\" style=\"font-size: 16px;\">\n\t\t\t<p>* Costa Brava Parc Aventura utilisera mes donn\u00e9es pour r\u00e9soudre ma requ\u00eate et les enregistrera pour maintenir un contact commercial avec moi, en les supprimant \u00e0 ma demande expresse conform\u00e9ment \u00e0 la loi en vigueur. J'accepte que ces donn\u00e9es soient utilis\u00e9es pour m'inclure dans une liste de diffusion contenant des informations sur votre projet et les promotions associ\u00e9es.\n\t\t\t<\/p>\n\t\t<\/div>\n\t\t<div>\n\t\t\t<p><input class=\"wpcf7-form-control wpcf7-submit has-spinner experienciasform btn btn-primary\" type=\"submit\" value=\"ENVOYER\" \/>\n\t\t\t<\/p>\n\t\t<\/div>\n\t<\/div>\n<\/div><input\n                    class=\"apbct_special_field apbct_email_id__wp_contact_form_7\"\n                    name=\"apbct__email_id__wp_contact_form_7\"\n                    aria-label=\"apbct__label_id__wp_contact_form_7\"\n                    type=\"text\" size=\"30\" maxlength=\"200\" autocomplete=\"off\"\n                    value=\"\"\n                \/><p style=\"display: none !important;\" class=\"akismet-fields-container\" data-prefix=\"_wpcf7_ak_\"><label>&#916;<textarea name=\"_wpcf7_ak_hp_textarea\" cols=\"45\" rows=\"8\" maxlength=\"100\"><\/textarea><\/label><input type=\"hidden\" id=\"ak_js_1\" name=\"_wpcf7_ak_js\" value=\"24\"\/><script type=\"text\/javascript\">\n\/* <![CDATA[ *\/\ndocument.getElementById( \"ak_js_1\" ).setAttribute( \"value\", ( new Date() ).getTime() );\n\/* ]]> *\/\n<\/script>\n<\/p><input type='hidden' class='wpcf7-pum' value='{\"closepopup\":false,\"closedelay\":0,\"openpopup\":false,\"openpopup_id\":0}' \/><div class=\"wpcf7-response-output\" aria-hidden=\"true\"><\/div>\n<\/form>\n<\/div>\n\n<\/div>\n<\/div><\/div><\/div><\/div><\/div>","protected":false},"excerpt":{"rendered":"<p>ANNIVERSAIRES DES ENFANTS D\u00e9couvrez l&rsquo;une des meilleures activit\u00e9s pour enfants que vous puissiez trouver \u00e0 G\u00e9rone ! Vous recherchez un endroit tr\u00e8s sp\u00e9cial pour que votre enfant puisse c\u00e9l\u00e9brer sa f\u00eate d&rsquo;anniversaire ? Nous vous proposons un nouveau concept de loisirs pour enfants qui permettra \u00e0 vos enfants de profiter comme jamais auparavant dans un &hellip;<\/p>\n","protected":false},"author":1,"featured_media":0,"parent":7029,"menu_order":0,"comment_status":"closed","ping_status":"closed","template":"template-front-page-slider-alt.php","meta":{"_acf_changed":false,"footnotes":""},"class_list":{"0":"post-22491","1":"page","2":"type-page","3":"status-publish","5":"clearfix","6":"article"},"acf":[],"yoast_head":"<!-- This site is optimized with the Yoast SEO plugin v27.5 - https:\/\/yoast.com\/product\/yoast-seo-wordpress\/ -->\n<title>Anniversaires d&#039;enfants - Costa Brava Parc Aventura<\/title>\n<meta name=\"robots\" content=\"index, follow, max-snippet:-1, max-image-preview:large, max-video-preview:-1\" \/>\n<link rel=\"canonical\" href=\"https:\/\/costabravaparcaventura.com\/fr\/experiences\/anniversaires-denfants\/\" \/>\n<meta property=\"og:locale\" content=\"fr_FR\" \/>\n<meta property=\"og:type\" content=\"article\" \/>\n<meta property=\"og:title\" content=\"Anniversaires d&#039;enfants - Costa Brava Parc Aventura\" \/>\n<meta property=\"og:description\" content=\"ANNIVERSAIRES DES ENFANTS D\u00e9couvrez l&#039;une des meilleures activit\u00e9s pour enfants que vous puissiez trouver \u00e0 G\u00e9rone ! Vous recherchez un endroit tr\u00e8s sp\u00e9cial pour que votre enfant puisse c\u00e9l\u00e9brer sa f\u00eate d&#039;anniversaire ? Nous vous proposons un nouveau concept de loisirs pour enfants qui permettra \u00e0 vos enfants de profiter comme jamais auparavant dans un &hellip;\" \/>\n<meta property=\"og:url\" content=\"https:\/\/costabravaparcaventura.com\/fr\/experiences\/anniversaires-denfants\/\" \/>\n<meta property=\"og:site_name\" content=\"Costa Brava Parc Aventura\" \/>\n<meta property=\"article:publisher\" content=\"https:\/\/www.facebook.com\/costabravaparcaventura\" \/>\n<meta property=\"article:modified_time\" content=\"2024-09-23T15:00:04+00:00\" \/>\n<meta name=\"twitter:card\" content=\"summary_large_image\" \/>\n<meta name=\"twitter:site\" content=\"@BravaParc\" \/>\n<meta name=\"twitter:label1\" content=\"Dur\u00e9e de lecture estim\u00e9e\" \/>\n\t<meta name=\"twitter:data1\" content=\"6 minutes\" \/>\n<script type=\"application\/ld+json\" class=\"yoast-schema-graph\">{\"@context\":\"https:\\\/\\\/schema.org\",\"@graph\":[{\"@type\":\"WebPage\",\"@id\":\"https:\\\/\\\/costabravaparcaventura.com\\\/fr\\\/experiences\\\/anniversaires-denfants\\\/\",\"url\":\"https:\\\/\\\/costabravaparcaventura.com\\\/fr\\\/experiences\\\/anniversaires-denfants\\\/\",\"name\":\"Anniversaires d'enfants - Costa Brava Parc Aventura\",\"isPartOf\":{\"@id\":\"https:\\\/\\\/costabravaparcaventura.com\\\/fr\\\/#website\"},\"datePublished\":\"2024-09-23T14:11:08+00:00\",\"dateModified\":\"2024-09-23T15:00:04+00:00\",\"breadcrumb\":{\"@id\":\"https:\\\/\\\/costabravaparcaventura.com\\\/fr\\\/experiences\\\/anniversaires-denfants\\\/#breadcrumb\"},\"inLanguage\":\"fr-FR\",\"potentialAction\":[{\"@type\":\"ReadAction\",\"target\":[\"https:\\\/\\\/costabravaparcaventura.com\\\/fr\\\/experiences\\\/anniversaires-denfants\\\/\"]}]},{\"@type\":\"BreadcrumbList\",\"@id\":\"https:\\\/\\\/costabravaparcaventura.com\\\/fr\\\/experiences\\\/anniversaires-denfants\\\/#breadcrumb\",\"itemListElement\":[{\"@type\":\"ListItem\",\"position\":1,\"name\":\"Portada\",\"item\":\"https:\\\/\\\/costabravaparcaventura.com\\\/fr\\\/\"},{\"@type\":\"ListItem\",\"position\":2,\"name\":\"Anniversaires d&rsquo;enfants\"}]},{\"@type\":\"WebSite\",\"@id\":\"https:\\\/\\\/costabravaparcaventura.com\\\/fr\\\/#website\",\"url\":\"https:\\\/\\\/costabravaparcaventura.com\\\/fr\\\/\",\"name\":\"Costa Brava Parc Aventura\",\"description\":\"tirolinas costa brava\",\"publisher\":{\"@id\":\"https:\\\/\\\/costabravaparcaventura.com\\\/fr\\\/#organization\"},\"potentialAction\":[{\"@type\":\"SearchAction\",\"target\":{\"@type\":\"EntryPoint\",\"urlTemplate\":\"https:\\\/\\\/costabravaparcaventura.com\\\/fr\\\/?s={search_term_string}\"},\"query-input\":{\"@type\":\"PropertyValueSpecification\",\"valueRequired\":true,\"valueName\":\"search_term_string\"}}],\"inLanguage\":\"fr-FR\"},{\"@type\":\"Organization\",\"@id\":\"https:\\\/\\\/costabravaparcaventura.com\\\/fr\\\/#organization\",\"name\":\"Costa Brava Parc Aventura\",\"url\":\"https:\\\/\\\/costabravaparcaventura.com\\\/fr\\\/\",\"logo\":{\"@type\":\"ImageObject\",\"inLanguage\":\"fr-FR\",\"@id\":\"https:\\\/\\\/costabravaparcaventura.com\\\/fr\\\/#\\\/schema\\\/logo\\\/image\\\/\",\"url\":\"https:\\\/\\\/costabravaparcaventura.com\\\/wp-content\\\/uploads\\\/2023\\\/07\\\/logo_parc_aventura_600.jpg\",\"contentUrl\":\"https:\\\/\\\/costabravaparcaventura.com\\\/wp-content\\\/uploads\\\/2023\\\/07\\\/logo_parc_aventura_600.jpg\",\"width\":600,\"height\":600,\"caption\":\"Costa Brava Parc Aventura\"},\"image\":{\"@id\":\"https:\\\/\\\/costabravaparcaventura.com\\\/fr\\\/#\\\/schema\\\/logo\\\/image\\\/\"},\"sameAs\":[\"https:\\\/\\\/www.facebook.com\\\/costabravaparcaventura\",\"https:\\\/\\\/x.com\\\/BravaParc\",\"https:\\\/\\\/www.instagram.com\\\/costabravaparcaventura\\\/\",\"https:\\\/\\\/www.youtube.com\\\/user\\\/costabravaparc\"]}]}<\/script>\n<!-- \/ Yoast SEO plugin. -->","yoast_head_json":{"title":"Anniversaires d'enfants - Costa Brava Parc Aventura","robots":{"index":"index","follow":"follow","max-snippet":"max-snippet:-1","max-image-preview":"max-image-preview:large","max-video-preview":"max-video-preview:-1"},"canonical":"https:\/\/costabravaparcaventura.com\/fr\/experiences\/anniversaires-denfants\/","og_locale":"fr_FR","og_type":"article","og_title":"Anniversaires d'enfants - Costa Brava Parc Aventura","og_description":"ANNIVERSAIRES DES ENFANTS D\u00e9couvrez l'une des meilleures activit\u00e9s pour enfants que vous puissiez trouver \u00e0 G\u00e9rone ! Vous recherchez un endroit tr\u00e8s sp\u00e9cial pour que votre enfant puisse c\u00e9l\u00e9brer sa f\u00eate d'anniversaire ? Nous vous proposons un nouveau concept de loisirs pour enfants qui permettra \u00e0 vos enfants de profiter comme jamais auparavant dans un &hellip;","og_url":"https:\/\/costabravaparcaventura.com\/fr\/experiences\/anniversaires-denfants\/","og_site_name":"Costa Brava Parc Aventura","article_publisher":"https:\/\/www.facebook.com\/costabravaparcaventura","article_modified_time":"2024-09-23T15:00:04+00:00","twitter_card":"summary_large_image","twitter_site":"@BravaParc","twitter_misc":{"Dur\u00e9e de lecture estim\u00e9e":"6 minutes"},"schema":{"@context":"https:\/\/schema.org","@graph":[{"@type":"WebPage","@id":"https:\/\/costabravaparcaventura.com\/fr\/experiences\/anniversaires-denfants\/","url":"https:\/\/costabravaparcaventura.com\/fr\/experiences\/anniversaires-denfants\/","name":"Anniversaires d'enfants - Costa Brava Parc Aventura","isPartOf":{"@id":"https:\/\/costabravaparcaventura.com\/fr\/#website"},"datePublished":"2024-09-23T14:11:08+00:00","dateModified":"2024-09-23T15:00:04+00:00","breadcrumb":{"@id":"https:\/\/costabravaparcaventura.com\/fr\/experiences\/anniversaires-denfants\/#breadcrumb"},"inLanguage":"fr-FR","potentialAction":[{"@type":"ReadAction","target":["https:\/\/costabravaparcaventura.com\/fr\/experiences\/anniversaires-denfants\/"]}]},{"@type":"BreadcrumbList","@id":"https:\/\/costabravaparcaventura.com\/fr\/experiences\/anniversaires-denfants\/#breadcrumb","itemListElement":[{"@type":"ListItem","position":1,"name":"Portada","item":"https:\/\/costabravaparcaventura.com\/fr\/"},{"@type":"ListItem","position":2,"name":"Anniversaires d&rsquo;enfants"}]},{"@type":"WebSite","@id":"https:\/\/costabravaparcaventura.com\/fr\/#website","url":"https:\/\/costabravaparcaventura.com\/fr\/","name":"Costa Brava Parc Aventura","description":"tirolinas costa brava","publisher":{"@id":"https:\/\/costabravaparcaventura.com\/fr\/#organization"},"potentialAction":[{"@type":"SearchAction","target":{"@type":"EntryPoint","urlTemplate":"https:\/\/costabravaparcaventura.com\/fr\/?s={search_term_string}"},"query-input":{"@type":"PropertyValueSpecification","valueRequired":true,"valueName":"search_term_string"}}],"inLanguage":"fr-FR"},{"@type":"Organization","@id":"https:\/\/costabravaparcaventura.com\/fr\/#organization","name":"Costa Brava Parc Aventura","url":"https:\/\/costabravaparcaventura.com\/fr\/","logo":{"@type":"ImageObject","inLanguage":"fr-FR","@id":"https:\/\/costabravaparcaventura.com\/fr\/#\/schema\/logo\/image\/","url":"https:\/\/costabravaparcaventura.com\/wp-content\/uploads\/2023\/07\/logo_parc_aventura_600.jpg","contentUrl":"https:\/\/costabravaparcaventura.com\/wp-content\/uploads\/2023\/07\/logo_parc_aventura_600.jpg","width":600,"height":600,"caption":"Costa Brava Parc Aventura"},"image":{"@id":"https:\/\/costabravaparcaventura.com\/fr\/#\/schema\/logo\/image\/"},"sameAs":["https:\/\/www.facebook.com\/costabravaparcaventura","https:\/\/x.com\/BravaParc","https:\/\/www.instagram.com\/costabravaparcaventura\/","https:\/\/www.youtube.com\/user\/costabravaparc"]}]}},"_links":{"self":[{"href":"https:\/\/costabravaparcaventura.com\/fr\/wp-json\/wp\/v2\/pages\/22491","targetHints":{"allow":["GET"]}}],"collection":[{"href":"https:\/\/costabravaparcaventura.com\/fr\/wp-json\/wp\/v2\/pages"}],"about":[{"href":"https:\/\/costabravaparcaventura.com\/fr\/wp-json\/wp\/v2\/types\/page"}],"author":[{"embeddable":true,"href":"https:\/\/costabravaparcaventura.com\/fr\/wp-json\/wp\/v2\/users\/1"}],"replies":[{"embeddable":true,"href":"https:\/\/costabravaparcaventura.com\/fr\/wp-json\/wp\/v2\/comments?post=22491"}],"version-history":[{"count":3,"href":"https:\/\/costabravaparcaventura.com\/fr\/wp-json\/wp\/v2\/pages\/22491\/revisions"}],"predecessor-version":[{"id":22507,"href":"https:\/\/costabravaparcaventura.com\/fr\/wp-json\/wp\/v2\/pages\/22491\/revisions\/22507"}],"up":[{"embeddable":true,"href":"https:\/\/costabravaparcaventura.com\/fr\/wp-json\/wp\/v2\/pages\/7029"}],"wp:attachment":[{"href":"https:\/\/costabravaparcaventura.com\/fr\/wp-json\/wp\/v2\/media?parent=22491"}],"curies":[{"name":"wp","href":"https:\/\/api.w.org\/{rel}","templated":true}]}}