{"id":22466,"date":"2024-09-23T10:55:17","date_gmt":"2024-09-23T08:55:17","guid":{"rendered":"https:\/\/costabravaparcaventura.com\/anniversaires-juniors-8-13-ans\/"},"modified":"2024-09-23T12:49:18","modified_gmt":"2024-09-23T10:49:18","slug":"anniversaires-juniors-8-13-ans","status":"publish","type":"page","link":"https:\/\/costabravaparcaventura.com\/fr\/experiences\/anniversaires-juniors-8-13-ans\/","title":{"rendered":"Anniversaires juniors 8-13 ans"},"content":{"rendered":"<div id=\"pl-22466\"  class=\"panel-layout\" ><div id=\"pg-22466-0\"  class=\"panel-grid panel-has-style\" ><div class=\"panel-row-style panel-row-style-for-22466-0\" ><div id=\"pgc-22466-0-0\"  class=\"panel-grid-cell\" ><div id=\"panel-22466-0-0-0\" class=\"so-panel widget widget_sow-editor panel-first-child panel-last-child\" data-index=\"0\" ><div\n\t\t\t\n\t\t\tclass=\"so-widget-sow-editor so-widget-sow-editor-base\"\n\t\t\t\n\t\t>\n<div class=\"siteorigin-widget-tinymce textwidget\">\n\t<h1 style=\"text-align: center;\"><span style=\"color: #e6e6e6;\">ANNIVERSAIRES JUNIORS<\/span><\/h1>\n<\/div>\n<\/div><\/div><\/div><\/div><\/div><div id=\"pg-22466-1\"  class=\"panel-grid panel-no-style\" ><div id=\"pgc-22466-1-0\"  class=\"panel-grid-cell\" ><div id=\"panel-22466-1-0-0\" class=\"so-panel widget widget_sow-editor panel-first-child\" data-index=\"1\" ><div class=\"panel-widget-style panel-widget-style-for-22466-1-0-0\" ><div\n\t\t\t\n\t\t\tclass=\"so-widget-sow-editor so-widget-sow-editor-base\"\n\t\t\t\n\t\t>\n<div class=\"siteorigin-widget-tinymce textwidget\">\n\t<p><strong><span style=\"color: #fe5000;\">F\u00eates d'anniversaire juniors au Parc Aventura<\/span><\/strong><\/p>\n<p style=\"text-align: left; line-height: 32px;\"><span style=\"color: #f0f0f0;\">Au Parc Aventura, nous organisons des anniversaires juniors pour gar\u00e7ons et filles entre 8 et 13 ans, offrant un environnement unique plein d'activit\u00e9s et d'aventures passionnantes.<\/span><\/p>\n<p style=\"text-align: left; line-height: 32px;\"><span style=\"color: #f0f0f0;\">  Nos programmes sont con\u00e7us pour garantir que chaque enfant vive une exp\u00e9rience inoubliable, pleine de plaisir et de d\u00e9fis.<\/span><\/p>\n<p><span style=\"color: #f0f0f0;line-height:32px;\">N'y pensez plus et venez d\u00e9couvrir tout ce que Parc Aventura peut vous proposer pour faire de l'anniversaire de votre fils ou de votre fille une journ\u00e9e magique et pleine d'\u00e9motions.  <\/span><\/p>\n<p><span style=\"color: #f0f0f0;\"><strong>R\u00e9servez votre f\u00eate avec nous et cr\u00e9ez des souvenirs inoubliables !<\/strong><\/span><\/p>\n<\/div>\n<\/div><\/div><\/div><div id=\"panel-22466-1-0-1\" class=\"so-panel widget widget_pw_brochure_box widget-brochure-box panel-last-child\" data-index=\"2\" >\n\t<a class=\"brochure-box\" href=\"https:\/\/costabravaparcaventura.com\/fr\/anniversaires-juniors-8-13-ans\/\" target=\"_self\">\n\t\t<span class=\"brochure-box__icon\"><i class=\"fa  \"><\/i><\/span>\n\t\t<span class=\"brochure-box__text\">Demandez des informations!<\/span>\n\t<\/a>\n\n<\/div><\/div><div id=\"pgc-22466-1-1\"  class=\"panel-grid-cell\" ><div id=\"panel-22466-1-1-0\" class=\"so-panel widget widget_sow-image panel-first-child panel-last-child\" data-index=\"3\" ><div\n\t\t\t\n\t\t\tclass=\"so-widget-sow-image so-widget-sow-image-default-8b5b6f678277-22466\"\n\t\t\t\n\t\t>\n<div class=\"sow-image-container\">\n\t\t<img \n\tsrc=\"https:\/\/costabravaparcaventura.com\/wp-content\/uploads\/2024\/09\/24-copia.webp\" width=\"550\" height=\"550\" srcset=\"https:\/\/costabravaparcaventura.com\/wp-content\/uploads\/2024\/09\/24-copia.webp 550w, https:\/\/costabravaparcaventura.com\/wp-content\/uploads\/2024\/09\/24-copia-300x300.webp 300w, https:\/\/costabravaparcaventura.com\/wp-content\/uploads\/2024\/09\/24-copia-100x100.webp 100w, https:\/\/costabravaparcaventura.com\/wp-content\/uploads\/2024\/09\/24-copia-150x150.webp 150w\" sizes=\"(max-width: 550px) 100vw, 550px\" title=\"Noia passant un obstacle\" alt=\"Noia passant un obstacle\" \t\tclass=\"so-widget-image\"\/>\n\t<\/div>\n\n<\/div><\/div><\/div><\/div><div id=\"pg-22466-2\"  class=\"panel-grid panel-no-style\" ><div id=\"pgc-22466-2-0\"  class=\"panel-grid-cell\" ><div id=\"panel-22466-2-0-0\" class=\"so-panel widget widget_sow-image panel-first-child panel-last-child\" data-index=\"4\" ><div class=\"panel-widget-style panel-widget-style-for-22466-2-0-0\" ><div\n\t\t\t\n\t\t\tclass=\"so-widget-sow-image so-widget-sow-image-default-8b5b6f678277-22466\"\n\t\t\t\n\t\t>\n<div class=\"sow-image-container\">\n\t\t<img \n\tsrc=\"https:\/\/costabravaparcaventura.com\/wp-content\/uploads\/2024\/05\/22-copia.webp\" width=\"727\" height=\"727\" srcset=\"https:\/\/costabravaparcaventura.com\/wp-content\/uploads\/2024\/05\/22-copia.webp 727w, https:\/\/costabravaparcaventura.com\/wp-content\/uploads\/2024\/05\/22-copia-300x300.webp 300w, https:\/\/costabravaparcaventura.com\/wp-content\/uploads\/2024\/05\/22-copia-100x100.webp 100w, https:\/\/costabravaparcaventura.com\/wp-content\/uploads\/2024\/05\/22-copia-600x600.webp 600w, https:\/\/costabravaparcaventura.com\/wp-content\/uploads\/2024\/05\/22-copia-150x150.webp 150w\" sizes=\"(max-width: 727px) 100vw, 727px\" title=\"Nen fent una tirolina\" alt=\"Nen fent una tirolina\" \t\tclass=\"so-widget-image\"\/>\n\t<\/div>\n\n<\/div><\/div><\/div><\/div><div id=\"pgc-22466-2-1\"  class=\"panel-grid-cell\" ><div id=\"panel-22466-2-1-0\" class=\"so-panel widget widget_sow-editor panel-first-child\" data-index=\"5\" ><div class=\"panel-widget-style panel-widget-style-for-22466-2-1-0\" ><div\n\t\t\t\n\t\t\tclass=\"so-widget-sow-editor so-widget-sow-editor-base\"\n\t\t\t\n\t\t>\n<div class=\"siteorigin-widget-tinymce textwidget\">\n\t<p><strong><span style=\"color: #fe5000;\">Activit\u00e9s s\u00fbres et avantages suppl\u00e9mentaires au Costa Brava Adventure Park<\/span><\/strong><\/p>\n<p><span style=\"color: #f0f0f0; line-height: 32px;\">Une formation et un \u00e9quipement de s\u00e9curit\u00e9 sont inclus dans l'activit\u00e9, garantissant que tous les participants sont bien pr\u00e9par\u00e9s et prot\u00e9g\u00e9s tout en profitant de nos installations. En fonction de leur \u00e2ge et de leur taille, ils peuvent choisir deux circuits entre SaCova, Illes Medes, Aigua Blava et Cap de Begur, garantissant que chaque participant puisse vivre une exp\u00e9rience adapt\u00e9e \u00e0 ses capacit\u00e9s. <\/span><\/p>\n<p><span style=\"color: #f0f0f0; line-height: 32px;\">De plus, si vous \u00eates un groupe minimum de 15 personnes, l'h\u00f4te b\u00e9n\u00e9ficiera d'une entr\u00e9e gratuite et recevra un dipl\u00f4me d'aventurier en souvenir privil\u00e9gi\u00e9 de cette journ\u00e9e importante.<\/span><\/p>\n<\/div>\n<\/div><\/div><\/div><div id=\"panel-22466-2-1-1\" class=\"so-panel widget widget_pw_brochure_box widget-brochure-box panel-last-child\" data-index=\"6\" >\n\t<a class=\"brochure-box\" href=\"https:\/\/costabravaparcaventura.com\/fr\/parcours-sa-cova-platja-daro\/\" target=\"_self\">\n\t\t<span class=\"brochure-box__icon\"><i class=\"fa  \"><\/i><\/span>\n\t\t<span class=\"brochure-box__text\">D\u00e9couvrez le circuit Sa Cova de Platja d'Aro !<\/span>\n\t<\/a>\n\n<\/div><\/div><\/div><div id=\"pg-22466-3\"  class=\"panel-grid panel-no-style\" ><div id=\"pgc-22466-3-0\"  class=\"panel-grid-cell\" ><div id=\"panel-22466-3-0-0\" class=\"so-panel widget widget_sow-editor panel-first-child\" data-index=\"7\" ><div class=\"panel-widget-style panel-widget-style-for-22466-3-0-0\" ><div\n\t\t\t\n\t\t\tclass=\"so-widget-sow-editor so-widget-sow-editor-base\"\n\t\t\t\n\t\t>\n<div class=\"siteorigin-widget-tinymce textwidget\">\n\t<p><span style=\"color: #fe5000;\"><strong>C\u00e9l\u00e9brez l'anniversaire de votre enfant au Parc Aventura<\/strong><\/span><\/p>\n<p><span style=\"color: #f0f0f0; line-height:32px;\">Vous recherchez un endroit tr\u00e8s sp\u00e9cial pour que votre enfant puisse c\u00e9l\u00e9brer sa f\u00eate d'anniversaire ? Au Parc Aventura, nous vous proposons un nouveau concept de loisirs qui fera profiter les gar\u00e7ons et les filles comme jamais auparavant dans un environnement naturel et s\u00e9curitaire. <\/span><\/p>\n<p><span style=\"color: #f0f0f0;line-height:32px;\">Au Parc Aventura, nous organisons des anniversaires juniors, o\u00f9 vos enfants pourront profiter de nombreuses activit\u00e9s d'aventure qu'ils n'oublieront pas de sit\u00f4t. Des parcours d'obstacles aux tyroliennes passionnantes, chaque d\u00e9tail est con\u00e7u pour rendre l'exp\u00e9rience unique et inoubliable. <\/span><\/p>\n<\/div>\n<\/div><\/div><\/div><div id=\"panel-22466-3-0-1\" class=\"so-panel widget widget_pw_brochure_box widget-brochure-box panel-last-child\" data-index=\"8\" >\n\t<a class=\"brochure-box\" href=\"https:\/\/costabravaparcaventura.com\/fr\/parcours-sa-cova-pals\/\" target=\"_self\">\n\t\t<span class=\"brochure-box__icon\"><i class=\"fa  \"><\/i><\/span>\n\t\t<span class=\"brochure-box__text\">D\u00e9couvrez le circuit Sa Cova de Pals !<\/span>\n\t<\/a>\n\n<\/div><\/div><div id=\"pgc-22466-3-1\"  class=\"panel-grid-cell\" ><div id=\"panel-22466-3-1-0\" class=\"so-panel widget widget_sow-image panel-first-child panel-last-child\" data-index=\"9\" ><div class=\"panel-widget-style panel-widget-style-for-22466-3-1-0\" ><div\n\t\t\t\n\t\t\tclass=\"so-widget-sow-image so-widget-sow-image-default-8b5b6f678277-22466\"\n\t\t\t\n\t\t>\n<div class=\"sow-image-container\">\n\t\t<img \n\tsrc=\"https:\/\/costabravaparcaventura.com\/wp-content\/uploads\/2024\/05\/23-copia.webp\" width=\"702\" height=\"702\" srcset=\"https:\/\/costabravaparcaventura.com\/wp-content\/uploads\/2024\/05\/23-copia.webp 702w, https:\/\/costabravaparcaventura.com\/wp-content\/uploads\/2024\/05\/23-copia-300x300.webp 300w, https:\/\/costabravaparcaventura.com\/wp-content\/uploads\/2024\/05\/23-copia-100x100.webp 100w, https:\/\/costabravaparcaventura.com\/wp-content\/uploads\/2024\/05\/23-copia-600x600.webp 600w, https:\/\/costabravaparcaventura.com\/wp-content\/uploads\/2024\/05\/23-copia-150x150.webp 150w\" sizes=\"(max-width: 702px) 100vw, 702px\" title=\"Nena al circuits\" alt=\"Nena al circuits\" \t\tclass=\"so-widget-image\"\/>\n\t<\/div>\n\n<\/div><\/div><\/div><\/div><\/div><div id=\"pg-22466-4\"  class=\"panel-grid panel-no-style\" ><div id=\"pgc-22466-4-0\"  class=\"panel-grid-cell\" ><div id=\"panel-22466-4-0-0\" class=\"so-panel widget widget_sow-image panel-first-child panel-last-child\" data-index=\"10\" ><div class=\"panel-widget-style panel-widget-style-for-22466-4-0-0\" ><div\n\t\t\t\n\t\t\tclass=\"so-widget-sow-image so-widget-sow-image-default-8b5b6f678277-22466\"\n\t\t\t\n\t\t>\n<div class=\"sow-image-container\">\n\t\t<img \n\tsrc=\"https:\/\/costabravaparcaventura.com\/wp-content\/uploads\/2024\/05\/20-copia-1.webp\" width=\"706\" height=\"706\" srcset=\"https:\/\/costabravaparcaventura.com\/wp-content\/uploads\/2024\/05\/20-copia-1.webp 706w, https:\/\/costabravaparcaventura.com\/wp-content\/uploads\/2024\/05\/20-copia-1-300x300.webp 300w, https:\/\/costabravaparcaventura.com\/wp-content\/uploads\/2024\/05\/20-copia-1-100x100.webp 100w, https:\/\/costabravaparcaventura.com\/wp-content\/uploads\/2024\/05\/20-copia-1-600x600.webp 600w, https:\/\/costabravaparcaventura.com\/wp-content\/uploads\/2024\/05\/20-copia-1-150x150.webp 150w\" sizes=\"(max-width: 706px) 100vw, 706px\" title=\"Nena al parc de Pals\" alt=\"Nena al parc de Pals\" \t\tclass=\"so-widget-image\"\/>\n\t<\/div>\n\n<\/div><\/div><\/div><\/div><div id=\"pgc-22466-4-1\"  class=\"panel-grid-cell\" ><div id=\"panel-22466-4-1-0\" class=\"so-panel widget widget_sow-editor panel-first-child\" data-index=\"11\" ><div class=\"panel-widget-style panel-widget-style-for-22466-4-1-0\" ><div\n\t\t\t\n\t\t\tclass=\"so-widget-sow-editor so-widget-sow-editor-base\"\n\t\t\t\n\t\t>\n<div class=\"siteorigin-widget-tinymce textwidget\">\n\t<p style=\"margin: 0in; color: #1f497d; text-align: left; line-height: 32px;\"><span style=\"font-weight: bold; color: #fe5000;\">C\u00e9l\u00e9brez des anniversaires inoubliables au Parc Aventura<\/span><\/p>\n<p><span style=\"color: #f0f0f0;line-height: 32px;\">Parc Aventura est l'un des meilleurs endroits pour c\u00e9l\u00e9brer les anniversaires de mani\u00e8re ludique et originale. Dans nos parcs, vos enfants profiteront d\u2019une grande vari\u00e9t\u00e9 d\u2019activit\u00e9s d\u2019aventure. Ils pourront grimper sur des filets, surmonter des jeux d'\u00e9quilibre, grimper sur des \u00e9chelles, traverser des ponts suspendus et descendre au sol sur des tyroliennes passionnantes, le tout en toute s\u00e9curit\u00e9.  <\/span><\/p>\n<p><span style=\"color: #f0f0f0;line-height: 32px;\">Venez au Parc Aventura et faites de l'anniversaire de votre enfant une exp\u00e9rience inoubliable pleine de plaisir et d'\u00e9motions !<\/span><\/p>\n<\/div>\n<\/div><\/div><\/div><div id=\"panel-22466-4-1-1\" class=\"so-panel widget widget_pw_brochure_box widget-brochure-box panel-last-child\" data-index=\"12\" >\n\t<a class=\"brochure-box\" href=\"https:\/\/costabravaparcaventura.com\/fr\/parcours-illes-medes-platja-daro\/\" target=\"_self\">\n\t\t<span class=\"brochure-box__icon\"><i class=\"fa  \"><\/i><\/span>\n\t\t<span class=\"brochure-box__text\">D\u00e9couvrez le circuit Illes Medes de Platja d'Aro !<\/span>\n\t<\/a>\n\n<\/div><\/div><\/div><div id=\"pg-22466-5\"  class=\"panel-grid panel-no-style\" ><div id=\"pgc-22466-5-0\"  class=\"panel-grid-cell\" ><div id=\"panel-22466-5-0-0\" class=\"so-panel widget widget_sow-editor panel-first-child\" data-index=\"13\" ><div class=\"panel-widget-style panel-widget-style-for-22466-5-0-0\" ><div\n\t\t\t\n\t\t\tclass=\"so-widget-sow-editor so-widget-sow-editor-base\"\n\t\t\t\n\t\t>\n<div class=\"siteorigin-widget-tinymce textwidget\">\n\t<p style=\"margin: 0in; color: #1f497d; text-align: left; line-height: 32px;\"><span style=\"font-weight: bold; color: #fe5000;\">Tarifs et avantages pour c\u00e9l\u00e9brer les anniversaires au Parc Aventura<\/span><\/p>\n<p><span style=\"color: #f0f0f0;line-height: 32px;\">Ce prix comprend le mat\u00e9riel n\u00e9cessaire, la formation, 2 heures d'activit\u00e9 et l'utilisation gratuite de notre aire de pique-nique pendant 2h30. Vous pouvez venir plus t\u00f4t pour am\u00e9nager et d\u00e9corer l'espace selon vos envies. <\/span><\/p>\n<p><span style=\"color: #f0f0f0;line-height: 32px;\">De plus, si vous \u00eates un groupe minimum de 15 personnes, l'h\u00f4te b\u00e9n\u00e9ficiera d'une entr\u00e9e gratuite et recevra un dipl\u00f4me d'aventurier en souvenir privil\u00e9gi\u00e9 de cette journ\u00e9e inoubliable.<\/span><\/p>\n<p><span style=\"color: #f0f0f0;line-height: 32px;\">Venez au Parc Aventura et faites de l'anniversaire de votre enfant une exp\u00e9rience unique et m\u00e9morable !<\/span><\/p>\n<\/div>\n<\/div><\/div><\/div><div id=\"panel-22466-5-0-1\" class=\"so-panel widget widget_pw_brochure_box widget-brochure-box panel-last-child\" data-index=\"14\" >\n\t<a class=\"brochure-box\" href=\"https:\/\/costabravaparcaventura.com\/fr\/parcours-illes-medes-pals\/\" target=\"_self\">\n\t\t<span class=\"brochure-box__icon\"><i class=\"fa  \"><\/i><\/span>\n\t\t<span class=\"brochure-box__text\">D\u00e9couvrez le circuit des Illes Medes de Pals !<\/span>\n\t<\/a>\n\n<\/div><\/div><div id=\"pgc-22466-5-1\"  class=\"panel-grid-cell\" ><div id=\"panel-22466-5-1-0\" class=\"so-panel widget widget_sow-image panel-first-child panel-last-child\" data-index=\"15\" ><div class=\"panel-widget-style panel-widget-style-for-22466-5-1-0\" ><div\n\t\t\t\n\t\t\tclass=\"so-widget-sow-image so-widget-sow-image-default-8b5b6f678277-22466\"\n\t\t\t\n\t\t>\n<div class=\"sow-image-container\">\n\t\t<img \n\tsrc=\"https:\/\/costabravaparcaventura.com\/wp-content\/uploads\/2024\/05\/19-copia-1.webp\" width=\"709\" height=\"709\" srcset=\"https:\/\/costabravaparcaventura.com\/wp-content\/uploads\/2024\/05\/19-copia-1.webp 709w, https:\/\/costabravaparcaventura.com\/wp-content\/uploads\/2024\/05\/19-copia-1-300x300.webp 300w, https:\/\/costabravaparcaventura.com\/wp-content\/uploads\/2024\/05\/19-copia-1-100x100.webp 100w, https:\/\/costabravaparcaventura.com\/wp-content\/uploads\/2024\/05\/19-copia-1-600x600.webp 600w, https:\/\/costabravaparcaventura.com\/wp-content\/uploads\/2024\/05\/19-copia-1-150x150.webp 150w\" sizes=\"(max-width: 709px) 100vw, 709px\" title=\"Aniversari al parc de Pals\" alt=\"Aniversari al parc de Pals\" \t\tclass=\"so-widget-image\"\/>\n\t<\/div>\n\n<\/div><\/div><\/div><\/div><\/div><div id=\"pg-22466-6\"  class=\"panel-grid panel-no-style\" ><div id=\"pgc-22466-6-0\"  class=\"panel-grid-cell\" ><div id=\"panel-22466-6-0-0\" class=\"so-panel widget widget_sow-image panel-first-child panel-last-child\" data-index=\"16\" ><div class=\"panel-widget-style panel-widget-style-for-22466-6-0-0\" ><div\n\t\t\t\n\t\t\tclass=\"so-widget-sow-image so-widget-sow-image-default-8b5b6f678277-22466\"\n\t\t\t\n\t\t>\n<div class=\"sow-image-container\">\n\t\t<img \n\tsrc=\"https:\/\/costabravaparcaventura.com\/wp-content\/uploads\/2024\/05\/17-2.webp\" width=\"1024\" height=\"1024\" srcset=\"https:\/\/costabravaparcaventura.com\/wp-content\/uploads\/2024\/05\/17-2.webp 1024w, https:\/\/costabravaparcaventura.com\/wp-content\/uploads\/2024\/05\/17-2-300x300.webp 300w, https:\/\/costabravaparcaventura.com\/wp-content\/uploads\/2024\/05\/17-2-100x100.webp 100w, https:\/\/costabravaparcaventura.com\/wp-content\/uploads\/2024\/05\/17-2-600x600.webp 600w, https:\/\/costabravaparcaventura.com\/wp-content\/uploads\/2024\/05\/17-2-150x150.webp 150w, https:\/\/costabravaparcaventura.com\/wp-content\/uploads\/2024\/05\/17-2-768x768.webp 768w\" sizes=\"(max-width: 1024px) 100vw, 1024px\" title=\"https:\/\/costabravaparcaventura.com\/activitats\/paintball-infantil\/\" alt=\"Nens jugant a paintball\" \t\tclass=\"so-widget-image\"\/>\n\t<\/div>\n\n<\/div><\/div><\/div><\/div><div id=\"pgc-22466-6-1\"  class=\"panel-grid-cell\" ><div id=\"panel-22466-6-1-0\" class=\"so-panel widget widget_sow-editor panel-first-child\" data-index=\"17\" ><div class=\"panel-widget-style panel-widget-style-for-22466-6-1-0\" ><div\n\t\t\t\n\t\t\tclass=\"so-widget-sow-editor so-widget-sow-editor-base\"\n\t\t\t\n\t\t>\n<div class=\"siteorigin-widget-tinymce textwidget\">\n\t<p><span style=\"font-weight: bold; color: #fe5000; line-height: 32px;\">Que pouvez-vous inclure ?<\/span><\/p>\n<div class=\"flex flex-grow flex-col max-w-full\">\n<div class=\"min-h-[20px] text-message flex flex-col items-start whitespace-pre-wrap break-words [.text-message+&amp;]:mt-5 juice:w-full juice:items-end overflow-x-auto gap-2\" dir=\"auto\" data-message-author-role=\"assistant\" data-message-id=\"f4ee7ba1-d664-460a-888a-b64a33231416\">\n<div class=\"flex w-full flex-col gap-1 juice:empty:hidden juice:first:pt-[3px]\">\n<div class=\"markdown prose w-full break-words dark:prose-invert dark\">\n<p><span style=\"color: #f0f0f0; line-height: 32px;\">Si vous choisissez la f\u00eate d'anniversaire junior, nous vous donnons la possibilit\u00e9 de la compl\u00e9ter avec l'une de ces options:<\/span><\/p>\n<ul>\n<li><span style=\"color: #f0f0f0; line-height: 32px;\"><strong>Paintball enfants (8 \u00e0 13 ans)<\/strong> : Une activit\u00e9 s\u00e9curitaire pleine d'adr\u00e9naline et de plaisir.<\/span>\n<ul>\n<li><span style=\"color: #f0f0f0; line-height: 32px;\"><strong>Dur\u00e9e<\/strong> : 1h30<\/span><\/li>\n<\/ul>\n<\/li>\n<li><span style=\"color: #f0f0f0; line-height: 32px;\"><strong>Mamut Balance Park<\/strong> : S'il leur reste encore de l'\u00e9nergie, vous pouvez inclure un itin\u00e9raire de jeux d'\u00e9quilibre au sol, un mur d'escalade et une escalade dans un arbre moyennant un suppl\u00e9ment de 4 \u20ac.<\/span>\n<ul>\n<li><span style=\"color: #f0f0f0; line-height: 32px;\"><strong>Dur\u00e9e<\/strong> : 1h30<\/span><\/li>\n<\/ul>\n<\/li>\n<\/ul>\n<p><span style=\"color: #f0f0f0; line-height: 32px;\">Ces options rendront la f\u00eate encore plus excitante et inoubliable!<\/span><\/p>\n<\/div>\n<\/div>\n<\/div>\n<\/div>\n<div class=\"mt-1 flex gap-3 empty:hidden juice:-ml-3\">\n<div class=\"items-center justify-start rounded-xl p-1 flex\">\n<div class=\"flex items-center\">\n<div class=\"flex items-center pb-0.5 juice:pb-0\">\n<div class=\"[&amp;_svg]:h-full [&amp;_svg]:w-full icon-md h-4 w-4\"><\/div>\n<\/div>\n<\/div>\n<\/div>\n<\/div>\n<\/div>\n<\/div><\/div><\/div><div id=\"panel-22466-6-1-1\" class=\"so-panel widget widget_pw_brochure_box widget-brochure-box panel-last-child\" data-index=\"18\" >\n\t<a class=\"brochure-box\" href=\"https:\/\/costabravaparcaventura.com\/fr\/paintball-pour-enfants\/\" target=\"_self\">\n\t\t<span class=\"brochure-box__icon\"><i class=\"fa  \"><\/i><\/span>\n\t\t<span class=\"brochure-box__text\">Consultez les tarifs du Paintball Enfants !<\/span>\n\t<\/a>\n\n<\/div><\/div><\/div><div id=\"pg-22466-7\"  class=\"panel-grid panel-no-style\" ><div id=\"pgc-22466-7-0\"  class=\"panel-grid-cell\" ><div id=\"panel-22466-7-0-0\" class=\"so-panel widget widget_sow-image panel-first-child panel-last-child\" data-index=\"19\" ><div\n\t\t\t\n\t\t\tclass=\"so-widget-sow-image so-widget-sow-image-default-8b5b6f678277-22466\"\n\t\t\t\n\t\t>\n<div class=\"sow-image-container\">\n\t\t<img \n\tsrc=\"https:\/\/costabravaparcaventura.com\/wp-content\/uploads\/2024\/05\/27-1.webp\" width=\"1024\" height=\"1024\" srcset=\"https:\/\/costabravaparcaventura.com\/wp-content\/uploads\/2024\/05\/27-1.webp 1024w, https:\/\/costabravaparcaventura.com\/wp-content\/uploads\/2024\/05\/27-1-300x300.webp 300w, https:\/\/costabravaparcaventura.com\/wp-content\/uploads\/2024\/05\/27-1-100x100.webp 100w, https:\/\/costabravaparcaventura.com\/wp-content\/uploads\/2024\/05\/27-1-600x600.webp 600w, https:\/\/costabravaparcaventura.com\/wp-content\/uploads\/2024\/05\/27-1-150x150.webp 150w, https:\/\/costabravaparcaventura.com\/wp-content\/uploads\/2024\/05\/27-1-768x768.webp 768w\" sizes=\"(max-width: 1024px) 100vw, 1024px\" title=\"Nens al paintball infantil\" alt=\"Nens al paintball infantil\" \t\tclass=\"so-widget-image\"\/>\n\t<\/div>\n\n<\/div><\/div><\/div><div id=\"pgc-22466-7-1\"  class=\"panel-grid-cell\" ><div id=\"panel-22466-7-1-0\" class=\"so-panel widget widget_sow-image panel-first-child panel-last-child\" data-index=\"20\" ><div\n\t\t\t\n\t\t\tclass=\"so-widget-sow-image so-widget-sow-image-default-8b5b6f678277-22466\"\n\t\t\t\n\t\t>\n<div class=\"sow-image-container\">\n\t\t<img \n\tsrc=\"https:\/\/costabravaparcaventura.com\/wp-content\/uploads\/2024\/05\/arbre1.webp\" width=\"634\" height=\"634\" srcset=\"https:\/\/costabravaparcaventura.com\/wp-content\/uploads\/2024\/05\/arbre1.webp 634w, https:\/\/costabravaparcaventura.com\/wp-content\/uploads\/2024\/05\/arbre1-300x300.webp 300w, https:\/\/costabravaparcaventura.com\/wp-content\/uploads\/2024\/05\/arbre1-100x100.webp 100w, https:\/\/costabravaparcaventura.com\/wp-content\/uploads\/2024\/05\/arbre1-600x600.webp 600w, https:\/\/costabravaparcaventura.com\/wp-content\/uploads\/2024\/05\/arbre1-150x150.webp 150w\" sizes=\"(max-width: 634px) 100vw, 634px\" title=\"nen escalant l&#039;arbre\" alt=\"nen escalant l&#039;arbre\" \t\tclass=\"so-widget-image\"\/>\n\t<\/div>\n\n<\/div><\/div><\/div><div id=\"pgc-22466-7-2\"  class=\"panel-grid-cell\" ><div id=\"panel-22466-7-2-0\" class=\"so-panel widget widget_sow-image panel-first-child panel-last-child\" data-index=\"21\" ><div\n\t\t\t\n\t\t\tclass=\"so-widget-sow-image so-widget-sow-image-default-8b5b6f678277-22466\"\n\t\t\t\n\t\t>\n<div class=\"sow-image-container\">\n\t\t<img \n\tsrc=\"https:\/\/costabravaparcaventura.com\/wp-content\/uploads\/2024\/05\/18-copia-1.webp\" width=\"710\" height=\"710\" srcset=\"https:\/\/costabravaparcaventura.com\/wp-content\/uploads\/2024\/05\/18-copia-1.webp 710w, https:\/\/costabravaparcaventura.com\/wp-content\/uploads\/2024\/05\/18-copia-1-300x300.webp 300w, https:\/\/costabravaparcaventura.com\/wp-content\/uploads\/2024\/05\/18-copia-1-100x100.webp 100w, https:\/\/costabravaparcaventura.com\/wp-content\/uploads\/2024\/05\/18-copia-1-600x600.webp 600w, https:\/\/costabravaparcaventura.com\/wp-content\/uploads\/2024\/05\/18-copia-1-150x150.webp 150w\" sizes=\"(max-width: 710px) 100vw, 710px\" title=\"Nen al parc de Pals\" alt=\"Nen al parc de Pals\" \t\tclass=\"so-widget-image\"\/>\n\t<\/div>\n\n<\/div><\/div><\/div><\/div><div id=\"pg-22466-8\"  class=\"panel-grid panel-no-style\" ><div id=\"pgc-22466-8-0\"  class=\"panel-grid-cell\" ><div id=\"panel-22466-8-0-0\" class=\"so-panel widget widget_sow-image panel-first-child panel-last-child\" data-index=\"22\" ><div\n\t\t\t\n\t\t\tclass=\"so-widget-sow-image so-widget-sow-image-default-8b5b6f678277-22466\"\n\t\t\t\n\t\t>\n<div class=\"sow-image-container\">\n\t\t<img \n\tsrc=\"https:\/\/costabravaparcaventura.com\/wp-content\/uploads\/2024\/05\/16-copia.webp\" width=\"1100\" height=\"636\" srcset=\"https:\/\/costabravaparcaventura.com\/wp-content\/uploads\/2024\/05\/16-copia.webp 1100w, https:\/\/costabravaparcaventura.com\/wp-content\/uploads\/2024\/05\/16-copia-600x347.webp 600w, https:\/\/costabravaparcaventura.com\/wp-content\/uploads\/2024\/05\/16-copia-300x173.webp 300w, https:\/\/costabravaparcaventura.com\/wp-content\/uploads\/2024\/05\/16-copia-1024x592.webp 1024w, https:\/\/costabravaparcaventura.com\/wp-content\/uploads\/2024\/05\/16-copia-768x444.webp 768w\" sizes=\"(max-width: 1100px) 100vw, 1100px\" title=\"Parc de Pals\" alt=\"Parc de Pals\" \t\tclass=\"so-widget-image\"\/>\n\t<\/div>\n\n<\/div><\/div><\/div><\/div><div id=\"pg-22466-9\"  class=\"panel-grid panel-no-style\" ><div id=\"pgc-22466-9-0\"  class=\"panel-grid-cell\" ><div id=\"panel-22466-9-0-0\" class=\"so-panel widget widget_pw_special_title widget-special-title panel-first-child panel-last-child\" data-index=\"23\" >\t\t\t<h2 class=\"special-title\">\n\t\t\t\tFORMULAIRE\t\t\t<\/h2>\n\t\t<\/div><\/div><\/div><div id=\"pg-22466-10\"  class=\"panel-grid panel-no-style\" ><div id=\"pgc-22466-10-0\"  class=\"panel-grid-cell\" ><div id=\"panel-22466-10-0-0\" class=\"so-panel widget widget_sow-editor panel-first-child panel-last-child\" data-index=\"24\" ><div\n\t\t\t\n\t\t\tclass=\"so-widget-sow-editor so-widget-sow-editor-base\"\n\t\t\t\n\t\t>\n<div class=\"siteorigin-widget-tinymce textwidget\">\n\t\n<div class=\"wpcf7 no-js\" id=\"wpcf7-f22351-o1\" lang=\"en-US\" dir=\"ltr\" data-wpcf7-id=\"22351\">\n<div class=\"screen-reader-response\"><p role=\"status\" aria-live=\"polite\" aria-atomic=\"true\"><\/p> <ul><\/ul><\/div>\n<form action=\"\/fr\/wp-json\/wp\/v2\/pages\/22466#wpcf7-f22351-o1\" method=\"post\" class=\"wpcf7-form init\" aria-label=\"Contact form\" novalidate=\"novalidate\" data-status=\"init\">\n<fieldset class=\"hidden-fields-container\"><input type=\"hidden\" name=\"_wpcf7\" value=\"22351\" \/><input type=\"hidden\" name=\"_wpcf7_version\" value=\"6.1.5\" \/><input type=\"hidden\" name=\"_wpcf7_locale\" value=\"en_US\" \/><input type=\"hidden\" name=\"_wpcf7_unit_tag\" value=\"wpcf7-f22351-o1\" \/><input type=\"hidden\" name=\"_wpcf7_container_post\" value=\"0\" \/><input type=\"hidden\" name=\"_wpcf7_posted_data_hash\" value=\"\" \/><input type=\"hidden\" name=\"_wpcf7cf_hidden_group_fields\" value=\"[]\" \/><input type=\"hidden\" name=\"_wpcf7cf_hidden_groups\" value=\"[]\" \/><input type=\"hidden\" name=\"_wpcf7cf_visible_groups\" value=\"[]\" \/><input type=\"hidden\" name=\"_wpcf7cf_repeaters\" value=\"[]\" \/><input type=\"hidden\" name=\"_wpcf7cf_steps\" value=\"{}\" \/><input type=\"hidden\" name=\"_wpcf7cf_options\" value=\"{&quot;form_id&quot;:22351,&quot;conditions&quot;:[{&quot;then_field&quot;:&quot;group-escolar-junior&quot;,&quot;and_rules&quot;:[{&quot;if_field&quot;:&quot;experiencia&quot;,&quot;operator&quot;:&quot;equals&quot;,&quot;if_value&quot;:&quot;Activit\\u00e9s \\u00e9cole primaire (+ 8 ans)&quot;}]}],&quot;settings&quot;:{&quot;animation&quot;:&quot;yes&quot;,&quot;animation_intime&quot;:200,&quot;animation_outtime&quot;:200,&quot;conditions_ui&quot;:&quot;normal&quot;,&quot;notice_dismissed&quot;:false}}\" \/><input type=\"hidden\" name=\"_wpcf7_recaptcha_response\" value=\"\" \/>\n<\/fieldset>\n<div class=\"row\">\n\t<div class=\"col-xs-12  col-lg-6\">\n\t\t<p><span class=\"wpcf7-form-control-wrap\" data-name=\"nombre\"><input size=\"40\" maxlength=\"400\" class=\"wpcf7-form-control wpcf7-text wpcf7-validates-as-required form-control\" aria-required=\"true\" aria-invalid=\"false\" placeholder=\"Nom*\" value=\"\" type=\"text\" name=\"nombre\" \/><\/span>\n\t\t<\/p>\n\t<\/div>\n\t<div class=\"col-xs-12  col-lg-6\">\n\t\t<p><span class=\"wpcf7-form-control-wrap\" data-name=\"email\"><input size=\"40\" maxlength=\"400\" class=\"wpcf7-form-control wpcf7-email wpcf7-validates-as-required wpcf7-text wpcf7-validates-as-email form-control\" aria-required=\"true\" aria-invalid=\"false\" placeholder=\"E-mail*\" value=\"\" type=\"email\" name=\"email\" \/><\/span>\n\t\t<\/p>\n\t<\/div>\n\t<div class=\"col-xs-12  col-lg-6\">\n\t\t<p><span class=\"wpcf7-form-control-wrap\" data-name=\"telefono\"><input size=\"40\" maxlength=\"400\" class=\"wpcf7-form-control wpcf7-text wpcf7-validates-as-required form-control\" aria-required=\"true\" aria-invalid=\"false\" placeholder=\"T\u00e9l\u00e9phone*\" value=\"\" type=\"text\" name=\"telefono\" \/><\/span>\n\t\t<\/p>\n\t<\/div>\n\t<div class=\"col-xs-12  col-lg-6\">\n\t\t<p><span class=\"wpcf7-form-control-wrap\" data-name=\"experiencia\"><select class=\"wpcf7-form-control wpcf7-select wpcf7-validates-as-required\" aria-required=\"true\" aria-invalid=\"false\" name=\"experiencia\"><option value=\"\">S\u00e9lectionnez votre exp\u00e9rience*<\/option><option value=\"Anniversaire des enfants\">Anniversaire des enfants<\/option><option value=\"Anniversaire junior\">Anniversaire junior<\/option><option value=\"Anniversaire adulte\">Anniversaire adulte<\/option><option value=\"Enterrement de vie\">Enterrement de vie<\/option><option value=\"Team building\">Team building<\/option><option value=\"Activit\u00e9 scolaire enfants (de 4 \u00e0 7 ans)\">Activit\u00e9 scolaire enfants (de 4 \u00e0 7 ans)<\/option><option value=\"Activit\u00e9s \u00e9cole primaire (+ 8 ans)\">Activit\u00e9s \u00e9cole primaire (+ 8 ans)<\/option><option value=\"Aventure nocturne\">Aventure nocturne<\/option><option value=\"\u00c9v\u00e9nements d&#039;entreprise\">\u00c9v\u00e9nements d&#039;entreprise<\/option><option value=\"Lancer de hache\">Lancer de hache<\/option><option value=\"Archery Combat\">Archery Combat<\/option><option value=\"Extreme Action Hatch\">Extreme Action Hatch<\/option><\/select><\/span>\n\t\t<\/p>\n\t<\/div>\n\t<div class=\"col-xs-12  col-lg-6\">\n\t\t<p><span class=\"wpcf7-form-control-wrap\" data-name=\"parque\"><select class=\"wpcf7-form-control wpcf7-select wpcf7-validates-as-required\" aria-required=\"true\" aria-invalid=\"false\" name=\"parque\"><option value=\"\">S\u00e9lectionnez le parc*<\/option><option value=\"Pals\">Pals<\/option><option value=\"Platja d&#039;Aro\">Platja d&#039;Aro<\/option><\/select><\/span>\n\t\t<\/p>\n\t<\/div>\n\t<div class=\"col-xs-12 col-lg-6\">\n\t\t<div data-id=\"group-escolar-junior\" data-orig_data_id=\"group-escolar-junior\"  class=\"\" data-class=\"wpcf7cf_group\">\n\t\t\t<p><span class=\"wpcf7-form-control-wrap\" data-name=\"escolar-junior\"><select class=\"wpcf7-form-control wpcf7-select wpcf7-validates-as-required\" aria-required=\"true\" aria-invalid=\"false\" name=\"escolar-junior\"><option value=\"S\u00e9lectionnez le forfait de votre choix\">S\u00e9lectionnez le forfait de votre choix<\/option><option value=\"Mapuche\">Mapuche<\/option><option value=\"Tuareg\">Tuareg<\/option><option value=\"Mamut\">Mamut<\/option><option value=\"Zingars\">Zingars<\/option><option value=\"Yanomani\">Yanomani<\/option><\/select><\/span>\n\t\t\t<\/p>\n\t\t<\/div>\n\t<\/div>\n\t<div class=\"col-xs-12\">\n\t\t<p><span class=\"wpcf7-form-control-wrap\" data-name=\"message\"><textarea cols=\"40\" rows=\"10\" maxlength=\"2000\" class=\"wpcf7-form-control wpcf7-textarea wpcf7-validates-as-required form-control\" aria-required=\"true\" aria-invalid=\"false\" placeholder=\"Commentaires*\" name=\"message\"><\/textarea><\/span><br \/>\n<span class=\"wpcf7-form-control-wrap\" data-name=\"acceptance-838\"><span class=\"wpcf7-form-control wpcf7-acceptance\"><span class=\"wpcf7-list-item\"><label><input type=\"checkbox\" name=\"acceptance-838\" value=\"1\" aria-invalid=\"false\" \/><span class=\"wpcf7-list-item-label\">J'ai lu et j'accepte votre <a href=\"https:\/\/costabravaparcaventura.com\/es\/politica-de-privacidad-y-cookies\/\">politique de confidentialit\u00e9<\/a><\/span><\/label><\/span><\/span><\/span>\n\t\t<\/p>\n\t\t<div class=\"wpcf7-notice\" style=\"font-size: 16px;\">\n\t\t\t<p>* Champs obligatoires.\n\t\t\t<\/p>\n\t\t<\/div>\n\t\t<div class=\"wpcf7-notice\" style=\"font-size: 16px;\">\n\t\t\t<p>* Costa Brava Parc Aventura utilisera mes donn\u00e9es pour r\u00e9soudre ma requ\u00eate et les enregistrera pour maintenir un contact commercial avec moi, en les supprimant \u00e0 ma demande expresse conform\u00e9ment \u00e0 la loi en vigueur. J'accepte que ces donn\u00e9es soient utilis\u00e9es pour m'inclure dans une liste de diffusion contenant des informations sur votre projet et les promotions associ\u00e9es.\n\t\t\t<\/p>\n\t\t<\/div>\n\t\t<div>\n\t\t\t<p><input class=\"wpcf7-form-control wpcf7-submit has-spinner experienciasform btn btn-primary\" type=\"submit\" value=\"ENVOYER\" \/>\n\t\t\t<\/p>\n\t\t<\/div>\n\t<\/div>\n<\/div><input\n                    class=\"apbct_special_field apbct_email_id__wp_contact_form_7\"\n                    name=\"apbct__email_id__wp_contact_form_7\"\n                    aria-label=\"apbct__label_id__wp_contact_form_7\"\n                    type=\"text\" size=\"30\" maxlength=\"200\" autocomplete=\"off\"\n                    value=\"\"\n                \/><p style=\"display: none !important;\" class=\"akismet-fields-container\" data-prefix=\"_wpcf7_ak_\"><label>&#916;<textarea name=\"_wpcf7_ak_hp_textarea\" cols=\"45\" rows=\"8\" maxlength=\"100\"><\/textarea><\/label><input type=\"hidden\" id=\"ak_js_1\" name=\"_wpcf7_ak_js\" value=\"21\"\/><script type=\"text\/javascript\">\n\/* <![CDATA[ *\/\ndocument.getElementById( \"ak_js_1\" ).setAttribute( \"value\", ( new Date() ).getTime() );\n\/* ]]> *\/\n<\/script>\n<\/p><input type='hidden' class='wpcf7-pum' value='{\"closepopup\":false,\"closedelay\":0,\"openpopup\":false,\"openpopup_id\":0}' \/><div class=\"wpcf7-response-output\" aria-hidden=\"true\"><\/div>\n<\/form>\n<\/div>\n\n<\/div>\n<\/div><\/div><\/div><\/div><\/div>","protected":false},"excerpt":{"rendered":"<p>ANNIVERSAIRES JUNIORS F\u00eates d&rsquo;anniversaire juniors au Parc Aventura Au Parc Aventura, nous organisons des anniversaires juniors pour gar\u00e7ons et filles entre 8 et 13 ans, offrant un environnement unique plein d&rsquo;activit\u00e9s et d&rsquo;aventures passionnantes. Nos programmes sont con\u00e7us pour garantir que chaque enfant vive une exp\u00e9rience inoubliable, pleine de plaisir et de d\u00e9fis. N&rsquo;y pensez &hellip;<\/p>\n","protected":false},"author":1,"featured_media":0,"parent":7029,"menu_order":0,"comment_status":"closed","ping_status":"closed","template":"template-front-page-slider-alt.php","meta":{"_acf_changed":false,"footnotes":""},"class_list":{"0":"post-22466","1":"page","2":"type-page","3":"status-publish","5":"clearfix","6":"article"},"acf":[],"yoast_head":"<!-- This site is optimized with the Yoast SEO plugin v27.5 - https:\/\/yoast.com\/product\/yoast-seo-wordpress\/ -->\n<title>Anniversaires juniors 8-13 ans - Costa Brava Parc Aventura<\/title>\n<meta name=\"robots\" content=\"index, follow, max-snippet:-1, max-image-preview:large, max-video-preview:-1\" \/>\n<link rel=\"canonical\" href=\"https:\/\/costabravaparcaventura.com\/fr\/experiences\/anniversaires-juniors-8-13-ans\/\" \/>\n<meta property=\"og:locale\" content=\"fr_FR\" \/>\n<meta property=\"og:type\" content=\"article\" \/>\n<meta property=\"og:title\" content=\"Anniversaires juniors 8-13 ans - Costa Brava Parc Aventura\" \/>\n<meta property=\"og:description\" content=\"ANNIVERSAIRES JUNIORS F\u00eates d&#039;anniversaire juniors au Parc Aventura Au Parc Aventura, nous organisons des anniversaires juniors pour gar\u00e7ons et filles entre 8 et 13 ans, offrant un environnement unique plein d&#039;activit\u00e9s et d&#039;aventures passionnantes. Nos programmes sont con\u00e7us pour garantir que chaque enfant vive une exp\u00e9rience inoubliable, pleine de plaisir et de d\u00e9fis. N&#039;y pensez &hellip;\" \/>\n<meta property=\"og:url\" content=\"https:\/\/costabravaparcaventura.com\/fr\/experiences\/anniversaires-juniors-8-13-ans\/\" \/>\n<meta property=\"og:site_name\" content=\"Costa Brava Parc Aventura\" \/>\n<meta property=\"article:publisher\" content=\"https:\/\/www.facebook.com\/costabravaparcaventura\" \/>\n<meta property=\"article:modified_time\" content=\"2024-09-23T10:49:18+00:00\" \/>\n<meta name=\"twitter:card\" content=\"summary_large_image\" \/>\n<meta name=\"twitter:site\" content=\"@BravaParc\" \/>\n<meta name=\"twitter:label1\" content=\"Dur\u00e9e de lecture estim\u00e9e\" \/>\n\t<meta name=\"twitter:data1\" content=\"6 minutes\" \/>\n<script type=\"application\/ld+json\" class=\"yoast-schema-graph\">{\"@context\":\"https:\\\/\\\/schema.org\",\"@graph\":[{\"@type\":\"WebPage\",\"@id\":\"https:\\\/\\\/costabravaparcaventura.com\\\/fr\\\/experiences\\\/anniversaires-juniors-8-13-ans\\\/\",\"url\":\"https:\\\/\\\/costabravaparcaventura.com\\\/fr\\\/experiences\\\/anniversaires-juniors-8-13-ans\\\/\",\"name\":\"Anniversaires juniors 8-13 ans - Costa Brava Parc Aventura\",\"isPartOf\":{\"@id\":\"https:\\\/\\\/costabravaparcaventura.com\\\/fr\\\/#website\"},\"datePublished\":\"2024-09-23T08:55:17+00:00\",\"dateModified\":\"2024-09-23T10:49:18+00:00\",\"breadcrumb\":{\"@id\":\"https:\\\/\\\/costabravaparcaventura.com\\\/fr\\\/experiences\\\/anniversaires-juniors-8-13-ans\\\/#breadcrumb\"},\"inLanguage\":\"fr-FR\",\"potentialAction\":[{\"@type\":\"ReadAction\",\"target\":[\"https:\\\/\\\/costabravaparcaventura.com\\\/fr\\\/experiences\\\/anniversaires-juniors-8-13-ans\\\/\"]}]},{\"@type\":\"BreadcrumbList\",\"@id\":\"https:\\\/\\\/costabravaparcaventura.com\\\/fr\\\/experiences\\\/anniversaires-juniors-8-13-ans\\\/#breadcrumb\",\"itemListElement\":[{\"@type\":\"ListItem\",\"position\":1,\"name\":\"Portada\",\"item\":\"https:\\\/\\\/costabravaparcaventura.com\\\/fr\\\/\"},{\"@type\":\"ListItem\",\"position\":2,\"name\":\"Anniversaires juniors 8-13 ans\"}]},{\"@type\":\"WebSite\",\"@id\":\"https:\\\/\\\/costabravaparcaventura.com\\\/fr\\\/#website\",\"url\":\"https:\\\/\\\/costabravaparcaventura.com\\\/fr\\\/\",\"name\":\"Costa Brava Parc Aventura\",\"description\":\"tirolinas costa brava\",\"publisher\":{\"@id\":\"https:\\\/\\\/costabravaparcaventura.com\\\/fr\\\/#organization\"},\"potentialAction\":[{\"@type\":\"SearchAction\",\"target\":{\"@type\":\"EntryPoint\",\"urlTemplate\":\"https:\\\/\\\/costabravaparcaventura.com\\\/fr\\\/?s={search_term_string}\"},\"query-input\":{\"@type\":\"PropertyValueSpecification\",\"valueRequired\":true,\"valueName\":\"search_term_string\"}}],\"inLanguage\":\"fr-FR\"},{\"@type\":\"Organization\",\"@id\":\"https:\\\/\\\/costabravaparcaventura.com\\\/fr\\\/#organization\",\"name\":\"Costa Brava Parc Aventura\",\"url\":\"https:\\\/\\\/costabravaparcaventura.com\\\/fr\\\/\",\"logo\":{\"@type\":\"ImageObject\",\"inLanguage\":\"fr-FR\",\"@id\":\"https:\\\/\\\/costabravaparcaventura.com\\\/fr\\\/#\\\/schema\\\/logo\\\/image\\\/\",\"url\":\"https:\\\/\\\/costabravaparcaventura.com\\\/wp-content\\\/uploads\\\/2023\\\/07\\\/logo_parc_aventura_600.jpg\",\"contentUrl\":\"https:\\\/\\\/costabravaparcaventura.com\\\/wp-content\\\/uploads\\\/2023\\\/07\\\/logo_parc_aventura_600.jpg\",\"width\":600,\"height\":600,\"caption\":\"Costa Brava Parc Aventura\"},\"image\":{\"@id\":\"https:\\\/\\\/costabravaparcaventura.com\\\/fr\\\/#\\\/schema\\\/logo\\\/image\\\/\"},\"sameAs\":[\"https:\\\/\\\/www.facebook.com\\\/costabravaparcaventura\",\"https:\\\/\\\/x.com\\\/BravaParc\",\"https:\\\/\\\/www.instagram.com\\\/costabravaparcaventura\\\/\",\"https:\\\/\\\/www.youtube.com\\\/user\\\/costabravaparc\"]}]}<\/script>\n<!-- \/ Yoast SEO plugin. -->","yoast_head_json":{"title":"Anniversaires juniors 8-13 ans - Costa Brava Parc Aventura","robots":{"index":"index","follow":"follow","max-snippet":"max-snippet:-1","max-image-preview":"max-image-preview:large","max-video-preview":"max-video-preview:-1"},"canonical":"https:\/\/costabravaparcaventura.com\/fr\/experiences\/anniversaires-juniors-8-13-ans\/","og_locale":"fr_FR","og_type":"article","og_title":"Anniversaires juniors 8-13 ans - Costa Brava Parc Aventura","og_description":"ANNIVERSAIRES JUNIORS F\u00eates d'anniversaire juniors au Parc Aventura Au Parc Aventura, nous organisons des anniversaires juniors pour gar\u00e7ons et filles entre 8 et 13 ans, offrant un environnement unique plein d'activit\u00e9s et d'aventures passionnantes. Nos programmes sont con\u00e7us pour garantir que chaque enfant vive une exp\u00e9rience inoubliable, pleine de plaisir et de d\u00e9fis. N'y pensez &hellip;","og_url":"https:\/\/costabravaparcaventura.com\/fr\/experiences\/anniversaires-juniors-8-13-ans\/","og_site_name":"Costa Brava Parc Aventura","article_publisher":"https:\/\/www.facebook.com\/costabravaparcaventura","article_modified_time":"2024-09-23T10:49:18+00:00","twitter_card":"summary_large_image","twitter_site":"@BravaParc","twitter_misc":{"Dur\u00e9e de lecture estim\u00e9e":"6 minutes"},"schema":{"@context":"https:\/\/schema.org","@graph":[{"@type":"WebPage","@id":"https:\/\/costabravaparcaventura.com\/fr\/experiences\/anniversaires-juniors-8-13-ans\/","url":"https:\/\/costabravaparcaventura.com\/fr\/experiences\/anniversaires-juniors-8-13-ans\/","name":"Anniversaires juniors 8-13 ans - Costa Brava Parc Aventura","isPartOf":{"@id":"https:\/\/costabravaparcaventura.com\/fr\/#website"},"datePublished":"2024-09-23T08:55:17+00:00","dateModified":"2024-09-23T10:49:18+00:00","breadcrumb":{"@id":"https:\/\/costabravaparcaventura.com\/fr\/experiences\/anniversaires-juniors-8-13-ans\/#breadcrumb"},"inLanguage":"fr-FR","potentialAction":[{"@type":"ReadAction","target":["https:\/\/costabravaparcaventura.com\/fr\/experiences\/anniversaires-juniors-8-13-ans\/"]}]},{"@type":"BreadcrumbList","@id":"https:\/\/costabravaparcaventura.com\/fr\/experiences\/anniversaires-juniors-8-13-ans\/#breadcrumb","itemListElement":[{"@type":"ListItem","position":1,"name":"Portada","item":"https:\/\/costabravaparcaventura.com\/fr\/"},{"@type":"ListItem","position":2,"name":"Anniversaires juniors 8-13 ans"}]},{"@type":"WebSite","@id":"https:\/\/costabravaparcaventura.com\/fr\/#website","url":"https:\/\/costabravaparcaventura.com\/fr\/","name":"Costa Brava Parc Aventura","description":"tirolinas costa brava","publisher":{"@id":"https:\/\/costabravaparcaventura.com\/fr\/#organization"},"potentialAction":[{"@type":"SearchAction","target":{"@type":"EntryPoint","urlTemplate":"https:\/\/costabravaparcaventura.com\/fr\/?s={search_term_string}"},"query-input":{"@type":"PropertyValueSpecification","valueRequired":true,"valueName":"search_term_string"}}],"inLanguage":"fr-FR"},{"@type":"Organization","@id":"https:\/\/costabravaparcaventura.com\/fr\/#organization","name":"Costa Brava Parc Aventura","url":"https:\/\/costabravaparcaventura.com\/fr\/","logo":{"@type":"ImageObject","inLanguage":"fr-FR","@id":"https:\/\/costabravaparcaventura.com\/fr\/#\/schema\/logo\/image\/","url":"https:\/\/costabravaparcaventura.com\/wp-content\/uploads\/2023\/07\/logo_parc_aventura_600.jpg","contentUrl":"https:\/\/costabravaparcaventura.com\/wp-content\/uploads\/2023\/07\/logo_parc_aventura_600.jpg","width":600,"height":600,"caption":"Costa Brava Parc Aventura"},"image":{"@id":"https:\/\/costabravaparcaventura.com\/fr\/#\/schema\/logo\/image\/"},"sameAs":["https:\/\/www.facebook.com\/costabravaparcaventura","https:\/\/x.com\/BravaParc","https:\/\/www.instagram.com\/costabravaparcaventura\/","https:\/\/www.youtube.com\/user\/costabravaparc"]}]}},"_links":{"self":[{"href":"https:\/\/costabravaparcaventura.com\/fr\/wp-json\/wp\/v2\/pages\/22466","targetHints":{"allow":["GET"]}}],"collection":[{"href":"https:\/\/costabravaparcaventura.com\/fr\/wp-json\/wp\/v2\/pages"}],"about":[{"href":"https:\/\/costabravaparcaventura.com\/fr\/wp-json\/wp\/v2\/types\/page"}],"author":[{"embeddable":true,"href":"https:\/\/costabravaparcaventura.com\/fr\/wp-json\/wp\/v2\/users\/1"}],"replies":[{"embeddable":true,"href":"https:\/\/costabravaparcaventura.com\/fr\/wp-json\/wp\/v2\/comments?post=22466"}],"version-history":[{"count":5,"href":"https:\/\/costabravaparcaventura.com\/fr\/wp-json\/wp\/v2\/pages\/22466\/revisions"}],"predecessor-version":[{"id":22488,"href":"https:\/\/costabravaparcaventura.com\/fr\/wp-json\/wp\/v2\/pages\/22466\/revisions\/22488"}],"up":[{"embeddable":true,"href":"https:\/\/costabravaparcaventura.com\/fr\/wp-json\/wp\/v2\/pages\/7029"}],"wp:attachment":[{"href":"https:\/\/costabravaparcaventura.com\/fr\/wp-json\/wp\/v2\/media?parent=22466"}],"curies":[{"name":"wp","href":"https:\/\/api.w.org\/{rel}","templated":true}]}}