{"id":2863,"date":"2019-03-13T12:04:36","date_gmt":"2019-03-13T11:04:36","guid":{"rendered":"https:\/\/parcaventura.com\/?post_type=portfolio&#038;p=2863"},"modified":"2024-09-20T11:39:44","modified_gmt":"2024-09-20T09:39:44","slug":"despedida-soltera","status":"publish","type":"portfolio","link":"https:\/\/costabravaparcaventura.com\/es\/experiencia\/despedida-soltera\/","title":{"rendered":"Despedida de solter@"},"content":{"rendered":"<div id=\"pl-2863\"  class=\"panel-layout\" ><div id=\"pg-2863-0\"  class=\"panel-grid panel-has-style\" ><div class=\"panel-row-style panel-row-style-for-2863-0\" ><div id=\"pgc-2863-0-0\"  class=\"panel-grid-cell\" ><div id=\"panel-2863-0-0-0\" class=\"so-panel widget widget_pw_special_title widget-special-title panel-first-child panel-last-child\" data-index=\"0\" ><div class=\"panel-widget-style panel-widget-style-for-2863-0-0-0\" >\t\t\t<h2 class=\"special-title\">\n\t\t\t\tINFORMACI\u00d3N\t\t\t<\/h2>\n\t\t<\/div><\/div><\/div><\/div><\/div><div id=\"pg-2863-1\"  class=\"panel-grid panel-no-style\" ><div id=\"pgc-2863-1-0\"  class=\"panel-grid-cell\" ><div id=\"panel-2863-1-0-0\" class=\"so-panel widget widget_sow-editor panel-first-child panel-last-child\" data-index=\"1\" ><div\n\t\t\t\n\t\t\tclass=\"so-widget-sow-editor so-widget-sow-editor-base\"\n\t\t\t\n\t\t>\n<div class=\"siteorigin-widget-tinymce textwidget\">\n\t<h2>Caracter\u00edsticas<\/h2>\n<p>El grupo tiene 2 horas para disfrutar de los circuitos multiaventura que elija.  Adem\u00e1s, tenemos reservada una sorpresa para el anfitri\u00f3n. La formaci\u00f3n de seguridad y la equipaci\u00f3n te la proporcionamos nosotros.<\/p>\n<hr class=\"hr--dashed\" \/>\n<h3>\u00bfQu\u00e9 puedes incluir?<\/h3>\n<p>Puedes combinar los circuitos del parque con otras actividades de aventura que te proponemos: <\/p>\n<p style=\"font-size: 16px\"><span style=\"color: #2e3b4e\"><span class=\"icon-container\"><span class=\"fa fa-long-arrow-right\" style=\"color:#ff7240;\"><\/span><\/span> \u00a0\u00a0<strong>Descenso del Ter en kayak al amanecer<\/strong><\/span><\/p>\n<p style=\"font-size: 16px\"><span style=\"color: #2e3b4e\"><span class=\"icon-container\"><span class=\"fa fa-long-arrow-right\" style=\"color:#ff7240;\"><\/span><\/span> \u00a0\u00a0<strong>Paseo a caballo por la playa para ver la puesta de sol<\/strong><\/span><\/p>\n<p style=\"font-size: 16px\"><span style=\"color: #2e3b4e\"><span class=\"icon-container\"><span class=\"fa fa-long-arrow-right\" style=\"color:#ff7240;\"><\/span><\/span> \u00a0\u00a0<strong>Salidas y cenas en un velero<\/strong><\/span><\/p>\n<p style=\"font-size: 16px\"><span style=\"color: #2e3b4e\"><span class=\"icon-container\"><span class=\"fa fa-long-arrow-right\" style=\"color:#ff7240;\"><\/span><\/span> \u00a0\u00a0<strong>Inmersi\u00f3n en las Islas Medes<\/strong><\/span><\/p>\n<p style=\"font-size: 16px\"><span style=\"color: #2e3b4e\"><span class=\"icon-container\"><span class=\"fa fa-long-arrow-right\" style=\"color:#ff7240;\"><\/span><\/span> \u00a0\u00a0<strong>Sobrevolar con ultraligero las calas y los acantilados de la Costa Brava<\/strong><\/span><\/p>\n<p style=\"font-size: 16px\"><span style=\"color: #2e3b4e\"><span class=\"icon-container\"><span class=\"fa fa-long-arrow-right\" style=\"color:#ff7240;\"><\/span><\/span> \u00a0\u00a0<strong>Descubrir los rincones m\u00e1s espectaculares de la Costa Brava a pie, a caballo, en bicicleta o en kayak<\/strong><\/span><\/p>\n<p>Si est\u00e1s interesado en completar tu experiencia en el parque con otras actividades de aventura para tu despedida de solter@, ponte en <a href=\"#formulariodespedidas\">contacto<\/a> y nosotros te lo gestionamos.<\/p>\n<\/div>\n<\/div><\/div><\/div><div id=\"pgc-2863-1-1\"  class=\"panel-grid-cell\" ><div id=\"panel-2863-1-1-0\" class=\"so-panel widget widget_sow-editor panel-first-child\" data-index=\"2\" ><div class=\"panel-widget-style panel-widget-style-for-2863-1-1-0\" ><div\n\t\t\t\n\t\t\tclass=\"so-widget-sow-editor so-widget-sow-editor-base\"\n\t\t\t\n\t\t>\n<div class=\"siteorigin-widget-tinymce textwidget\">\n\t<p><a href=\"\/wp-content\/uploads\/2019\/03\/despedidas-5.jpg\"><img loading=\"lazy\" decoding=\"async\" class=\"alignnone wp-image-123 size-full\" src=\"\/wp-content\/uploads\/2019\/03\/despedidas-5.jpg\" alt=\"photo16\" width=\"860\" height=\"430\" \/><\/a><\/p>\n<\/div>\n<\/div><\/div><\/div><div id=\"panel-2863-1-1-1\" class=\"so-panel widget widget_sow-editor\" data-index=\"3\" ><div class=\"panel-widget-style panel-widget-style-for-2863-1-1-1\" ><div\n\t\t\t\n\t\t\tclass=\"so-widget-sow-editor so-widget-sow-editor-base\"\n\t\t\t\n\t\t>\n<div class=\"siteorigin-widget-tinymce textwidget\">\n\t<div id='gallery-1' class='gallery galleryid-2863 gallery-columns-2 gallery-size-medium'><figure class='gallery-item'>\n\t\t\t<div class='gallery-icon landscape'>\n\t\t\t\t<a href='https:\/\/costabravaparcaventura.com\/wp-content\/uploads\/2019\/03\/despedidas-4.jpg'><img loading=\"lazy\" decoding=\"async\" width=\"300\" height=\"150\" src=\"https:\/\/costabravaparcaventura.com\/wp-content\/uploads\/2019\/03\/despedidas-4-300x150.jpg\" class=\"attachment-medium size-medium\" alt=\"\" srcset=\"https:\/\/costabravaparcaventura.com\/wp-content\/uploads\/2019\/03\/despedidas-4-300x150.jpg 300w, https:\/\/costabravaparcaventura.com\/wp-content\/uploads\/2019\/03\/despedidas-4-600x300.jpg 600w, https:\/\/costabravaparcaventura.com\/wp-content\/uploads\/2019\/03\/despedidas-4-768x384.jpg 768w, https:\/\/costabravaparcaventura.com\/wp-content\/uploads\/2019\/03\/despedidas-4-350x175.jpg 350w, https:\/\/costabravaparcaventura.com\/wp-content\/uploads\/2019\/03\/despedidas-4.jpg 860w\" sizes=\"auto, (max-width: 300px) 100vw, 300px\" \/><\/a>\n\t\t\t<\/div><\/figure><figure class='gallery-item'>\n\t\t\t<div class='gallery-icon landscape'>\n\t\t\t\t<a href='https:\/\/costabravaparcaventura.com\/wp-content\/uploads\/2019\/03\/despedidas-3.jpg'><img loading=\"lazy\" decoding=\"async\" width=\"300\" height=\"150\" src=\"https:\/\/costabravaparcaventura.com\/wp-content\/uploads\/2019\/03\/despedidas-3-300x150.jpg\" class=\"attachment-medium size-medium\" alt=\"\" srcset=\"https:\/\/costabravaparcaventura.com\/wp-content\/uploads\/2019\/03\/despedidas-3-300x150.jpg 300w, https:\/\/costabravaparcaventura.com\/wp-content\/uploads\/2019\/03\/despedidas-3-600x300.jpg 600w, https:\/\/costabravaparcaventura.com\/wp-content\/uploads\/2019\/03\/despedidas-3-768x384.jpg 768w, https:\/\/costabravaparcaventura.com\/wp-content\/uploads\/2019\/03\/despedidas-3-350x175.jpg 350w, https:\/\/costabravaparcaventura.com\/wp-content\/uploads\/2019\/03\/despedidas-3.jpg 860w\" sizes=\"auto, (max-width: 300px) 100vw, 300px\" \/><\/a>\n\t\t\t<\/div><\/figure>\n\t\t<\/div>\n\n<\/div>\n<\/div><\/div><\/div><div id=\"panel-2863-1-1-2\" class=\"so-panel widget widget_sow-editor panel-last-child\" data-index=\"4\" ><div class=\"panel-widget-style panel-widget-style-for-2863-1-1-2\" ><div\n\t\t\t\n\t\t\tclass=\"so-widget-sow-editor so-widget-sow-editor-base\"\n\t\t\t\n\t\t>\n<div class=\"siteorigin-widget-tinymce textwidget\">\n\t<p><a href=\"\/wp-content\/uploads\/2019\/09\/New-Project-1.png\"><img loading=\"lazy\" decoding=\"async\" class=\"alignnone wp-image-123 size-full\" src=\"\/wp-content\/uploads\/2019\/09\/New-Project-1.png\" alt=\"photo16\" width=\"860\" height=\"430\" \/><\/a><\/p>\n<\/div>\n<\/div><\/div><\/div><\/div><\/div><div id=\"pg-2863-2\"  class=\"panel-grid panel-no-style\" ><div id=\"pgc-2863-2-0\"  class=\"panel-grid-cell\" ><div id=\"panel-2863-2-0-0\" class=\"so-panel widget widget_sow-editor panel-first-child\" data-index=\"5\" ><div class=\"panel-widget-style panel-widget-style-for-2863-2-0-0\" ><div\n\t\t\t\n\t\t\tclass=\"so-widget-sow-editor so-widget-sow-editor-base\"\n\t\t\t\n\t\t>\n<div class=\"siteorigin-widget-tinymce textwidget\">\n\t<p><a href=\"\/wp-content\/uploads\/2019\/03\/despedidas-1.jpg\"><img loading=\"lazy\" decoding=\"async\" class=\"alignnone wp-image-136 size-full\" src=\"\/wp-content\/uploads\/2019\/03\/despedidas-1.jpg\" alt=\"photo29\" width=\"860\" height=\"430\" \/><\/a><\/p>\n<\/div>\n<\/div><\/div><\/div><div id=\"panel-2863-2-0-1\" class=\"so-panel widget widget_sow-editor panel-last-child\" data-index=\"6\" ><div class=\"panel-widget-style panel-widget-style-for-2863-2-0-1\" ><div\n\t\t\t\n\t\t\tclass=\"so-widget-sow-editor so-widget-sow-editor-base\"\n\t\t\t\n\t\t>\n<div class=\"siteorigin-widget-tinymce textwidget\">\n\t<div id='gallery-2' class='gallery galleryid-2863 gallery-columns-2 gallery-size-medium'><figure class='gallery-item'>\n\t\t\t<div class='gallery-icon landscape'>\n\t\t\t\t<a href='https:\/\/costabravaparcaventura.com\/wp-content\/uploads\/2019\/03\/despedidas-10.jpg'><img loading=\"lazy\" decoding=\"async\" width=\"300\" height=\"150\" src=\"https:\/\/costabravaparcaventura.com\/wp-content\/uploads\/2019\/03\/despedidas-10-300x150.jpg\" class=\"attachment-medium size-medium\" alt=\"\" srcset=\"https:\/\/costabravaparcaventura.com\/wp-content\/uploads\/2019\/03\/despedidas-10-300x150.jpg 300w, https:\/\/costabravaparcaventura.com\/wp-content\/uploads\/2019\/03\/despedidas-10-600x300.jpg 600w, https:\/\/costabravaparcaventura.com\/wp-content\/uploads\/2019\/03\/despedidas-10-768x384.jpg 768w, https:\/\/costabravaparcaventura.com\/wp-content\/uploads\/2019\/03\/despedidas-10-350x175.jpg 350w, https:\/\/costabravaparcaventura.com\/wp-content\/uploads\/2019\/03\/despedidas-10.jpg 860w\" sizes=\"auto, (max-width: 300px) 100vw, 300px\" \/><\/a>\n\t\t\t<\/div><\/figure><figure class='gallery-item'>\n\t\t\t<div class='gallery-icon landscape'>\n\t\t\t\t<a href='https:\/\/costabravaparcaventura.com\/wp-content\/uploads\/2019\/03\/despedidas-7.jpg'><img loading=\"lazy\" decoding=\"async\" width=\"300\" height=\"150\" src=\"https:\/\/costabravaparcaventura.com\/wp-content\/uploads\/2019\/03\/despedidas-7-300x150.jpg\" class=\"attachment-medium size-medium\" alt=\"\" srcset=\"https:\/\/costabravaparcaventura.com\/wp-content\/uploads\/2019\/03\/despedidas-7-300x150.jpg 300w, https:\/\/costabravaparcaventura.com\/wp-content\/uploads\/2019\/03\/despedidas-7-600x300.jpg 600w, https:\/\/costabravaparcaventura.com\/wp-content\/uploads\/2019\/03\/despedidas-7-768x384.jpg 768w, https:\/\/costabravaparcaventura.com\/wp-content\/uploads\/2019\/03\/despedidas-7-350x175.jpg 350w, https:\/\/costabravaparcaventura.com\/wp-content\/uploads\/2019\/03\/despedidas-7.jpg 860w\" sizes=\"auto, (max-width: 300px) 100vw, 300px\" \/><\/a>\n\t\t\t<\/div><\/figure>\n\t\t<\/div>\n\n<\/div>\n<\/div><\/div><\/div><\/div><div id=\"pgc-2863-2-1\"  class=\"panel-grid-cell\" ><div id=\"panel-2863-2-1-0\" class=\"so-panel widget widget_sow-editor panel-first-child\" data-index=\"7\" ><div\n\t\t\t\n\t\t\tclass=\"so-widget-sow-editor so-widget-sow-editor-base\"\n\t\t\t\n\t\t>\n<div class=\"siteorigin-widget-tinymce textwidget\">\n\t<h2>Actividades de aventura<\/h2>\n<p>En nuestros parques disfrutar\u00e9is de m\u00e1s de 200 actividades de aventura. Trepar\u00e9is por redes, subir\u00e9is escaleras, cruzar\u00e9is por puentes colgantes, y bajar\u00e9is al suelo por las distintas tirolinas. En Parc Aventura encontrar\u00e1s: <\/p>\n<p style=\"font-size: 16px\"><span style=\"color: #2e3b4e\"><span class=\"icon-container\"><span class=\"fa fa-long-arrow-right\" style=\"color:#ff7240;\"><\/span><\/span> \u00a0\u00a0<strong>Un circuito de tirolinas de m\u00e1s de 2.000 metros<\/strong><\/span><\/p>\n<p style=\"font-size: 16px\"><span style=\"color: #2e3b4e\"><span class=\"icon-container\"><span class=\"fa fa-long-arrow-right\" style=\"color:#ff7240;\"><\/span><\/span> \u00a0\u00a0<strong>Hasta 29 tipos distintos de puentes colgantes<\/strong><\/span><\/p>\n<p style=\"font-size: 16px\"><span style=\"color: #2e3b4e\"><span class=\"icon-container\"><span class=\"fa fa-long-arrow-right\" style=\"color:#ff7240;\"><\/span><\/span> \u00a0\u00a0<strong>Un salto al vac\u00edo desde 13 metros en Platja d\u2019Aro y desde 10 metros en Pals<br \/>\n<\/strong><\/span><\/p>\n<p style=\"font-size: 16px\"><span style=\"color: #2e3b4e\"><span class=\"icon-container\"><span class=\"fa fa-long-arrow-right\" style=\"color:#ff7240;\"><\/span><\/span> \u00a0\u00a0<strong>Escaleras y columpios de aventura<\/strong><\/span><\/p>\n<\/div>\n<\/div><\/div><div id=\"panel-2863-2-1-1\" class=\"so-panel widget widget_pw_brochure_box widget-brochure-box panel-last-child\" data-index=\"8\" >\n\t<a class=\"brochure-box\" href=\"\/actividades\" target=\"_self\">\n\t\t<span class=\"brochure-box__icon\"><i class=\"fa  \"><\/i><\/span>\n\t\t<span class=\"brochure-box__text\">VER TODAS LAS ACTIVIDADES<\/span>\n\t<\/a>\n\n<\/div><\/div><\/div><div id=\"pg-2863-3\"  class=\"panel-grid panel-has-style\" ><div class=\"panel-row-style panel-row-style-for-2863-3\" ><div id=\"pgc-2863-3-0\"  class=\"panel-grid-cell\" ><div id=\"panel-2863-3-0-0\" class=\"so-panel widget widget_sow-editor panel-first-child panel-last-child\" data-index=\"9\" ><div\n\t\t\t\n\t\t\tclass=\"so-widget-sow-editor so-widget-sow-editor-base\"\n\t\t\t\n\t\t>\n<div class=\"siteorigin-widget-tinymce textwidget\">\n\t<h2>Seguridad en el parque<\/h2>\n<p>Para nosotros  la seguridad es una prioridad para que pod\u00e1is disfrutar de nuestras actividades de aventura sin preocupaciones. Por ello utilizamos mosquetones inteligentes CLiC-iT\u00ae que evitan el desenganche accidental de los dos conectores a la vez. \u00a1Con ellos es imposible desatarte de la l\u00ednea de vida! Estos mosquetones garantizan:<\/p>\n<p style=\"font-size: 16px\"><span style=\"color: #2e3b4e\"><span class=\"icon-container\"><span class=\"fa fa-long-arrow-right\" style=\"color:#ff7240;\"><\/span><\/span> \u00a0\u00a0<strong>Una m\u00e1xima seguridad en todos los recorridos<\/strong><\/span><\/p>\n<p style=\"font-size: 16px\"><span style=\"color: #2e3b4e\"><span class=\"icon-container\"><span class=\"fa fa-long-arrow-right\" style=\"color:#ff7240;\"><\/span><\/span> \u00a0\u00a0<strong>Simplicidad en su uso<\/strong><\/span><\/p>\n<p style=\"font-size: 16px\"><span style=\"color: #2e3b4e\"><span class=\"icon-container\"><span class=\"fa fa-long-arrow-right\" style=\"color:#ff7240;\"><\/span><\/span> \u00a0\u00a0<strong>Autonom\u00eda<\/strong><\/span><\/p>\n<\/div>\n<\/div><\/div><\/div><div id=\"pgc-2863-3-1\"  class=\"panel-grid-cell\" ><div id=\"panel-2863-3-1-0\" class=\"so-panel widget widget_sow-editor panel-first-child panel-last-child\" data-index=\"10\" ><div class=\"panel-widget-style panel-widget-style-for-2863-3-1-0\" ><div\n\t\t\t\n\t\t\tclass=\"so-widget-sow-editor so-widget-sow-editor-base\"\n\t\t\t\n\t\t>\n<div class=\"siteorigin-widget-tinymce textwidget\">\n\t<p><a href=\"\/wp-content\/uploads\/2019\/09\/New-Project-2.png\"><img loading=\"lazy\" decoding=\"async\" class=\"alignnone wp-image-136 size-full\" src=\"\/wp-content\/uploads\/2019\/09\/New-Project-2.png\" alt=\"photo29\" width=\"860\" height=\"430\" \/><\/a><\/p>\n<\/div>\n<\/div><\/div><\/div><\/div><\/div><\/div><div id=\"pg-2863-4\"  class=\"panel-grid panel-no-style\" ><div id=\"pgc-2863-4-0\"  class=\"panel-grid-cell\" ><div id=\"panel-2863-4-0-0\" class=\"so-panel widget widget_sow-editor panel-first-child\" data-index=\"11\" ><div\n\t\t\t\n\t\t\tclass=\"so-widget-sow-editor so-widget-sow-editor-base\"\n\t\t\t\n\t\t>\n<div class=\"siteorigin-widget-tinymce textwidget\">\n\t<p><strong><span style=\"font-size: 30px; color: #1b1b1b;\">Galer\u00eda de fotos<\/span><\/strong><\/p>\n<\/div>\n<\/div><\/div><div id=\"panel-2863-4-0-1\" class=\"so-panel widget widget_sow-editor panel-last-child\" data-index=\"12\" ><div class=\"panel-widget-style panel-widget-style-for-2863-4-0-1\" ><div\n\t\t\t\n\t\t\tclass=\"so-widget-sow-editor so-widget-sow-editor-base\"\n\t\t\t\n\t\t>\n<div class=\"siteorigin-widget-tinymce textwidget\">\n\t<div id='gallery-3' class='gallery galleryid-2863 gallery-columns-4 gallery-size-medium'><figure class='gallery-item'>\n\t\t\t<div class='gallery-icon landscape'>\n\t\t\t\t<a href='https:\/\/costabravaparcaventura.com\/wp-content\/uploads\/2019\/03\/despedidas-6.jpg'><img loading=\"lazy\" decoding=\"async\" width=\"300\" height=\"150\" src=\"https:\/\/costabravaparcaventura.com\/wp-content\/uploads\/2019\/03\/despedidas-6-300x150.jpg\" class=\"attachment-medium size-medium\" alt=\"\" srcset=\"https:\/\/costabravaparcaventura.com\/wp-content\/uploads\/2019\/03\/despedidas-6-300x150.jpg 300w, https:\/\/costabravaparcaventura.com\/wp-content\/uploads\/2019\/03\/despedidas-6-600x300.jpg 600w, https:\/\/costabravaparcaventura.com\/wp-content\/uploads\/2019\/03\/despedidas-6-768x384.jpg 768w, https:\/\/costabravaparcaventura.com\/wp-content\/uploads\/2019\/03\/despedidas-6-350x175.jpg 350w, https:\/\/costabravaparcaventura.com\/wp-content\/uploads\/2019\/03\/despedidas-6.jpg 860w\" sizes=\"auto, (max-width: 300px) 100vw, 300px\" \/><\/a>\n\t\t\t<\/div><\/figure><figure class='gallery-item'>\n\t\t\t<div class='gallery-icon landscape'>\n\t\t\t\t<a href='https:\/\/costabravaparcaventura.com\/wp-content\/uploads\/2019\/03\/despedidas-8.jpg'><img loading=\"lazy\" decoding=\"async\" width=\"300\" height=\"150\" src=\"https:\/\/costabravaparcaventura.com\/wp-content\/uploads\/2019\/03\/despedidas-8-300x150.jpg\" class=\"attachment-medium size-medium\" alt=\"\" srcset=\"https:\/\/costabravaparcaventura.com\/wp-content\/uploads\/2019\/03\/despedidas-8-300x150.jpg 300w, https:\/\/costabravaparcaventura.com\/wp-content\/uploads\/2019\/03\/despedidas-8-600x300.jpg 600w, https:\/\/costabravaparcaventura.com\/wp-content\/uploads\/2019\/03\/despedidas-8-768x384.jpg 768w, https:\/\/costabravaparcaventura.com\/wp-content\/uploads\/2019\/03\/despedidas-8-350x175.jpg 350w, https:\/\/costabravaparcaventura.com\/wp-content\/uploads\/2019\/03\/despedidas-8.jpg 860w\" sizes=\"auto, (max-width: 300px) 100vw, 300px\" \/><\/a>\n\t\t\t<\/div><\/figure><figure class='gallery-item'>\n\t\t\t<div class='gallery-icon landscape'>\n\t\t\t\t<a href='https:\/\/costabravaparcaventura.com\/wp-content\/uploads\/2019\/03\/despedidas-9.jpg'><img loading=\"lazy\" decoding=\"async\" width=\"300\" height=\"150\" src=\"https:\/\/costabravaparcaventura.com\/wp-content\/uploads\/2019\/03\/despedidas-9-300x150.jpg\" class=\"attachment-medium size-medium\" alt=\"\" srcset=\"https:\/\/costabravaparcaventura.com\/wp-content\/uploads\/2019\/03\/despedidas-9-300x150.jpg 300w, https:\/\/costabravaparcaventura.com\/wp-content\/uploads\/2019\/03\/despedidas-9-600x300.jpg 600w, https:\/\/costabravaparcaventura.com\/wp-content\/uploads\/2019\/03\/despedidas-9-768x384.jpg 768w, https:\/\/costabravaparcaventura.com\/wp-content\/uploads\/2019\/03\/despedidas-9-350x175.jpg 350w, https:\/\/costabravaparcaventura.com\/wp-content\/uploads\/2019\/03\/despedidas-9.jpg 860w\" sizes=\"auto, (max-width: 300px) 100vw, 300px\" \/><\/a>\n\t\t\t<\/div><\/figure><figure class='gallery-item'>\n\t\t\t<div class='gallery-icon landscape'>\n\t\t\t\t<a href='https:\/\/costabravaparcaventura.com\/wp-content\/uploads\/2019\/03\/despedidas-11.jpg'><img loading=\"lazy\" decoding=\"async\" width=\"300\" height=\"150\" src=\"https:\/\/costabravaparcaventura.com\/wp-content\/uploads\/2019\/03\/despedidas-11-300x150.jpg\" class=\"attachment-medium size-medium\" alt=\"\" srcset=\"https:\/\/costabravaparcaventura.com\/wp-content\/uploads\/2019\/03\/despedidas-11-300x150.jpg 300w, https:\/\/costabravaparcaventura.com\/wp-content\/uploads\/2019\/03\/despedidas-11-600x300.jpg 600w, https:\/\/costabravaparcaventura.com\/wp-content\/uploads\/2019\/03\/despedidas-11-768x384.jpg 768w, https:\/\/costabravaparcaventura.com\/wp-content\/uploads\/2019\/03\/despedidas-11-350x175.jpg 350w, https:\/\/costabravaparcaventura.com\/wp-content\/uploads\/2019\/03\/despedidas-11.jpg 860w\" sizes=\"auto, (max-width: 300px) 100vw, 300px\" \/><\/a>\n\t\t\t<\/div><\/figure>\n\t\t<\/div>\n\n<\/div>\n<\/div><\/div><\/div><\/div><\/div><div id=\"pg-2863-5\"  class=\"panel-grid panel-has-style\" ><div class=\"panel-row-style panel-row-style-for-2863-5\" ><div id=\"pgc-2863-5-0\"  class=\"panel-grid-cell\" ><div id=\"panel-2863-5-0-0\" class=\"so-panel widget widget_sow-editor panel-first-child panel-last-child\" data-index=\"13\" ><div\n\t\t\t\n\t\t\tclass=\"so-widget-sow-editor so-widget-sow-editor-base\"\n\t\t\t\n\t\t>\n<div class=\"siteorigin-widget-tinymce textwidget\">\n\t<p><a name=\"formulariodespedidas\"><\/a><\/p>\n<\/div>\n<\/div><\/div><\/div><\/div><\/div><div id=\"pg-2863-6\"  class=\"panel-grid panel-has-style\" ><div class=\"panel-row-style panel-row-style-for-2863-6\" ><div id=\"pgc-2863-6-0\"  class=\"panel-grid-cell\" ><div id=\"panel-2863-6-0-0\" class=\"so-panel widget widget_pw_special_title widget-special-title panel-first-child panel-last-child\" data-index=\"14\" >\t\t\t<h2 class=\"special-title\">\n\t\t\t\tFORMULARIO\t\t\t<\/h2>\n\t\t<\/div><\/div><\/div><\/div><div id=\"pg-2863-7\"  class=\"panel-grid panel-no-style\" ><div id=\"pgc-2863-7-0\"  class=\"panel-grid-cell\" ><div id=\"panel-2863-7-0-0\" class=\"so-panel widget widget_sow-editor panel-first-child\" data-index=\"15\" ><div\n\t\t\t\n\t\t\tclass=\"so-widget-sow-editor so-widget-sow-editor-base\"\n\t\t\t\n\t\t>\n<div class=\"siteorigin-widget-tinymce textwidget\">\n\t<h2>Contacto<span style=\"color: #2e3b4e;font-weight: 300\"><\/span><\/h2>\n<p>Si est\u00e1s interesado en celebrar tu despedida de solter@ con nosotros, p\u00eddenos m\u00e1s informaci\u00f3n y resuelve tus dudas rellenando este formulario.<\/p>\n<\/div>\n<\/div><\/div><div id=\"panel-2863-7-0-1\" class=\"so-panel widget widget_sow-editor panel-last-child\" data-index=\"16\" ><div\n\t\t\t\n\t\t\tclass=\"so-widget-sow-editor so-widget-sow-editor-base\"\n\t\t\t\n\t\t>\n<div class=\"siteorigin-widget-tinymce textwidget\">\n\t\n<div class=\"wpcf7 no-js\" id=\"wpcf7-f2618-o1\" lang=\"en-US\" dir=\"ltr\" data-wpcf7-id=\"2618\">\n<div class=\"screen-reader-response\"><p role=\"status\" aria-live=\"polite\" aria-atomic=\"true\"><\/p> <ul><\/ul><\/div>\n<form action=\"\/es\/wp-json\/wp\/v2\/portfolio\/2863#wpcf7-f2618-o1\" method=\"post\" class=\"wpcf7-form init\" aria-label=\"Contact form\" novalidate=\"novalidate\" data-status=\"init\">\n<fieldset class=\"hidden-fields-container\"><input type=\"hidden\" name=\"_wpcf7\" value=\"2618\" \/><input type=\"hidden\" name=\"_wpcf7_version\" value=\"6.1.5\" \/><input type=\"hidden\" name=\"_wpcf7_locale\" value=\"en_US\" \/><input type=\"hidden\" name=\"_wpcf7_unit_tag\" value=\"wpcf7-f2618-o1\" \/><input type=\"hidden\" name=\"_wpcf7_container_post\" value=\"0\" \/><input type=\"hidden\" name=\"_wpcf7_posted_data_hash\" value=\"\" \/><input type=\"hidden\" name=\"_wpcf7cf_hidden_group_fields\" value=\"[]\" \/><input type=\"hidden\" name=\"_wpcf7cf_hidden_groups\" value=\"[]\" \/><input type=\"hidden\" name=\"_wpcf7cf_visible_groups\" value=\"[]\" \/><input type=\"hidden\" name=\"_wpcf7cf_repeaters\" value=\"[]\" \/><input type=\"hidden\" name=\"_wpcf7cf_steps\" value=\"{}\" \/><input type=\"hidden\" name=\"_wpcf7cf_options\" value=\"{&quot;form_id&quot;:2618,&quot;conditions&quot;:[],&quot;settings&quot;:{&quot;animation&quot;:&quot;yes&quot;,&quot;animation_intime&quot;:200,&quot;animation_outtime&quot;:200,&quot;conditions_ui&quot;:&quot;normal&quot;,&quot;notice_dismissed&quot;:false}}\" \/><input type=\"hidden\" name=\"_wpcf7_recaptcha_response\" value=\"\" \/>\n<\/fieldset>\n<div class=\"row\">\n\t<div class=\"col-xs-12  col-lg-6\">\n\t\t<p><span class=\"wpcf7-form-control-wrap\" data-name=\"nombre\"><input size=\"40\" maxlength=\"400\" class=\"wpcf7-form-control wpcf7-text wpcf7-validates-as-required form-control\" aria-required=\"true\" aria-invalid=\"false\" placeholder=\"Nombre*\" value=\"\" type=\"text\" name=\"nombre\" \/><\/span>\n\t\t<\/p>\n\t<\/div>\n\t<div class=\"col-xs-12  col-lg-6\">\n\t\t<p><span class=\"wpcf7-form-control-wrap\" data-name=\"email\"><input size=\"40\" maxlength=\"400\" class=\"wpcf7-form-control wpcf7-email wpcf7-validates-as-required wpcf7-text wpcf7-validates-as-email form-control\" aria-required=\"true\" aria-invalid=\"false\" placeholder=\"E-mail*\" value=\"\" type=\"email\" name=\"email\" \/><\/span>\n\t\t<\/p>\n\t<\/div>\n\t<div class=\"col-xs-12  col-lg-6\">\n\t\t<p><span class=\"wpcf7-form-control-wrap\" data-name=\"telefono\"><input size=\"40\" maxlength=\"400\" class=\"wpcf7-form-control wpcf7-text wpcf7-validates-as-required form-control\" aria-required=\"true\" aria-invalid=\"false\" placeholder=\"Tel\u00e9fono*\" value=\"\" type=\"text\" name=\"telefono\" \/><\/span>\n\t\t<\/p>\n\t<\/div>\n\t<div class=\"col-xs-12  col-lg-6\">\n\t\t<p><span class=\"wpcf7-form-control-wrap\" data-name=\"experiencia\"><select class=\"wpcf7-form-control wpcf7-select wpcf7-validates-as-required\" aria-required=\"true\" aria-invalid=\"false\" name=\"experiencia\"><option value=\"\">Selecciona tu experiencia*<\/option><option value=\"Cumplea\u00f1os infantil\">Cumplea\u00f1os infantil<\/option><option value=\"Cumplea\u00f1os junior\">Cumplea\u00f1os junior<\/option><option value=\"Cumplea\u00f1os adultos\">Cumplea\u00f1os adultos<\/option><option value=\"Despedida de solter@\">Despedida de solter@<\/option><option value=\"Teambuilding\">Teambuilding<\/option><option value=\"Actividades colegios\">Actividades colegios<\/option><option value=\"Aventura nocturna\">Aventura nocturna<\/option><option value=\"Eventos corporativos\">Eventos corporativos<\/option><\/select><\/span>\n\t\t<\/p>\n\t<\/div>\n\t<div class=\"col-xs-12  col-lg-6\">\n\t\t<p><span class=\"wpcf7-form-control-wrap\" data-name=\"parque\"><select class=\"wpcf7-form-control wpcf7-select wpcf7-validates-as-required\" aria-required=\"true\" aria-invalid=\"false\" name=\"parque\"><option value=\"\">Selecciona el parque*<\/option><option value=\"Pals\">Pals<\/option><option value=\"Platja d&#039;Aro\">Platja d&#039;Aro<\/option><\/select><\/span>\n\t\t<\/p>\n\t<\/div>\n\t<div class=\"col-xs-12\">\n\t\t<p><span class=\"wpcf7-form-control-wrap\" data-name=\"message\"><textarea cols=\"40\" rows=\"10\" maxlength=\"2000\" class=\"wpcf7-form-control wpcf7-textarea wpcf7-validates-as-required form-control\" aria-required=\"true\" aria-invalid=\"false\" placeholder=\"Comentarios*\" name=\"message\"><\/textarea><\/span>\n\t\t<\/p>\n\t\t<div class=\"wpcf7-notice\" style=\"font-size: 16px;\">\n\t\t\t<p>* Campos obligatorios.\n\t\t\t<\/p>\n\t\t<\/div>\n\t\t<div>\n\t\t\t<p><input class=\"wpcf7-form-control wpcf7-submit has-spinner experienciasform btn btn-primary\" type=\"submit\" value=\"ENVIAR\" \/>\n\t\t\t<\/p>\n\t\t<\/div>\n\t<\/div>\n<\/div><input\n                    class=\"apbct_special_field apbct_email_id__wp_contact_form_7\"\n                    name=\"apbct__email_id__wp_contact_form_7\"\n                    aria-label=\"apbct__label_id__wp_contact_form_7\"\n                    type=\"text\" size=\"30\" maxlength=\"200\" autocomplete=\"off\"\n                    value=\"\"\n                \/><p style=\"display: none !important;\" class=\"akismet-fields-container\" data-prefix=\"_wpcf7_ak_\"><label>&#916;<textarea name=\"_wpcf7_ak_hp_textarea\" cols=\"45\" rows=\"8\" maxlength=\"100\"><\/textarea><\/label><input type=\"hidden\" id=\"ak_js_1\" name=\"_wpcf7_ak_js\" value=\"221\"\/><script type=\"text\/javascript\">\n\/* <![CDATA[ *\/\ndocument.getElementById( \"ak_js_1\" ).setAttribute( \"value\", ( new Date() ).getTime() );\n\/* ]]> *\/\n<\/script>\n<\/p><input type='hidden' class='wpcf7-pum' value='{\"closepopup\":false,\"closedelay\":0,\"openpopup\":false,\"openpopup_id\":0}' \/><div class=\"wpcf7-response-output\" aria-hidden=\"true\"><\/div>\n<\/form>\n<\/div>\n\n<\/div>\n<\/div><\/div><\/div><\/div><\/div>","protected":false},"excerpt":{"rendered":"<p>Caracter\u00edsticas El grupo tiene 2 horas para disfrutar de los circuitos multiaventura que elija. Adem\u00e1s, tenemos reservada una sorpresa para el anfitri\u00f3n. La formaci\u00f3n de seguridad y la equipaci\u00f3n te la proporcionamos nosotros. \u00bfQu\u00e9 puedes incluir? Puedes combinar los circuitos del parque con otras actividades de aventura que te proponemos: \u00a0\u00a0Descenso del Ter en kayak &hellip;<\/p>\n","protected":false},"author":1,"featured_media":12632,"comment_status":"closed","ping_status":"closed","template":"","meta":{"_acf_changed":false,"footnotes":""},"portfolio_category":[32],"portfolio_tag":[],"class_list":{"0":"post-2863","1":"portfolio","2":"type-portfolio","3":"status-publish","4":"has-post-thumbnail","6":"portfolio_category-despedida-soltero","7":"clearfix","8":"article"},"acf":[],"yoast_head":"<!-- This site is optimized with the Yoast SEO plugin v27.5 - https:\/\/yoast.com\/product\/yoast-seo-wordpress\/ -->\n<title>Despedida de solter@ | Costa Brava Parc Aventura<\/title>\n<meta name=\"description\" content=\"\u00bfQuieres celebrar una despedida de soltera original? \u2b50 En Parc Aventura te organizaremos una fiesta que jam\u00e1s olvidar\u00e1s antes del &quot;S\u00ed, quiero&quot; m\u00e1s especial.\" \/>\n<meta name=\"robots\" content=\"index, follow, max-snippet:-1, max-image-preview:large, max-video-preview:-1\" \/>\n<link rel=\"canonical\" href=\"https:\/\/costabravaparcaventura.com\/es\/experiencia\/despedida-soltera\/\" \/>\n<meta property=\"og:locale\" content=\"es_ES\" \/>\n<meta property=\"og:type\" content=\"article\" \/>\n<meta property=\"og:title\" content=\"Despedida de solter@ | Costa Brava Parc Aventura\" \/>\n<meta property=\"og:description\" content=\"\u00bfQuieres celebrar una despedida de soltera original? \u2b50 En Parc Aventura te organizaremos una fiesta que jam\u00e1s olvidar\u00e1s antes del &quot;S\u00ed, quiero&quot; m\u00e1s especial.\" \/>\n<meta property=\"og:url\" content=\"https:\/\/costabravaparcaventura.com\/es\/experiencia\/despedida-soltera\/\" \/>\n<meta property=\"og:site_name\" content=\"Costa Brava Parc Aventura\" \/>\n<meta property=\"article:publisher\" content=\"https:\/\/www.facebook.com\/costabravaparcaventura\" \/>\n<meta property=\"article:modified_time\" content=\"2024-09-20T09:39:44+00:00\" \/>\n<meta property=\"og:image\" content=\"https:\/\/costabravaparcaventura.com\/wp-content\/uploads\/2019\/03\/IMG-20190831-WA0002-2.jpg\" \/>\n\t<meta property=\"og:image:width\" content=\"1599\" \/>\n\t<meta property=\"og:image:height\" content=\"1200\" \/>\n\t<meta property=\"og:image:type\" content=\"image\/jpeg\" \/>\n<meta name=\"twitter:card\" content=\"summary_large_image\" \/>\n<meta name=\"twitter:site\" content=\"@BravaParc\" \/>\n<meta name=\"twitter:label1\" content=\"Tiempo de lectura\" \/>\n\t<meta name=\"twitter:data1\" content=\"5 minutos\" \/>\n<script type=\"application\/ld+json\" class=\"yoast-schema-graph\">{\"@context\":\"https:\\\/\\\/schema.org\",\"@graph\":[{\"@type\":\"WebPage\",\"@id\":\"https:\\\/\\\/costabravaparcaventura.com\\\/es\\\/experiencia\\\/despedida-soltera\\\/\",\"url\":\"https:\\\/\\\/costabravaparcaventura.com\\\/es\\\/experiencia\\\/despedida-soltera\\\/\",\"name\":\"Despedida de solter@ | Costa Brava Parc Aventura\",\"isPartOf\":{\"@id\":\"https:\\\/\\\/costabravaparcaventura.com\\\/es\\\/#website\"},\"primaryImageOfPage\":{\"@id\":\"https:\\\/\\\/costabravaparcaventura.com\\\/es\\\/experiencia\\\/despedida-soltera\\\/#primaryimage\"},\"image\":{\"@id\":\"https:\\\/\\\/costabravaparcaventura.com\\\/es\\\/experiencia\\\/despedida-soltera\\\/#primaryimage\"},\"thumbnailUrl\":\"https:\\\/\\\/costabravaparcaventura.com\\\/wp-content\\\/uploads\\\/2019\\\/03\\\/IMG-20190831-WA0002-2.jpg\",\"datePublished\":\"2019-03-13T11:04:36+00:00\",\"dateModified\":\"2024-09-20T09:39:44+00:00\",\"description\":\"\u00bfQuieres celebrar una despedida de soltera original? \u2b50 En Parc Aventura te organizaremos una fiesta que jam\u00e1s olvidar\u00e1s antes del \\\"S\u00ed, quiero\\\" m\u00e1s especial.\",\"breadcrumb\":{\"@id\":\"https:\\\/\\\/costabravaparcaventura.com\\\/es\\\/experiencia\\\/despedida-soltera\\\/#breadcrumb\"},\"inLanguage\":\"es\",\"potentialAction\":[{\"@type\":\"ReadAction\",\"target\":[\"https:\\\/\\\/costabravaparcaventura.com\\\/es\\\/experiencia\\\/despedida-soltera\\\/\"]}]},{\"@type\":\"ImageObject\",\"inLanguage\":\"es\",\"@id\":\"https:\\\/\\\/costabravaparcaventura.com\\\/es\\\/experiencia\\\/despedida-soltera\\\/#primaryimage\",\"url\":\"https:\\\/\\\/costabravaparcaventura.com\\\/wp-content\\\/uploads\\\/2019\\\/03\\\/IMG-20190831-WA0002-2.jpg\",\"contentUrl\":\"https:\\\/\\\/costabravaparcaventura.com\\\/wp-content\\\/uploads\\\/2019\\\/03\\\/IMG-20190831-WA0002-2.jpg\",\"width\":1599,\"height\":1200},{\"@type\":\"BreadcrumbList\",\"@id\":\"https:\\\/\\\/costabravaparcaventura.com\\\/es\\\/experiencia\\\/despedida-soltera\\\/#breadcrumb\",\"itemListElement\":[{\"@type\":\"ListItem\",\"position\":1,\"name\":\"Portada\",\"item\":\"https:\\\/\\\/costabravaparcaventura.com\\\/es\\\/\"},{\"@type\":\"ListItem\",\"position\":2,\"name\":\"Porfolio\",\"item\":\"https:\\\/\\\/costabravaparcaventura.com\\\/es\\\/experiencia\\\/\"},{\"@type\":\"ListItem\",\"position\":3,\"name\":\"Despedida de solter@\"}]},{\"@type\":\"WebSite\",\"@id\":\"https:\\\/\\\/costabravaparcaventura.com\\\/es\\\/#website\",\"url\":\"https:\\\/\\\/costabravaparcaventura.com\\\/es\\\/\",\"name\":\"Costa Brava Parc Aventura\",\"description\":\"tirolinas costa brava\",\"publisher\":{\"@id\":\"https:\\\/\\\/costabravaparcaventura.com\\\/es\\\/#organization\"},\"potentialAction\":[{\"@type\":\"SearchAction\",\"target\":{\"@type\":\"EntryPoint\",\"urlTemplate\":\"https:\\\/\\\/costabravaparcaventura.com\\\/es\\\/?s={search_term_string}\"},\"query-input\":{\"@type\":\"PropertyValueSpecification\",\"valueRequired\":true,\"valueName\":\"search_term_string\"}}],\"inLanguage\":\"es\"},{\"@type\":\"Organization\",\"@id\":\"https:\\\/\\\/costabravaparcaventura.com\\\/es\\\/#organization\",\"name\":\"Costa Brava Parc Aventura\",\"url\":\"https:\\\/\\\/costabravaparcaventura.com\\\/es\\\/\",\"logo\":{\"@type\":\"ImageObject\",\"inLanguage\":\"es\",\"@id\":\"https:\\\/\\\/costabravaparcaventura.com\\\/es\\\/#\\\/schema\\\/logo\\\/image\\\/\",\"url\":\"https:\\\/\\\/costabravaparcaventura.com\\\/wp-content\\\/uploads\\\/2023\\\/07\\\/logo_parc_aventura_600.jpg\",\"contentUrl\":\"https:\\\/\\\/costabravaparcaventura.com\\\/wp-content\\\/uploads\\\/2023\\\/07\\\/logo_parc_aventura_600.jpg\",\"width\":600,\"height\":600,\"caption\":\"Costa Brava Parc Aventura\"},\"image\":{\"@id\":\"https:\\\/\\\/costabravaparcaventura.com\\\/es\\\/#\\\/schema\\\/logo\\\/image\\\/\"},\"sameAs\":[\"https:\\\/\\\/www.facebook.com\\\/costabravaparcaventura\",\"https:\\\/\\\/x.com\\\/BravaParc\",\"https:\\\/\\\/www.instagram.com\\\/costabravaparcaventura\\\/\",\"https:\\\/\\\/www.youtube.com\\\/user\\\/costabravaparc\"]}]}<\/script>\n<!-- \/ Yoast SEO plugin. -->","yoast_head_json":{"title":"Despedida de solter@ | Costa Brava Parc Aventura","description":"\u00bfQuieres celebrar una despedida de soltera original? \u2b50 En Parc Aventura te organizaremos una fiesta que jam\u00e1s olvidar\u00e1s antes del \"S\u00ed, quiero\" m\u00e1s especial.","robots":{"index":"index","follow":"follow","max-snippet":"max-snippet:-1","max-image-preview":"max-image-preview:large","max-video-preview":"max-video-preview:-1"},"canonical":"https:\/\/costabravaparcaventura.com\/es\/experiencia\/despedida-soltera\/","og_locale":"es_ES","og_type":"article","og_title":"Despedida de solter@ | Costa Brava Parc Aventura","og_description":"\u00bfQuieres celebrar una despedida de soltera original? \u2b50 En Parc Aventura te organizaremos una fiesta que jam\u00e1s olvidar\u00e1s antes del \"S\u00ed, quiero\" m\u00e1s especial.","og_url":"https:\/\/costabravaparcaventura.com\/es\/experiencia\/despedida-soltera\/","og_site_name":"Costa Brava Parc Aventura","article_publisher":"https:\/\/www.facebook.com\/costabravaparcaventura","article_modified_time":"2024-09-20T09:39:44+00:00","og_image":[{"width":1599,"height":1200,"url":"https:\/\/costabravaparcaventura.com\/wp-content\/uploads\/2019\/03\/IMG-20190831-WA0002-2.jpg","type":"image\/jpeg"}],"twitter_card":"summary_large_image","twitter_site":"@BravaParc","twitter_misc":{"Tiempo de lectura":"5 minutos"},"schema":{"@context":"https:\/\/schema.org","@graph":[{"@type":"WebPage","@id":"https:\/\/costabravaparcaventura.com\/es\/experiencia\/despedida-soltera\/","url":"https:\/\/costabravaparcaventura.com\/es\/experiencia\/despedida-soltera\/","name":"Despedida de solter@ | Costa Brava Parc Aventura","isPartOf":{"@id":"https:\/\/costabravaparcaventura.com\/es\/#website"},"primaryImageOfPage":{"@id":"https:\/\/costabravaparcaventura.com\/es\/experiencia\/despedida-soltera\/#primaryimage"},"image":{"@id":"https:\/\/costabravaparcaventura.com\/es\/experiencia\/despedida-soltera\/#primaryimage"},"thumbnailUrl":"https:\/\/costabravaparcaventura.com\/wp-content\/uploads\/2019\/03\/IMG-20190831-WA0002-2.jpg","datePublished":"2019-03-13T11:04:36+00:00","dateModified":"2024-09-20T09:39:44+00:00","description":"\u00bfQuieres celebrar una despedida de soltera original? \u2b50 En Parc Aventura te organizaremos una fiesta que jam\u00e1s olvidar\u00e1s antes del \"S\u00ed, quiero\" m\u00e1s especial.","breadcrumb":{"@id":"https:\/\/costabravaparcaventura.com\/es\/experiencia\/despedida-soltera\/#breadcrumb"},"inLanguage":"es","potentialAction":[{"@type":"ReadAction","target":["https:\/\/costabravaparcaventura.com\/es\/experiencia\/despedida-soltera\/"]}]},{"@type":"ImageObject","inLanguage":"es","@id":"https:\/\/costabravaparcaventura.com\/es\/experiencia\/despedida-soltera\/#primaryimage","url":"https:\/\/costabravaparcaventura.com\/wp-content\/uploads\/2019\/03\/IMG-20190831-WA0002-2.jpg","contentUrl":"https:\/\/costabravaparcaventura.com\/wp-content\/uploads\/2019\/03\/IMG-20190831-WA0002-2.jpg","width":1599,"height":1200},{"@type":"BreadcrumbList","@id":"https:\/\/costabravaparcaventura.com\/es\/experiencia\/despedida-soltera\/#breadcrumb","itemListElement":[{"@type":"ListItem","position":1,"name":"Portada","item":"https:\/\/costabravaparcaventura.com\/es\/"},{"@type":"ListItem","position":2,"name":"Porfolio","item":"https:\/\/costabravaparcaventura.com\/es\/experiencia\/"},{"@type":"ListItem","position":3,"name":"Despedida de solter@"}]},{"@type":"WebSite","@id":"https:\/\/costabravaparcaventura.com\/es\/#website","url":"https:\/\/costabravaparcaventura.com\/es\/","name":"Costa Brava Parc Aventura","description":"tirolinas costa brava","publisher":{"@id":"https:\/\/costabravaparcaventura.com\/es\/#organization"},"potentialAction":[{"@type":"SearchAction","target":{"@type":"EntryPoint","urlTemplate":"https:\/\/costabravaparcaventura.com\/es\/?s={search_term_string}"},"query-input":{"@type":"PropertyValueSpecification","valueRequired":true,"valueName":"search_term_string"}}],"inLanguage":"es"},{"@type":"Organization","@id":"https:\/\/costabravaparcaventura.com\/es\/#organization","name":"Costa Brava Parc Aventura","url":"https:\/\/costabravaparcaventura.com\/es\/","logo":{"@type":"ImageObject","inLanguage":"es","@id":"https:\/\/costabravaparcaventura.com\/es\/#\/schema\/logo\/image\/","url":"https:\/\/costabravaparcaventura.com\/wp-content\/uploads\/2023\/07\/logo_parc_aventura_600.jpg","contentUrl":"https:\/\/costabravaparcaventura.com\/wp-content\/uploads\/2023\/07\/logo_parc_aventura_600.jpg","width":600,"height":600,"caption":"Costa Brava Parc Aventura"},"image":{"@id":"https:\/\/costabravaparcaventura.com\/es\/#\/schema\/logo\/image\/"},"sameAs":["https:\/\/www.facebook.com\/costabravaparcaventura","https:\/\/x.com\/BravaParc","https:\/\/www.instagram.com\/costabravaparcaventura\/","https:\/\/www.youtube.com\/user\/costabravaparc"]}]}},"_links":{"self":[{"href":"https:\/\/costabravaparcaventura.com\/es\/wp-json\/wp\/v2\/portfolio\/2863","targetHints":{"allow":["GET"]}}],"collection":[{"href":"https:\/\/costabravaparcaventura.com\/es\/wp-json\/wp\/v2\/portfolio"}],"about":[{"href":"https:\/\/costabravaparcaventura.com\/es\/wp-json\/wp\/v2\/types\/portfolio"}],"author":[{"embeddable":true,"href":"https:\/\/costabravaparcaventura.com\/es\/wp-json\/wp\/v2\/users\/1"}],"replies":[{"embeddable":true,"href":"https:\/\/costabravaparcaventura.com\/es\/wp-json\/wp\/v2\/comments?post=2863"}],"version-history":[{"count":62,"href":"https:\/\/costabravaparcaventura.com\/es\/wp-json\/wp\/v2\/portfolio\/2863\/revisions"}],"predecessor-version":[{"id":22460,"href":"https:\/\/costabravaparcaventura.com\/es\/wp-json\/wp\/v2\/portfolio\/2863\/revisions\/22460"}],"wp:featuredmedia":[{"embeddable":true,"href":"https:\/\/costabravaparcaventura.com\/es\/wp-json\/wp\/v2\/media\/12632"}],"wp:attachment":[{"href":"https:\/\/costabravaparcaventura.com\/es\/wp-json\/wp\/v2\/media?parent=2863"}],"wp:term":[{"taxonomy":"portfolio_category","embeddable":true,"href":"https:\/\/costabravaparcaventura.com\/es\/wp-json\/wp\/v2\/portfolio_category?post=2863"},{"taxonomy":"portfolio_tag","embeddable":true,"href":"https:\/\/costabravaparcaventura.com\/es\/wp-json\/wp\/v2\/portfolio_tag?post=2863"}],"curies":[{"name":"wp","href":"https:\/\/api.w.org\/{rel}","templated":true}]}}