{"id":30,"date":"2016-10-07T11:01:13","date_gmt":"2016-10-07T11:01:13","guid":{"rendered":"https:\/\/xml-io.proteusthemes.com\/adrenaline\/?page_id=30"},"modified":"2021-02-22T16:59:03","modified_gmt":"2021-02-22T15:59:03","slug":"contacto","status":"publish","type":"page","link":"https:\/\/costabravaparcaventura.com\/es\/contacto\/","title":{"rendered":"C\u00f3mo llegar"},"content":{"rendered":"<div id=\"pl-30\"  class=\"panel-layout\" ><div id=\"pg-30-0\"  class=\"panel-grid panel-no-style\" ><div id=\"pgc-30-0-0\"  class=\"panel-grid-cell panel-grid-cell-empty\" ><\/div><\/div><div id=\"pg-30-1\"  class=\"panel-grid panel-no-style\" ><div id=\"pgc-30-1-0\"  class=\"panel-grid-cell\" ><div id=\"panel-30-1-0-0\" class=\"so-panel widget widget_sow-image panel-first-child panel-last-child\" data-index=\"0\" ><div\n\t\t\t\n\t\t\tclass=\"so-widget-sow-image so-widget-sow-image-default-c67d20f9f743-30\"\n\t\t\t\n\t\t>\n<div class=\"sow-image-container\">\n\t\t<img \n\tsrc=\"https:\/\/costabravaparcaventura.com\/wp-content\/uploads\/2019\/12\/mapa-pda-pals.jpg\" width=\"562\" height=\"386\" srcset=\"https:\/\/costabravaparcaventura.com\/wp-content\/uploads\/2019\/12\/mapa-pda-pals.jpg 562w, https:\/\/costabravaparcaventura.com\/wp-content\/uploads\/2019\/12\/mapa-pda-pals-300x206.jpg 300w, https:\/\/costabravaparcaventura.com\/wp-content\/uploads\/2019\/12\/mapa-pda-pals-100x70.jpg 100w\" sizes=\"(max-width: 562px) 100vw, 562px\" alt=\"mapa parcs\" \t\tclass=\"so-widget-image\"\/>\n\t<\/div>\n\n<\/div><\/div><\/div><\/div><div id=\"pg-30-2\"  class=\"panel-grid panel-has-style\" ><div class=\"panel-row-style panel-row-style-for-30-2\" ><div id=\"pgc-30-2-0\"  class=\"panel-grid-cell\" ><div id=\"panel-30-2-0-0\" class=\"so-panel widget widget_sow-editor panel-first-child\" data-index=\"1\" ><div class=\"panel-widget-style panel-widget-style-for-30-2-0-0\" ><div\n\t\t\t\n\t\t\tclass=\"so-widget-sow-editor so-widget-sow-editor-base\"\n\t\t\t\n\t\t>\n<div class=\"siteorigin-widget-tinymce textwidget\">\n\t<h3>PLATJA D'ARO<\/h3>\n<\/div>\n<\/div><\/div><\/div><div id=\"panel-30-2-0-1\" class=\"so-panel widget widget_sow-editor\" data-index=\"2\" ><div class=\"panel-widget-style panel-widget-style-for-30-2-0-1\" ><div\n\t\t\t\n\t\t\tclass=\"so-widget-sow-editor so-widget-sow-editor-base\"\n\t\t\t\n\t\t>\n<div class=\"siteorigin-widget-tinymce textwidget\">\n\t<p style=\"font-size: 16px;\"><span style=\"color: #666666;\"><span class=\"icon-container\"><span class=\"fa fa-envelope\" style=\"color:#2e3b4e;\"><\/span><\/span> \u00a0\u00a0<span class=\"oe_textdirection\">&#x6d;&#x6f;&#x63;&#x2e;&#x61;&#x72;&#x75;&#x74;&#x6e;&#x65;&#x76;&#x61;&#x63;&#x72;&#x61;&#x70;&#x61;&#x76;&#x61;&#x72;&#x62;&#x61;&#x74;&#x73;&#x6f;&#x63;<span class=\"oe_displaynone\">null<\/span>&#x40;&#x6f;&#x66;&#x6e;&#x69;<\/span><\/span><\/p>\n<p style=\"font-size: 16px;\"><span style=\"color: #666666;\"><span class=\"icon-container\"><span class=\"fa fa-phone\" style=\"color:#2e3b4e;\"><\/span><\/span> \u00a0\u00a0+34 972 113 443<\/span><\/p>\n<p style=\"font-size: 16px;\"><span style=\"color: #666666;\">\u00a0<span class=\"icon-container\"><span class=\"fa fa-map-marker\" style=\"color:#2e3b4e;\"><\/span><\/span> \u00a0\u00a0 Bosc del Mas Candell S\/N, 17249 Platja d'Aro<\/span><\/p>\n<\/div>\n<\/div><\/div><\/div><div id=\"panel-30-2-0-2\" class=\"so-panel widget widget_sow-editor panel-last-child\" data-index=\"3\" ><div class=\"panel-widget-style panel-widget-style-for-30-2-0-2\" ><div\n\t\t\t\n\t\t\tclass=\"so-widget-sow-editor so-widget-sow-editor-base\"\n\t\t\t\n\t\t>\n<div class=\"siteorigin-widget-tinymce textwidget\">\n\t<p>Situado en un bosque mediterr\u00e1neo de los mejores conservados de la Costa Brava, <strong>en el t\u00e9rmino municipal de Platja d'Aro<\/strong>, en la comarca del Baix Empord\u00e0 (Girona)<\/p>\n<p>Llegar es muy sencillo y el parque es de f\u00e1cil acceso:<\/p>\n<p style=\"font-size: 16px;\"><span style=\"color: #2e3b4e;\"><span class=\"icon-container\"><span class=\"fa fa-long-arrow-right\" style=\"color:#ff7240;\"><\/span><\/span> \u00a0\u00a0<strong> Si vienes de Palam\u00f3s<\/strong> por la C31 accede a Playa de Aro por la segunda salida (Platja d\u2019Aro Centro) pasado el Parque Acu\u00e1tico. En la primera rotonda contin\u00faa recto por la calle Tramuntana (G666) hasta pasado el puente del r\u00edo Riudaura. Unos metros m\u00e1s all\u00e1 gira a la derecha en direcci\u00f3n al Camping Riembau. Una vez all\u00ed ya encontrar\u00e1s las indicaciones.<\/span><\/p>\n<p style=\"font-size: 16px;\"><span style=\"color: #2e3b4e;\"><span class=\"icon-container\"><span class=\"fa fa-long-arrow-right\" style=\"color:#ff7240;\"><\/span><\/span> \u00a0\u00a0<strong> Si vienes de Santa Cristina<\/strong> por la C65 accede por la primera salida (Platja d\u2019Aro Centro) hasta pasado el Mercadona. Una vez llegado a la primera rotonda gira a la derecha por la calle Tramuntana (G666). Pasado el puente del r\u00edo Riudaura gira a la derecha direcci\u00f3n Camping Riembau. Una vez all\u00ed ya encontrar\u00e1s las indicaciones.<\/span><\/p>\n<\/div>\n<\/div><\/div><\/div><\/div><div id=\"pgc-30-2-1\"  class=\"panel-grid-cell\" ><div id=\"panel-30-2-1-0\" class=\"so-panel widget widget_sow-editor panel-first-child\" data-index=\"4\" ><div class=\"panel-widget-style panel-widget-style-for-30-2-1-0\" ><div\n\t\t\t\n\t\t\tclass=\"so-widget-sow-editor so-widget-sow-editor-base\"\n\t\t\t\n\t\t>\n<div class=\"siteorigin-widget-tinymce textwidget\">\n\t<h3>PALS<\/h3>\n<\/div>\n<\/div><\/div><\/div><div id=\"panel-30-2-1-1\" class=\"so-panel widget widget_sow-editor\" data-index=\"5\" ><div class=\"panel-widget-style panel-widget-style-for-30-2-1-1\" ><div\n\t\t\t\n\t\t\tclass=\"so-widget-sow-editor so-widget-sow-editor-base\"\n\t\t\t\n\t\t>\n<div class=\"siteorigin-widget-tinymce textwidget\">\n\t<p style=\"font-size: 16px;\"><span style=\"color: #666666;\"><span class=\"icon-container\"><span class=\"fa fa-envelope\" style=\"color:#2e3b4e;\"><\/span><\/span> \u00a0\u00a0<span class=\"oe_textdirection\">&#x6d;&#x6f;&#x63;&#x2e;&#x61;&#x72;&#x75;&#x74;&#x6e;&#x65;&#x76;&#x61;&#x63;&#x72;&#x61;&#x70;&#x61;&#x76;&#x61;&#x72;&#x62;&#x61;&#x74;&#x73;&#x6f;&#x63;<span class=\"oe_displaynone\">null<\/span>&#x40;&#x6f;&#x66;&#x6e;&#x69;<\/span><\/span><\/p>\n<p style=\"font-size: 16px;\"><span style=\"color: #666666;\"><span class=\"icon-container\"><span class=\"fa fa-phone\" style=\"color:#2e3b4e;\"><\/span><\/span> \u00a0\u00a0+34 697 764 194<\/span><\/p>\n<p style=\"font-size: 16px;\"><span style=\"color: #666666;\">\u00a0<span class=\"icon-container\"><span class=\"fa fa-map-marker\" style=\"color:#2e3b4e;\"><\/span><\/span> \u00a0\u00a0 Cam\u00ed del Bernegar S\/N, 17256 Masos de Pals<\/span><\/p>\n<\/div>\n<\/div><\/div><\/div><div id=\"panel-30-2-1-2\" class=\"so-panel widget widget_sow-editor panel-last-child\" data-index=\"6\" ><div class=\"panel-widget-style panel-widget-style-for-30-2-1-2\" ><div\n\t\t\t\n\t\t\tclass=\"so-widget-sow-editor so-widget-sow-editor-base\"\n\t\t\t\n\t\t>\n<div class=\"siteorigin-widget-tinymce textwidget\">\n\t<p>Situado en uno de los parajes m\u00e1s impresionantes y bonitos de la Costa Brava, <strong>en el t\u00e9rmino municipal de Pals<\/strong>, en la comarca del Baix Empord\u00e0 (Girona).<\/p>\n<p>Llegar es muy sencillo y el parque es de f\u00e1cil acceso:<\/p>\n<p style=\"font-size: 16px;\"><span style=\"color: #2e3b4e;\"><span class=\"icon-container\"><span class=\"fa fa-long-arrow-right\" style=\"color:#ff7240;\"><\/span><\/span> \u00a0\u00a0<strong> Si vienes desde Palafrugell o desde La Bisbal<\/strong> coge direcci\u00f3n Pals y Playa de Pals. Justo antes de llegar al camping Cypsela has de girar a la izquierda y continuar 300 m.<\/span><\/p>\n<p style=\"font-size: 16px;\"><span style=\"color: #2e3b4e;\"><span class=\"icon-container\"><span class=\"fa fa-long-arrow-right\" style=\"color:#ff7240;\"><\/span><\/span> \u00a0\u00a0<strong> Si vienes desde Torroella de Montgr\u00ed,<\/strong> una vez hayas pasado el indicador de Palau Sator y antes de llegar a Pals, girar a la izquierda direcci\u00f3n Golf Serres de Pals. Continuar recto hasta el vertedero, girar a la derecha y continuar unos 300m.<\/span><\/p>\n<\/div>\n<\/div><\/div><\/div><\/div><\/div><\/div><div id=\"pg-30-3\"  class=\"panel-grid panel-has-style\" ><div class=\"panel-row-style panel-row-style-for-30-3\" ><div id=\"pgc-30-3-0\"  class=\"panel-grid-cell\" ><div id=\"panel-30-3-0-0\" class=\"so-panel widget widget_sow-editor panel-first-child panel-last-child\" data-index=\"7\" ><div class=\"panel-widget-style panel-widget-style-for-30-3-0-0\" ><div\n\t\t\t\n\t\t\tclass=\"so-widget-sow-editor so-widget-sow-editor-base\"\n\t\t\t\n\t\t>\n<div class=\"siteorigin-widget-tinymce textwidget\">\n\t<p style=\"font-size: 22px;\"><span style=\"color: #000000;\"><span class=\"icon-container\"><span class=\"fa fa-info-circle\" style=\"color:#0404B4;\"><\/span><\/span> \u00a0\u00a0 41\u00ba 48\u2032 37,5\u201dN 003\u00ba 02\u2032 56,5\u201dE<\/span><\/p>\n<\/div>\n<\/div><\/div><\/div><\/div><div id=\"pgc-30-3-1\"  class=\"panel-grid-cell\" ><div id=\"panel-30-3-1-0\" class=\"so-panel widget widget_sow-editor panel-first-child panel-last-child\" data-index=\"8\" ><div class=\"panel-widget-style panel-widget-style-for-30-3-1-0\" ><div\n\t\t\t\n\t\t\tclass=\"so-widget-sow-editor so-widget-sow-editor-base\"\n\t\t\t\n\t\t>\n<div class=\"siteorigin-widget-tinymce textwidget\">\n\t<p style=\"font-size: 22px;\"><span style=\"color: #000000;\"><span class=\"icon-container\"><span class=\"fa fa-info-circle\" style=\"color:#0404B4;\"><\/span><\/span> \u00a0\u00a0 N 41\u00ba 59\u2019 24.2\u201d e003\u00ba 10\u2019 39.9\u201d<\/span><\/p>\n<\/div>\n<\/div><\/div><\/div><\/div><\/div><\/div><div id=\"pg-30-4\"  class=\"panel-grid panel-no-style\" ><div id=\"pgc-30-4-0\"  class=\"panel-grid-cell\" ><div class=\"panel-cell-style panel-cell-style-for-30-4-0\" ><div id=\"panel-30-4-0-0\" class=\"so-panel widget widget_sow-editor panel-first-child panel-last-child\" data-index=\"9\" ><div class=\"panel-widget-style panel-widget-style-for-30-4-0-0\" ><div\n\t\t\t\n\t\t\tclass=\"so-widget-sow-editor so-widget-sow-editor-base\"\n\t\t\t\n\t\t>\n<div class=\"siteorigin-widget-tinymce textwidget\">\n\t<p><iframe loading=\"lazy\" src=\"https:\/\/costabravaparcaventura.com\/wp-content\/uploads\/2021\/02\/mapa1-2.html\" width=\"100%\" height=\"600\"><\/iframe><\/p>\n<\/div>\n<\/div><\/div><\/div><\/div><\/div><\/div><div id=\"pg-30-5\"  class=\"panel-grid panel-no-style\" ><div id=\"pgc-30-5-0\"  class=\"panel-grid-cell\" ><div id=\"panel-30-5-0-0\" class=\"so-panel widget widget_sow-editor panel-first-child\" data-index=\"10\" ><div\n\t\t\t\n\t\t\tclass=\"so-widget-sow-editor so-widget-sow-editor-base\"\n\t\t\t\n\t\t>\n<div class=\"siteorigin-widget-tinymce textwidget\">\n\t<h3>\u00a1Cont\u00e1ctanos!<\/h3>\n<\/div>\n<\/div><\/div><div id=\"panel-30-5-0-1\" class=\"so-panel widget widget_text panel-last-child\" data-index=\"11\" >\t\t\t<div class=\"textwidget\">\n<div class=\"wpcf7 no-js\" id=\"wpcf7-f5-o1\" lang=\"es-ES\" dir=\"ltr\" data-wpcf7-id=\"5\">\n<div class=\"screen-reader-response\"><p role=\"status\" aria-live=\"polite\" aria-atomic=\"true\"><\/p> <ul><\/ul><\/div>\n<form action=\"\/es\/wp-json\/wp\/v2\/pages\/30#wpcf7-f5-o1\" method=\"post\" class=\"wpcf7-form init\" aria-label=\"Formulario de contacto\" novalidate=\"novalidate\" data-status=\"init\">\n<fieldset class=\"hidden-fields-container\"><input type=\"hidden\" name=\"_wpcf7\" value=\"5\" \/><input type=\"hidden\" name=\"_wpcf7_version\" value=\"6.1.5\" \/><input type=\"hidden\" name=\"_wpcf7_locale\" value=\"es_ES\" \/><input type=\"hidden\" name=\"_wpcf7_unit_tag\" value=\"wpcf7-f5-o1\" \/><input type=\"hidden\" name=\"_wpcf7_container_post\" value=\"0\" \/><input type=\"hidden\" name=\"_wpcf7_posted_data_hash\" value=\"\" \/><input type=\"hidden\" name=\"_wpcf7cf_hidden_group_fields\" value=\"[]\" \/><input type=\"hidden\" name=\"_wpcf7cf_hidden_groups\" value=\"[]\" \/><input type=\"hidden\" name=\"_wpcf7cf_visible_groups\" value=\"[]\" \/><input type=\"hidden\" name=\"_wpcf7cf_repeaters\" value=\"[]\" \/><input type=\"hidden\" name=\"_wpcf7cf_steps\" value=\"{}\" \/><input type=\"hidden\" name=\"_wpcf7cf_options\" value=\"{&quot;form_id&quot;:5,&quot;conditions&quot;:[],&quot;settings&quot;:{&quot;animation&quot;:&quot;yes&quot;,&quot;animation_intime&quot;:200,&quot;animation_outtime&quot;:200,&quot;conditions_ui&quot;:&quot;normal&quot;,&quot;notice_dismissed&quot;:false}}\" \/><input type=\"hidden\" name=\"_wpcf7_recaptcha_response\" value=\"\" \/>\n<\/fieldset>\n<div class=\"col-xs-12  col-lg-6\">\n\t<p><span class=\"wpcf7-form-control-wrap\" data-name=\"nombre\"><input size=\"40\" maxlength=\"400\" class=\"wpcf7-form-control wpcf7-text wpcf7-validates-as-required form-control\" aria-required=\"true\" aria-invalid=\"false\" placeholder=\"Nombre*\" value=\"\" type=\"text\" name=\"nombre\" \/><\/span>\n\t<\/p>\n<\/div>\n<div class=\"col-xs-12  col-lg-6\">\n\t<p><span class=\"wpcf7-form-control-wrap\" data-name=\"email\"><input size=\"40\" maxlength=\"400\" class=\"wpcf7-form-control wpcf7-email wpcf7-validates-as-required wpcf7-text wpcf7-validates-as-email form-control\" aria-required=\"true\" aria-invalid=\"false\" placeholder=\"E-mail*\" value=\"\" type=\"email\" name=\"email\" \/><\/span>\n\t<\/p>\n<\/div>\n<div class=\"col-xs-12  col-lg-6\">\n\t<p><span class=\"wpcf7-form-control-wrap\" data-name=\"telefono\"><input size=\"40\" maxlength=\"400\" class=\"wpcf7-form-control wpcf7-text wpcf7-validates-as-required form-control\" aria-required=\"true\" aria-invalid=\"false\" placeholder=\"Tel\u00e9fono*\" value=\"\" type=\"text\" name=\"telefono\" \/><\/span>\n\t<\/p>\n<\/div>\n<div class=\"col-xs-12  col-lg-6\">\n\t<p><span class=\"wpcf7-form-control-wrap\" data-name=\"tema\"><input size=\"40\" maxlength=\"400\" class=\"wpcf7-form-control wpcf7-text wpcf7-validates-as-required form-control\" aria-required=\"true\" aria-invalid=\"false\" placeholder=\"Asunto*\" value=\"\" type=\"text\" name=\"tema\" \/><\/span>\n\t<\/p>\n<\/div>\n<div class=\"col-xs-12\">\n\t<p><span class=\"wpcf7-form-control-wrap\" data-name=\"message\"><textarea cols=\"40\" rows=\"10\" maxlength=\"2000\" class=\"wpcf7-form-control wpcf7-textarea wpcf7-validates-as-required form-control\" aria-required=\"true\" aria-invalid=\"false\" placeholder=\"Comentarios*\" name=\"message\"><\/textarea><\/span>\n\t<\/p>\n\t<div class=\"wpcf7-notice\" style=\"font-size: 16px;\">\n\t\t<p>* Campos obligatorios.\n\t\t<\/p>\n\t<\/div>\n\t<div>\n\t\t<p><input class=\"wpcf7-form-control wpcf7-submit has-spinner contactform btn btn-primary\" type=\"submit\" value=\"ENVIAR\" \/>\n\t\t<\/p>\n\t<\/div>\n<\/div><input\n                    class=\"apbct_special_field apbct_email_id__wp_contact_form_7\"\n                    name=\"apbct__email_id__wp_contact_form_7\"\n                    aria-label=\"apbct__label_id__wp_contact_form_7\"\n                    type=\"text\" size=\"30\" maxlength=\"200\" autocomplete=\"off\"\n                    value=\"\"\n                \/><p style=\"display: none !important;\" class=\"akismet-fields-container\" data-prefix=\"_wpcf7_ak_\"><label>&#916;<textarea name=\"_wpcf7_ak_hp_textarea\" cols=\"45\" rows=\"8\" maxlength=\"100\"><\/textarea><\/label><input type=\"hidden\" id=\"ak_js_1\" name=\"_wpcf7_ak_js\" value=\"184\"\/><script type=\"text\/javascript\">\n\/* <![CDATA[ *\/\ndocument.getElementById( \"ak_js_1\" ).setAttribute( \"value\", ( new Date() ).getTime() );\n\/* ]]> *\/\n<\/script>\n<\/p><input type='hidden' class='wpcf7-pum' value='{\"closepopup\":false,\"closedelay\":0,\"openpopup\":false,\"openpopup_id\":0}' \/><div class=\"wpcf7-response-output\" aria-hidden=\"true\"><\/div>\n<\/form>\n<\/div>\n\n<\/div>\n\t\t<\/div><\/div><\/div><\/div>","protected":false},"excerpt":{"rendered":"<p>PLATJA D&#8217;ARO \u00a0\u00a0&#x6d;&#x6f;&#x63;&#x2e;&#x61;&#x72;&#x75;&#x74;&#x6e;&#x65;&#x76;&#x61;&#x63;&#x72;&#x61;&#x70;&#x61;&#x76;&#x61;&#x72;&#x62;&#x61;&#x74;&#x73;&#x6f;&#x63;null&#x40;&#x6f;&#x66;&#x6e;&#x69; \u00a0\u00a0+34 972 113 443 \u00a0 \u00a0\u00a0 Bosc del Mas Candell S\/N, 17249 Platja d&#8217;Aro Situado en un bosque mediterr\u00e1neo de los mejores conservados de la Costa Brava, en el t\u00e9rmino municipal de Platja d&#8217;Aro, en la comarca del Baix Empord\u00e0 (Girona) Llegar es muy sencillo y el parque es de f\u00e1cil acceso: &hellip;<\/p>\n","protected":false},"author":1,"featured_media":0,"parent":0,"menu_order":0,"comment_status":"closed","ping_status":"closed","template":"template-front-page-slider-alt.php","meta":{"_acf_changed":false,"footnotes":""},"class_list":{"0":"post-30","1":"page","2":"type-page","3":"status-publish","5":"clearfix","6":"article"},"acf":[],"yoast_head":"<!-- This site is optimized with the Yoast SEO plugin v27.5 - https:\/\/yoast.com\/product\/yoast-seo-wordpress\/ -->\n<title>Contacto | Costa Brava Parc Aventura<\/title>\n<meta name=\"description\" content=\"\u00bfQuieres pedir informaci\u00f3n sobre alguno de nuestros servicios? Para cualquier duda o sugerencia escr\u00edbenos \u270d o ll\u00e1manos \u2706 y te ayudaremos en lo que necesites.\" \/>\n<meta name=\"robots\" content=\"index, follow, max-snippet:-1, max-image-preview:large, max-video-preview:-1\" \/>\n<link rel=\"canonical\" href=\"https:\/\/costabravaparcaventura.com\/es\/contacto\/\" \/>\n<meta property=\"og:locale\" content=\"es_ES\" \/>\n<meta property=\"og:type\" content=\"article\" \/>\n<meta property=\"og:title\" content=\"Contacto | Costa Brava Parc Aventura\" \/>\n<meta property=\"og:description\" content=\"\u00bfQuieres pedir informaci\u00f3n sobre alguno de nuestros servicios? Para cualquier duda o sugerencia escr\u00edbenos \u270d o ll\u00e1manos \u2706 y te ayudaremos en lo que necesites.\" \/>\n<meta property=\"og:url\" content=\"https:\/\/costabravaparcaventura.com\/es\/contacto\/\" \/>\n<meta property=\"og:site_name\" content=\"Costa Brava Parc Aventura\" \/>\n<meta property=\"article:publisher\" content=\"https:\/\/www.facebook.com\/costabravaparcaventura\" \/>\n<meta property=\"article:modified_time\" content=\"2021-02-22T15:59:03+00:00\" \/>\n<meta name=\"twitter:card\" content=\"summary_large_image\" \/>\n<meta name=\"twitter:site\" content=\"@BravaParc\" \/>\n<meta name=\"twitter:label1\" content=\"Tiempo de lectura\" \/>\n\t<meta name=\"twitter:data1\" content=\"2 minutos\" \/>\n<script type=\"application\/ld+json\" class=\"yoast-schema-graph\">{\"@context\":\"https:\\\/\\\/schema.org\",\"@graph\":[{\"@type\":\"WebPage\",\"@id\":\"https:\\\/\\\/costabravaparcaventura.com\\\/es\\\/contacto\\\/\",\"url\":\"https:\\\/\\\/costabravaparcaventura.com\\\/es\\\/contacto\\\/\",\"name\":\"Contacto | Costa Brava Parc Aventura\",\"isPartOf\":{\"@id\":\"https:\\\/\\\/costabravaparcaventura.com\\\/es\\\/#website\"},\"datePublished\":\"2016-10-07T11:01:13+00:00\",\"dateModified\":\"2021-02-22T15:59:03+00:00\",\"description\":\"\u00bfQuieres pedir informaci\u00f3n sobre alguno de nuestros servicios? Para cualquier duda o sugerencia escr\u00edbenos \u270d o ll\u00e1manos \u2706 y te ayudaremos en lo que necesites.\",\"breadcrumb\":{\"@id\":\"https:\\\/\\\/costabravaparcaventura.com\\\/es\\\/contacto\\\/#breadcrumb\"},\"inLanguage\":\"es\",\"potentialAction\":[{\"@type\":\"ReadAction\",\"target\":[\"https:\\\/\\\/costabravaparcaventura.com\\\/es\\\/contacto\\\/\"]}]},{\"@type\":\"BreadcrumbList\",\"@id\":\"https:\\\/\\\/costabravaparcaventura.com\\\/es\\\/contacto\\\/#breadcrumb\",\"itemListElement\":[{\"@type\":\"ListItem\",\"position\":1,\"name\":\"Portada\",\"item\":\"https:\\\/\\\/costabravaparcaventura.com\\\/es\\\/\"},{\"@type\":\"ListItem\",\"position\":2,\"name\":\"C\u00f3mo llegar\"}]},{\"@type\":\"WebSite\",\"@id\":\"https:\\\/\\\/costabravaparcaventura.com\\\/es\\\/#website\",\"url\":\"https:\\\/\\\/costabravaparcaventura.com\\\/es\\\/\",\"name\":\"Costa Brava Parc Aventura\",\"description\":\"tirolinas costa brava\",\"publisher\":{\"@id\":\"https:\\\/\\\/costabravaparcaventura.com\\\/es\\\/#organization\"},\"potentialAction\":[{\"@type\":\"SearchAction\",\"target\":{\"@type\":\"EntryPoint\",\"urlTemplate\":\"https:\\\/\\\/costabravaparcaventura.com\\\/es\\\/?s={search_term_string}\"},\"query-input\":{\"@type\":\"PropertyValueSpecification\",\"valueRequired\":true,\"valueName\":\"search_term_string\"}}],\"inLanguage\":\"es\"},{\"@type\":\"Organization\",\"@id\":\"https:\\\/\\\/costabravaparcaventura.com\\\/es\\\/#organization\",\"name\":\"Costa Brava Parc Aventura\",\"url\":\"https:\\\/\\\/costabravaparcaventura.com\\\/es\\\/\",\"logo\":{\"@type\":\"ImageObject\",\"inLanguage\":\"es\",\"@id\":\"https:\\\/\\\/costabravaparcaventura.com\\\/es\\\/#\\\/schema\\\/logo\\\/image\\\/\",\"url\":\"https:\\\/\\\/costabravaparcaventura.com\\\/wp-content\\\/uploads\\\/2023\\\/07\\\/logo_parc_aventura_600.jpg\",\"contentUrl\":\"https:\\\/\\\/costabravaparcaventura.com\\\/wp-content\\\/uploads\\\/2023\\\/07\\\/logo_parc_aventura_600.jpg\",\"width\":600,\"height\":600,\"caption\":\"Costa Brava Parc Aventura\"},\"image\":{\"@id\":\"https:\\\/\\\/costabravaparcaventura.com\\\/es\\\/#\\\/schema\\\/logo\\\/image\\\/\"},\"sameAs\":[\"https:\\\/\\\/www.facebook.com\\\/costabravaparcaventura\",\"https:\\\/\\\/x.com\\\/BravaParc\",\"https:\\\/\\\/www.instagram.com\\\/costabravaparcaventura\\\/\",\"https:\\\/\\\/www.youtube.com\\\/user\\\/costabravaparc\"]}]}<\/script>\n<!-- \/ Yoast SEO plugin. -->","yoast_head_json":{"title":"Contacto | Costa Brava Parc Aventura","description":"\u00bfQuieres pedir informaci\u00f3n sobre alguno de nuestros servicios? Para cualquier duda o sugerencia escr\u00edbenos \u270d o ll\u00e1manos \u2706 y te ayudaremos en lo que necesites.","robots":{"index":"index","follow":"follow","max-snippet":"max-snippet:-1","max-image-preview":"max-image-preview:large","max-video-preview":"max-video-preview:-1"},"canonical":"https:\/\/costabravaparcaventura.com\/es\/contacto\/","og_locale":"es_ES","og_type":"article","og_title":"Contacto | Costa Brava Parc Aventura","og_description":"\u00bfQuieres pedir informaci\u00f3n sobre alguno de nuestros servicios? Para cualquier duda o sugerencia escr\u00edbenos \u270d o ll\u00e1manos \u2706 y te ayudaremos en lo que necesites.","og_url":"https:\/\/costabravaparcaventura.com\/es\/contacto\/","og_site_name":"Costa Brava Parc Aventura","article_publisher":"https:\/\/www.facebook.com\/costabravaparcaventura","article_modified_time":"2021-02-22T15:59:03+00:00","twitter_card":"summary_large_image","twitter_site":"@BravaParc","twitter_misc":{"Tiempo de lectura":"2 minutos"},"schema":{"@context":"https:\/\/schema.org","@graph":[{"@type":"WebPage","@id":"https:\/\/costabravaparcaventura.com\/es\/contacto\/","url":"https:\/\/costabravaparcaventura.com\/es\/contacto\/","name":"Contacto | Costa Brava Parc Aventura","isPartOf":{"@id":"https:\/\/costabravaparcaventura.com\/es\/#website"},"datePublished":"2016-10-07T11:01:13+00:00","dateModified":"2021-02-22T15:59:03+00:00","description":"\u00bfQuieres pedir informaci\u00f3n sobre alguno de nuestros servicios? Para cualquier duda o sugerencia escr\u00edbenos \u270d o ll\u00e1manos \u2706 y te ayudaremos en lo que necesites.","breadcrumb":{"@id":"https:\/\/costabravaparcaventura.com\/es\/contacto\/#breadcrumb"},"inLanguage":"es","potentialAction":[{"@type":"ReadAction","target":["https:\/\/costabravaparcaventura.com\/es\/contacto\/"]}]},{"@type":"BreadcrumbList","@id":"https:\/\/costabravaparcaventura.com\/es\/contacto\/#breadcrumb","itemListElement":[{"@type":"ListItem","position":1,"name":"Portada","item":"https:\/\/costabravaparcaventura.com\/es\/"},{"@type":"ListItem","position":2,"name":"C\u00f3mo llegar"}]},{"@type":"WebSite","@id":"https:\/\/costabravaparcaventura.com\/es\/#website","url":"https:\/\/costabravaparcaventura.com\/es\/","name":"Costa Brava Parc Aventura","description":"tirolinas costa brava","publisher":{"@id":"https:\/\/costabravaparcaventura.com\/es\/#organization"},"potentialAction":[{"@type":"SearchAction","target":{"@type":"EntryPoint","urlTemplate":"https:\/\/costabravaparcaventura.com\/es\/?s={search_term_string}"},"query-input":{"@type":"PropertyValueSpecification","valueRequired":true,"valueName":"search_term_string"}}],"inLanguage":"es"},{"@type":"Organization","@id":"https:\/\/costabravaparcaventura.com\/es\/#organization","name":"Costa Brava Parc Aventura","url":"https:\/\/costabravaparcaventura.com\/es\/","logo":{"@type":"ImageObject","inLanguage":"es","@id":"https:\/\/costabravaparcaventura.com\/es\/#\/schema\/logo\/image\/","url":"https:\/\/costabravaparcaventura.com\/wp-content\/uploads\/2023\/07\/logo_parc_aventura_600.jpg","contentUrl":"https:\/\/costabravaparcaventura.com\/wp-content\/uploads\/2023\/07\/logo_parc_aventura_600.jpg","width":600,"height":600,"caption":"Costa Brava Parc Aventura"},"image":{"@id":"https:\/\/costabravaparcaventura.com\/es\/#\/schema\/logo\/image\/"},"sameAs":["https:\/\/www.facebook.com\/costabravaparcaventura","https:\/\/x.com\/BravaParc","https:\/\/www.instagram.com\/costabravaparcaventura\/","https:\/\/www.youtube.com\/user\/costabravaparc"]}]}},"_links":{"self":[{"href":"https:\/\/costabravaparcaventura.com\/es\/wp-json\/wp\/v2\/pages\/30","targetHints":{"allow":["GET"]}}],"collection":[{"href":"https:\/\/costabravaparcaventura.com\/es\/wp-json\/wp\/v2\/pages"}],"about":[{"href":"https:\/\/costabravaparcaventura.com\/es\/wp-json\/wp\/v2\/types\/page"}],"author":[{"embeddable":true,"href":"https:\/\/costabravaparcaventura.com\/es\/wp-json\/wp\/v2\/users\/1"}],"replies":[{"embeddable":true,"href":"https:\/\/costabravaparcaventura.com\/es\/wp-json\/wp\/v2\/comments?post=30"}],"version-history":[{"count":75,"href":"https:\/\/costabravaparcaventura.com\/es\/wp-json\/wp\/v2\/pages\/30\/revisions"}],"predecessor-version":[{"id":15673,"href":"https:\/\/costabravaparcaventura.com\/es\/wp-json\/wp\/v2\/pages\/30\/revisions\/15673"}],"wp:attachment":[{"href":"https:\/\/costabravaparcaventura.com\/es\/wp-json\/wp\/v2\/media?parent=30"}],"curies":[{"name":"wp","href":"https:\/\/api.w.org\/{rel}","templated":true}]}}