{"id":23379,"date":"2025-05-09T03:53:06","date_gmt":"2025-05-09T01:53:06","guid":{"rendered":"https:\/\/costabravaparcaventura.com\/escalada-en-el-arbol\/"},"modified":"2025-05-09T04:32:24","modified_gmt":"2025-05-09T02:32:24","slug":"escalada-en-el-arbol","status":"publish","type":"page","link":"https:\/\/costabravaparcaventura.com\/es\/escalada-en-el-arbol\/","title":{"rendered":"Escalada en el \u00e1rbol"},"content":{"rendered":"<div id=\"pl-23379\"  class=\"panel-layout\" ><div id=\"pg-23379-0\"  class=\"panel-grid panel-no-style\" ><div id=\"pgc-23379-0-0\"  class=\"panel-grid-cell\" ><div id=\"panel-23379-0-0-0\" class=\"so-panel widget widget_sow-editor panel-first-child panel-last-child\" data-index=\"0\" ><div\n\t\t\t\n\t\t\tclass=\"so-widget-sow-editor so-widget-sow-editor-base\"\n\t\t\t\n\t\t>\n<div class=\"siteorigin-widget-tinymce textwidget\">\n\t<h2 style=\"text-align: center;\"><span style=\"color: #fe5000;\"><strong>A la Altura de las Aventuras: Escalada al \u00c1rbol en el Parque de Equilibrio Mamut<\/strong><\/span><\/h2>\n<\/div>\n<\/div><\/div><\/div><\/div><div id=\"pg-23379-1\"  class=\"panel-grid panel-no-style\" ><div id=\"pgc-23379-1-0\"  class=\"panel-grid-cell\" ><div id=\"panel-23379-1-0-0\" class=\"so-panel widget widget_sow-editor panel-first-child panel-last-child\" data-index=\"1\" ><div\n\t\t\t\n\t\t\tclass=\"so-widget-sow-editor so-widget-sow-editor-base\"\n\t\t\t\n\t\t>\n<div class=\"siteorigin-widget-tinymce textwidget\">\n\t<p style=\"text-align: center;\"><span style=\"color: #f2f2f2;\">Aqu\u00ed, le invitamos a superar los l\u00edmites de la adrenalina y la aventura mientras se enfrenta a un desaf\u00edo \u00fanico. Equipados con un arn\u00e9s de seguridad, se lanzar\u00e1 a la aventura de escalada de un \u00e1rbol majestuoso de m\u00e1s de 10 metros de altura. Las tomas de escalada ser\u00e1n sus mejores aliadas mientras se sube hacia la cima. Y cuando llegue arriba, la satisfacci\u00f3n ser\u00e1 inigualable cuando toque la campana, marcaje del \u00e9xito personal y la conquista de las alturas. Le esperamos para una experiencia de escalada \u00fanica que le har\u00e1 sentir como aut\u00e9nticos conquistadores de la naturaleza. \u00a1Vamos a por la aventura!     <\/span><\/p>\n<\/div>\n<\/div><\/div><\/div><\/div><div id=\"pg-23379-2\"  class=\"panel-grid panel-no-style\" ><div id=\"pgc-23379-2-0\"  class=\"panel-grid-cell\" ><div id=\"panel-23379-2-0-0\" class=\"so-panel widget widget_sow-image panel-first-child panel-last-child\" data-index=\"2\" ><div\n\t\t\t\n\t\t\tclass=\"so-widget-sow-image so-widget-sow-image-default-c67d20f9f743-23379\"\n\t\t\t\n\t\t>\n<div class=\"sow-image-container\">\n\t\t<img \n\tsrc=\"https:\/\/costabravaparcaventura.com\/wp-content\/uploads\/2024\/03\/5-1.webp\" width=\"683\" height=\"683\" srcset=\"https:\/\/costabravaparcaventura.com\/wp-content\/uploads\/2024\/03\/5-1.webp 683w, https:\/\/costabravaparcaventura.com\/wp-content\/uploads\/2024\/03\/5-1-300x300.webp 300w, https:\/\/costabravaparcaventura.com\/wp-content\/uploads\/2024\/03\/5-1-100x100.webp 100w, https:\/\/costabravaparcaventura.com\/wp-content\/uploads\/2024\/03\/5-1-600x600.webp 600w, https:\/\/costabravaparcaventura.com\/wp-content\/uploads\/2024\/03\/5-1-150x150.webp 150w\" sizes=\"(max-width: 683px) 100vw, 683px\" title=\"Noi al parc Mamut pujant l&#039;escalada a l&#039;arbre\" alt=\"Noi al parc Mamut pujant l&#039;escalada a l&#039;arbre\" \t\tclass=\"so-widget-image\"\/>\n\t<\/div>\n\n<\/div><\/div><\/div><div id=\"pgc-23379-2-1\"  class=\"panel-grid-cell\" ><div id=\"panel-23379-2-1-0\" class=\"so-panel widget widget_sow-image panel-first-child panel-last-child\" data-index=\"3\" ><div\n\t\t\t\n\t\t\tclass=\"so-widget-sow-image so-widget-sow-image-default-113ccd71f3e6-23379\"\n\t\t\t\n\t\t>\n<div class=\"sow-image-container\">\n\t\t<img \n\tsrc=\"https:\/\/costabravaparcaventura.com\/wp-content\/uploads\/2024\/03\/3.webp\" width=\"683\" height=\"683\" srcset=\"https:\/\/costabravaparcaventura.com\/wp-content\/uploads\/2024\/03\/3.webp 683w, https:\/\/costabravaparcaventura.com\/wp-content\/uploads\/2024\/03\/3-300x300.webp 300w, https:\/\/costabravaparcaventura.com\/wp-content\/uploads\/2024\/03\/3-100x100.webp 100w, https:\/\/costabravaparcaventura.com\/wp-content\/uploads\/2024\/03\/3-600x600.webp 600w, https:\/\/costabravaparcaventura.com\/wp-content\/uploads\/2024\/03\/3-150x150.webp 150w\" sizes=\"(max-width: 683px) 100vw, 683px\" title=\"Noi fent escalada a l&#039;arbre al parc Mamut\" alt=\"Noi fent escalada a l&#039;arbre al parc Mamut\" \t\tclass=\"so-widget-image\"\/>\n\t<\/div>\n\n<\/div><\/div><\/div><div id=\"pgc-23379-2-2\"  class=\"panel-grid-cell\" ><div id=\"panel-23379-2-2-0\" class=\"so-panel widget widget_sow-image panel-first-child panel-last-child\" data-index=\"4\" ><div\n\t\t\t\n\t\t\tclass=\"so-widget-sow-image so-widget-sow-image-default-113ccd71f3e6-23379\"\n\t\t\t\n\t\t>\n<div class=\"sow-image-container\">\n\t\t<img \n\tsrc=\"https:\/\/costabravaparcaventura.com\/wp-content\/uploads\/2024\/03\/4.webp\" width=\"683\" height=\"683\" srcset=\"https:\/\/costabravaparcaventura.com\/wp-content\/uploads\/2024\/03\/4.webp 683w, https:\/\/costabravaparcaventura.com\/wp-content\/uploads\/2024\/03\/4-300x300.webp 300w, https:\/\/costabravaparcaventura.com\/wp-content\/uploads\/2024\/03\/4-100x100.webp 100w, https:\/\/costabravaparcaventura.com\/wp-content\/uploads\/2024\/03\/4-600x600.webp 600w, https:\/\/costabravaparcaventura.com\/wp-content\/uploads\/2024\/03\/4-150x150.webp 150w\" sizes=\"(max-width: 683px) 100vw, 683px\" title=\"Noi escalant l&#039;arbre del parc Mamut\" alt=\"Noi escalant l&#039;arbre del parc Mamut\" \t\tclass=\"so-widget-image\"\/>\n\t<\/div>\n\n<\/div><\/div><\/div><\/div><div id=\"pg-23379-3\"  class=\"panel-grid panel-no-style\" ><div id=\"pgc-23379-3-0\"  class=\"panel-grid-cell\" ><div id=\"panel-23379-3-0-0\" class=\"so-panel widget widget_sow-editor panel-first-child panel-last-child\" data-index=\"5\" ><div\n\t\t\t\n\t\t\tclass=\"so-widget-sow-editor so-widget-sow-editor-base\"\n\t\t\t\n\t\t>\n<div class=\"siteorigin-widget-tinymce textwidget\">\n\t<p style=\"text-align: center;\"><span style=\"color: #f2f2f2;\">La seguridad es nuestra prioridad n\u00famero uno, y nuestro personal altamente cualificado velar\u00e1 para que tenga una experiencia segura y divertida.<\/span><\/p>\n<\/div>\n<\/div><\/div><\/div><\/div><div id=\"pg-23379-4\"  class=\"panel-grid panel-no-style\" ><div id=\"pgc-23379-4-0\"  class=\"panel-grid-cell\" ><div id=\"panel-23379-4-0-0\" class=\"so-panel widget widget_pw_special_title widget-special-title panel-first-child panel-last-child\" data-index=\"6\" >\t\t\t<h2 class=\"special-title\">\n\t\t\t\tFormulario\t\t\t<\/h2>\n\t\t<\/div><\/div><\/div><div id=\"pg-23379-5\"  class=\"panel-grid panel-no-style\" ><div id=\"pgc-23379-5-0\"  class=\"panel-grid-cell\" ><div id=\"panel-23379-5-0-0\" class=\"so-panel widget widget_sow-editor panel-first-child panel-last-child\" data-index=\"7\" ><div\n\t\t\t\n\t\t\tclass=\"so-widget-sow-editor so-widget-sow-editor-base\"\n\t\t\t\n\t\t>\n<div class=\"siteorigin-widget-tinymce textwidget\">\n\t\n<div class=\"wpcf7 no-js\" id=\"wpcf7-f22342-o1\" lang=\"en-US\" dir=\"ltr\" data-wpcf7-id=\"22342\">\n<div class=\"screen-reader-response\"><p role=\"status\" aria-live=\"polite\" aria-atomic=\"true\"><\/p> <ul><\/ul><\/div>\n<form action=\"\/es\/wp-json\/wp\/v2\/pages\/23379#wpcf7-f22342-o1\" method=\"post\" class=\"wpcf7-form init\" aria-label=\"Contact form\" novalidate=\"novalidate\" data-status=\"init\">\n<fieldset class=\"hidden-fields-container\"><input type=\"hidden\" name=\"_wpcf7\" value=\"22342\" \/><input type=\"hidden\" name=\"_wpcf7_version\" value=\"6.1.5\" \/><input type=\"hidden\" name=\"_wpcf7_locale\" value=\"en_US\" \/><input type=\"hidden\" name=\"_wpcf7_unit_tag\" value=\"wpcf7-f22342-o1\" \/><input type=\"hidden\" name=\"_wpcf7_container_post\" value=\"0\" \/><input type=\"hidden\" name=\"_wpcf7_posted_data_hash\" value=\"\" \/><input type=\"hidden\" name=\"_wpcf7cf_hidden_group_fields\" value=\"[]\" \/><input type=\"hidden\" name=\"_wpcf7cf_hidden_groups\" value=\"[]\" \/><input type=\"hidden\" name=\"_wpcf7cf_visible_groups\" value=\"[]\" \/><input type=\"hidden\" name=\"_wpcf7cf_repeaters\" value=\"[]\" \/><input type=\"hidden\" name=\"_wpcf7cf_steps\" value=\"{}\" \/><input type=\"hidden\" name=\"_wpcf7cf_options\" value=\"{&quot;form_id&quot;:22342,&quot;conditions&quot;:[{&quot;then_field&quot;:&quot;group-escolar-junior&quot;,&quot;and_rules&quot;:[{&quot;if_field&quot;:&quot;experiencia&quot;,&quot;operator&quot;:&quot;equals&quot;,&quot;if_value&quot;:&quot;Actividades escolares junior (+ de 8 a\\u00f1os)&quot;}]}],&quot;settings&quot;:{&quot;animation&quot;:&quot;yes&quot;,&quot;animation_intime&quot;:200,&quot;animation_outtime&quot;:200,&quot;conditions_ui&quot;:&quot;normal&quot;,&quot;notice_dismissed&quot;:false}}\" \/><input type=\"hidden\" name=\"_wpcf7_recaptcha_response\" value=\"\" \/>\n<\/fieldset>\n<div class=\"row\">\n\t<div class=\"col-xs-12  col-lg-6\">\n\t\t<p><span class=\"wpcf7-form-control-wrap\" data-name=\"nombre\"><input size=\"40\" maxlength=\"400\" class=\"wpcf7-form-control wpcf7-text wpcf7-validates-as-required form-control\" aria-required=\"true\" aria-invalid=\"false\" placeholder=\"Nombre*\" value=\"\" type=\"text\" name=\"nombre\" \/><\/span>\n\t\t<\/p>\n\t<\/div>\n\t<div class=\"col-xs-12  col-lg-6\">\n\t\t<p><span class=\"wpcf7-form-control-wrap\" data-name=\"email\"><input size=\"40\" maxlength=\"400\" class=\"wpcf7-form-control wpcf7-email wpcf7-validates-as-required wpcf7-text wpcf7-validates-as-email form-control\" aria-required=\"true\" aria-invalid=\"false\" placeholder=\"E-mail*\" value=\"\" type=\"email\" name=\"email\" \/><\/span>\n\t\t<\/p>\n\t<\/div>\n\t<div class=\"col-xs-12  col-lg-6\">\n\t\t<p><span class=\"wpcf7-form-control-wrap\" data-name=\"telefono\"><input size=\"40\" maxlength=\"400\" class=\"wpcf7-form-control wpcf7-text wpcf7-validates-as-required form-control\" aria-required=\"true\" aria-invalid=\"false\" placeholder=\"Tel\u00e9fono*\" value=\"\" type=\"text\" name=\"telefono\" \/><\/span>\n\t\t<\/p>\n\t<\/div>\n\t<div class=\"col-xs-12  col-lg-6\">\n\t\t<p><span class=\"wpcf7-form-control-wrap\" data-name=\"experiencia\"><select class=\"wpcf7-form-control wpcf7-select wpcf7-validates-as-required\" aria-required=\"true\" aria-invalid=\"false\" name=\"experiencia\"><option value=\"\">Selecciona tu experiencia*<\/option><option value=\"Cumplea\u00f1os infantil\">Cumplea\u00f1os infantil<\/option><option value=\"Cumplea\u00f1os junior\">Cumplea\u00f1os junior<\/option><option value=\"Cumplea\u00f1os adultos\">Cumplea\u00f1os adultos<\/option><option value=\"Despedida de soltero\/a\">Despedida de soltero\/a<\/option><option value=\"Team building\">Team building<\/option><option value=\"Actividades escolares infantiles (de 4 a 7 a\u00f1os)\">Actividades escolares infantiles (de 4 a 7 a\u00f1os)<\/option><option value=\"Actividades escolares junior (+ de 8 a\u00f1os)\">Actividades escolares junior (+ de 8 a\u00f1os)<\/option><option value=\"Aventura nocturna\">Aventura nocturna<\/option><option value=\"Eventos corporativos\">Eventos corporativos<\/option><option value=\"Lanzamiento de hacha\">Lanzamiento de hacha<\/option><option value=\"Archery Combat\">Archery Combat<\/option><option value=\"Extreme Action Hatch\">Extreme Action Hatch<\/option><\/select><\/span>\n\t\t<\/p>\n\t<\/div>\n\t<div class=\"col-xs-12  col-lg-6\">\n\t\t<p><span class=\"wpcf7-form-control-wrap\" data-name=\"parque\"><select class=\"wpcf7-form-control wpcf7-select wpcf7-validates-as-required\" aria-required=\"true\" aria-invalid=\"false\" name=\"parque\"><option value=\"\">Selecciona el parque*<\/option><option value=\"Pals\">Pals<\/option><option value=\"Platja d&#039;Aro\">Platja d&#039;Aro<\/option><\/select><\/span>\n\t\t<\/p>\n\t<\/div>\n\t<div class=\"col-xs-12 col-lg-6\">\n\t\t<div data-id=\"group-escolar-junior\" data-orig_data_id=\"group-escolar-junior\"  class=\"\" data-class=\"wpcf7cf_group\">\n\t\t\t<p><span class=\"wpcf7-form-control-wrap\" data-name=\"escolar-junior\"><select class=\"wpcf7-form-control wpcf7-select wpcf7-validates-as-required\" aria-required=\"true\" aria-invalid=\"false\" name=\"escolar-junior\"><option value=\"Selecciona el paquete escogido\">Selecciona el paquete escogido<\/option><option value=\"Mapuche\">Mapuche<\/option><option value=\"Tuareg\">Tuareg<\/option><option value=\"Mamut\">Mamut<\/option><option value=\"Zingars\">Zingars<\/option><option value=\"Yanomani\">Yanomani<\/option><\/select><\/span>\n\t\t\t<\/p>\n\t\t<\/div>\n\t<\/div>\n\t<div class=\"col-xs-12\">\n\t\t<p><span class=\"wpcf7-form-control-wrap\" data-name=\"message\"><textarea cols=\"40\" rows=\"10\" maxlength=\"2000\" class=\"wpcf7-form-control wpcf7-textarea wpcf7-validates-as-required form-control\" aria-required=\"true\" aria-invalid=\"false\" placeholder=\"Comentarios*\" name=\"message\"><\/textarea><\/span><br \/>\n<span class=\"wpcf7-form-control-wrap\" data-name=\"aceptance-838\"><span class=\"wpcf7-form-control wpcf7-acceptance\"><span class=\"wpcf7-list-item\"><input type=\"checkbox\" name=\"aceptance-838\" value=\"1\" aria-invalid=\"false\" \/><\/span><\/span><\/span>He le\u00eddo y acepto su <a href=\"https:\/\/costabravaparcaventura.com\/es\/politica-de-privacidad-y-cookies\/\">pol\u00edtica de privacidad<\/a>\n\t\t<\/p>\n\t\t<div class=\"wpcf7-notice\" style=\"font-size: 16px;\">\n\t\t\t<p>* Campos obligatorios.\n\t\t\t<\/p>\n\t\t<\/div>\n\t\t<div class=\"wpcf7-notice\" style=\"font-size: 16px;\">\n\t\t\t<p>* Costa Brava Parc Aventura utilizar\u00e1 mis datos para resolver mi consulta y los guardar\u00e1 para mantener contacto comercial conmigo, elimin\u00e1ndolos bajo mi petici\u00f3n expresa de acuerdo con la ley vigente. Doy mi consentimiento para que utilice estos datos para incluirme en una lista de env\u00edos con informaci\u00f3n sobre su proyecto y promociones relacionadas.\n\t\t\t<\/p>\n\t\t<\/div>\n\t\t<div>\n\t\t\t<p><input class=\"wpcf7-form-control wpcf7-submit has-spinner experienciasform btn btn-primary\" type=\"submit\" value=\"ENVIAR\" \/>\n\t\t\t<\/p>\n\t\t<\/div>\n\t<\/div>\n<\/div><input\n                    class=\"apbct_special_field apbct_email_id__wp_contact_form_7\"\n                    name=\"apbct__email_id__wp_contact_form_7\"\n                    aria-label=\"apbct__label_id__wp_contact_form_7\"\n                    type=\"text\" size=\"30\" maxlength=\"200\" autocomplete=\"off\"\n                    value=\"\"\n                \/><p style=\"display: none !important;\" class=\"akismet-fields-container\" data-prefix=\"_wpcf7_ak_\"><label>&#916;<textarea name=\"_wpcf7_ak_hp_textarea\" cols=\"45\" rows=\"8\" maxlength=\"100\"><\/textarea><\/label><input type=\"hidden\" id=\"ak_js_1\" name=\"_wpcf7_ak_js\" value=\"184\"\/><script type=\"text\/javascript\">\n\/* <![CDATA[ *\/\ndocument.getElementById( \"ak_js_1\" ).setAttribute( \"value\", ( new Date() ).getTime() );\n\/* ]]> *\/\n<\/script>\n<\/p><input type='hidden' class='wpcf7-pum' value='{\"closepopup\":false,\"closedelay\":0,\"openpopup\":false,\"openpopup_id\":0}' \/><div class=\"wpcf7-response-output\" aria-hidden=\"true\"><\/div>\n<\/form>\n<\/div>\n\n<\/div>\n<\/div><\/div><\/div><\/div><\/div>","protected":false},"excerpt":{"rendered":"<p>A la Altura de las Aventuras: Escalada al \u00c1rbol en el Parque de Equilibrio Mamut Aqu\u00ed, le invitamos a superar los l\u00edmites de la adrenalina y la aventura mientras se enfrenta a un desaf\u00edo \u00fanico. Equipados con un arn\u00e9s de seguridad, se lanzar\u00e1 a la aventura de escalada de un \u00e1rbol majestuoso de m\u00e1s de &hellip;<\/p>\n","protected":false},"author":1,"featured_media":0,"parent":0,"menu_order":0,"comment_status":"closed","ping_status":"closed","template":"","meta":{"_acf_changed":false,"footnotes":""},"class_list":{"0":"post-23379","1":"page","2":"type-page","3":"status-publish","5":"clearfix","6":"article"},"acf":[],"yoast_head":"<!-- This site is optimized with the Yoast SEO plugin v27.5 - https:\/\/yoast.com\/product\/yoast-seo-wordpress\/ -->\n<title>Escalada en el \u00e1rbol - Costa Brava Parc Aventura<\/title>\n<meta name=\"description\" content=\"Escalera un \u00e1rbol de cerca de 15 metros de altura equipado con un arn\u00e9s y consigue tocar la campana de la cima.\" \/>\n<meta name=\"robots\" content=\"index, follow, max-snippet:-1, max-image-preview:large, max-video-preview:-1\" \/>\n<link rel=\"canonical\" href=\"https:\/\/costabravaparcaventura.com\/es\/escalada-en-el-arbol\/\" \/>\n<meta property=\"og:locale\" content=\"es_ES\" \/>\n<meta property=\"og:type\" content=\"article\" \/>\n<meta property=\"og:title\" content=\"Escalada en el \u00e1rbol - Costa Brava Parc Aventura\" \/>\n<meta property=\"og:description\" content=\"Escalera un \u00e1rbol de cerca de 15 metros de altura equipado con un arn\u00e9s y consigue tocar la campana de la cima.\" \/>\n<meta property=\"og:url\" content=\"https:\/\/costabravaparcaventura.com\/es\/escalada-en-el-arbol\/\" \/>\n<meta property=\"og:site_name\" content=\"Costa Brava Parc Aventura\" \/>\n<meta property=\"article:publisher\" content=\"https:\/\/www.facebook.com\/costabravaparcaventura\" \/>\n<meta property=\"article:modified_time\" content=\"2025-05-09T02:32:24+00:00\" \/>\n<meta name=\"twitter:card\" content=\"summary_large_image\" \/>\n<meta name=\"twitter:site\" content=\"@BravaParc\" \/>\n<meta name=\"twitter:label1\" content=\"Tiempo de lectura\" \/>\n\t<meta name=\"twitter:data1\" content=\"2 minutos\" \/>\n<script type=\"application\/ld+json\" class=\"yoast-schema-graph\">{\"@context\":\"https:\\\/\\\/schema.org\",\"@graph\":[{\"@type\":\"WebPage\",\"@id\":\"https:\\\/\\\/costabravaparcaventura.com\\\/es\\\/escalada-en-el-arbol\\\/\",\"url\":\"https:\\\/\\\/costabravaparcaventura.com\\\/es\\\/escalada-en-el-arbol\\\/\",\"name\":\"Escalada en el \u00e1rbol - Costa Brava Parc Aventura\",\"isPartOf\":{\"@id\":\"https:\\\/\\\/costabravaparcaventura.com\\\/es\\\/#website\"},\"datePublished\":\"2025-05-09T01:53:06+00:00\",\"dateModified\":\"2025-05-09T02:32:24+00:00\",\"description\":\"Escalera un \u00e1rbol de cerca de 15 metros de altura equipado con un arn\u00e9s y consigue tocar la campana de la cima.\",\"breadcrumb\":{\"@id\":\"https:\\\/\\\/costabravaparcaventura.com\\\/es\\\/escalada-en-el-arbol\\\/#breadcrumb\"},\"inLanguage\":\"es\",\"potentialAction\":[{\"@type\":\"ReadAction\",\"target\":[\"https:\\\/\\\/costabravaparcaventura.com\\\/es\\\/escalada-en-el-arbol\\\/\"]}]},{\"@type\":\"BreadcrumbList\",\"@id\":\"https:\\\/\\\/costabravaparcaventura.com\\\/es\\\/escalada-en-el-arbol\\\/#breadcrumb\",\"itemListElement\":[{\"@type\":\"ListItem\",\"position\":1,\"name\":\"Portada\",\"item\":\"https:\\\/\\\/costabravaparcaventura.com\\\/es\\\/\"},{\"@type\":\"ListItem\",\"position\":2,\"name\":\"Escalada en el \u00e1rbol\"}]},{\"@type\":\"WebSite\",\"@id\":\"https:\\\/\\\/costabravaparcaventura.com\\\/es\\\/#website\",\"url\":\"https:\\\/\\\/costabravaparcaventura.com\\\/es\\\/\",\"name\":\"Costa Brava Parc Aventura\",\"description\":\"tirolinas costa brava\",\"publisher\":{\"@id\":\"https:\\\/\\\/costabravaparcaventura.com\\\/es\\\/#organization\"},\"potentialAction\":[{\"@type\":\"SearchAction\",\"target\":{\"@type\":\"EntryPoint\",\"urlTemplate\":\"https:\\\/\\\/costabravaparcaventura.com\\\/es\\\/?s={search_term_string}\"},\"query-input\":{\"@type\":\"PropertyValueSpecification\",\"valueRequired\":true,\"valueName\":\"search_term_string\"}}],\"inLanguage\":\"es\"},{\"@type\":\"Organization\",\"@id\":\"https:\\\/\\\/costabravaparcaventura.com\\\/es\\\/#organization\",\"name\":\"Costa Brava Parc Aventura\",\"url\":\"https:\\\/\\\/costabravaparcaventura.com\\\/es\\\/\",\"logo\":{\"@type\":\"ImageObject\",\"inLanguage\":\"es\",\"@id\":\"https:\\\/\\\/costabravaparcaventura.com\\\/es\\\/#\\\/schema\\\/logo\\\/image\\\/\",\"url\":\"https:\\\/\\\/costabravaparcaventura.com\\\/wp-content\\\/uploads\\\/2023\\\/07\\\/logo_parc_aventura_600.jpg\",\"contentUrl\":\"https:\\\/\\\/costabravaparcaventura.com\\\/wp-content\\\/uploads\\\/2023\\\/07\\\/logo_parc_aventura_600.jpg\",\"width\":600,\"height\":600,\"caption\":\"Costa Brava Parc Aventura\"},\"image\":{\"@id\":\"https:\\\/\\\/costabravaparcaventura.com\\\/es\\\/#\\\/schema\\\/logo\\\/image\\\/\"},\"sameAs\":[\"https:\\\/\\\/www.facebook.com\\\/costabravaparcaventura\",\"https:\\\/\\\/x.com\\\/BravaParc\",\"https:\\\/\\\/www.instagram.com\\\/costabravaparcaventura\\\/\",\"https:\\\/\\\/www.youtube.com\\\/user\\\/costabravaparc\"]}]}<\/script>\n<!-- \/ Yoast SEO plugin. -->","yoast_head_json":{"title":"Escalada en el \u00e1rbol - Costa Brava Parc Aventura","description":"Escalera un \u00e1rbol de cerca de 15 metros de altura equipado con un arn\u00e9s y consigue tocar la campana de la cima.","robots":{"index":"index","follow":"follow","max-snippet":"max-snippet:-1","max-image-preview":"max-image-preview:large","max-video-preview":"max-video-preview:-1"},"canonical":"https:\/\/costabravaparcaventura.com\/es\/escalada-en-el-arbol\/","og_locale":"es_ES","og_type":"article","og_title":"Escalada en el \u00e1rbol - Costa Brava Parc Aventura","og_description":"Escalera un \u00e1rbol de cerca de 15 metros de altura equipado con un arn\u00e9s y consigue tocar la campana de la cima.","og_url":"https:\/\/costabravaparcaventura.com\/es\/escalada-en-el-arbol\/","og_site_name":"Costa Brava Parc Aventura","article_publisher":"https:\/\/www.facebook.com\/costabravaparcaventura","article_modified_time":"2025-05-09T02:32:24+00:00","twitter_card":"summary_large_image","twitter_site":"@BravaParc","twitter_misc":{"Tiempo de lectura":"2 minutos"},"schema":{"@context":"https:\/\/schema.org","@graph":[{"@type":"WebPage","@id":"https:\/\/costabravaparcaventura.com\/es\/escalada-en-el-arbol\/","url":"https:\/\/costabravaparcaventura.com\/es\/escalada-en-el-arbol\/","name":"Escalada en el \u00e1rbol - Costa Brava Parc Aventura","isPartOf":{"@id":"https:\/\/costabravaparcaventura.com\/es\/#website"},"datePublished":"2025-05-09T01:53:06+00:00","dateModified":"2025-05-09T02:32:24+00:00","description":"Escalera un \u00e1rbol de cerca de 15 metros de altura equipado con un arn\u00e9s y consigue tocar la campana de la cima.","breadcrumb":{"@id":"https:\/\/costabravaparcaventura.com\/es\/escalada-en-el-arbol\/#breadcrumb"},"inLanguage":"es","potentialAction":[{"@type":"ReadAction","target":["https:\/\/costabravaparcaventura.com\/es\/escalada-en-el-arbol\/"]}]},{"@type":"BreadcrumbList","@id":"https:\/\/costabravaparcaventura.com\/es\/escalada-en-el-arbol\/#breadcrumb","itemListElement":[{"@type":"ListItem","position":1,"name":"Portada","item":"https:\/\/costabravaparcaventura.com\/es\/"},{"@type":"ListItem","position":2,"name":"Escalada en el \u00e1rbol"}]},{"@type":"WebSite","@id":"https:\/\/costabravaparcaventura.com\/es\/#website","url":"https:\/\/costabravaparcaventura.com\/es\/","name":"Costa Brava Parc Aventura","description":"tirolinas costa brava","publisher":{"@id":"https:\/\/costabravaparcaventura.com\/es\/#organization"},"potentialAction":[{"@type":"SearchAction","target":{"@type":"EntryPoint","urlTemplate":"https:\/\/costabravaparcaventura.com\/es\/?s={search_term_string}"},"query-input":{"@type":"PropertyValueSpecification","valueRequired":true,"valueName":"search_term_string"}}],"inLanguage":"es"},{"@type":"Organization","@id":"https:\/\/costabravaparcaventura.com\/es\/#organization","name":"Costa Brava Parc Aventura","url":"https:\/\/costabravaparcaventura.com\/es\/","logo":{"@type":"ImageObject","inLanguage":"es","@id":"https:\/\/costabravaparcaventura.com\/es\/#\/schema\/logo\/image\/","url":"https:\/\/costabravaparcaventura.com\/wp-content\/uploads\/2023\/07\/logo_parc_aventura_600.jpg","contentUrl":"https:\/\/costabravaparcaventura.com\/wp-content\/uploads\/2023\/07\/logo_parc_aventura_600.jpg","width":600,"height":600,"caption":"Costa Brava Parc Aventura"},"image":{"@id":"https:\/\/costabravaparcaventura.com\/es\/#\/schema\/logo\/image\/"},"sameAs":["https:\/\/www.facebook.com\/costabravaparcaventura","https:\/\/x.com\/BravaParc","https:\/\/www.instagram.com\/costabravaparcaventura\/","https:\/\/www.youtube.com\/user\/costabravaparc"]}]}},"_links":{"self":[{"href":"https:\/\/costabravaparcaventura.com\/es\/wp-json\/wp\/v2\/pages\/23379","targetHints":{"allow":["GET"]}}],"collection":[{"href":"https:\/\/costabravaparcaventura.com\/es\/wp-json\/wp\/v2\/pages"}],"about":[{"href":"https:\/\/costabravaparcaventura.com\/es\/wp-json\/wp\/v2\/types\/page"}],"author":[{"embeddable":true,"href":"https:\/\/costabravaparcaventura.com\/es\/wp-json\/wp\/v2\/users\/1"}],"replies":[{"embeddable":true,"href":"https:\/\/costabravaparcaventura.com\/es\/wp-json\/wp\/v2\/comments?post=23379"}],"version-history":[{"count":4,"href":"https:\/\/costabravaparcaventura.com\/es\/wp-json\/wp\/v2\/pages\/23379\/revisions"}],"predecessor-version":[{"id":23393,"href":"https:\/\/costabravaparcaventura.com\/es\/wp-json\/wp\/v2\/pages\/23379\/revisions\/23393"}],"wp:attachment":[{"href":"https:\/\/costabravaparcaventura.com\/es\/wp-json\/wp\/v2\/media?parent=23379"}],"curies":[{"name":"wp","href":"https:\/\/api.w.org\/{rel}","templated":true}]}}