{"id":22464,"date":"2024-09-23T10:55:16","date_gmt":"2024-09-23T08:55:16","guid":{"rendered":"https:\/\/costabravaparcaventura.com\/cumpleanos-junior-8-13-anos\/"},"modified":"2024-10-12T16:45:53","modified_gmt":"2024-10-12T14:45:53","slug":"cumpleanos-junior-8-13","status":"publish","type":"page","link":"https:\/\/costabravaparcaventura.com\/es\/experiencias\/cumpleanos-junior-8-13\/","title":{"rendered":"Cumplea\u00f1os junior 8-13 a\u00f1os"},"content":{"rendered":"<div id=\"pl-22464\"  class=\"panel-layout\" ><div id=\"pg-22464-0\"  class=\"panel-grid panel-has-style\" ><div class=\"panel-row-style panel-row-style-for-22464-0\" ><div id=\"pgc-22464-0-0\"  class=\"panel-grid-cell\" ><div id=\"panel-22464-0-0-0\" class=\"so-panel widget widget_sow-editor panel-first-child panel-last-child\" data-index=\"0\" ><div\n\t\t\t\n\t\t\tclass=\"so-widget-sow-editor so-widget-sow-editor-base\"\n\t\t\t\n\t\t>\n<div class=\"siteorigin-widget-tinymce textwidget\">\n\t<h1 style=\"text-align: center;\"><span style=\"color: #e6e6e6;\">CUMPLEA\u00d1OS JUNIOR<\/span><\/h1>\n<\/div>\n<\/div><\/div><\/div><\/div><\/div><div id=\"pg-22464-1\"  class=\"panel-grid panel-no-style\" ><div id=\"pgc-22464-1-0\"  class=\"panel-grid-cell\" ><div id=\"panel-22464-1-0-0\" class=\"so-panel widget widget_sow-editor panel-first-child\" data-index=\"1\" ><div class=\"panel-widget-style panel-widget-style-for-22464-1-0-0\" ><div\n\t\t\t\n\t\t\tclass=\"so-widget-sow-editor so-widget-sow-editor-base\"\n\t\t\t\n\t\t>\n<div class=\"siteorigin-widget-tinymce textwidget\">\n\t<p><strong><span style=\"color: #fe5000;\">Fiestas de Aniversario J\u00fanior en Parc Aventura<\/span><\/strong><\/p>\n<p style=\"text-align: left; line-height: 32px;\"><span style=\"color: #f0f0f0;\">En Parc Aventura, organizamos fiestas de cumplea\u00f1os junior para ni\u00f1os y ni\u00f1as de entre 8 y 13 a\u00f1os, ofreciendo un entorno \u00fanico lleno de actividades emocionantes y de aventura.<\/span><\/p>\n<p style=\"text-align: left; line-height: 32px;\"><span style=\"color: #f0f0f0;\">  Nuestros programas est\u00e1n dise\u00f1ados para garantizar que cada ni\u00f1o y ni\u00f1a disfrute de una experiencia inolvidable, llena de diversi\u00f3n y desaf\u00edo.<\/span><\/p>\n<p><span style=\"color: #f0f0f0;line-height:32px;\">No lo pienses m\u00e1s y ven a descubrir todo lo que Parc Aventura puede ofrecer para hacer del cumplea\u00f1os de tu hijo o hija una jornada m\u00e1gica y llena de emociones.  <\/span><\/p>\n<p><span style=\"color: #f0f0f0;\"><strong>\u00a1Reserva tu fiesta con nosotros y crea recuerdos inolvidables!<\/strong><\/span><\/p>\n<\/div>\n<\/div><\/div><\/div><div id=\"panel-22464-1-0-1\" class=\"so-panel widget widget_pw_brochure_box widget-brochure-box panel-last-child\" data-index=\"2\" >\n\t<a class=\"brochure-box\" href=\"https:\/\/costabravaparcaventura.com\/?page_id=21639&#038;preview=true\" target=\"_self\">\n\t\t<span class=\"brochure-box__icon\"><i class=\"fa  \"><\/i><\/span>\n\t\t<span class=\"brochure-box__text\">\u00a1Pedir informaci\u00f3n!<\/span>\n\t<\/a>\n\n<\/div><\/div><div id=\"pgc-22464-1-1\"  class=\"panel-grid-cell\" ><div id=\"panel-22464-1-1-0\" class=\"so-panel widget widget_sow-image panel-first-child panel-last-child\" data-index=\"3\" ><div\n\t\t\t\n\t\t\tclass=\"so-widget-sow-image so-widget-sow-image-default-8b5b6f678277-22464\"\n\t\t\t\n\t\t>\n<div class=\"sow-image-container\">\n\t\t<img \n\tsrc=\"https:\/\/costabravaparcaventura.com\/wp-content\/uploads\/2024\/09\/24-copia.webp\" width=\"550\" height=\"550\" srcset=\"https:\/\/costabravaparcaventura.com\/wp-content\/uploads\/2024\/09\/24-copia.webp 550w, https:\/\/costabravaparcaventura.com\/wp-content\/uploads\/2024\/09\/24-copia-300x300.webp 300w, https:\/\/costabravaparcaventura.com\/wp-content\/uploads\/2024\/09\/24-copia-100x100.webp 100w, https:\/\/costabravaparcaventura.com\/wp-content\/uploads\/2024\/09\/24-copia-150x150.webp 150w\" sizes=\"(max-width: 550px) 100vw, 550px\" title=\"Noia passant un obstacle\" alt=\"Noia passant un obstacle\" \t\tclass=\"so-widget-image\"\/>\n\t<\/div>\n\n<\/div><\/div><\/div><\/div><div id=\"pg-22464-2\"  class=\"panel-grid panel-no-style\" ><div id=\"pgc-22464-2-0\"  class=\"panel-grid-cell\" ><div id=\"panel-22464-2-0-0\" class=\"so-panel widget widget_sow-image panel-first-child panel-last-child\" data-index=\"4\" ><div class=\"panel-widget-style panel-widget-style-for-22464-2-0-0\" ><div\n\t\t\t\n\t\t\tclass=\"so-widget-sow-image so-widget-sow-image-default-8b5b6f678277-22464\"\n\t\t\t\n\t\t>\n<div class=\"sow-image-container\">\n\t\t<img \n\tsrc=\"https:\/\/costabravaparcaventura.com\/wp-content\/uploads\/2024\/05\/22-copia.webp\" width=\"727\" height=\"727\" srcset=\"https:\/\/costabravaparcaventura.com\/wp-content\/uploads\/2024\/05\/22-copia.webp 727w, https:\/\/costabravaparcaventura.com\/wp-content\/uploads\/2024\/05\/22-copia-300x300.webp 300w, https:\/\/costabravaparcaventura.com\/wp-content\/uploads\/2024\/05\/22-copia-100x100.webp 100w, https:\/\/costabravaparcaventura.com\/wp-content\/uploads\/2024\/05\/22-copia-600x600.webp 600w, https:\/\/costabravaparcaventura.com\/wp-content\/uploads\/2024\/05\/22-copia-150x150.webp 150w\" sizes=\"(max-width: 727px) 100vw, 727px\" title=\"Nen fent una tirolina\" alt=\"Nen fent una tirolina\" \t\tclass=\"so-widget-image\"\/>\n\t<\/div>\n\n<\/div><\/div><\/div><\/div><div id=\"pgc-22464-2-1\"  class=\"panel-grid-cell\" ><div id=\"panel-22464-2-1-0\" class=\"so-panel widget widget_sow-editor panel-first-child\" data-index=\"5\" ><div class=\"panel-widget-style panel-widget-style-for-22464-2-1-0\" ><div\n\t\t\t\n\t\t\tclass=\"so-widget-sow-editor so-widget-sow-editor-base\"\n\t\t\t\n\t\t>\n<div class=\"siteorigin-widget-tinymce textwidget\">\n\t<p><strong><span style=\"color: #fe5000;\">Actividades Seguras y Beneficios Adicionales en Costa Brava Parc Aventura<\/span><\/strong><\/p>\n<p><span style=\"color: #f0f0f0; line-height: 32px;\">La formaci\u00f3n de seguridad y equipamiento est\u00e1n incluidos en la actividad, garantizando que todos los participantes est\u00e9n bien preparados y protegidos mientras disfrutan de nuestras instalaciones. En funci\u00f3n de la edad y la altura, podr\u00e1n escoger dos circuitos entre SaCova, Illes Medes, Aigua Blava y Cap de Begur asegurando que cada participante pueda disfrutar de una experiencia adecuada a sus capacidades. <\/span><\/p>\n<p><span style=\"color: #f0f0f0; line-height: 32px;\">Adem\u00e1s, si sois un grupo m\u00ednimo de 15 personas, el anfitri\u00f3n tendr\u00e1 entrada gratuita y recibir\u00e1 un diploma de aventurero como recuerdo especial de ese d\u00eda tan importante.<\/span><\/p>\n<\/div>\n<\/div><\/div><\/div><div id=\"panel-22464-2-1-1\" class=\"so-panel widget widget_pw_brochure_box widget-brochure-box panel-last-child\" data-index=\"6\" >\n\t<a class=\"brochure-box\" href=\"https:\/\/costabravaparcaventura.com\/es\/circuito-sa-cova-platja-daro\/\" target=\"_self\">\n\t\t<span class=\"brochure-box__icon\"><i class=\"fa  \"><\/i><\/span>\n\t\t<span class=\"brochure-box__text\">\u00a1Descubre el circuito Sa Cova de Platja d'Aro!<\/span>\n\t<\/a>\n\n<\/div><\/div><\/div><div id=\"pg-22464-3\"  class=\"panel-grid panel-no-style\" ><div id=\"pgc-22464-3-0\"  class=\"panel-grid-cell\" ><div id=\"panel-22464-3-0-0\" class=\"so-panel widget widget_sow-editor panel-first-child\" data-index=\"7\" ><div class=\"panel-widget-style panel-widget-style-for-22464-3-0-0\" ><div\n\t\t\t\n\t\t\tclass=\"so-widget-sow-editor so-widget-sow-editor-base\"\n\t\t\t\n\t\t>\n<div class=\"siteorigin-widget-tinymce textwidget\">\n\t<p><span style=\"color: #fe5000;\"><strong>Celebra el Aniversario de Tu Hijo\/a en Parc Aventura<\/strong><\/span><\/p>\n<p><span style=\"color: #f0f0f0; line-height:32px;\">\u00bfBuscas un lugar muy especial para que tu hijo\/a celebre su fiesta de cumplea\u00f1os? En Parc Aventura, te ofrecemos un nuevo concepto de ocio que har\u00e1 que los ni\u00f1os y ni\u00f1as disfruten como nunca en un entorno natural y seguro. <\/span><\/p>\n<p><span style=\"color: #f0f0f0;line-height:32px;\">En Parc Aventura, organizamos fiestas de cumplea\u00f1os junior, donde tus hijos podr\u00e1n disfrutar de un mont\u00f3n de actividades de aventura que no olvidar\u00e1n f\u00e1cilmente. Desde circuitos de obst\u00e1culos a tirolinas emocionantes, cada detalle est\u00e1 pensado para que la experiencia sea \u00fanica e inolvidable. <\/span><\/p>\n<\/div>\n<\/div><\/div><\/div><div id=\"panel-22464-3-0-1\" class=\"so-panel widget widget_pw_brochure_box widget-brochure-box panel-last-child\" data-index=\"8\" >\n\t<a class=\"brochure-box\" href=\"https:\/\/costabravaparcaventura.com\/es\/circuito-sa-cova-pals\/\" target=\"_self\">\n\t\t<span class=\"brochure-box__icon\"><i class=\"fa  \"><\/i><\/span>\n\t\t<span class=\"brochure-box__text\">\u00a1Descubre el circuito Sa Cova de Pals!<\/span>\n\t<\/a>\n\n<\/div><\/div><div id=\"pgc-22464-3-1\"  class=\"panel-grid-cell\" ><div id=\"panel-22464-3-1-0\" class=\"so-panel widget widget_sow-image panel-first-child panel-last-child\" data-index=\"9\" ><div class=\"panel-widget-style panel-widget-style-for-22464-3-1-0\" ><div\n\t\t\t\n\t\t\tclass=\"so-widget-sow-image so-widget-sow-image-default-8b5b6f678277-22464\"\n\t\t\t\n\t\t>\n<div class=\"sow-image-container\">\n\t\t<img \n\tsrc=\"https:\/\/costabravaparcaventura.com\/wp-content\/uploads\/2024\/05\/23-copia.webp\" width=\"702\" height=\"702\" srcset=\"https:\/\/costabravaparcaventura.com\/wp-content\/uploads\/2024\/05\/23-copia.webp 702w, https:\/\/costabravaparcaventura.com\/wp-content\/uploads\/2024\/05\/23-copia-300x300.webp 300w, https:\/\/costabravaparcaventura.com\/wp-content\/uploads\/2024\/05\/23-copia-100x100.webp 100w, https:\/\/costabravaparcaventura.com\/wp-content\/uploads\/2024\/05\/23-copia-600x600.webp 600w, https:\/\/costabravaparcaventura.com\/wp-content\/uploads\/2024\/05\/23-copia-150x150.webp 150w\" sizes=\"(max-width: 702px) 100vw, 702px\" title=\"Nena al circuits\" alt=\"Nena al circuits\" \t\tclass=\"so-widget-image\"\/>\n\t<\/div>\n\n<\/div><\/div><\/div><\/div><\/div><div id=\"pg-22464-4\"  class=\"panel-grid panel-no-style\" ><div id=\"pgc-22464-4-0\"  class=\"panel-grid-cell\" ><div id=\"panel-22464-4-0-0\" class=\"so-panel widget widget_sow-image panel-first-child panel-last-child\" data-index=\"10\" ><div class=\"panel-widget-style panel-widget-style-for-22464-4-0-0\" ><div\n\t\t\t\n\t\t\tclass=\"so-widget-sow-image so-widget-sow-image-default-8b5b6f678277-22464\"\n\t\t\t\n\t\t>\n<div class=\"sow-image-container\">\n\t\t<img \n\tsrc=\"https:\/\/costabravaparcaventura.com\/wp-content\/uploads\/2024\/05\/20-copia-1.webp\" width=\"706\" height=\"706\" srcset=\"https:\/\/costabravaparcaventura.com\/wp-content\/uploads\/2024\/05\/20-copia-1.webp 706w, https:\/\/costabravaparcaventura.com\/wp-content\/uploads\/2024\/05\/20-copia-1-300x300.webp 300w, https:\/\/costabravaparcaventura.com\/wp-content\/uploads\/2024\/05\/20-copia-1-100x100.webp 100w, https:\/\/costabravaparcaventura.com\/wp-content\/uploads\/2024\/05\/20-copia-1-600x600.webp 600w, https:\/\/costabravaparcaventura.com\/wp-content\/uploads\/2024\/05\/20-copia-1-150x150.webp 150w\" sizes=\"(max-width: 706px) 100vw, 706px\" title=\"Nena al parc de Pals\" alt=\"Nena al parc de Pals\" \t\tclass=\"so-widget-image\"\/>\n\t<\/div>\n\n<\/div><\/div><\/div><\/div><div id=\"pgc-22464-4-1\"  class=\"panel-grid-cell\" ><div id=\"panel-22464-4-1-0\" class=\"so-panel widget widget_sow-editor panel-first-child\" data-index=\"11\" ><div class=\"panel-widget-style panel-widget-style-for-22464-4-1-0\" ><div\n\t\t\t\n\t\t\tclass=\"so-widget-sow-editor so-widget-sow-editor-base\"\n\t\t\t\n\t\t>\n<div class=\"siteorigin-widget-tinymce textwidget\">\n\t<p style=\"margin: 0in; color: #1f497d; text-align: left; line-height: 32px;\"><span style=\"font-weight: bold; color: #fe5000;\">Celebra Aniversarios Inolvidables en Parc Aventura<\/span><\/p>\n<p><span style=\"color: #f0f0f0;line-height: 32px;\">Parc Aventura es uno de los mejores lugares para celebrar cumplea\u00f1os de forma divertida y original. En nuestros parques, sus hijos disfrutar\u00e1n de una gran variedad de actividades de aventura. Podr\u00e1n escalar redes, superar juegos de equilibrio, subir escaleras, cruzar puentes colgantes y bajar al suelo por emocionantes tirolinas, todo ello con la m\u00e1xima seguridad.  <\/span><\/p>\n<p><span style=\"color: #f0f0f0;line-height: 32px;\">\u00a1Ven a Parc Aventura y hace que el cumplea\u00f1os de su hijo\/a sea una experiencia inolvidable llena de diversi\u00f3n y emoci\u00f3n!<\/span><\/p>\n<\/div>\n<\/div><\/div><\/div><div id=\"panel-22464-4-1-1\" class=\"so-panel widget widget_pw_brochure_box widget-brochure-box panel-last-child\" data-index=\"12\" >\n\t<a class=\"brochure-box\" href=\"https:\/\/costabravaparcaventura.com\/es\/circuito-illes-medes-platja-daro\/\" target=\"_self\">\n\t\t<span class=\"brochure-box__icon\"><i class=\"fa  \"><\/i><\/span>\n\t\t<span class=\"brochure-box__text\">\u00a1Descubre el circuito Islas Medas de Playa de Aro!<\/span>\n\t<\/a>\n\n<\/div><\/div><\/div><div id=\"pg-22464-5\"  class=\"panel-grid panel-no-style\" ><div id=\"pgc-22464-5-0\"  class=\"panel-grid-cell\" ><div id=\"panel-22464-5-0-0\" class=\"so-panel widget widget_sow-editor panel-first-child\" data-index=\"13\" ><div class=\"panel-widget-style panel-widget-style-for-22464-5-0-0\" ><div\n\t\t\t\n\t\t\tclass=\"so-widget-sow-editor so-widget-sow-editor-base\"\n\t\t\t\n\t\t>\n<div class=\"siteorigin-widget-tinymce textwidget\">\n\t<p style=\"margin: 0in; color: #1f497d; text-align: left; line-height: 32px;\"><span style=\"font-weight: bold; color: #fe5000;\">Precios y Beneficios para Celebrar Cumplea\u00f1os en Parc Aventura<\/span><\/p>\n<p><span style=\"color: #f0f0f0;line-height: 32px;\">Este precio incluye el equipamiento necesario, la formaci\u00f3n, 2 horas de actividad y el uso libre de nuestra \u00e1rea de picnic durante 2,5 horas. Puede venir antes para preparar y decorar el espacio seg\u00fan sus deseos. <\/span><\/p>\n<p><span style=\"color: #f0f0f0;line-height: 32px;\">Adem\u00e1s, si es un grupo m\u00ednimo de 15 personas, el anfitri\u00f3n tendr\u00e1 entrada gratuita y recibir\u00e1 un diploma de aventurero como recuerdo especial de ese d\u00eda inolvidable.<\/span><\/p>\n<p><span style=\"color: #f0f0f0;line-height: 32px;\">\u00a1Ven a Parc Aventura y hace que el cumplea\u00f1os de su hijo\/a sea una experiencia \u00fanica y memorable!<\/span><\/p>\n<\/div>\n<\/div><\/div><\/div><div id=\"panel-22464-5-0-1\" class=\"so-panel widget widget_pw_brochure_box widget-brochure-box panel-last-child\" data-index=\"14\" >\n\t<a class=\"brochure-box\" href=\"https:\/\/costabravaparcaventura.com\/es\/circuito-illes-medes-pals\/\" target=\"_self\">\n\t\t<span class=\"brochure-box__icon\"><i class=\"fa  \"><\/i><\/span>\n\t\t<span class=\"brochure-box__text\">\u00a1Descubre el circuito Illes Medes de Pals!<\/span>\n\t<\/a>\n\n<\/div><\/div><div id=\"pgc-22464-5-1\"  class=\"panel-grid-cell\" ><div id=\"panel-22464-5-1-0\" class=\"so-panel widget widget_sow-image panel-first-child panel-last-child\" data-index=\"15\" ><div class=\"panel-widget-style panel-widget-style-for-22464-5-1-0\" ><div\n\t\t\t\n\t\t\tclass=\"so-widget-sow-image so-widget-sow-image-default-8b5b6f678277-22464\"\n\t\t\t\n\t\t>\n<div class=\"sow-image-container\">\n\t\t<img \n\tsrc=\"https:\/\/costabravaparcaventura.com\/wp-content\/uploads\/2024\/05\/19-copia-1.webp\" width=\"709\" height=\"709\" srcset=\"https:\/\/costabravaparcaventura.com\/wp-content\/uploads\/2024\/05\/19-copia-1.webp 709w, https:\/\/costabravaparcaventura.com\/wp-content\/uploads\/2024\/05\/19-copia-1-300x300.webp 300w, https:\/\/costabravaparcaventura.com\/wp-content\/uploads\/2024\/05\/19-copia-1-100x100.webp 100w, https:\/\/costabravaparcaventura.com\/wp-content\/uploads\/2024\/05\/19-copia-1-600x600.webp 600w, https:\/\/costabravaparcaventura.com\/wp-content\/uploads\/2024\/05\/19-copia-1-150x150.webp 150w\" sizes=\"(max-width: 709px) 100vw, 709px\" title=\"Aniversari al parc de Pals\" alt=\"Aniversari al parc de Pals\" \t\tclass=\"so-widget-image\"\/>\n\t<\/div>\n\n<\/div><\/div><\/div><\/div><\/div><div id=\"pg-22464-6\"  class=\"panel-grid panel-no-style\" ><div id=\"pgc-22464-6-0\"  class=\"panel-grid-cell\" ><div id=\"panel-22464-6-0-0\" class=\"so-panel widget widget_sow-image panel-first-child panel-last-child\" data-index=\"16\" ><div class=\"panel-widget-style panel-widget-style-for-22464-6-0-0\" ><div\n\t\t\t\n\t\t\tclass=\"so-widget-sow-image so-widget-sow-image-default-8b5b6f678277-22464\"\n\t\t\t\n\t\t>\n<div class=\"sow-image-container\">\n\t\t<img \n\tsrc=\"https:\/\/costabravaparcaventura.com\/wp-content\/uploads\/2024\/05\/17-2.webp\" width=\"1024\" height=\"1024\" srcset=\"https:\/\/costabravaparcaventura.com\/wp-content\/uploads\/2024\/05\/17-2.webp 1024w, https:\/\/costabravaparcaventura.com\/wp-content\/uploads\/2024\/05\/17-2-300x300.webp 300w, https:\/\/costabravaparcaventura.com\/wp-content\/uploads\/2024\/05\/17-2-100x100.webp 100w, https:\/\/costabravaparcaventura.com\/wp-content\/uploads\/2024\/05\/17-2-600x600.webp 600w, https:\/\/costabravaparcaventura.com\/wp-content\/uploads\/2024\/05\/17-2-150x150.webp 150w, https:\/\/costabravaparcaventura.com\/wp-content\/uploads\/2024\/05\/17-2-768x768.webp 768w\" sizes=\"(max-width: 1024px) 100vw, 1024px\" title=\"https:\/\/costabravaparcaventura.com\/activitats\/paintball-infantil\/\" alt=\"Nens jugant a paintball\" \t\tclass=\"so-widget-image\"\/>\n\t<\/div>\n\n<\/div><\/div><\/div><\/div><div id=\"pgc-22464-6-1\"  class=\"panel-grid-cell\" ><div id=\"panel-22464-6-1-0\" class=\"so-panel widget widget_sow-editor panel-first-child\" data-index=\"17\" ><div class=\"panel-widget-style panel-widget-style-for-22464-6-1-0\" ><div\n\t\t\t\n\t\t\tclass=\"so-widget-sow-editor so-widget-sow-editor-base\"\n\t\t\t\n\t\t>\n<div class=\"siteorigin-widget-tinymce textwidget\">\n\t<p><span style=\"font-weight: bold; color: #fe5000; line-height: 32px;\">\u00bfQu\u00e9 puedes incluir?<\/span><\/p>\n<div class=\"flex flex-grow flex-col max-w-full\">\n<div class=\"min-h-[20px] text-message flex flex-col items-start whitespace-pre-wrap break-words [.text-message+&amp;]:mt-5 juice:w-full juice:items-end overflow-x-auto gap-2\" dir=\"auto\" data-message-author-role=\"assistant\" data-message-id=\"f4ee7ba1-d664-460a-888a-b64a33231416\">\n<div class=\"flex w-full flex-col gap-1 juice:empty:hidden juice:first:pt-[3px]\">\n<div class=\"markdown prose w-full break-words dark:prose-invert dark\">\n<p><span style=\"color: #f0f0f0;line-height: 32px\">Si eliges la fiesta de cumplea\u00f1os junior, te damos la posibilidad de completarla con alguna de estas opciones:<\/span><\/p>\n<ul>\n<li><span style=\"color: #f0f0f0;line-height: 32px;\"><strong>Paintball Infantil (8 a 13 a\u00f1os)<\/strong> : Una actividad segura y llena de adrenalina y diversi\u00f3n.<\/span>\n<ul>\n<li><span style=\"color: #f0f0f0;line-height: 32px;\"><strong>Duraci\u00f3n<\/strong> : 1,5 horas<\/span><\/li>\n<\/ul>\n<\/li>\n<li><span style=\"color: #f0f0f0;line-height: 32px;\"><strong>Parque de Equilibrio Mamut<\/strong> : Si a\u00fan les queda energ\u00eda, puedes incluir un itinerario de juegos de equilibrio en el suelo, un roc\u00f3dromo y escalada a un \u00e1rbol por un suplemento de 4\u20ac.<\/span>\n<ul>\n<li><span style=\"color: #f0f0f0;line-height: 32px;\"><strong>Duraci\u00f3n<\/strong> : 1,5 horas<\/span><\/li>\n<\/ul>\n<\/li>\n<\/ul>\n<p><span style=\"color: #f0f0f0;line-height: 32px;\">\u00a1Estas opciones har\u00e1n que la fiesta sea a\u00fan m\u00e1s emocionante e inolvidable!<\/span><\/p>\n<\/div>\n<\/div>\n<\/div>\n<\/div>\n<div class=\"mt-1 flex gap-3 empty:hidden juice:-ml-3\">\n<div class=\"items-center justify-start rounded-xl p-1 flex\">\n<div class=\"flex items-center\">\n<div class=\"flex items-center pb-0.5 juice:pb-0\">\n<div class=\"[&amp;_svg]:h-full [&amp;_svg]:w-full icon-md h-4 w-4\"><\/div>\n<\/div>\n<\/div>\n<\/div>\n<\/div>\n<\/div>\n<\/div><\/div><\/div><div id=\"panel-22464-6-1-1\" class=\"so-panel widget widget_pw_brochure_box widget-brochure-box panel-last-child\" data-index=\"18\" >\n\t<a class=\"brochure-box\" href=\"https:\/\/costabravaparcaventura.com\/es\/paintball-infantil\/\" target=\"_self\">\n\t\t<span class=\"brochure-box__icon\"><i class=\"fa  \"><\/i><\/span>\n\t\t<span class=\"brochure-box__text\">\u00a1Consulta las tarifas del Paintball Infantil!<\/span>\n\t<\/a>\n\n<\/div><\/div><\/div><div id=\"pg-22464-7\"  class=\"panel-grid panel-no-style\" ><div id=\"pgc-22464-7-0\"  class=\"panel-grid-cell\" ><div id=\"panel-22464-7-0-0\" class=\"so-panel widget widget_sow-image panel-first-child panel-last-child\" data-index=\"19\" ><div\n\t\t\t\n\t\t\tclass=\"so-widget-sow-image so-widget-sow-image-default-8b5b6f678277-22464\"\n\t\t\t\n\t\t>\n<div class=\"sow-image-container\">\n\t\t<img \n\tsrc=\"https:\/\/costabravaparcaventura.com\/wp-content\/uploads\/2024\/05\/27-1.webp\" width=\"1024\" height=\"1024\" srcset=\"https:\/\/costabravaparcaventura.com\/wp-content\/uploads\/2024\/05\/27-1.webp 1024w, https:\/\/costabravaparcaventura.com\/wp-content\/uploads\/2024\/05\/27-1-300x300.webp 300w, https:\/\/costabravaparcaventura.com\/wp-content\/uploads\/2024\/05\/27-1-100x100.webp 100w, https:\/\/costabravaparcaventura.com\/wp-content\/uploads\/2024\/05\/27-1-600x600.webp 600w, https:\/\/costabravaparcaventura.com\/wp-content\/uploads\/2024\/05\/27-1-150x150.webp 150w, https:\/\/costabravaparcaventura.com\/wp-content\/uploads\/2024\/05\/27-1-768x768.webp 768w\" sizes=\"(max-width: 1024px) 100vw, 1024px\" title=\"Nens al paintball infantil\" alt=\"Nens al paintball infantil\" \t\tclass=\"so-widget-image\"\/>\n\t<\/div>\n\n<\/div><\/div><\/div><div id=\"pgc-22464-7-1\"  class=\"panel-grid-cell\" ><div id=\"panel-22464-7-1-0\" class=\"so-panel widget widget_sow-image panel-first-child panel-last-child\" data-index=\"20\" ><div\n\t\t\t\n\t\t\tclass=\"so-widget-sow-image so-widget-sow-image-default-8b5b6f678277-22464\"\n\t\t\t\n\t\t>\n<div class=\"sow-image-container\">\n\t\t<img \n\tsrc=\"https:\/\/costabravaparcaventura.com\/wp-content\/uploads\/2024\/05\/arbre1.webp\" width=\"634\" height=\"634\" srcset=\"https:\/\/costabravaparcaventura.com\/wp-content\/uploads\/2024\/05\/arbre1.webp 634w, https:\/\/costabravaparcaventura.com\/wp-content\/uploads\/2024\/05\/arbre1-300x300.webp 300w, https:\/\/costabravaparcaventura.com\/wp-content\/uploads\/2024\/05\/arbre1-100x100.webp 100w, https:\/\/costabravaparcaventura.com\/wp-content\/uploads\/2024\/05\/arbre1-600x600.webp 600w, https:\/\/costabravaparcaventura.com\/wp-content\/uploads\/2024\/05\/arbre1-150x150.webp 150w\" sizes=\"(max-width: 634px) 100vw, 634px\" title=\"nen escalant l&#039;arbre\" alt=\"nen escalant l&#039;arbre\" \t\tclass=\"so-widget-image\"\/>\n\t<\/div>\n\n<\/div><\/div><\/div><div id=\"pgc-22464-7-2\"  class=\"panel-grid-cell\" ><div id=\"panel-22464-7-2-0\" class=\"so-panel widget widget_sow-image panel-first-child panel-last-child\" data-index=\"21\" ><div\n\t\t\t\n\t\t\tclass=\"so-widget-sow-image so-widget-sow-image-default-8b5b6f678277-22464\"\n\t\t\t\n\t\t>\n<div class=\"sow-image-container\">\n\t\t<img \n\tsrc=\"https:\/\/costabravaparcaventura.com\/wp-content\/uploads\/2024\/05\/18-copia-1.webp\" width=\"710\" height=\"710\" srcset=\"https:\/\/costabravaparcaventura.com\/wp-content\/uploads\/2024\/05\/18-copia-1.webp 710w, https:\/\/costabravaparcaventura.com\/wp-content\/uploads\/2024\/05\/18-copia-1-300x300.webp 300w, https:\/\/costabravaparcaventura.com\/wp-content\/uploads\/2024\/05\/18-copia-1-100x100.webp 100w, https:\/\/costabravaparcaventura.com\/wp-content\/uploads\/2024\/05\/18-copia-1-600x600.webp 600w, https:\/\/costabravaparcaventura.com\/wp-content\/uploads\/2024\/05\/18-copia-1-150x150.webp 150w\" sizes=\"(max-width: 710px) 100vw, 710px\" title=\"Nen al parc de Pals\" alt=\"Nen al parc de Pals\" \t\tclass=\"so-widget-image\"\/>\n\t<\/div>\n\n<\/div><\/div><\/div><\/div><div id=\"pg-22464-8\"  class=\"panel-grid panel-no-style\" ><div id=\"pgc-22464-8-0\"  class=\"panel-grid-cell\" ><div id=\"panel-22464-8-0-0\" class=\"so-panel widget widget_sow-image panel-first-child panel-last-child\" data-index=\"22\" ><div\n\t\t\t\n\t\t\tclass=\"so-widget-sow-image so-widget-sow-image-default-8b5b6f678277-22464\"\n\t\t\t\n\t\t>\n<div class=\"sow-image-container\">\n\t\t<img \n\tsrc=\"https:\/\/costabravaparcaventura.com\/wp-content\/uploads\/2024\/05\/16-copia.webp\" width=\"1100\" height=\"636\" srcset=\"https:\/\/costabravaparcaventura.com\/wp-content\/uploads\/2024\/05\/16-copia.webp 1100w, https:\/\/costabravaparcaventura.com\/wp-content\/uploads\/2024\/05\/16-copia-600x347.webp 600w, https:\/\/costabravaparcaventura.com\/wp-content\/uploads\/2024\/05\/16-copia-300x173.webp 300w, https:\/\/costabravaparcaventura.com\/wp-content\/uploads\/2024\/05\/16-copia-1024x592.webp 1024w, https:\/\/costabravaparcaventura.com\/wp-content\/uploads\/2024\/05\/16-copia-768x444.webp 768w\" sizes=\"(max-width: 1100px) 100vw, 1100px\" title=\"Parc de Pals\" alt=\"Parc de Pals\" \t\tclass=\"so-widget-image\"\/>\n\t<\/div>\n\n<\/div><\/div><\/div><\/div><div id=\"pg-22464-9\"  class=\"panel-grid panel-no-style\" ><div id=\"pgc-22464-9-0\"  class=\"panel-grid-cell\" ><div id=\"panel-22464-9-0-0\" class=\"so-panel widget widget_pw_special_title widget-special-title panel-first-child panel-last-child\" data-index=\"23\" >\t\t\t<h2 class=\"special-title\">\n\t\t\t\tFORMULARIO\t\t\t<\/h2>\n\t\t<\/div><\/div><\/div><div id=\"pg-22464-10\"  class=\"panel-grid panel-no-style\" ><div id=\"pgc-22464-10-0\"  class=\"panel-grid-cell\" ><div id=\"panel-22464-10-0-0\" class=\"so-panel widget widget_sow-editor panel-first-child panel-last-child\" data-index=\"24\" ><div\n\t\t\t\n\t\t\tclass=\"so-widget-sow-editor so-widget-sow-editor-base\"\n\t\t\t\n\t\t>\n<div class=\"siteorigin-widget-tinymce textwidget\">\n\t\n<div class=\"wpcf7 no-js\" id=\"wpcf7-f22342-o1\" lang=\"en-US\" dir=\"ltr\" data-wpcf7-id=\"22342\">\n<div class=\"screen-reader-response\"><p role=\"status\" aria-live=\"polite\" aria-atomic=\"true\"><\/p> <ul><\/ul><\/div>\n<form action=\"\/es\/wp-json\/wp\/v2\/pages\/22464#wpcf7-f22342-o1\" method=\"post\" class=\"wpcf7-form init\" aria-label=\"Contact form\" novalidate=\"novalidate\" data-status=\"init\">\n<fieldset class=\"hidden-fields-container\"><input type=\"hidden\" name=\"_wpcf7\" value=\"22342\" \/><input type=\"hidden\" name=\"_wpcf7_version\" value=\"6.1.5\" \/><input type=\"hidden\" name=\"_wpcf7_locale\" value=\"en_US\" \/><input type=\"hidden\" name=\"_wpcf7_unit_tag\" value=\"wpcf7-f22342-o1\" \/><input type=\"hidden\" name=\"_wpcf7_container_post\" value=\"0\" \/><input type=\"hidden\" name=\"_wpcf7_posted_data_hash\" value=\"\" \/><input type=\"hidden\" name=\"_wpcf7cf_hidden_group_fields\" value=\"[]\" \/><input type=\"hidden\" name=\"_wpcf7cf_hidden_groups\" value=\"[]\" \/><input type=\"hidden\" name=\"_wpcf7cf_visible_groups\" value=\"[]\" \/><input type=\"hidden\" name=\"_wpcf7cf_repeaters\" value=\"[]\" \/><input type=\"hidden\" name=\"_wpcf7cf_steps\" value=\"{}\" \/><input type=\"hidden\" name=\"_wpcf7cf_options\" value=\"{&quot;form_id&quot;:22342,&quot;conditions&quot;:[{&quot;then_field&quot;:&quot;group-escolar-junior&quot;,&quot;and_rules&quot;:[{&quot;if_field&quot;:&quot;experiencia&quot;,&quot;operator&quot;:&quot;equals&quot;,&quot;if_value&quot;:&quot;Actividades escolares junior (+ de 8 a\\u00f1os)&quot;}]}],&quot;settings&quot;:{&quot;animation&quot;:&quot;yes&quot;,&quot;animation_intime&quot;:200,&quot;animation_outtime&quot;:200,&quot;conditions_ui&quot;:&quot;normal&quot;,&quot;notice_dismissed&quot;:false}}\" \/><input type=\"hidden\" name=\"_wpcf7_recaptcha_response\" value=\"\" \/>\n<\/fieldset>\n<div class=\"row\">\n\t<div class=\"col-xs-12  col-lg-6\">\n\t\t<p><span class=\"wpcf7-form-control-wrap\" data-name=\"nombre\"><input size=\"40\" maxlength=\"400\" class=\"wpcf7-form-control wpcf7-text wpcf7-validates-as-required form-control\" aria-required=\"true\" aria-invalid=\"false\" placeholder=\"Nombre*\" value=\"\" type=\"text\" name=\"nombre\" \/><\/span>\n\t\t<\/p>\n\t<\/div>\n\t<div class=\"col-xs-12  col-lg-6\">\n\t\t<p><span class=\"wpcf7-form-control-wrap\" data-name=\"email\"><input size=\"40\" maxlength=\"400\" class=\"wpcf7-form-control wpcf7-email wpcf7-validates-as-required wpcf7-text wpcf7-validates-as-email form-control\" aria-required=\"true\" aria-invalid=\"false\" placeholder=\"E-mail*\" value=\"\" type=\"email\" name=\"email\" \/><\/span>\n\t\t<\/p>\n\t<\/div>\n\t<div class=\"col-xs-12  col-lg-6\">\n\t\t<p><span class=\"wpcf7-form-control-wrap\" data-name=\"telefono\"><input size=\"40\" maxlength=\"400\" class=\"wpcf7-form-control wpcf7-text wpcf7-validates-as-required form-control\" aria-required=\"true\" aria-invalid=\"false\" placeholder=\"Tel\u00e9fono*\" value=\"\" type=\"text\" name=\"telefono\" \/><\/span>\n\t\t<\/p>\n\t<\/div>\n\t<div class=\"col-xs-12  col-lg-6\">\n\t\t<p><span class=\"wpcf7-form-control-wrap\" data-name=\"experiencia\"><select class=\"wpcf7-form-control wpcf7-select wpcf7-validates-as-required\" aria-required=\"true\" aria-invalid=\"false\" name=\"experiencia\"><option value=\"\">Selecciona tu experiencia*<\/option><option value=\"Cumplea\u00f1os infantil\">Cumplea\u00f1os infantil<\/option><option value=\"Cumplea\u00f1os junior\">Cumplea\u00f1os junior<\/option><option value=\"Cumplea\u00f1os adultos\">Cumplea\u00f1os adultos<\/option><option value=\"Despedida de soltero\/a\">Despedida de soltero\/a<\/option><option value=\"Team building\">Team building<\/option><option value=\"Actividades escolares infantiles (de 4 a 7 a\u00f1os)\">Actividades escolares infantiles (de 4 a 7 a\u00f1os)<\/option><option value=\"Actividades escolares junior (+ de 8 a\u00f1os)\">Actividades escolares junior (+ de 8 a\u00f1os)<\/option><option value=\"Aventura nocturna\">Aventura nocturna<\/option><option value=\"Eventos corporativos\">Eventos corporativos<\/option><option value=\"Lanzamiento de hacha\">Lanzamiento de hacha<\/option><option value=\"Archery Combat\">Archery Combat<\/option><option value=\"Extreme Action Hatch\">Extreme Action Hatch<\/option><\/select><\/span>\n\t\t<\/p>\n\t<\/div>\n\t<div class=\"col-xs-12  col-lg-6\">\n\t\t<p><span class=\"wpcf7-form-control-wrap\" data-name=\"parque\"><select class=\"wpcf7-form-control wpcf7-select wpcf7-validates-as-required\" aria-required=\"true\" aria-invalid=\"false\" name=\"parque\"><option value=\"\">Selecciona el parque*<\/option><option value=\"Pals\">Pals<\/option><option value=\"Platja d&#039;Aro\">Platja d&#039;Aro<\/option><\/select><\/span>\n\t\t<\/p>\n\t<\/div>\n\t<div class=\"col-xs-12 col-lg-6\">\n\t\t<div data-id=\"group-escolar-junior\" data-orig_data_id=\"group-escolar-junior\"  class=\"\" data-class=\"wpcf7cf_group\">\n\t\t\t<p><span class=\"wpcf7-form-control-wrap\" data-name=\"escolar-junior\"><select class=\"wpcf7-form-control wpcf7-select wpcf7-validates-as-required\" aria-required=\"true\" aria-invalid=\"false\" name=\"escolar-junior\"><option value=\"Selecciona el paquete escogido\">Selecciona el paquete escogido<\/option><option value=\"Mapuche\">Mapuche<\/option><option value=\"Tuareg\">Tuareg<\/option><option value=\"Mamut\">Mamut<\/option><option value=\"Zingars\">Zingars<\/option><option value=\"Yanomani\">Yanomani<\/option><\/select><\/span>\n\t\t\t<\/p>\n\t\t<\/div>\n\t<\/div>\n\t<div class=\"col-xs-12\">\n\t\t<p><span class=\"wpcf7-form-control-wrap\" data-name=\"message\"><textarea cols=\"40\" rows=\"10\" maxlength=\"2000\" class=\"wpcf7-form-control wpcf7-textarea wpcf7-validates-as-required form-control\" aria-required=\"true\" aria-invalid=\"false\" placeholder=\"Comentarios*\" name=\"message\"><\/textarea><\/span><br \/>\n<span class=\"wpcf7-form-control-wrap\" data-name=\"aceptance-838\"><span class=\"wpcf7-form-control wpcf7-acceptance\"><span class=\"wpcf7-list-item\"><input type=\"checkbox\" name=\"aceptance-838\" value=\"1\" aria-invalid=\"false\" \/><\/span><\/span><\/span>He le\u00eddo y acepto su <a href=\"https:\/\/costabravaparcaventura.com\/es\/politica-de-privacidad-y-cookies\/\">pol\u00edtica de privacidad<\/a>\n\t\t<\/p>\n\t\t<div class=\"wpcf7-notice\" style=\"font-size: 16px;\">\n\t\t\t<p>* Campos obligatorios.\n\t\t\t<\/p>\n\t\t<\/div>\n\t\t<div class=\"wpcf7-notice\" style=\"font-size: 16px;\">\n\t\t\t<p>* Costa Brava Parc Aventura utilizar\u00e1 mis datos para resolver mi consulta y los guardar\u00e1 para mantener contacto comercial conmigo, elimin\u00e1ndolos bajo mi petici\u00f3n expresa de acuerdo con la ley vigente. Doy mi consentimiento para que utilice estos datos para incluirme en una lista de env\u00edos con informaci\u00f3n sobre su proyecto y promociones relacionadas.\n\t\t\t<\/p>\n\t\t<\/div>\n\t\t<div>\n\t\t\t<p><input class=\"wpcf7-form-control wpcf7-submit has-spinner experienciasform btn btn-primary\" type=\"submit\" value=\"ENVIAR\" \/>\n\t\t\t<\/p>\n\t\t<\/div>\n\t<\/div>\n<\/div><input\n                    class=\"apbct_special_field apbct_email_id__wp_contact_form_7\"\n                    name=\"apbct__email_id__wp_contact_form_7\"\n                    aria-label=\"apbct__label_id__wp_contact_form_7\"\n                    type=\"text\" size=\"30\" maxlength=\"200\" autocomplete=\"off\"\n                    value=\"\"\n                \/><p style=\"display: none !important;\" class=\"akismet-fields-container\" data-prefix=\"_wpcf7_ak_\"><label>&#916;<textarea name=\"_wpcf7_ak_hp_textarea\" cols=\"45\" rows=\"8\" maxlength=\"100\"><\/textarea><\/label><input type=\"hidden\" id=\"ak_js_1\" name=\"_wpcf7_ak_js\" value=\"153\"\/><script type=\"text\/javascript\">\n\/* <![CDATA[ *\/\ndocument.getElementById( \"ak_js_1\" ).setAttribute( \"value\", ( new Date() ).getTime() );\n\/* ]]> *\/\n<\/script>\n<\/p><input type='hidden' class='wpcf7-pum' value='{\"closepopup\":false,\"closedelay\":0,\"openpopup\":false,\"openpopup_id\":0}' \/><div class=\"wpcf7-response-output\" aria-hidden=\"true\"><\/div>\n<\/form>\n<\/div>\n\n<\/div>\n<\/div><\/div><\/div><\/div><\/div>","protected":false},"excerpt":{"rendered":"<p>CUMPLEA\u00d1OS JUNIOR Fiestas de Aniversario J\u00fanior en Parc Aventura En Parc Aventura, organizamos fiestas de cumplea\u00f1os junior para ni\u00f1os y ni\u00f1as de entre 8 y 13 a\u00f1os, ofreciendo un entorno \u00fanico lleno de actividades emocionantes y de aventura. Nuestros programas est\u00e1n dise\u00f1ados para garantizar que cada ni\u00f1o y ni\u00f1a disfrute de una experiencia inolvidable, llena &hellip;<\/p>\n","protected":false},"author":1,"featured_media":0,"parent":28,"menu_order":0,"comment_status":"closed","ping_status":"closed","template":"template-front-page-slider-alt.php","meta":{"_acf_changed":false,"footnotes":""},"class_list":{"0":"post-22464","1":"page","2":"type-page","3":"status-publish","5":"clearfix","6":"article"},"acf":[],"yoast_head":"<!-- This site is optimized with the Yoast SEO plugin v27.5 - https:\/\/yoast.com\/product\/yoast-seo-wordpress\/ -->\n<title>Cumplea\u00f1os junior 8-13 a\u00f1os - Costa Brava Parc Aventura<\/title>\n<meta name=\"robots\" content=\"index, follow, max-snippet:-1, max-image-preview:large, max-video-preview:-1\" \/>\n<link rel=\"canonical\" href=\"https:\/\/costabravaparcaventura.com\/es\/experiencias\/cumpleanos-junior-8-13\/\" \/>\n<meta property=\"og:locale\" content=\"es_ES\" \/>\n<meta property=\"og:type\" content=\"article\" \/>\n<meta property=\"og:title\" content=\"Cumplea\u00f1os junior 8-13 a\u00f1os - Costa Brava Parc Aventura\" \/>\n<meta property=\"og:description\" content=\"CUMPLEA\u00d1OS JUNIOR Fiestas de Aniversario J\u00fanior en Parc Aventura En Parc Aventura, organizamos fiestas de cumplea\u00f1os junior para ni\u00f1os y ni\u00f1as de entre 8 y 13 a\u00f1os, ofreciendo un entorno \u00fanico lleno de actividades emocionantes y de aventura. Nuestros programas est\u00e1n dise\u00f1ados para garantizar que cada ni\u00f1o y ni\u00f1a disfrute de una experiencia inolvidable, llena &hellip;\" \/>\n<meta property=\"og:url\" content=\"https:\/\/costabravaparcaventura.com\/es\/experiencias\/cumpleanos-junior-8-13\/\" \/>\n<meta property=\"og:site_name\" content=\"Costa Brava Parc Aventura\" \/>\n<meta property=\"article:publisher\" content=\"https:\/\/www.facebook.com\/costabravaparcaventura\" \/>\n<meta property=\"article:modified_time\" content=\"2024-10-12T14:45:53+00:00\" \/>\n<meta name=\"twitter:card\" content=\"summary_large_image\" \/>\n<meta name=\"twitter:site\" content=\"@BravaParc\" \/>\n<meta name=\"twitter:label1\" content=\"Tiempo de lectura\" \/>\n\t<meta name=\"twitter:data1\" content=\"6 minutos\" \/>\n<script type=\"application\/ld+json\" class=\"yoast-schema-graph\">{\"@context\":\"https:\\\/\\\/schema.org\",\"@graph\":[{\"@type\":\"WebPage\",\"@id\":\"https:\\\/\\\/costabravaparcaventura.com\\\/es\\\/experiencias\\\/cumpleanos-junior-8-13\\\/\",\"url\":\"https:\\\/\\\/costabravaparcaventura.com\\\/es\\\/experiencias\\\/cumpleanos-junior-8-13\\\/\",\"name\":\"Cumplea\u00f1os junior 8-13 a\u00f1os - Costa Brava Parc Aventura\",\"isPartOf\":{\"@id\":\"https:\\\/\\\/costabravaparcaventura.com\\\/es\\\/#website\"},\"datePublished\":\"2024-09-23T08:55:16+00:00\",\"dateModified\":\"2024-10-12T14:45:53+00:00\",\"breadcrumb\":{\"@id\":\"https:\\\/\\\/costabravaparcaventura.com\\\/es\\\/experiencias\\\/cumpleanos-junior-8-13\\\/#breadcrumb\"},\"inLanguage\":\"es\",\"potentialAction\":[{\"@type\":\"ReadAction\",\"target\":[\"https:\\\/\\\/costabravaparcaventura.com\\\/es\\\/experiencias\\\/cumpleanos-junior-8-13\\\/\"]}]},{\"@type\":\"BreadcrumbList\",\"@id\":\"https:\\\/\\\/costabravaparcaventura.com\\\/es\\\/experiencias\\\/cumpleanos-junior-8-13\\\/#breadcrumb\",\"itemListElement\":[{\"@type\":\"ListItem\",\"position\":1,\"name\":\"Portada\",\"item\":\"https:\\\/\\\/costabravaparcaventura.com\\\/es\\\/\"},{\"@type\":\"ListItem\",\"position\":2,\"name\":\"Experiencias\",\"item\":\"https:\\\/\\\/costabravaparcaventura.com\\\/es\\\/?page_id=28\"},{\"@type\":\"ListItem\",\"position\":3,\"name\":\"Cumplea\u00f1os junior 8-13 a\u00f1os\"}]},{\"@type\":\"WebSite\",\"@id\":\"https:\\\/\\\/costabravaparcaventura.com\\\/es\\\/#website\",\"url\":\"https:\\\/\\\/costabravaparcaventura.com\\\/es\\\/\",\"name\":\"Costa Brava Parc Aventura\",\"description\":\"tirolinas costa brava\",\"publisher\":{\"@id\":\"https:\\\/\\\/costabravaparcaventura.com\\\/es\\\/#organization\"},\"potentialAction\":[{\"@type\":\"SearchAction\",\"target\":{\"@type\":\"EntryPoint\",\"urlTemplate\":\"https:\\\/\\\/costabravaparcaventura.com\\\/es\\\/?s={search_term_string}\"},\"query-input\":{\"@type\":\"PropertyValueSpecification\",\"valueRequired\":true,\"valueName\":\"search_term_string\"}}],\"inLanguage\":\"es\"},{\"@type\":\"Organization\",\"@id\":\"https:\\\/\\\/costabravaparcaventura.com\\\/es\\\/#organization\",\"name\":\"Costa Brava Parc Aventura\",\"url\":\"https:\\\/\\\/costabravaparcaventura.com\\\/es\\\/\",\"logo\":{\"@type\":\"ImageObject\",\"inLanguage\":\"es\",\"@id\":\"https:\\\/\\\/costabravaparcaventura.com\\\/es\\\/#\\\/schema\\\/logo\\\/image\\\/\",\"url\":\"https:\\\/\\\/costabravaparcaventura.com\\\/wp-content\\\/uploads\\\/2023\\\/07\\\/logo_parc_aventura_600.jpg\",\"contentUrl\":\"https:\\\/\\\/costabravaparcaventura.com\\\/wp-content\\\/uploads\\\/2023\\\/07\\\/logo_parc_aventura_600.jpg\",\"width\":600,\"height\":600,\"caption\":\"Costa Brava Parc Aventura\"},\"image\":{\"@id\":\"https:\\\/\\\/costabravaparcaventura.com\\\/es\\\/#\\\/schema\\\/logo\\\/image\\\/\"},\"sameAs\":[\"https:\\\/\\\/www.facebook.com\\\/costabravaparcaventura\",\"https:\\\/\\\/x.com\\\/BravaParc\",\"https:\\\/\\\/www.instagram.com\\\/costabravaparcaventura\\\/\",\"https:\\\/\\\/www.youtube.com\\\/user\\\/costabravaparc\"]}]}<\/script>\n<!-- \/ Yoast SEO plugin. -->","yoast_head_json":{"title":"Cumplea\u00f1os junior 8-13 a\u00f1os - Costa Brava Parc Aventura","robots":{"index":"index","follow":"follow","max-snippet":"max-snippet:-1","max-image-preview":"max-image-preview:large","max-video-preview":"max-video-preview:-1"},"canonical":"https:\/\/costabravaparcaventura.com\/es\/experiencias\/cumpleanos-junior-8-13\/","og_locale":"es_ES","og_type":"article","og_title":"Cumplea\u00f1os junior 8-13 a\u00f1os - Costa Brava Parc Aventura","og_description":"CUMPLEA\u00d1OS JUNIOR Fiestas de Aniversario J\u00fanior en Parc Aventura En Parc Aventura, organizamos fiestas de cumplea\u00f1os junior para ni\u00f1os y ni\u00f1as de entre 8 y 13 a\u00f1os, ofreciendo un entorno \u00fanico lleno de actividades emocionantes y de aventura. Nuestros programas est\u00e1n dise\u00f1ados para garantizar que cada ni\u00f1o y ni\u00f1a disfrute de una experiencia inolvidable, llena &hellip;","og_url":"https:\/\/costabravaparcaventura.com\/es\/experiencias\/cumpleanos-junior-8-13\/","og_site_name":"Costa Brava Parc Aventura","article_publisher":"https:\/\/www.facebook.com\/costabravaparcaventura","article_modified_time":"2024-10-12T14:45:53+00:00","twitter_card":"summary_large_image","twitter_site":"@BravaParc","twitter_misc":{"Tiempo de lectura":"6 minutos"},"schema":{"@context":"https:\/\/schema.org","@graph":[{"@type":"WebPage","@id":"https:\/\/costabravaparcaventura.com\/es\/experiencias\/cumpleanos-junior-8-13\/","url":"https:\/\/costabravaparcaventura.com\/es\/experiencias\/cumpleanos-junior-8-13\/","name":"Cumplea\u00f1os junior 8-13 a\u00f1os - Costa Brava Parc Aventura","isPartOf":{"@id":"https:\/\/costabravaparcaventura.com\/es\/#website"},"datePublished":"2024-09-23T08:55:16+00:00","dateModified":"2024-10-12T14:45:53+00:00","breadcrumb":{"@id":"https:\/\/costabravaparcaventura.com\/es\/experiencias\/cumpleanos-junior-8-13\/#breadcrumb"},"inLanguage":"es","potentialAction":[{"@type":"ReadAction","target":["https:\/\/costabravaparcaventura.com\/es\/experiencias\/cumpleanos-junior-8-13\/"]}]},{"@type":"BreadcrumbList","@id":"https:\/\/costabravaparcaventura.com\/es\/experiencias\/cumpleanos-junior-8-13\/#breadcrumb","itemListElement":[{"@type":"ListItem","position":1,"name":"Portada","item":"https:\/\/costabravaparcaventura.com\/es\/"},{"@type":"ListItem","position":2,"name":"Experiencias","item":"https:\/\/costabravaparcaventura.com\/es\/?page_id=28"},{"@type":"ListItem","position":3,"name":"Cumplea\u00f1os junior 8-13 a\u00f1os"}]},{"@type":"WebSite","@id":"https:\/\/costabravaparcaventura.com\/es\/#website","url":"https:\/\/costabravaparcaventura.com\/es\/","name":"Costa Brava Parc Aventura","description":"tirolinas costa brava","publisher":{"@id":"https:\/\/costabravaparcaventura.com\/es\/#organization"},"potentialAction":[{"@type":"SearchAction","target":{"@type":"EntryPoint","urlTemplate":"https:\/\/costabravaparcaventura.com\/es\/?s={search_term_string}"},"query-input":{"@type":"PropertyValueSpecification","valueRequired":true,"valueName":"search_term_string"}}],"inLanguage":"es"},{"@type":"Organization","@id":"https:\/\/costabravaparcaventura.com\/es\/#organization","name":"Costa Brava Parc Aventura","url":"https:\/\/costabravaparcaventura.com\/es\/","logo":{"@type":"ImageObject","inLanguage":"es","@id":"https:\/\/costabravaparcaventura.com\/es\/#\/schema\/logo\/image\/","url":"https:\/\/costabravaparcaventura.com\/wp-content\/uploads\/2023\/07\/logo_parc_aventura_600.jpg","contentUrl":"https:\/\/costabravaparcaventura.com\/wp-content\/uploads\/2023\/07\/logo_parc_aventura_600.jpg","width":600,"height":600,"caption":"Costa Brava Parc Aventura"},"image":{"@id":"https:\/\/costabravaparcaventura.com\/es\/#\/schema\/logo\/image\/"},"sameAs":["https:\/\/www.facebook.com\/costabravaparcaventura","https:\/\/x.com\/BravaParc","https:\/\/www.instagram.com\/costabravaparcaventura\/","https:\/\/www.youtube.com\/user\/costabravaparc"]}]}},"_links":{"self":[{"href":"https:\/\/costabravaparcaventura.com\/es\/wp-json\/wp\/v2\/pages\/22464","targetHints":{"allow":["GET"]}}],"collection":[{"href":"https:\/\/costabravaparcaventura.com\/es\/wp-json\/wp\/v2\/pages"}],"about":[{"href":"https:\/\/costabravaparcaventura.com\/es\/wp-json\/wp\/v2\/types\/page"}],"author":[{"embeddable":true,"href":"https:\/\/costabravaparcaventura.com\/es\/wp-json\/wp\/v2\/users\/1"}],"replies":[{"embeddable":true,"href":"https:\/\/costabravaparcaventura.com\/es\/wp-json\/wp\/v2\/comments?post=22464"}],"version-history":[{"count":5,"href":"https:\/\/costabravaparcaventura.com\/es\/wp-json\/wp\/v2\/pages\/22464\/revisions"}],"predecessor-version":[{"id":22740,"href":"https:\/\/costabravaparcaventura.com\/es\/wp-json\/wp\/v2\/pages\/22464\/revisions\/22740"}],"up":[{"embeddable":true,"href":"https:\/\/costabravaparcaventura.com\/es\/wp-json\/wp\/v2\/pages\/28"}],"wp:attachment":[{"href":"https:\/\/costabravaparcaventura.com\/es\/wp-json\/wp\/v2\/media?parent=22464"}],"curies":[{"name":"wp","href":"https:\/\/api.w.org\/{rel}","templated":true}]}}